{"id":3687,"date":"2026-06-24T16:38:20","date_gmt":"2026-06-24T14:38:20","guid":{"rendered":"https:\/\/www.sprachlehrer-aktiv.de\/deutsch-privatunterricht\/?page_id=3687"},"modified":"2026-06-24T16:47:39","modified_gmt":"2026-06-24T14:47:39","slug":"deutsch-privatunterricht-in-peine","status":"publish","type":"page","link":"https:\/\/www.sprachlehrer-aktiv.de\/deutsch-privatunterricht\/deutsch-privatunterricht-in-peine\/","title":{"rendered":"Deutsch Privatunterricht in Peine \u2013 Individuell Deutsch lernen mit erfahrenen Lehrern"},"content":{"rendered":"\t\t<div data-elementor-type=\"wp-page\" data-elementor-id=\"3687\" class=\"elementor elementor-3687\">\n\t\t\t\t<div class=\"elementor-element elementor-element-47c995a5 e-flex e-con-boxed e-con e-parent\" data-id=\"47c995a5\" data-element_type=\"container\" data-e-type=\"container\">\n\t\t\t\t\t<div class=\"e-con-inner\">\n\t\t<div class=\"elementor-element elementor-element-3fccc2df e-con-full e-flex e-con e-child\" data-id=\"3fccc2df\" data-element_type=\"container\" data-e-type=\"container\">\n\t\t\t\t<div class=\"elementor-element elementor-element-7f25aeea elementor-widget elementor-widget-text-editor\" data-id=\"7f25aeea\" data-element_type=\"widget\" data-e-type=\"widget\" data-widget_type=\"text-editor.default\">\n\t\t\t\t\t\t\t\t\t<section><h2><span style=\"font-weight: 400;\">Flexibler Deutschunterricht in Peine f\u00fcr Alltag, Beruf und Studium<\/span><\/h2><p><span style=\"font-weight: 400;\">Sie m\u00f6chten Ihre Deutschkenntnisse in Peine verbessern und suchen nach einer effektiven sowie pers\u00f6nlichen Lernmethode? Mit professionellem Deutsch Privatunterricht lernen Sie genau in dem Tempo, das zu Ihnen passt.<\/span><\/p><p><span style=\"font-weight: 400;\">Ob Sie Deutsch f\u00fcr den Beruf, die Ausbildung, die Integration oder f\u00fcr eine Sprachpr\u00fcfung ben\u00f6tigen \u2013 individueller Einzelunterricht hilft Ihnen dabei, Ihre Ziele schneller und effizienter zu erreichen.<\/span><\/p><p><span style=\"font-weight: 400;\">Der Unterricht kann flexibel online, bei Ihnen zu Hause oder an einem anderen Ort in Peine stattfinden.<\/span><\/p><\/section>\t\t\t\t\t\t\t\t<\/div>\n\t\t\t\t<\/div>\n\t\t<div class=\"elementor-element elementor-element-73ff8840 e-con-full e-flex e-con e-child\" data-id=\"73ff8840\" data-element_type=\"container\" data-e-type=\"container\">\n\t\t\t\t<div class=\"elementor-element elementor-element-29809279 elementor-widget elementor-widget-video\" data-id=\"29809279\" data-element_type=\"widget\" data-e-type=\"widget\" data-settings=\"{&quot;youtube_url&quot;:&quot;https:\\\/\\\/youtu.be\\\/_2OHSh-0VzI?si=AljgWU9QrmEKES7D&quot;,&quot;video_type&quot;:&quot;youtube&quot;,&quot;controls&quot;:&quot;yes&quot;}\" data-widget_type=\"video.default\">\n\t\t\t\t\t\t\t<div class=\"elementor-wrapper elementor-open-inline\">\n\t\t\t<div class=\"elementor-video\"><\/div>\t\t<\/div>\n\t\t\t\t\t\t<\/div>\n\t\t\t\t<\/div>\n\t\t\t\t\t<\/div>\n\t\t\t\t<\/div>\n\t\t<div class=\"elementor-element elementor-element-590f889f e-flex e-con-boxed e-con e-parent\" data-id=\"590f889f\" data-element_type=\"container\" data-e-type=\"container\">\n\t\t\t\t\t<div class=\"e-con-inner\">\n\t\t\t\t<div class=\"elementor-element elementor-element-519b77b2 elementor-widget elementor-widget-button\" data-id=\"519b77b2\" data-element_type=\"widget\" data-e-type=\"widget\" data-widget_type=\"button.default\">\n\t\t\t\t\t\t\t\t\t\t<a class=\"elementor-button elementor-button-link elementor-size-sm\" href=\"https:\/\/www.sprachlehrer-aktiv.de\/deutsch-privatunterricht\/kontakt\/\">\n\t\t\t\t\t\t<span class=\"elementor-button-content-wrapper\">\n\t\t\t\t\t\t<span class=\"elementor-button-icon\">\n\t\t\t\t<svg aria-hidden=\"true\" class=\"e-font-icon-svg e-fas-arrow-right\" viewBox=\"0 0 448 512\" xmlns=\"http:\/\/www.w3.org\/2000\/svg\"><path d=\"M190.5 66.9l22.2-22.2c9.4-9.4 24.6-9.4 33.9 0L441 239c9.4 9.4 9.4 24.6 0 33.9L246.6 467.3c-9.4 9.4-24.6 9.4-33.9 0l-22.2-22.2c-9.5-9.5-9.3-25 .4-34.3L311.4 296H24c-13.3 0-24-10.7-24-24v-32c0-13.3 10.7-24 24-24h287.4L190.9 101.2c-9.8-9.3-10-24.8-.4-34.3z\"><\/path><\/svg>\t\t\t<\/span>\n\t\t\t\t\t\t\t\t\t<span class=\"elementor-button-text\">Schnelle Anfrage<\/span>\n\t\t\t\t\t<\/span>\n\t\t\t\t\t<\/a>\n\t\t\t\t\t\t\t\t<\/div>\n\t\t\t\t\t<\/div>\n\t\t\t\t<\/div>\n\t\t<div class=\"elementor-element elementor-element-19c4ce93 e-con-full e-flex e-con e-parent\" data-id=\"19c4ce93\" data-element_type=\"container\" data-e-type=\"container\">\n\t\t<div class=\"elementor-element elementor-element-14a0bb8d e-con-full e-flex e-con e-child\" data-id=\"14a0bb8d\" data-element_type=\"container\" data-e-type=\"container\">\n\t\t\t\t<div class=\"elementor-element elementor-element-1c99c104 elementor-widget elementor-widget-image\" data-id=\"1c99c104\" data-element_type=\"widget\" data-e-type=\"widget\" data-widget_type=\"image.default\">\n\t\t\t\t\t\t\t\t\t\t\t\t\t\t\t<img fetchpriority=\"high\" decoding=\"async\" width=\"800\" height=\"800\" src=\"https:\/\/www.sprachlehrer-aktiv.de\/deutsch-privatunterricht\/wp-content\/uploads\/2026\/06\/deutsch-privatunterricht-vor-ort-oder-online.jpg\" class=\"attachment-large size-large wp-image-578\" alt=\"Deutsch Privatunterricht von A1 bis C2 - vor Ort oder online\" srcset=\"https:\/\/www.sprachlehrer-aktiv.de\/deutsch-privatunterricht\/wp-content\/uploads\/2026\/06\/deutsch-privatunterricht-vor-ort-oder-online.jpg 800w, https:\/\/www.sprachlehrer-aktiv.de\/deutsch-privatunterricht\/wp-content\/uploads\/2026\/06\/deutsch-privatunterricht-vor-ort-oder-online-300x300.jpg 300w, https:\/\/www.sprachlehrer-aktiv.de\/deutsch-privatunterricht\/wp-content\/uploads\/2026\/06\/deutsch-privatunterricht-vor-ort-oder-online-150x150.jpg 150w, https:\/\/www.sprachlehrer-aktiv.de\/deutsch-privatunterricht\/wp-content\/uploads\/2026\/06\/deutsch-privatunterricht-vor-ort-oder-online-768x768.jpg 768w\" sizes=\"(max-width: 800px) 100vw, 800px\" \/>\t\t\t\t\t\t\t\t\t\t\t\t\t\t\t<\/div>\n\t\t\t\t<\/div>\n\t\t<div class=\"elementor-element elementor-element-53d140d8 e-con-full e-flex e-con e-child\" data-id=\"53d140d8\" data-element_type=\"container\" data-e-type=\"container\">\n\t\t\t\t<div class=\"elementor-element elementor-element-6e0e0438 elementor-widget elementor-widget-text-editor\" data-id=\"6e0e0438\" data-element_type=\"widget\" data-e-type=\"widget\" data-widget_type=\"text-editor.default\">\n\t\t\t\t\t\t\t\t\t<section><h2><span style=\"font-weight: 400;\">Warum Deutsch Privatunterricht in Peine besonders effektiv ist<\/span><\/h2><p><span style=\"font-weight: 400;\">Im Privatunterricht konzentriert sich der Lehrer vollst\u00e4ndig auf Ihre individuellen Bed\u00fcrfnisse. Dadurch erhalten Sie gezielte Unterst\u00fctzung bei Grammatik, Aussprache, H\u00f6rverstehen und m\u00fcndlicher Kommunikation.<\/span><\/p><p><span style=\"font-weight: 400;\">Im Vergleich zu Gruppenkursen profitieren Sie von mehr aktiver Sprachpraxis und pers\u00f6nlichem Feedback.<\/span><\/p><h3><span style=\"font-weight: 400;\">Ihre Vorteile im \u00dcberblick<\/span><\/h3><ul><li style=\"font-weight: 400;\" aria-level=\"1\"><span style=\"font-weight: 400;\">Individuelle Betreuung und pers\u00f6nlicher Lernplan<\/span><\/li><li style=\"font-weight: 400;\" aria-level=\"1\"><span style=\"font-weight: 400;\">Flexible Unterrichtszeiten f\u00fcr Berufst\u00e4tige und Studierende<\/span><\/li><li style=\"font-weight: 400;\" aria-level=\"1\"><span style=\"font-weight: 400;\">Unterricht online oder direkt vor Ort in Peine<\/span><\/li><li style=\"font-weight: 400;\" aria-level=\"1\"><span style=\"font-weight: 400;\">Moderne Lernmethoden und angepasste Unterrichtsmaterialien<\/span><\/li><li style=\"font-weight: 400;\" aria-level=\"1\"><span style=\"font-weight: 400;\">Schneller Fortschritt durch intensives Sprachtraining<\/span><\/li><li style=\"font-weight: 400;\" aria-level=\"1\"><span style=\"font-weight: 400;\">Mehr Sicherheit beim Sprechen und Schreiben<\/span><\/li><\/ul><\/section>\t\t\t\t\t\t\t\t<\/div>\n\t\t\t\t<\/div>\n\t\t\t\t<\/div>\n\t\t<div class=\"elementor-element elementor-element-1cfcde18 e-flex e-con-boxed e-con e-parent\" data-id=\"1cfcde18\" data-element_type=\"container\" data-e-type=\"container\">\n\t\t\t\t\t<div class=\"e-con-inner\">\n\t\t\t\t<div class=\"elementor-element elementor-element-4ebfb312 elementor-widget elementor-widget-button\" data-id=\"4ebfb312\" data-element_type=\"widget\" data-e-type=\"widget\" data-widget_type=\"button.default\">\n\t\t\t\t\t\t\t\t\t\t<a class=\"elementor-button elementor-button-link elementor-size-sm\" href=\"https:\/\/www.sprachlehrer-aktiv.de\/deutsch-privatunterricht\/kontakt\/\">\n\t\t\t\t\t\t<span class=\"elementor-button-content-wrapper\">\n\t\t\t\t\t\t<span class=\"elementor-button-icon\">\n\t\t\t\t<svg aria-hidden=\"true\" class=\"e-font-icon-svg e-fas-arrow-right\" viewBox=\"0 0 448 512\" xmlns=\"http:\/\/www.w3.org\/2000\/svg\"><path d=\"M190.5 66.9l22.2-22.2c9.4-9.4 24.6-9.4 33.9 0L441 239c9.4 9.4 9.4 24.6 0 33.9L246.6 467.3c-9.4 9.4-24.6 9.4-33.9 0l-22.2-22.2c-9.5-9.5-9.3-25 .4-34.3L311.4 296H24c-13.3 0-24-10.7-24-24v-32c0-13.3 10.7-24 24-24h287.4L190.9 101.2c-9.8-9.3-10-24.8-.4-34.3z\"><\/path><\/svg>\t\t\t<\/span>\n\t\t\t\t\t\t\t\t\t<span class=\"elementor-button-text\">Jetzt Privatkurs buchen<\/span>\n\t\t\t\t\t<\/span>\n\t\t\t\t\t<\/a>\n\t\t\t\t\t\t\t\t<\/div>\n\t\t\t\t\t<\/div>\n\t\t\t\t<\/div>\n\t\t<div class=\"elementor-element elementor-element-f8c9180 e-flex e-con-boxed e-con e-parent\" data-id=\"f8c9180\" data-element_type=\"container\" data-e-type=\"container\">\n\t\t\t\t\t<div class=\"e-con-inner\">\n\t\t\t\t<div class=\"elementor-element elementor-element-237b9778 elementor-widget elementor-widget-heading\" data-id=\"237b9778\" data-element_type=\"widget\" data-e-type=\"widget\" data-widget_type=\"heading.default\">\n\t\t\t\t\t<h2 class=\"elementor-heading-title elementor-size-default\">Erfahrungen und Bewertungen unserer Teilnehmer zum Deutsch Privatunterricht<\/h2>\t\t\t\t<\/div>\n\t\t\t\t\t<\/div>\n\t\t\t\t<\/div>\n\t\t<div class=\"elementor-element elementor-element-5566f219 e-flex e-con-boxed e-con e-parent\" data-id=\"5566f219\" data-element_type=\"container\" data-e-type=\"container\">\n\t\t\t\t\t<div class=\"e-con-inner\">\n\t\t<div class=\"elementor-element elementor-element-61efac75 e-con-full e-flex e-con e-child\" data-id=\"61efac75\" data-element_type=\"container\" data-e-type=\"container\" data-settings=\"{&quot;background_background&quot;:&quot;classic&quot;}\">\n\t\t\t\t<div class=\"elementor-element elementor-element-40ef47 elementor-widget__width-initial elementor-widget elementor-widget-text-editor\" data-id=\"40ef47\" data-element_type=\"widget\" data-e-type=\"widget\" data-widget_type=\"text-editor.default\">\n\t\t\t\t\t\t\t\t\t<pre class=\"ti-widget\" style=\"display: none\"><template id=\"trustindex-google-widget-html\"><div class=\" ti-widget  ti-goog ti-review-text-mode-readmore ti-content-align-center\" data-no-translation=\"true\" data-time-locale=\"vor %d %s|Heute|Tag|Tagen|Woche|Wochen|Monat|Monaten|Jahr|Jahren\" data-plugin-version=\"13.2.7\" data-layout-id=\"36\" data-layout-category=\"slider\" data-set-id=\"ligth-border\" data-pid=\"\" data-language=\"de\" data-close-locale=\"Schlie\u00dfen\" data-review-target-width=\"300\" data-css-version=\"2\" data-reply-by-locale=\"Antwort des Eigent\u00fcmers\" data-only-rating-locale=\"Dieser Nutzer hat lediglich eine Bewertung abgegeben.\" data-pager-autoplay-timeout=\"6\"> <div class=\"ti-widget-container ti-col-3\"> <div class=\"ti-reviews-container\"> <div class=\"ti-controls\"> <div class=\"ti-next\" aria-label=\"N\u00e4chste Bewertung\" role=\"button\" tabindex=\"0\"><\/div> <div class=\"ti-prev\" aria-label=\"Vorherige Bewertung\" role=\"button\" tabindex=\"0\"><\/div> <\/div> <div class=\"ti-reviews-container-wrapper\">  <div data-empty=\"0\" data-time=\"1737936000\" class=\"ti-review-item source-Google ti-image-layout-thumbnail\" data-id=\"cfcd208495d565ef66e7dff9f98764da\"> <div class=\"ti-inner\"> <div class=\"ti-review-header\"> <trustindex-image class=\"ti-platform-icon\" data-imgurl=\"https:\/\/cdn.trustindex.io\/assets\/platform\/Google\/icon.svg\" alt=\"\" width=\"20\" height=\"20\" loading=\"lazy\"><\/trustindex-image> <div class=\"ti-profile-img\"> <trustindex-image data-imgurl=\"https:\/\/lh3.googleusercontent.com\/a\/ACg8ocIBvIcfjjrTGqSNAmnklCLmoJQ-8YvOfLWuZWs7yEhGBuUKPA=w64-h64-c-rp-mo-br100\" alt=\"Felix M\u00f6llmann profile picture\" loading=\"lazy\"><\/trustindex-image> <\/div> <div class=\"ti-profile-details\"> <div class=\"ti-name\"> Felix M\u00f6llmann <\/div> <div class=\"ti-date\"><\/div> <\/div> <\/div> <span class=\"ti-stars\"><trustindex-image class=\"ti-star\" data-imgurl=\"https:\/\/cdn.trustindex.io\/assets\/platform\/Google\/star\/f.svg\" alt=\"Google\" width=\"17\" height=\"17\" loading=\"lazy\"><\/trustindex-image><trustindex-image class=\"ti-star\" data-imgurl=\"https:\/\/cdn.trustindex.io\/assets\/platform\/Google\/star\/f.svg\" alt=\"Google\" width=\"17\" height=\"17\" loading=\"lazy\"><\/trustindex-image><trustindex-image class=\"ti-star\" data-imgurl=\"https:\/\/cdn.trustindex.io\/assets\/platform\/Google\/star\/f.svg\" alt=\"Google\" width=\"17\" height=\"17\" loading=\"lazy\"><\/trustindex-image><trustindex-image class=\"ti-star\" data-imgurl=\"https:\/\/cdn.trustindex.io\/assets\/platform\/Google\/star\/f.svg\" alt=\"Google\" width=\"17\" height=\"17\" loading=\"lazy\"><\/trustindex-image><trustindex-image class=\"ti-star\" data-imgurl=\"https:\/\/cdn.trustindex.io\/assets\/platform\/Google\/star\/f.svg\" alt=\"Google\" width=\"17\" height=\"17\" loading=\"lazy\"><\/trustindex-image><span class=\"ti-verified-review ti-verified-platform\"><span class=\"ti-verified-tooltip\">Trustindex \u00fcberpr\u00fcft, ob die Originalquelle der Bewertung Google ist.<\/span><\/span><\/span> <div class=\"ti-review-text-container ti-review-content\"><!-- R-CONTENT -->Ich habe bei Sprachlehrer Aktiv ein Sprachkurs gemacht und bin begeistert! Die Lehrkr\u00e4fte waren super \u2013 kompetent, freundlich und motivierend. Kann die Sprachschule nur weiterempfehlen!<!-- R-CONTENT --><\/div> <span class=\"ti-read-more\" data-container=\".ti-review-content\" data-collapse-text=\"Ausblenden\" data-open-text=\"Weiterlesen\"><\/span> <\/div> <\/div>  <div data-empty=\"0\" data-time=\"1595808000\" class=\"ti-review-item source-Google ti-image-layout-thumbnail\" data-id=\"cfcd208495d565ef66e7dff9f98764da\"> <div class=\"ti-inner\"> <div class=\"ti-review-header\"> <trustindex-image class=\"ti-platform-icon\" data-imgurl=\"https:\/\/cdn.trustindex.io\/assets\/platform\/Google\/icon.svg\" alt=\"\" width=\"20\" height=\"20\" loading=\"lazy\"><\/trustindex-image> <div class=\"ti-profile-img\"> <trustindex-image data-imgurl=\"https:\/\/lh3.googleusercontent.com\/a\/ACg8ocIGgnn7flPufL_rOL6W7UASqT5nyH-NSYp0_NCY7NPXkdrJWQ=w64-h64-c-rp-mo-br100\" alt=\"Dominika Dvorak profile picture\" loading=\"lazy\"><\/trustindex-image> <\/div> <div class=\"ti-profile-details\"> <div class=\"ti-name\"> Dominika Dvorak <\/div> <div class=\"ti-date\"><\/div> <\/div> <\/div> <span class=\"ti-stars\"><trustindex-image class=\"ti-star\" data-imgurl=\"https:\/\/cdn.trustindex.io\/assets\/platform\/Google\/star\/f.svg\" alt=\"Google\" width=\"17\" height=\"17\" loading=\"lazy\"><\/trustindex-image><trustindex-image class=\"ti-star\" data-imgurl=\"https:\/\/cdn.trustindex.io\/assets\/platform\/Google\/star\/f.svg\" alt=\"Google\" width=\"17\" height=\"17\" loading=\"lazy\"><\/trustindex-image><trustindex-image class=\"ti-star\" data-imgurl=\"https:\/\/cdn.trustindex.io\/assets\/platform\/Google\/star\/f.svg\" alt=\"Google\" width=\"17\" height=\"17\" loading=\"lazy\"><\/trustindex-image><trustindex-image class=\"ti-star\" data-imgurl=\"https:\/\/cdn.trustindex.io\/assets\/platform\/Google\/star\/f.svg\" alt=\"Google\" width=\"17\" height=\"17\" loading=\"lazy\"><\/trustindex-image><trustindex-image class=\"ti-star\" data-imgurl=\"https:\/\/cdn.trustindex.io\/assets\/platform\/Google\/star\/f.svg\" alt=\"Google\" width=\"17\" height=\"17\" loading=\"lazy\"><\/trustindex-image><span class=\"ti-verified-review ti-verified-platform\"><span class=\"ti-verified-tooltip\">Trustindex \u00fcberpr\u00fcft, ob die Originalquelle der Bewertung Google ist.<\/span><\/span><\/span> <div class=\"ti-review-text-container ti-review-content\"><!-- R-CONTENT -->Ich habe an einem Privatunterricht mit einer tollen Lehrkraft teilgenommen. Mir haben besonders ihre Hilfsbereitschaft und Leidenschaft f\u00fcr Deutsche Sprache angesprochen. Nach dem Anschluss bin ich auf jeden Fall mehr konversationssicher. Ich w\u00fcrde diese angebotenen Kurse an meine Kollegen auf jedem Fall empfehlen.<!-- R-CONTENT --><\/div> <span class=\"ti-read-more\" data-container=\".ti-review-content\" data-collapse-text=\"Ausblenden\" data-open-text=\"Weiterlesen\"><\/span> <\/div> <\/div>  <div data-empty=\"0\" data-time=\"1595808000\" class=\"ti-review-item source-Google ti-image-layout-thumbnail\" data-id=\"cfcd208495d565ef66e7dff9f98764da\"> <div class=\"ti-inner\"> <div class=\"ti-review-header\"> <trustindex-image class=\"ti-platform-icon\" data-imgurl=\"https:\/\/cdn.trustindex.io\/assets\/platform\/Google\/icon.svg\" alt=\"\" width=\"20\" height=\"20\" loading=\"lazy\"><\/trustindex-image> <div class=\"ti-profile-img\"> <trustindex-image data-imgurl=\"https:\/\/lh3.googleusercontent.com\/a\/ACg8ocLF-4XemnsdPvtJmtID72186RQDqiltKRxjlaYkgZ528pvi5w=w64-h64-c-rp-mo-br100\" alt=\"Greta Pattarozzi profile picture\" loading=\"lazy\"><\/trustindex-image> <\/div> <div class=\"ti-profile-details\"> <div class=\"ti-name\"> Greta Pattarozzi <\/div> <div class=\"ti-date\"><\/div> <\/div> <\/div> <span class=\"ti-stars\"><trustindex-image class=\"ti-star\" data-imgurl=\"https:\/\/cdn.trustindex.io\/assets\/platform\/Google\/star\/f.svg\" alt=\"Google\" width=\"17\" height=\"17\" loading=\"lazy\"><\/trustindex-image><trustindex-image class=\"ti-star\" data-imgurl=\"https:\/\/cdn.trustindex.io\/assets\/platform\/Google\/star\/f.svg\" alt=\"Google\" width=\"17\" height=\"17\" loading=\"lazy\"><\/trustindex-image><trustindex-image class=\"ti-star\" data-imgurl=\"https:\/\/cdn.trustindex.io\/assets\/platform\/Google\/star\/f.svg\" alt=\"Google\" width=\"17\" height=\"17\" loading=\"lazy\"><\/trustindex-image><trustindex-image class=\"ti-star\" data-imgurl=\"https:\/\/cdn.trustindex.io\/assets\/platform\/Google\/star\/f.svg\" alt=\"Google\" width=\"17\" height=\"17\" loading=\"lazy\"><\/trustindex-image><trustindex-image class=\"ti-star\" data-imgurl=\"https:\/\/cdn.trustindex.io\/assets\/platform\/Google\/star\/f.svg\" alt=\"Google\" width=\"17\" height=\"17\" loading=\"lazy\"><\/trustindex-image><span class=\"ti-verified-review ti-verified-platform\"><span class=\"ti-verified-tooltip\">Trustindex \u00fcberpr\u00fcft, ob die Originalquelle der Bewertung Google ist.<\/span><\/span><\/span> <div class=\"ti-review-text-container ti-review-content\"><!-- R-CONTENT -->Ich habe einen Deutsch-Privatkurs mit einer tollen sympathischen Lehrerin besucht.\nDie muttersprachliche Lehrerin war nett und hilfsbereit.\nIch empfehle Sie euch weiter.<!-- R-CONTENT --><\/div> <span class=\"ti-read-more\" data-container=\".ti-review-content\" data-collapse-text=\"Ausblenden\" data-open-text=\"Weiterlesen\"><\/span> <\/div> <\/div>  <div data-empty=\"0\" data-time=\"1586736000\" class=\"ti-review-item source-Google ti-image-layout-thumbnail\" data-id=\"cfcd208495d565ef66e7dff9f98764da\"> <div class=\"ti-inner\"> <div class=\"ti-review-header\"> <trustindex-image class=\"ti-platform-icon\" data-imgurl=\"https:\/\/cdn.trustindex.io\/assets\/platform\/Google\/icon.svg\" alt=\"\" width=\"20\" height=\"20\" loading=\"lazy\"><\/trustindex-image> <div class=\"ti-profile-img\"> <trustindex-image data-imgurl=\"https:\/\/lh3.googleusercontent.com\/a-\/ALV-UjVzfdPy4rom1_1bTgTykBs-aCOodLLqvrt2cgsKVCfiAmprnS4=w64-h64-c-rp-mo-br100\" alt=\"Gibeleen Amponsah Nimpong profile picture\" loading=\"lazy\"><\/trustindex-image> <\/div> <div class=\"ti-profile-details\"> <div class=\"ti-name\"> Gibeleen Amponsah Nimpong <\/div> <div class=\"ti-date\"><\/div> <\/div> <\/div> <span class=\"ti-stars\"><trustindex-image class=\"ti-star\" data-imgurl=\"https:\/\/cdn.trustindex.io\/assets\/platform\/Google\/star\/f.svg\" alt=\"Google\" width=\"17\" height=\"17\" loading=\"lazy\"><\/trustindex-image><trustindex-image class=\"ti-star\" data-imgurl=\"https:\/\/cdn.trustindex.io\/assets\/platform\/Google\/star\/f.svg\" alt=\"Google\" width=\"17\" height=\"17\" loading=\"lazy\"><\/trustindex-image><trustindex-image class=\"ti-star\" data-imgurl=\"https:\/\/cdn.trustindex.io\/assets\/platform\/Google\/star\/f.svg\" alt=\"Google\" width=\"17\" height=\"17\" loading=\"lazy\"><\/trustindex-image><trustindex-image class=\"ti-star\" data-imgurl=\"https:\/\/cdn.trustindex.io\/assets\/platform\/Google\/star\/f.svg\" alt=\"Google\" width=\"17\" height=\"17\" loading=\"lazy\"><\/trustindex-image><trustindex-image class=\"ti-star\" data-imgurl=\"https:\/\/cdn.trustindex.io\/assets\/platform\/Google\/star\/f.svg\" alt=\"Google\" width=\"17\" height=\"17\" loading=\"lazy\"><\/trustindex-image><span class=\"ti-verified-review ti-verified-platform\"><span class=\"ti-verified-tooltip\">Trustindex \u00fcberpr\u00fcft, ob die Originalquelle der Bewertung Google ist.<\/span><\/span><\/span> <div class=\"ti-review-text-container ti-review-content\"><!-- R-CONTENT -->The perfect language school ever. Highly recommend for anyone looking forward to learning a new language. You won't be disappointed.<!-- R-CONTENT --><\/div> <span class=\"ti-read-more\" data-container=\".ti-review-content\" data-collapse-text=\"Ausblenden\" data-open-text=\"Weiterlesen\"><\/span> <\/div> <\/div>  <div data-empty=\"0\" data-time=\"1586736000\" class=\"ti-review-item source-Google ti-image-layout-thumbnail\" data-id=\"cfcd208495d565ef66e7dff9f98764da\"> <div class=\"ti-inner\"> <div class=\"ti-review-header\"> <trustindex-image class=\"ti-platform-icon\" data-imgurl=\"https:\/\/cdn.trustindex.io\/assets\/platform\/Google\/icon.svg\" alt=\"\" width=\"20\" height=\"20\" loading=\"lazy\"><\/trustindex-image> <div class=\"ti-profile-img\"> <trustindex-image data-imgurl=\"https:\/\/lh3.googleusercontent.com\/a-\/ALV-UjV-zZw54wiU66VS6R-Ve3dmiOMq4ruF-tECkI3DfQ5UNm82yJ0=w64-h64-c-rp-mo-ba3-br100\" alt=\"A. Sadeque profile picture\" loading=\"lazy\"><\/trustindex-image> <\/div> <div class=\"ti-profile-details\"> <div class=\"ti-name\"> A. Sadeque <\/div> <div class=\"ti-date\"><\/div> <\/div> <\/div> <span class=\"ti-stars\"><trustindex-image class=\"ti-star\" data-imgurl=\"https:\/\/cdn.trustindex.io\/assets\/platform\/Google\/star\/f.svg\" alt=\"Google\" width=\"17\" height=\"17\" loading=\"lazy\"><\/trustindex-image><trustindex-image class=\"ti-star\" data-imgurl=\"https:\/\/cdn.trustindex.io\/assets\/platform\/Google\/star\/f.svg\" alt=\"Google\" width=\"17\" height=\"17\" loading=\"lazy\"><\/trustindex-image><trustindex-image class=\"ti-star\" data-imgurl=\"https:\/\/cdn.trustindex.io\/assets\/platform\/Google\/star\/f.svg\" alt=\"Google\" width=\"17\" height=\"17\" loading=\"lazy\"><\/trustindex-image><trustindex-image class=\"ti-star\" data-imgurl=\"https:\/\/cdn.trustindex.io\/assets\/platform\/Google\/star\/f.svg\" alt=\"Google\" width=\"17\" height=\"17\" loading=\"lazy\"><\/trustindex-image><trustindex-image class=\"ti-star\" data-imgurl=\"https:\/\/cdn.trustindex.io\/assets\/platform\/Google\/star\/f.svg\" alt=\"Google\" width=\"17\" height=\"17\" loading=\"lazy\"><\/trustindex-image><span class=\"ti-verified-review ti-verified-platform\"><span class=\"ti-verified-tooltip\">Trustindex \u00fcberpr\u00fcft, ob die Originalquelle der Bewertung Google ist.<\/span><\/span><\/span> <div class=\"ti-review-text-container ti-review-content\"><!-- R-CONTENT -->Ich hatte eine super Lehrerin f\u00fcr Englisch Privatkurs. Herzlichen Dank!<!-- R-CONTENT --><\/div> <span class=\"ti-read-more\" data-container=\".ti-review-content\" data-collapse-text=\"Ausblenden\" data-open-text=\"Weiterlesen\"><\/span> <\/div> <\/div>  <div data-empty=\"0\" data-time=\"1551312000\" class=\"ti-review-item source-Google ti-image-layout-thumbnail\" data-id=\"cfcd208495d565ef66e7dff9f98764da\"> <div class=\"ti-inner\"> <div class=\"ti-review-header\"> <trustindex-image class=\"ti-platform-icon\" data-imgurl=\"https:\/\/cdn.trustindex.io\/assets\/platform\/Google\/icon.svg\" alt=\"\" width=\"20\" height=\"20\" loading=\"lazy\"><\/trustindex-image> <div class=\"ti-profile-img\"> <trustindex-image data-imgurl=\"https:\/\/lh3.googleusercontent.com\/a-\/ALV-UjU3zG57U-VumAbsAvCAl0uArrC0TJzUzboY0jmJCKqP5fqohPxSPA=w64-h64-c-rp-mo-br100\" alt=\"Alessia M (xheyhale) profile picture\" loading=\"lazy\"><\/trustindex-image> <\/div> <div class=\"ti-profile-details\"> <div class=\"ti-name\"> Alessia M (xheyhale) <\/div> <div class=\"ti-date\"><\/div> <\/div> <\/div> <span class=\"ti-stars\"><trustindex-image class=\"ti-star\" data-imgurl=\"https:\/\/cdn.trustindex.io\/assets\/platform\/Google\/star\/f.svg\" alt=\"Google\" width=\"17\" height=\"17\" loading=\"lazy\"><\/trustindex-image><trustindex-image class=\"ti-star\" data-imgurl=\"https:\/\/cdn.trustindex.io\/assets\/platform\/Google\/star\/f.svg\" alt=\"Google\" width=\"17\" height=\"17\" loading=\"lazy\"><\/trustindex-image><trustindex-image class=\"ti-star\" data-imgurl=\"https:\/\/cdn.trustindex.io\/assets\/platform\/Google\/star\/f.svg\" alt=\"Google\" width=\"17\" height=\"17\" loading=\"lazy\"><\/trustindex-image><trustindex-image class=\"ti-star\" data-imgurl=\"https:\/\/cdn.trustindex.io\/assets\/platform\/Google\/star\/f.svg\" alt=\"Google\" width=\"17\" height=\"17\" loading=\"lazy\"><\/trustindex-image><trustindex-image class=\"ti-star\" data-imgurl=\"https:\/\/cdn.trustindex.io\/assets\/platform\/Google\/star\/f.svg\" alt=\"Google\" width=\"17\" height=\"17\" loading=\"lazy\"><\/trustindex-image><span class=\"ti-verified-review ti-verified-platform\"><span class=\"ti-verified-tooltip\">Trustindex \u00fcberpr\u00fcft, ob die Originalquelle der Bewertung Google ist.<\/span><\/span><\/span> <div class=\"ti-review-text-container ti-review-content\"><!-- R-CONTENT -->Volendo migliorare il mio tedesco, ho iniziato un corso privato di tedesco con Sprachschule Aktiv. Consiglio a tutti questa opzione per imparare velocemente, avendo a che fare con insegnanti qualificati, gentili e disponibili, disposti a venire incontro anche per quanto riguarda gli argomenti. Inoltre, sono molto attenti alle esigenze personali. Non potrei essere pi\u00f9 soddisfatta!<!-- R-CONTENT --><\/div> <span class=\"ti-read-more\" data-container=\".ti-review-content\" data-collapse-text=\"Ausblenden\" data-open-text=\"Weiterlesen\"><\/span> <\/div> <\/div>  <div data-empty=\"0\" data-time=\"1543881600\" class=\"ti-review-item source-Google ti-image-layout-thumbnail\" data-id=\"cfcd208495d565ef66e7dff9f98764da\"> <div class=\"ti-inner\"> <div class=\"ti-review-header\"> <trustindex-image class=\"ti-platform-icon\" data-imgurl=\"https:\/\/cdn.trustindex.io\/assets\/platform\/Google\/icon.svg\" alt=\"\" width=\"20\" height=\"20\" loading=\"lazy\"><\/trustindex-image> <div class=\"ti-profile-img\"> <trustindex-image data-imgurl=\"https:\/\/lh3.googleusercontent.com\/a\/ACg8ocKhwuXKiC6AH9PURyibw3vmbOyhYUlYulYGpCLEbjPnY3c16w=w64-h64-c-rp-mo-ba3-br100\" alt=\"damir descalzi profile picture\" loading=\"lazy\"><\/trustindex-image> <\/div> <div class=\"ti-profile-details\"> <div class=\"ti-name\"> damir descalzi <\/div> <div class=\"ti-date\"><\/div> <\/div> <\/div> <span class=\"ti-stars\"><trustindex-image class=\"ti-star\" data-imgurl=\"https:\/\/cdn.trustindex.io\/assets\/platform\/Google\/star\/f.svg\" alt=\"Google\" width=\"17\" height=\"17\" loading=\"lazy\"><\/trustindex-image><trustindex-image class=\"ti-star\" data-imgurl=\"https:\/\/cdn.trustindex.io\/assets\/platform\/Google\/star\/f.svg\" alt=\"Google\" width=\"17\" height=\"17\" loading=\"lazy\"><\/trustindex-image><trustindex-image class=\"ti-star\" data-imgurl=\"https:\/\/cdn.trustindex.io\/assets\/platform\/Google\/star\/f.svg\" alt=\"Google\" width=\"17\" height=\"17\" loading=\"lazy\"><\/trustindex-image><trustindex-image class=\"ti-star\" data-imgurl=\"https:\/\/cdn.trustindex.io\/assets\/platform\/Google\/star\/f.svg\" alt=\"Google\" width=\"17\" height=\"17\" loading=\"lazy\"><\/trustindex-image><trustindex-image class=\"ti-star\" data-imgurl=\"https:\/\/cdn.trustindex.io\/assets\/platform\/Google\/star\/f.svg\" alt=\"Google\" width=\"17\" height=\"17\" loading=\"lazy\"><\/trustindex-image><span class=\"ti-verified-review ti-verified-platform\"><span class=\"ti-verified-tooltip\">Trustindex \u00fcberpr\u00fcft, ob die Originalquelle der Bewertung Google ist.<\/span><\/span><\/span> <div class=\"ti-review-text-container ti-review-content\"><!-- R-CONTENT -->He hecho unas clases privadas de Ingles y Bosnio y la verdad que estoy muy a gusto con la empresa. Si tenias cualquier duda te la resolvian y los profesores son muy amables y comprensibles y te ayudan en todo momento. Y lo mejor de todo es que hacen clases de muchisimos idiomas y lo puedes hacer tanto por Skype o presencial, muy recomendable!<!-- R-CONTENT --><\/div> <span class=\"ti-read-more\" data-container=\".ti-review-content\" data-collapse-text=\"Ausblenden\" data-open-text=\"Weiterlesen\"><\/span> <\/div> <\/div>  <\/div> <div class=\"ti-controls-line\"> <div class=\"dot\"><\/div> <\/div> <\/div>    <\/div> <\/div> <\/template><\/pre><div data-src=\"https:\/\/cdn.trustindex.io\/loader.js?wp-widget\" data-template-id=\"trustindex-google-widget-html\" data-css-url=\"https:\/\/www.sprachlehrer-aktiv.de\/deutsch-privatunterricht\/wp-content\/uploads\/trustindex-google-widget.css?1770063897\"><\/div>\t\t\t\t\t\t\t\t<\/div>\n\t\t<div class=\"elementor-element elementor-element-6e290c28 e-grid e-con-full e-con e-child\" data-id=\"6e290c28\" data-element_type=\"container\" data-e-type=\"container\">\n\t\t\t\t<div class=\"elementor-element elementor-element-3fdc4ed elementor-widget elementor-widget-image\" data-id=\"3fdc4ed\" data-element_type=\"widget\" data-e-type=\"widget\" data-widget_type=\"image.default\">\n\t\t\t\t\t\t\t\t\t\t\t\t\t\t\t<img decoding=\"async\" width=\"120\" height=\"69\" src=\"https:\/\/www.sprachlehrer-aktiv.de\/deutsch-privatunterricht\/wp-content\/uploads\/2026\/02\/logo-google-reviews-1.webp\" class=\"attachment-large size-large wp-image-43\" alt=\"\" \/>\t\t\t\t\t\t\t\t\t\t\t\t\t\t\t<\/div>\n\t\t\t\t<div class=\"elementor-element elementor-element-4ebf389b elementor-widget elementor-widget-image\" data-id=\"4ebf389b\" data-element_type=\"widget\" data-e-type=\"widget\" data-widget_type=\"image.default\">\n\t\t\t\t\t\t\t\t\t\t\t\t\t\t\t<img decoding=\"async\" width=\"145\" height=\"69\" src=\"https:\/\/www.sprachlehrer-aktiv.de\/deutsch-privatunterricht\/wp-content\/uploads\/2026\/02\/logo-proventexpert.webp\" class=\"attachment-large size-large wp-image-44\" alt=\"\" \/>\t\t\t\t\t\t\t\t\t\t\t\t\t\t\t<\/div>\n\t\t\t\t<\/div>\n\t\t\t\t<\/div>\n\t\t\t\t\t<\/div>\n\t\t\t\t<\/div>\n\t\t<div class=\"elementor-element elementor-element-2095b45e e-flex e-con-boxed e-con e-parent\" data-id=\"2095b45e\" data-element_type=\"container\" data-e-type=\"container\">\n\t\t\t\t\t<div class=\"e-con-inner\">\n\t\t\t\t<div class=\"elementor-element elementor-element-35c4e1d9 elementor-widget elementor-widget-text-editor\" data-id=\"35c4e1d9\" data-element_type=\"widget\" data-e-type=\"widget\" data-widget_type=\"text-editor.default\">\n\t\t\t\t\t\t\t\t\t<article><section><h2><span style=\"font-weight: 400;\">Den richtigen Deutschlehrer in Peine finden<\/span><\/h2><p><span style=\"font-weight: 400;\">Unsere qualifizierten Deutschlehrer verf\u00fcgen \u00fcber Erfahrung im Bereich Deutsch als Fremdsprache und gestalten den Unterricht praxisnah und motivierend.<\/span><\/p><p><span style=\"font-weight: 400;\">Zu Beginn analysieren wir Ihr aktuelles Sprachniveau und entwickeln anschlie\u00dfend ein individuelles Lernkonzept, das optimal auf Ihre Ziele abgestimmt ist.<\/span><\/p><p><span style=\"font-weight: 400;\">Der Unterricht ist flexibel im gesamten Raum Peine m\u00f6glich.<\/span><\/p><h2><span style=\"font-weight: 400;\">Faire Preise und flexible Unterrichtsmodelle<\/span><\/h2><p><span style=\"font-weight: 400;\">Transparente Preise und flexible Buchungsm\u00f6glichkeiten sind uns wichtig. Eine Unterrichtseinheit umfasst normalerweise 45 Minuten.<\/span><\/p><p><span style=\"font-weight: 400;\">Mit gr\u00f6\u00dferen Stundenpaketen profitieren Sie von g\u00fcnstigeren Preisen pro Unterrichtseinheit.<\/span><\/p><p><span style=\"font-weight: 400;\">Gemeinsam finden wir ein passendes Modell f\u00fcr Ihr Budget und Ihre Lernziele.<\/span><\/p><\/section><section><table style=\"width: 100%; border-collapse: collapse; margin: 20px 0; font-family: sans-serif; box-shadow: 0 2px 5px rgba(0,0,0,0.1);\"><thead><tr style=\"background-color: #f8f9fa; border-bottom: 2px solid #dee2e6;\"><th style=\"padding: 12px; text-align: left;\">Anzahl der Unterrichtseinheiten (UE)<\/th><th style=\"padding: 12px; text-align: left;\">Preis pro UE (45 Min.)<\/th><\/tr><\/thead><tbody><tr style=\"border-bottom: 1px solid #dee2e6;\"><td style=\"padding: 12px;\">Ab 10 UE<\/td><td style=\"padding: 12px;\">45 \u20ac<\/td><\/tr><tr style=\"border-bottom: 1px solid #dee2e6;\"><td style=\"padding: 12px;\">Ab 20 UE<\/td><td style=\"padding: 12px;\">42 \u20ac<\/td><\/tr><tr style=\"border-bottom: 1px solid #dee2e6;\"><td style=\"padding: 12px;\">Ab 50 UE<\/td><td style=\"padding: 12px;\">38 \u20ac<\/td><\/tr><tr style=\"border-bottom: 2px solid #007bff; background-color: #e7f3ff;\"><td style=\"padding: 12px;\"><strong>Ab 80 UE (Best-Preis)<\/strong><\/td><td style=\"padding: 12px;\"><strong>35 \u20ac<\/strong><\/td><\/tr><\/tbody><\/table><div style=\"background-color: #f1f8e9; padding: 15px; border-radius: 5px; margin-bottom: 20px;\"><ul style=\"list-style: none; padding: 0; margin: 0;\"><li>\u2714 Keine Anmeldegeb\u00fchr<\/li><li>\u2714 Flexible Terminvereinbarung<\/li><li>\u2714 Unterricht vor Ort oder online<\/li><\/ul><\/div><p><em>Hinweis: Eine Probestunde ist nach Absprache m\u00f6glich. Wir beraten Sie gerne kostenlos vorab!<\/em><\/p><\/section><section><h2><span style=\"font-weight: 400;\">Deutsch lernen in Peine \u2013 von A1 bis C2<\/span><\/h2><p><span style=\"font-weight: 400;\">Unser Deutsch Privatunterricht richtet sich an Lernende aller Sprachstufen des Gemeinsamen Europ\u00e4ischen Referenzrahmens (GER).<\/span><\/p><h3><span style=\"font-weight: 400;\">Deutschkurse f\u00fcr jedes Niveau<\/span><\/h3><ul><li style=\"font-weight: 400;\" aria-level=\"1\"><span style=\"font-weight: 400;\">A1 und A2 \u2013 Grundlagen der deutschen Sprache f\u00fcr Anf\u00e4nger<\/span><\/li><li style=\"font-weight: 400;\" aria-level=\"1\"><span style=\"font-weight: 400;\">B1 und B2 \u2013 Selbstbewusst kommunizieren im Alltag und Beruf<\/span><\/li><li style=\"font-weight: 400;\" aria-level=\"1\"><span style=\"font-weight: 400;\">C1 und C2 \u2013 Professionelles und akademisches Deutsch<\/span><\/li><\/ul><p><span style=\"font-weight: 400;\">Egal auf welchem Niveau Sie starten \u2013 der Unterricht wird individuell auf Ihre Bed\u00fcrfnisse angepasst.<\/span><\/p><h2><span style=\"font-weight: 400;\">Optimale Vorbereitung auf Sprachpr\u00fcfungen<\/span><\/h2><p><span style=\"font-weight: 400;\">Sie m\u00f6chten eine Deutschpr\u00fcfung erfolgreich bestehen? Unsere Privatlehrer bereiten Sie gezielt auf unterschiedliche Pr\u00fcfungsformate vor.<\/span><\/p><h3><span style=\"font-weight: 400;\">Vorbereitung auf folgende Pr\u00fcfungen<\/span><\/h3><ul><li style=\"font-weight: 400;\" aria-level=\"1\"><span style=\"font-weight: 400;\">Telc<\/span><\/li><li style=\"font-weight: 400;\" aria-level=\"1\"><span style=\"font-weight: 400;\">TestDaF<\/span><\/li><li style=\"font-weight: 400;\" aria-level=\"1\"><span style=\"font-weight: 400;\">DSH<\/span><\/li><li style=\"font-weight: 400;\" aria-level=\"1\"><span style=\"font-weight: 400;\">Goethe-Zertifikate<\/span><\/li><\/ul><p><span style=\"font-weight: 400;\">Im Unterricht trainieren Sie gezielt H\u00f6rverstehen, schriftlichen Ausdruck, Leseverstehen und m\u00fcndliche Kommunikation unter realistischen Pr\u00fcfungsbedingungen.<\/span><\/p><h2><span style=\"font-weight: 400;\">FAQ \u2013 H\u00e4ufige Fragen zum Deutsch Privatunterricht in Peine<\/span><\/h2><\/section><section><details style=\"margin-bottom: 10px; padding: 10px; border: 1px solid #ddd; border-radius: 4px; cursor: pointer;\" open=\"open\"><summary style=\"font-weight: bold;\">Wo findet der Unterricht in <strong>Peine<\/strong> statt?<\/summary><p style=\"padding-top: 10px;\">Ganz nach Ihren W\u00fcnschen! Wir k\u00f6nnen den Unterricht direkt bei Ihnen zu Hause im Frankenberger Viertel, in Burtscheid oder Laurensberg durchf\u00fchren. Alternativ bieten wir ruhige Schulungsr\u00e4ume oder hocheffektiven Online-Unterricht an.<\/p><\/details><details style=\"margin-bottom: 10px; padding: 10px; border: 1px solid #ddd; border-radius: 4px; cursor: pointer;\" open=\"open\"><summary style=\"font-weight: bold;\">Kann ich den Kurs jederzeit starten?<\/summary><p style=\"padding-top: 10px;\">Ja! Im Gegensatz zu festen Sprachschulkursen gibt es bei uns keine Wartezeiten. Sobald wir den passenden <strong>Deutsch Privatlehrer finden<\/strong>, kann es innerhalb weniger Tage losgehen.<\/p><\/details><details style=\"margin-bottom: 10px; padding: 10px; border: 1px solid #ddd; border-radius: 4px; cursor: pointer;\" open=\"open\"><summary style=\"font-weight: bold;\">Was passiert, wenn ich eine Stunde absagen muss?<\/summary><p style=\"padding-top: 10px;\">Flexibilit\u00e4t ist unser Trumpf. Bis zu 24 Stunden vor dem Termin k\u00f6nnen Sie die Sitzung in der Regel kostenfrei verschieben.<\/p><\/details><details style=\"margin-bottom: 10px; padding: 10px; border: 1px solid #ddd; border-radius: 4px; cursor: pointer;\" open=\"open\"><summary style=\"font-weight: bold;\">Bieten Sie auch Unterricht f\u00fcr kleine Gruppen an?<\/summary><p style=\"padding-top: 10px;\">Ja, wir bieten &#8222;Semi-Privatunterricht&#8220; an. Wenn Sie sich die Kosten mit einem Freund oder Kollegen teilen m\u00f6chten, ist das eine kosteng\u00fcnstige Alternative.<\/p><\/details><\/section><section style=\"margin-top: 30px; border-top: 1px solid #eee; padding-top: 20px;\"><h2><span style=\"font-weight: 400;\">Fazit: Erfolgreich Deutsch lernen in Peine<\/span><\/h2><p><span style=\"font-weight: 400;\">Deutsch Privatunterricht in Peine bietet Ihnen eine flexible und effektive M\u00f6glichkeit, Ihre Sprachkenntnisse gezielt zu verbessern. Durch individuelle Betreuung und praxisnahen Unterricht erzielen Sie schnelle Fortschritte und gewinnen mehr Sicherheit im Umgang mit der deutschen Sprache.<\/span><\/p><p><span style=\"font-weight: 400;\">Kontaktieren Sie uns jetzt unverbindlich und finden Sie den passenden Deutschlehrer in Peine.<\/span><\/p><\/section><\/article>\t\t\t\t\t\t\t\t<\/div>\n\t\t\t\t\t<\/div>\n\t\t\t\t<\/div>\n\t\t<div class=\"elementor-element elementor-element-26949dd9 e-flex e-con-boxed e-con e-parent\" data-id=\"26949dd9\" data-element_type=\"container\" data-e-type=\"container\">\n\t\t\t\t\t<div class=\"e-con-inner\">\n\t\t\t\t<div class=\"elementor-element elementor-element-7cad836f elementor-widget elementor-widget-button\" data-id=\"7cad836f\" data-element_type=\"widget\" data-e-type=\"widget\" data-widget_type=\"button.default\">\n\t\t\t\t\t\t\t\t\t\t<a class=\"elementor-button elementor-button-link elementor-size-sm\" href=\"https:\/\/www.sprachlehrer-aktiv.de\/deutsch-privatunterricht\/kontakt\/\">\n\t\t\t\t\t\t<span class=\"elementor-button-content-wrapper\">\n\t\t\t\t\t\t<span class=\"elementor-button-icon\">\n\t\t\t\t<svg aria-hidden=\"true\" class=\"e-font-icon-svg e-fas-arrow-right\" viewBox=\"0 0 448 512\" xmlns=\"http:\/\/www.w3.org\/2000\/svg\"><path d=\"M190.5 66.9l22.2-22.2c9.4-9.4 24.6-9.4 33.9 0L441 239c9.4 9.4 9.4 24.6 0 33.9L246.6 467.3c-9.4 9.4-24.6 9.4-33.9 0l-22.2-22.2c-9.5-9.5-9.3-25 .4-34.3L311.4 296H24c-13.3 0-24-10.7-24-24v-32c0-13.3 10.7-24 24-24h287.4L190.9 101.2c-9.8-9.3-10-24.8-.4-34.3z\"><\/path><\/svg>\t\t\t<\/span>\n\t\t\t\t\t\t\t\t\t<span class=\"elementor-button-text\">Jetzt Privatkurs buchen<\/span>\n\t\t\t\t\t<\/span>\n\t\t\t\t\t<\/a>\n\t\t\t\t\t\t\t\t<\/div>\n\t\t\t\t\t<\/div>\n\t\t\t\t<\/div>\n\t\t\t\t<\/div>\n\t\t","protected":false},"excerpt":{"rendered":"<p>Flexibler Deutschunterricht in Peine f\u00fcr Alltag, Beruf und Studium Sie m\u00f6chten Ihre Deutschkenntnisse in Peine verbessern und suchen nach einer effektiven sowie pers\u00f6nlichen Lernmethode? Mit professionellem Deutsch Privatunterricht lernen Sie genau in dem Tempo, das zu Ihnen passt. Ob Sie Deutsch f\u00fcr den Beruf, die Ausbildung, die Integration oder f\u00fcr eine Sprachpr\u00fcfung ben\u00f6tigen \u2013 individueller &#8230; <a title=\"Deutsch Privatunterricht in Peine \u2013 Individuell Deutsch lernen mit erfahrenen Lehrern\" class=\"read-more\" href=\"https:\/\/www.sprachlehrer-aktiv.de\/deutsch-privatunterricht\/deutsch-privatunterricht-in-peine\/\" aria-label=\"Mehr Informationen \u00fcber Deutsch Privatunterricht in Peine \u2013 Individuell Deutsch lernen mit erfahrenen Lehrern\">Weiterlesen<\/a><\/p>\n","protected":false},"author":2,"featured_media":0,"parent":0,"menu_order":0,"comment_status":"closed","ping_status":"closed","template":"","meta":{"footnotes":""},"class_list":["post-3687","page","type-page","status-publish"],"yoast_head":"<!-- This site is optimized with the Yoast SEO plugin v26.8 - https:\/\/yoast.com\/product\/yoast-seo-wordpress\/ -->\n<title>Deutsch lernen mit Privatlehrer in Peine | Privatkurs<\/title>\n<meta name=\"description\" content=\"Deutsch lernen in Peine mit erfahrenen Privatlehrern. Privatunterricht f\u00fcr alle Niveaus. Jetzt kostenlose Probestunde sichern!\" \/>\n<meta name=\"robots\" content=\"index, follow, max-snippet:-1, max-image-preview:large, max-video-preview:-1\" \/>\n<link rel=\"canonical\" href=\"https:\/\/www.sprachlehrer-aktiv.de\/deutsch-privatunterricht\/deutsch-privatunterricht-in-peine\/\" \/>\n<meta property=\"og:locale\" content=\"de_DE\" \/>\n<meta property=\"og:type\" content=\"article\" \/>\n<meta property=\"og:title\" content=\"Deutsch lernen mit Privatlehrer in Peine | Privatkurs\" \/>\n<meta property=\"og:description\" content=\"Deutsch lernen in Peine mit erfahrenen Privatlehrern. Privatunterricht f\u00fcr alle Niveaus. Jetzt kostenlose Probestunde sichern!\" \/>\n<meta property=\"og:url\" content=\"https:\/\/www.sprachlehrer-aktiv.de\/deutsch-privatunterricht\/deutsch-privatunterricht-in-peine\/\" \/>\n<meta property=\"article:modified_time\" content=\"2026-06-24T14:47:39+00:00\" \/>\n<meta property=\"og:image\" content=\"https:\/\/www.sprachlehrer-aktiv.de\/deutsch-privatunterricht\/wp-content\/uploads\/2026\/06\/deutsch-privatunterricht-vor-ort-oder-online.jpg\" \/>\n\t<meta property=\"og:image:width\" content=\"800\" \/>\n\t<meta property=\"og:image:height\" content=\"800\" \/>\n\t<meta property=\"og:image:type\" content=\"image\/jpeg\" \/>\n<meta name=\"twitter:card\" content=\"summary_large_image\" \/>\n<meta name=\"twitter:label1\" content=\"Gesch\u00e4tzte Lesezeit\" \/>\n\t<meta name=\"twitter:data1\" content=\"4\u00a0Minuten\" \/>\n<script type=\"application\/ld+json\" class=\"yoast-schema-graph\">{\"@context\":\"https:\/\/schema.org\",\"@graph\":[{\"@type\":\"WebPage\",\"@id\":\"https:\/\/www.sprachlehrer-aktiv.de\/deutsch-privatunterricht\/deutsch-privatunterricht-in-peine\/\",\"url\":\"https:\/\/www.sprachlehrer-aktiv.de\/deutsch-privatunterricht\/deutsch-privatunterricht-in-peine\/\",\"name\":\"Deutsch lernen mit Privatlehrer in Peine | Privatkurs\",\"isPartOf\":{\"@id\":\"https:\/\/www.sprachlehrer-aktiv.de\/deutsch-privatunterricht\/#website\"},\"primaryImageOfPage\":{\"@id\":\"https:\/\/www.sprachlehrer-aktiv.de\/deutsch-privatunterricht\/deutsch-privatunterricht-in-peine\/#primaryimage\"},\"image\":{\"@id\":\"https:\/\/www.sprachlehrer-aktiv.de\/deutsch-privatunterricht\/deutsch-privatunterricht-in-peine\/#primaryimage\"},\"thumbnailUrl\":\"https:\/\/www.sprachlehrer-aktiv.de\/deutsch-privatunterricht\/wp-content\/uploads\/2026\/06\/deutsch-privatunterricht-vor-ort-oder-online.jpg\",\"datePublished\":\"2026-06-24T14:38:20+00:00\",\"dateModified\":\"2026-06-24T14:47:39+00:00\",\"description\":\"Deutsch lernen in Peine mit erfahrenen Privatlehrern. Privatunterricht f\u00fcr alle Niveaus. Jetzt kostenlose Probestunde sichern!\",\"breadcrumb\":{\"@id\":\"https:\/\/www.sprachlehrer-aktiv.de\/deutsch-privatunterricht\/deutsch-privatunterricht-in-peine\/#breadcrumb\"},\"inLanguage\":\"de\",\"potentialAction\":[{\"@type\":\"ReadAction\",\"target\":[\"https:\/\/www.sprachlehrer-aktiv.de\/deutsch-privatunterricht\/deutsch-privatunterricht-in-peine\/\"]}]},{\"@type\":\"ImageObject\",\"inLanguage\":\"de\",\"@id\":\"https:\/\/www.sprachlehrer-aktiv.de\/deutsch-privatunterricht\/deutsch-privatunterricht-in-peine\/#primaryimage\",\"url\":\"https:\/\/www.sprachlehrer-aktiv.de\/deutsch-privatunterricht\/wp-content\/uploads\/2026\/06\/deutsch-privatunterricht-vor-ort-oder-online.jpg\",\"contentUrl\":\"https:\/\/www.sprachlehrer-aktiv.de\/deutsch-privatunterricht\/wp-content\/uploads\/2026\/06\/deutsch-privatunterricht-vor-ort-oder-online.jpg\",\"width\":800,\"height\":800,\"caption\":\"Deutsch Privatunterricht von A1 bis C2 - vor Ort oder online\"},{\"@type\":\"BreadcrumbList\",\"@id\":\"https:\/\/www.sprachlehrer-aktiv.de\/deutsch-privatunterricht\/deutsch-privatunterricht-in-peine\/#breadcrumb\",\"itemListElement\":[{\"@type\":\"ListItem\",\"position\":1,\"name\":\"Start\",\"item\":\"https:\/\/www.sprachlehrer-aktiv.de\/deutsch-privatunterricht\/\"},{\"@type\":\"ListItem\",\"position\":2,\"name\":\"Deutsch Privatunterricht in Peine \u2013 Individuell Deutsch lernen mit erfahrenen Lehrern\"}]},{\"@type\":\"WebSite\",\"@id\":\"https:\/\/www.sprachlehrer-aktiv.de\/deutsch-privatunterricht\/#website\",\"url\":\"https:\/\/www.sprachlehrer-aktiv.de\/deutsch-privatunterricht\/\",\"name\":\"\",\"description\":\"\",\"potentialAction\":[{\"@type\":\"SearchAction\",\"target\":{\"@type\":\"EntryPoint\",\"urlTemplate\":\"https:\/\/www.sprachlehrer-aktiv.de\/deutsch-privatunterricht\/?s={search_term_string}\"},\"query-input\":{\"@type\":\"PropertyValueSpecification\",\"valueRequired\":true,\"valueName\":\"search_term_string\"}}],\"inLanguage\":\"de\"}]}<\/script>\n<!-- \/ Yoast SEO plugin. -->","yoast_head_json":{"title":"Deutsch lernen mit Privatlehrer in Peine | Privatkurs","description":"Deutsch lernen in Peine mit erfahrenen Privatlehrern. Privatunterricht f\u00fcr alle Niveaus. Jetzt kostenlose Probestunde sichern!","robots":{"index":"index","follow":"follow","max-snippet":"max-snippet:-1","max-image-preview":"max-image-preview:large","max-video-preview":"max-video-preview:-1"},"canonical":"https:\/\/www.sprachlehrer-aktiv.de\/deutsch-privatunterricht\/deutsch-privatunterricht-in-peine\/","og_locale":"de_DE","og_type":"article","og_title":"Deutsch lernen mit Privatlehrer in Peine | Privatkurs","og_description":"Deutsch lernen in Peine mit erfahrenen Privatlehrern. Privatunterricht f\u00fcr alle Niveaus. Jetzt kostenlose Probestunde sichern!","og_url":"https:\/\/www.sprachlehrer-aktiv.de\/deutsch-privatunterricht\/deutsch-privatunterricht-in-peine\/","article_modified_time":"2026-06-24T14:47:39+00:00","og_image":[{"width":800,"height":800,"url":"https:\/\/www.sprachlehrer-aktiv.de\/deutsch-privatunterricht\/wp-content\/uploads\/2026\/06\/deutsch-privatunterricht-vor-ort-oder-online.jpg","type":"image\/jpeg"}],"twitter_card":"summary_large_image","twitter_misc":{"Gesch\u00e4tzte Lesezeit":"4\u00a0Minuten"},"schema":{"@context":"https:\/\/schema.org","@graph":[{"@type":"WebPage","@id":"https:\/\/www.sprachlehrer-aktiv.de\/deutsch-privatunterricht\/deutsch-privatunterricht-in-peine\/","url":"https:\/\/www.sprachlehrer-aktiv.de\/deutsch-privatunterricht\/deutsch-privatunterricht-in-peine\/","name":"Deutsch lernen mit Privatlehrer in Peine | Privatkurs","isPartOf":{"@id":"https:\/\/www.sprachlehrer-aktiv.de\/deutsch-privatunterricht\/#website"},"primaryImageOfPage":{"@id":"https:\/\/www.sprachlehrer-aktiv.de\/deutsch-privatunterricht\/deutsch-privatunterricht-in-peine\/#primaryimage"},"image":{"@id":"https:\/\/www.sprachlehrer-aktiv.de\/deutsch-privatunterricht\/deutsch-privatunterricht-in-peine\/#primaryimage"},"thumbnailUrl":"https:\/\/www.sprachlehrer-aktiv.de\/deutsch-privatunterricht\/wp-content\/uploads\/2026\/06\/deutsch-privatunterricht-vor-ort-oder-online.jpg","datePublished":"2026-06-24T14:38:20+00:00","dateModified":"2026-06-24T14:47:39+00:00","description":"Deutsch lernen in Peine mit erfahrenen Privatlehrern. Privatunterricht f\u00fcr alle Niveaus. Jetzt kostenlose Probestunde sichern!","breadcrumb":{"@id":"https:\/\/www.sprachlehrer-aktiv.de\/deutsch-privatunterricht\/deutsch-privatunterricht-in-peine\/#breadcrumb"},"inLanguage":"de","potentialAction":[{"@type":"ReadAction","target":["https:\/\/www.sprachlehrer-aktiv.de\/deutsch-privatunterricht\/deutsch-privatunterricht-in-peine\/"]}]},{"@type":"ImageObject","inLanguage":"de","@id":"https:\/\/www.sprachlehrer-aktiv.de\/deutsch-privatunterricht\/deutsch-privatunterricht-in-peine\/#primaryimage","url":"https:\/\/www.sprachlehrer-aktiv.de\/deutsch-privatunterricht\/wp-content\/uploads\/2026\/06\/deutsch-privatunterricht-vor-ort-oder-online.jpg","contentUrl":"https:\/\/www.sprachlehrer-aktiv.de\/deutsch-privatunterricht\/wp-content\/uploads\/2026\/06\/deutsch-privatunterricht-vor-ort-oder-online.jpg","width":800,"height":800,"caption":"Deutsch Privatunterricht von A1 bis C2 - vor Ort oder online"},{"@type":"BreadcrumbList","@id":"https:\/\/www.sprachlehrer-aktiv.de\/deutsch-privatunterricht\/deutsch-privatunterricht-in-peine\/#breadcrumb","itemListElement":[{"@type":"ListItem","position":1,"name":"Start","item":"https:\/\/www.sprachlehrer-aktiv.de\/deutsch-privatunterricht\/"},{"@type":"ListItem","position":2,"name":"Deutsch Privatunterricht in Peine \u2013 Individuell Deutsch lernen mit erfahrenen Lehrern"}]},{"@type":"WebSite","@id":"https:\/\/www.sprachlehrer-aktiv.de\/deutsch-privatunterricht\/#website","url":"https:\/\/www.sprachlehrer-aktiv.de\/deutsch-privatunterricht\/","name":"","description":"","potentialAction":[{"@type":"SearchAction","target":{"@type":"EntryPoint","urlTemplate":"https:\/\/www.sprachlehrer-aktiv.de\/deutsch-privatunterricht\/?s={search_term_string}"},"query-input":{"@type":"PropertyValueSpecification","valueRequired":true,"valueName":"search_term_string"}}],"inLanguage":"de"}]}},"_links":{"self":[{"href":"https:\/\/www.sprachlehrer-aktiv.de\/deutsch-privatunterricht\/wp-json\/wp\/v2\/pages\/3687","targetHints":{"allow":["GET"]}}],"collection":[{"href":"https:\/\/www.sprachlehrer-aktiv.de\/deutsch-privatunterricht\/wp-json\/wp\/v2\/pages"}],"about":[{"href":"https:\/\/www.sprachlehrer-aktiv.de\/deutsch-privatunterricht\/wp-json\/wp\/v2\/types\/page"}],"author":[{"embeddable":true,"href":"https:\/\/www.sprachlehrer-aktiv.de\/deutsch-privatunterricht\/wp-json\/wp\/v2\/users\/2"}],"replies":[{"embeddable":true,"href":"https:\/\/www.sprachlehrer-aktiv.de\/deutsch-privatunterricht\/wp-json\/wp\/v2\/comments?post=3687"}],"version-history":[{"count":4,"href":"https:\/\/www.sprachlehrer-aktiv.de\/deutsch-privatunterricht\/wp-json\/wp\/v2\/pages\/3687\/revisions"}],"predecessor-version":[{"id":3692,"href":"https:\/\/www.sprachlehrer-aktiv.de\/deutsch-privatunterricht\/wp-json\/wp\/v2\/pages\/3687\/revisions\/3692"}],"wp:attachment":[{"href":"https:\/\/www.sprachlehrer-aktiv.de\/deutsch-privatunterricht\/wp-json\/wp\/v2\/media?parent=3687"}],"curies":[{"name":"wp","href":"https:\/\/api.w.org\/{rel}","templated":true}]}}