{"id":2322,"date":"2026-06-18T23:51:45","date_gmt":"2026-06-18T21:51:45","guid":{"rendered":"https:\/\/www.sprachlehrer-aktiv.de\/deutsch-privatunterricht\/?page_id=2322"},"modified":"2026-06-18T23:55:35","modified_gmt":"2026-06-18T21:55:35","slug":"deutsch-privatunterricht-in-deggendorf","status":"publish","type":"page","link":"https:\/\/www.sprachlehrer-aktiv.de\/deutsch-privatunterricht\/deutsch-privatunterricht-in-deggendorf\/","title":{"rendered":"Deutsch Privatunterricht in Deggendorf: Individuell Deutsch lernen und schneller Fortschritte machen"},"content":{"rendered":"\t\t<div data-elementor-type=\"wp-page\" data-elementor-id=\"2322\" class=\"elementor elementor-2322\">\n\t\t\t\t<div class=\"elementor-element elementor-element-775b05ff e-flex e-con-boxed e-con e-parent\" data-id=\"775b05ff\" data-element_type=\"container\" data-e-type=\"container\">\n\t\t\t\t\t<div class=\"e-con-inner\">\n\t\t<div class=\"elementor-element elementor-element-7eacaddf e-con-full e-flex e-con e-child\" data-id=\"7eacaddf\" data-element_type=\"container\" data-e-type=\"container\">\n\t\t\t\t<div class=\"elementor-element elementor-element-1dde3c31 elementor-widget elementor-widget-text-editor\" data-id=\"1dde3c31\" data-element_type=\"widget\" data-e-type=\"widget\" data-widget_type=\"text-editor.default\">\n\t\t\t\t\t\t\t\t\t<h2><span style=\"font-weight: 400;\">Flexibler Deutschunterricht in Deggendorf \u2013 online oder pers\u00f6nlich vor Ort<\/span><\/h2><p><span style=\"font-weight: 400;\">Sie m\u00f6chten Ihre Deutschkenntnisse in Deggendorf gezielt verbessern und suchen nach einer individuellen Lernl\u00f6sung? Mit professionellem Deutsch Privatunterricht in Deggendorf lernen Sie flexibel, effizient und genau nach Ihren pers\u00f6nlichen Bed\u00fcrfnissen. Egal ob Sie Deutsch f\u00fcr den Beruf, die Universit\u00e4t, den Alltag oder zur Vorbereitung auf eine Sprachpr\u00fcfung ben\u00f6tigen \u2013 ein privater Deutschlehrer unterst\u00fctzt Sie optimal beim Erreichen Ihrer Ziele.<\/span><\/p><p><span style=\"font-weight: 400;\">Der Unterricht kann bequem online, bei Ihnen zu Hause oder an einem Ort Ihrer Wahl in Deggendorf stattfinden. Dadurch bleiben Sie zeitlich flexibel und lernen in einer entspannten Atmosph\u00e4re.<\/span><\/p>\t\t\t\t\t\t\t\t<\/div>\n\t\t\t\t<\/div>\n\t\t<div class=\"elementor-element elementor-element-7da58035 e-con-full e-flex e-con e-child\" data-id=\"7da58035\" data-element_type=\"container\" data-e-type=\"container\">\n\t\t\t\t<div class=\"elementor-element elementor-element-49e209ab elementor-widget elementor-widget-video\" data-id=\"49e209ab\" data-element_type=\"widget\" data-e-type=\"widget\" data-settings=\"{&quot;youtube_url&quot;:&quot;https:\\\/\\\/youtu.be\\\/_2OHSh-0VzI?si=AljgWU9QrmEKES7D&quot;,&quot;video_type&quot;:&quot;youtube&quot;,&quot;controls&quot;:&quot;yes&quot;}\" data-widget_type=\"video.default\">\n\t\t\t\t\t\t\t<div class=\"elementor-wrapper elementor-open-inline\">\n\t\t\t<div class=\"elementor-video\"><\/div>\t\t<\/div>\n\t\t\t\t\t\t<\/div>\n\t\t\t\t<\/div>\n\t\t\t\t\t<\/div>\n\t\t\t\t<\/div>\n\t\t<div class=\"elementor-element elementor-element-7ca70230 e-flex e-con-boxed e-con e-parent\" data-id=\"7ca70230\" data-element_type=\"container\" data-e-type=\"container\">\n\t\t\t\t\t<div class=\"e-con-inner\">\n\t\t\t\t<div class=\"elementor-element elementor-element-54253e8 elementor-widget elementor-widget-button\" data-id=\"54253e8\" data-element_type=\"widget\" data-e-type=\"widget\" data-widget_type=\"button.default\">\n\t\t\t\t\t\t\t\t\t\t<a class=\"elementor-button elementor-button-link elementor-size-sm\" href=\"https:\/\/www.sprachlehrer-aktiv.de\/deutsch-privatunterricht\/kontakt\/\">\n\t\t\t\t\t\t<span class=\"elementor-button-content-wrapper\">\n\t\t\t\t\t\t<span class=\"elementor-button-icon\">\n\t\t\t\t<svg aria-hidden=\"true\" class=\"e-font-icon-svg e-fas-arrow-right\" viewBox=\"0 0 448 512\" xmlns=\"http:\/\/www.w3.org\/2000\/svg\"><path d=\"M190.5 66.9l22.2-22.2c9.4-9.4 24.6-9.4 33.9 0L441 239c9.4 9.4 9.4 24.6 0 33.9L246.6 467.3c-9.4 9.4-24.6 9.4-33.9 0l-22.2-22.2c-9.5-9.5-9.3-25 .4-34.3L311.4 296H24c-13.3 0-24-10.7-24-24v-32c0-13.3 10.7-24 24-24h287.4L190.9 101.2c-9.8-9.3-10-24.8-.4-34.3z\"><\/path><\/svg>\t\t\t<\/span>\n\t\t\t\t\t\t\t\t\t<span class=\"elementor-button-text\">Schnelle Anfrage<\/span>\n\t\t\t\t\t<\/span>\n\t\t\t\t\t<\/a>\n\t\t\t\t\t\t\t\t<\/div>\n\t\t\t\t\t<\/div>\n\t\t\t\t<\/div>\n\t\t<div class=\"elementor-element elementor-element-75b174c e-con-full e-flex e-con e-parent\" data-id=\"75b174c\" data-element_type=\"container\" data-e-type=\"container\">\n\t\t<div class=\"elementor-element elementor-element-c898226 e-con-full e-flex e-con e-child\" data-id=\"c898226\" data-element_type=\"container\" data-e-type=\"container\">\n\t\t\t\t<div class=\"elementor-element elementor-element-3fe3896a elementor-widget elementor-widget-image\" data-id=\"3fe3896a\" data-element_type=\"widget\" data-e-type=\"widget\" data-widget_type=\"image.default\">\n\t\t\t\t\t\t\t\t\t\t\t\t\t\t\t<img fetchpriority=\"high\" decoding=\"async\" width=\"800\" height=\"800\" src=\"https:\/\/www.sprachlehrer-aktiv.de\/deutsch-privatunterricht\/wp-content\/uploads\/2026\/06\/deutsch-privatunterricht-vor-ort-oder-online.jpg\" class=\"attachment-large size-large wp-image-578\" alt=\"Deutsch Privatunterricht von A1 bis C2 - vor Ort oder online\" srcset=\"https:\/\/www.sprachlehrer-aktiv.de\/deutsch-privatunterricht\/wp-content\/uploads\/2026\/06\/deutsch-privatunterricht-vor-ort-oder-online.jpg 800w, https:\/\/www.sprachlehrer-aktiv.de\/deutsch-privatunterricht\/wp-content\/uploads\/2026\/06\/deutsch-privatunterricht-vor-ort-oder-online-300x300.jpg 300w, https:\/\/www.sprachlehrer-aktiv.de\/deutsch-privatunterricht\/wp-content\/uploads\/2026\/06\/deutsch-privatunterricht-vor-ort-oder-online-150x150.jpg 150w, https:\/\/www.sprachlehrer-aktiv.de\/deutsch-privatunterricht\/wp-content\/uploads\/2026\/06\/deutsch-privatunterricht-vor-ort-oder-online-768x768.jpg 768w\" sizes=\"(max-width: 800px) 100vw, 800px\" \/>\t\t\t\t\t\t\t\t\t\t\t\t\t\t\t<\/div>\n\t\t\t\t<\/div>\n\t\t<div class=\"elementor-element elementor-element-2bb18609 e-con-full e-flex e-con e-child\" data-id=\"2bb18609\" data-element_type=\"container\" data-e-type=\"container\">\n\t\t\t\t<div class=\"elementor-element elementor-element-582a860d elementor-widget elementor-widget-text-editor\" data-id=\"582a860d\" data-element_type=\"widget\" data-e-type=\"widget\" data-widget_type=\"text-editor.default\">\n\t\t\t\t\t\t\t\t\t<h2><span style=\"font-weight: 400;\">Warum Privatunterricht in Deggendorf besonders effektiv ist<\/span><\/h2><p><span style=\"font-weight: 400;\">Im Gegensatz zu klassischen Sprachkursen profitieren Sie im Einzelunterricht von voller Aufmerksamkeit und individuell angepassten Lerninhalten. Ihr pers\u00f6nlicher Fortschritt steht jederzeit im Mittelpunkt.<\/span><\/p><p><span style=\"font-weight: 400;\">Sie bestimmen das Lerntempo und k\u00f6nnen gezielt an Grammatik, Aussprache, Wortschatz oder Konversation arbeiten. Durch die direkte Unterst\u00fctzung des Lehrers erzielen Sie oft deutlich schnellere Fortschritte.<\/span><\/p><h3><span style=\"font-weight: 400;\">Ihre Vorteile beim Deutsch Privatunterricht<\/span><\/h3><ul><li style=\"font-weight: 400;\" aria-level=\"1\"><span style=\"font-weight: 400;\">Individuell angepasster Lernplan<\/span><\/li><li style=\"font-weight: 400;\" aria-level=\"1\"><span style=\"font-weight: 400;\">Flexible Unterrichtszeiten<\/span><\/li><li style=\"font-weight: 400;\" aria-level=\"1\"><span style=\"font-weight: 400;\">Unterricht online oder direkt in Deggendorf<\/span><\/li><li style=\"font-weight: 400;\" aria-level=\"1\"><span style=\"font-weight: 400;\">Mehr aktive Sprachpraxis und Kommunikation<\/span><\/li><li style=\"font-weight: 400;\" aria-level=\"1\"><span style=\"font-weight: 400;\">Pers\u00f6nliche Betreuung und direkte Korrekturen<\/span><\/li><li style=\"font-weight: 400;\" aria-level=\"1\"><span style=\"font-weight: 400;\">Moderne Unterrichtsmaterialien und Methoden<\/span><\/li><\/ul>\t\t\t\t\t\t\t\t<\/div>\n\t\t\t\t<\/div>\n\t\t\t\t<\/div>\n\t\t<div class=\"elementor-element elementor-element-3e32191b e-flex e-con-boxed e-con e-parent\" data-id=\"3e32191b\" data-element_type=\"container\" data-e-type=\"container\">\n\t\t\t\t\t<div class=\"e-con-inner\">\n\t\t\t\t<div class=\"elementor-element elementor-element-21dee9f2 elementor-widget elementor-widget-button\" data-id=\"21dee9f2\" data-element_type=\"widget\" data-e-type=\"widget\" data-widget_type=\"button.default\">\n\t\t\t\t\t\t\t\t\t\t<a class=\"elementor-button elementor-button-link elementor-size-sm\" href=\"https:\/\/www.sprachlehrer-aktiv.de\/deutsch-privatunterricht\/kontakt\/\">\n\t\t\t\t\t\t<span class=\"elementor-button-content-wrapper\">\n\t\t\t\t\t\t<span class=\"elementor-button-icon\">\n\t\t\t\t<svg aria-hidden=\"true\" class=\"e-font-icon-svg e-fas-arrow-right\" viewBox=\"0 0 448 512\" xmlns=\"http:\/\/www.w3.org\/2000\/svg\"><path d=\"M190.5 66.9l22.2-22.2c9.4-9.4 24.6-9.4 33.9 0L441 239c9.4 9.4 9.4 24.6 0 33.9L246.6 467.3c-9.4 9.4-24.6 9.4-33.9 0l-22.2-22.2c-9.5-9.5-9.3-25 .4-34.3L311.4 296H24c-13.3 0-24-10.7-24-24v-32c0-13.3 10.7-24 24-24h287.4L190.9 101.2c-9.8-9.3-10-24.8-.4-34.3z\"><\/path><\/svg>\t\t\t<\/span>\n\t\t\t\t\t\t\t\t\t<span class=\"elementor-button-text\">Jetzt Privatkurs buchen<\/span>\n\t\t\t\t\t<\/span>\n\t\t\t\t\t<\/a>\n\t\t\t\t\t\t\t\t<\/div>\n\t\t\t\t\t<\/div>\n\t\t\t\t<\/div>\n\t\t<div class=\"elementor-element elementor-element-25978291 e-flex e-con-boxed e-con e-parent\" data-id=\"25978291\" data-element_type=\"container\" data-e-type=\"container\">\n\t\t\t\t\t<div class=\"e-con-inner\">\n\t\t\t\t<div class=\"elementor-element elementor-element-1f28ee2f elementor-widget elementor-widget-heading\" data-id=\"1f28ee2f\" data-element_type=\"widget\" data-e-type=\"widget\" data-widget_type=\"heading.default\">\n\t\t\t\t\t<h2 class=\"elementor-heading-title elementor-size-default\">Erfahrungen und Bewertungen unserer Teilnehmer zum Deutsch Privatunterricht<\/h2>\t\t\t\t<\/div>\n\t\t\t\t\t<\/div>\n\t\t\t\t<\/div>\n\t\t<div class=\"elementor-element elementor-element-6ff4ecd4 e-flex e-con-boxed e-con e-parent\" data-id=\"6ff4ecd4\" data-element_type=\"container\" data-e-type=\"container\">\n\t\t\t\t\t<div class=\"e-con-inner\">\n\t\t<div class=\"elementor-element elementor-element-19bc0510 e-con-full e-flex e-con e-child\" data-id=\"19bc0510\" data-element_type=\"container\" data-e-type=\"container\" data-settings=\"{&quot;background_background&quot;:&quot;classic&quot;}\">\n\t\t\t\t<div class=\"elementor-element elementor-element-342caf9e elementor-widget__width-initial elementor-widget elementor-widget-text-editor\" data-id=\"342caf9e\" data-element_type=\"widget\" data-e-type=\"widget\" data-widget_type=\"text-editor.default\">\n\t\t\t\t\t\t\t\t\t<pre class=\"ti-widget\" style=\"display: none\"><template id=\"trustindex-google-widget-html\"><div class=\" ti-widget  ti-goog ti-review-text-mode-readmore ti-content-align-center\" data-no-translation=\"true\" data-time-locale=\"vor %d %s|Heute|Tag|Tagen|Woche|Wochen|Monat|Monaten|Jahr|Jahren\" data-plugin-version=\"13.2.7\" data-layout-id=\"36\" data-layout-category=\"slider\" data-set-id=\"ligth-border\" data-pid=\"\" data-language=\"de\" data-close-locale=\"Schlie\u00dfen\" data-review-target-width=\"300\" data-css-version=\"2\" data-reply-by-locale=\"Antwort des Eigent\u00fcmers\" data-only-rating-locale=\"Dieser Nutzer hat lediglich eine Bewertung abgegeben.\" data-pager-autoplay-timeout=\"6\"> <div class=\"ti-widget-container ti-col-3\"> <div class=\"ti-reviews-container\"> <div class=\"ti-controls\"> <div class=\"ti-next\" aria-label=\"N\u00e4chste Bewertung\" role=\"button\" tabindex=\"0\"><\/div> <div class=\"ti-prev\" aria-label=\"Vorherige Bewertung\" role=\"button\" tabindex=\"0\"><\/div> <\/div> <div class=\"ti-reviews-container-wrapper\">  <div data-empty=\"0\" data-time=\"1737936000\" class=\"ti-review-item source-Google ti-image-layout-thumbnail\" data-id=\"cfcd208495d565ef66e7dff9f98764da\"> <div class=\"ti-inner\"> <div class=\"ti-review-header\"> <trustindex-image class=\"ti-platform-icon\" data-imgurl=\"https:\/\/cdn.trustindex.io\/assets\/platform\/Google\/icon.svg\" alt=\"\" width=\"20\" height=\"20\" loading=\"lazy\"><\/trustindex-image> <div class=\"ti-profile-img\"> <trustindex-image data-imgurl=\"https:\/\/lh3.googleusercontent.com\/a\/ACg8ocIBvIcfjjrTGqSNAmnklCLmoJQ-8YvOfLWuZWs7yEhGBuUKPA=w64-h64-c-rp-mo-br100\" alt=\"Felix M\u00f6llmann profile picture\" loading=\"lazy\"><\/trustindex-image> <\/div> <div class=\"ti-profile-details\"> <div class=\"ti-name\"> Felix M\u00f6llmann <\/div> <div class=\"ti-date\"><\/div> <\/div> <\/div> <span class=\"ti-stars\"><trustindex-image class=\"ti-star\" data-imgurl=\"https:\/\/cdn.trustindex.io\/assets\/platform\/Google\/star\/f.svg\" alt=\"Google\" width=\"17\" height=\"17\" loading=\"lazy\"><\/trustindex-image><trustindex-image class=\"ti-star\" data-imgurl=\"https:\/\/cdn.trustindex.io\/assets\/platform\/Google\/star\/f.svg\" alt=\"Google\" width=\"17\" height=\"17\" loading=\"lazy\"><\/trustindex-image><trustindex-image class=\"ti-star\" data-imgurl=\"https:\/\/cdn.trustindex.io\/assets\/platform\/Google\/star\/f.svg\" alt=\"Google\" width=\"17\" height=\"17\" loading=\"lazy\"><\/trustindex-image><trustindex-image class=\"ti-star\" data-imgurl=\"https:\/\/cdn.trustindex.io\/assets\/platform\/Google\/star\/f.svg\" alt=\"Google\" width=\"17\" height=\"17\" loading=\"lazy\"><\/trustindex-image><trustindex-image class=\"ti-star\" data-imgurl=\"https:\/\/cdn.trustindex.io\/assets\/platform\/Google\/star\/f.svg\" alt=\"Google\" width=\"17\" height=\"17\" loading=\"lazy\"><\/trustindex-image><span class=\"ti-verified-review ti-verified-platform\"><span class=\"ti-verified-tooltip\">Trustindex \u00fcberpr\u00fcft, ob die Originalquelle der Bewertung Google ist.<\/span><\/span><\/span> <div class=\"ti-review-text-container ti-review-content\"><!-- R-CONTENT -->Ich habe bei Sprachlehrer Aktiv ein Sprachkurs gemacht und bin begeistert! Die Lehrkr\u00e4fte waren super \u2013 kompetent, freundlich und motivierend. Kann die Sprachschule nur weiterempfehlen!<!-- R-CONTENT --><\/div> <span class=\"ti-read-more\" data-container=\".ti-review-content\" data-collapse-text=\"Ausblenden\" data-open-text=\"Weiterlesen\"><\/span> <\/div> <\/div>  <div data-empty=\"0\" data-time=\"1595808000\" class=\"ti-review-item source-Google ti-image-layout-thumbnail\" data-id=\"cfcd208495d565ef66e7dff9f98764da\"> <div class=\"ti-inner\"> <div class=\"ti-review-header\"> <trustindex-image class=\"ti-platform-icon\" data-imgurl=\"https:\/\/cdn.trustindex.io\/assets\/platform\/Google\/icon.svg\" alt=\"\" width=\"20\" height=\"20\" loading=\"lazy\"><\/trustindex-image> <div class=\"ti-profile-img\"> <trustindex-image data-imgurl=\"https:\/\/lh3.googleusercontent.com\/a\/ACg8ocIGgnn7flPufL_rOL6W7UASqT5nyH-NSYp0_NCY7NPXkdrJWQ=w64-h64-c-rp-mo-br100\" alt=\"Dominika Dvorak profile picture\" loading=\"lazy\"><\/trustindex-image> <\/div> <div class=\"ti-profile-details\"> <div class=\"ti-name\"> Dominika Dvorak <\/div> <div class=\"ti-date\"><\/div> <\/div> <\/div> <span class=\"ti-stars\"><trustindex-image class=\"ti-star\" data-imgurl=\"https:\/\/cdn.trustindex.io\/assets\/platform\/Google\/star\/f.svg\" alt=\"Google\" width=\"17\" height=\"17\" loading=\"lazy\"><\/trustindex-image><trustindex-image class=\"ti-star\" data-imgurl=\"https:\/\/cdn.trustindex.io\/assets\/platform\/Google\/star\/f.svg\" alt=\"Google\" width=\"17\" height=\"17\" loading=\"lazy\"><\/trustindex-image><trustindex-image class=\"ti-star\" data-imgurl=\"https:\/\/cdn.trustindex.io\/assets\/platform\/Google\/star\/f.svg\" alt=\"Google\" width=\"17\" height=\"17\" loading=\"lazy\"><\/trustindex-image><trustindex-image class=\"ti-star\" data-imgurl=\"https:\/\/cdn.trustindex.io\/assets\/platform\/Google\/star\/f.svg\" alt=\"Google\" width=\"17\" height=\"17\" loading=\"lazy\"><\/trustindex-image><trustindex-image class=\"ti-star\" data-imgurl=\"https:\/\/cdn.trustindex.io\/assets\/platform\/Google\/star\/f.svg\" alt=\"Google\" width=\"17\" height=\"17\" loading=\"lazy\"><\/trustindex-image><span class=\"ti-verified-review ti-verified-platform\"><span class=\"ti-verified-tooltip\">Trustindex \u00fcberpr\u00fcft, ob die Originalquelle der Bewertung Google ist.<\/span><\/span><\/span> <div class=\"ti-review-text-container ti-review-content\"><!-- R-CONTENT -->Ich habe an einem Privatunterricht mit einer tollen Lehrkraft teilgenommen. Mir haben besonders ihre Hilfsbereitschaft und Leidenschaft f\u00fcr Deutsche Sprache angesprochen. Nach dem Anschluss bin ich auf jeden Fall mehr konversationssicher. Ich w\u00fcrde diese angebotenen Kurse an meine Kollegen auf jedem Fall empfehlen.<!-- R-CONTENT --><\/div> <span class=\"ti-read-more\" data-container=\".ti-review-content\" data-collapse-text=\"Ausblenden\" data-open-text=\"Weiterlesen\"><\/span> <\/div> <\/div>  <div data-empty=\"0\" data-time=\"1595808000\" class=\"ti-review-item source-Google ti-image-layout-thumbnail\" data-id=\"cfcd208495d565ef66e7dff9f98764da\"> <div class=\"ti-inner\"> <div class=\"ti-review-header\"> <trustindex-image class=\"ti-platform-icon\" data-imgurl=\"https:\/\/cdn.trustindex.io\/assets\/platform\/Google\/icon.svg\" alt=\"\" width=\"20\" height=\"20\" loading=\"lazy\"><\/trustindex-image> <div class=\"ti-profile-img\"> <trustindex-image data-imgurl=\"https:\/\/lh3.googleusercontent.com\/a\/ACg8ocLF-4XemnsdPvtJmtID72186RQDqiltKRxjlaYkgZ528pvi5w=w64-h64-c-rp-mo-br100\" alt=\"Greta Pattarozzi profile picture\" loading=\"lazy\"><\/trustindex-image> <\/div> <div class=\"ti-profile-details\"> <div class=\"ti-name\"> Greta Pattarozzi <\/div> <div class=\"ti-date\"><\/div> <\/div> <\/div> <span class=\"ti-stars\"><trustindex-image class=\"ti-star\" data-imgurl=\"https:\/\/cdn.trustindex.io\/assets\/platform\/Google\/star\/f.svg\" alt=\"Google\" width=\"17\" height=\"17\" loading=\"lazy\"><\/trustindex-image><trustindex-image class=\"ti-star\" data-imgurl=\"https:\/\/cdn.trustindex.io\/assets\/platform\/Google\/star\/f.svg\" alt=\"Google\" width=\"17\" height=\"17\" loading=\"lazy\"><\/trustindex-image><trustindex-image class=\"ti-star\" data-imgurl=\"https:\/\/cdn.trustindex.io\/assets\/platform\/Google\/star\/f.svg\" alt=\"Google\" width=\"17\" height=\"17\" loading=\"lazy\"><\/trustindex-image><trustindex-image class=\"ti-star\" data-imgurl=\"https:\/\/cdn.trustindex.io\/assets\/platform\/Google\/star\/f.svg\" alt=\"Google\" width=\"17\" height=\"17\" loading=\"lazy\"><\/trustindex-image><trustindex-image class=\"ti-star\" data-imgurl=\"https:\/\/cdn.trustindex.io\/assets\/platform\/Google\/star\/f.svg\" alt=\"Google\" width=\"17\" height=\"17\" loading=\"lazy\"><\/trustindex-image><span class=\"ti-verified-review ti-verified-platform\"><span class=\"ti-verified-tooltip\">Trustindex \u00fcberpr\u00fcft, ob die Originalquelle der Bewertung Google ist.<\/span><\/span><\/span> <div class=\"ti-review-text-container ti-review-content\"><!-- R-CONTENT -->Ich habe einen Deutsch-Privatkurs mit einer tollen sympathischen Lehrerin besucht.\nDie muttersprachliche Lehrerin war nett und hilfsbereit.\nIch empfehle Sie euch weiter.<!-- R-CONTENT --><\/div> <span class=\"ti-read-more\" data-container=\".ti-review-content\" data-collapse-text=\"Ausblenden\" data-open-text=\"Weiterlesen\"><\/span> <\/div> <\/div>  <div data-empty=\"0\" data-time=\"1586736000\" class=\"ti-review-item source-Google ti-image-layout-thumbnail\" data-id=\"cfcd208495d565ef66e7dff9f98764da\"> <div class=\"ti-inner\"> <div class=\"ti-review-header\"> <trustindex-image class=\"ti-platform-icon\" data-imgurl=\"https:\/\/cdn.trustindex.io\/assets\/platform\/Google\/icon.svg\" alt=\"\" width=\"20\" height=\"20\" loading=\"lazy\"><\/trustindex-image> <div class=\"ti-profile-img\"> <trustindex-image data-imgurl=\"https:\/\/lh3.googleusercontent.com\/a-\/ALV-UjVzfdPy4rom1_1bTgTykBs-aCOodLLqvrt2cgsKVCfiAmprnS4=w64-h64-c-rp-mo-br100\" alt=\"Gibeleen Amponsah Nimpong profile picture\" loading=\"lazy\"><\/trustindex-image> <\/div> <div class=\"ti-profile-details\"> <div class=\"ti-name\"> Gibeleen Amponsah Nimpong <\/div> <div class=\"ti-date\"><\/div> <\/div> <\/div> <span class=\"ti-stars\"><trustindex-image class=\"ti-star\" data-imgurl=\"https:\/\/cdn.trustindex.io\/assets\/platform\/Google\/star\/f.svg\" alt=\"Google\" width=\"17\" height=\"17\" loading=\"lazy\"><\/trustindex-image><trustindex-image class=\"ti-star\" data-imgurl=\"https:\/\/cdn.trustindex.io\/assets\/platform\/Google\/star\/f.svg\" alt=\"Google\" width=\"17\" height=\"17\" loading=\"lazy\"><\/trustindex-image><trustindex-image class=\"ti-star\" data-imgurl=\"https:\/\/cdn.trustindex.io\/assets\/platform\/Google\/star\/f.svg\" alt=\"Google\" width=\"17\" height=\"17\" loading=\"lazy\"><\/trustindex-image><trustindex-image class=\"ti-star\" data-imgurl=\"https:\/\/cdn.trustindex.io\/assets\/platform\/Google\/star\/f.svg\" alt=\"Google\" width=\"17\" height=\"17\" loading=\"lazy\"><\/trustindex-image><trustindex-image class=\"ti-star\" data-imgurl=\"https:\/\/cdn.trustindex.io\/assets\/platform\/Google\/star\/f.svg\" alt=\"Google\" width=\"17\" height=\"17\" loading=\"lazy\"><\/trustindex-image><span class=\"ti-verified-review ti-verified-platform\"><span class=\"ti-verified-tooltip\">Trustindex \u00fcberpr\u00fcft, ob die Originalquelle der Bewertung Google ist.<\/span><\/span><\/span> <div class=\"ti-review-text-container ti-review-content\"><!-- R-CONTENT -->The perfect language school ever. Highly recommend for anyone looking forward to learning a new language. You won't be disappointed.<!-- R-CONTENT --><\/div> <span class=\"ti-read-more\" data-container=\".ti-review-content\" data-collapse-text=\"Ausblenden\" data-open-text=\"Weiterlesen\"><\/span> <\/div> <\/div>  <div data-empty=\"0\" data-time=\"1586736000\" class=\"ti-review-item source-Google ti-image-layout-thumbnail\" data-id=\"cfcd208495d565ef66e7dff9f98764da\"> <div class=\"ti-inner\"> <div class=\"ti-review-header\"> <trustindex-image class=\"ti-platform-icon\" data-imgurl=\"https:\/\/cdn.trustindex.io\/assets\/platform\/Google\/icon.svg\" alt=\"\" width=\"20\" height=\"20\" loading=\"lazy\"><\/trustindex-image> <div class=\"ti-profile-img\"> <trustindex-image data-imgurl=\"https:\/\/lh3.googleusercontent.com\/a-\/ALV-UjV-zZw54wiU66VS6R-Ve3dmiOMq4ruF-tECkI3DfQ5UNm82yJ0=w64-h64-c-rp-mo-ba3-br100\" alt=\"A. Sadeque profile picture\" loading=\"lazy\"><\/trustindex-image> <\/div> <div class=\"ti-profile-details\"> <div class=\"ti-name\"> A. Sadeque <\/div> <div class=\"ti-date\"><\/div> <\/div> <\/div> <span class=\"ti-stars\"><trustindex-image class=\"ti-star\" data-imgurl=\"https:\/\/cdn.trustindex.io\/assets\/platform\/Google\/star\/f.svg\" alt=\"Google\" width=\"17\" height=\"17\" loading=\"lazy\"><\/trustindex-image><trustindex-image class=\"ti-star\" data-imgurl=\"https:\/\/cdn.trustindex.io\/assets\/platform\/Google\/star\/f.svg\" alt=\"Google\" width=\"17\" height=\"17\" loading=\"lazy\"><\/trustindex-image><trustindex-image class=\"ti-star\" data-imgurl=\"https:\/\/cdn.trustindex.io\/assets\/platform\/Google\/star\/f.svg\" alt=\"Google\" width=\"17\" height=\"17\" loading=\"lazy\"><\/trustindex-image><trustindex-image class=\"ti-star\" data-imgurl=\"https:\/\/cdn.trustindex.io\/assets\/platform\/Google\/star\/f.svg\" alt=\"Google\" width=\"17\" height=\"17\" loading=\"lazy\"><\/trustindex-image><trustindex-image class=\"ti-star\" data-imgurl=\"https:\/\/cdn.trustindex.io\/assets\/platform\/Google\/star\/f.svg\" alt=\"Google\" width=\"17\" height=\"17\" loading=\"lazy\"><\/trustindex-image><span class=\"ti-verified-review ti-verified-platform\"><span class=\"ti-verified-tooltip\">Trustindex \u00fcberpr\u00fcft, ob die Originalquelle der Bewertung Google ist.<\/span><\/span><\/span> <div class=\"ti-review-text-container ti-review-content\"><!-- R-CONTENT -->Ich hatte eine super Lehrerin f\u00fcr Englisch Privatkurs. Herzlichen Dank!<!-- R-CONTENT --><\/div> <span class=\"ti-read-more\" data-container=\".ti-review-content\" data-collapse-text=\"Ausblenden\" data-open-text=\"Weiterlesen\"><\/span> <\/div> <\/div>  <div data-empty=\"0\" data-time=\"1551312000\" class=\"ti-review-item source-Google ti-image-layout-thumbnail\" data-id=\"cfcd208495d565ef66e7dff9f98764da\"> <div class=\"ti-inner\"> <div class=\"ti-review-header\"> <trustindex-image class=\"ti-platform-icon\" data-imgurl=\"https:\/\/cdn.trustindex.io\/assets\/platform\/Google\/icon.svg\" alt=\"\" width=\"20\" height=\"20\" loading=\"lazy\"><\/trustindex-image> <div class=\"ti-profile-img\"> <trustindex-image data-imgurl=\"https:\/\/lh3.googleusercontent.com\/a-\/ALV-UjU3zG57U-VumAbsAvCAl0uArrC0TJzUzboY0jmJCKqP5fqohPxSPA=w64-h64-c-rp-mo-br100\" alt=\"Alessia M (xheyhale) profile picture\" loading=\"lazy\"><\/trustindex-image> <\/div> <div class=\"ti-profile-details\"> <div class=\"ti-name\"> Alessia M (xheyhale) <\/div> <div class=\"ti-date\"><\/div> <\/div> <\/div> <span class=\"ti-stars\"><trustindex-image class=\"ti-star\" data-imgurl=\"https:\/\/cdn.trustindex.io\/assets\/platform\/Google\/star\/f.svg\" alt=\"Google\" width=\"17\" height=\"17\" loading=\"lazy\"><\/trustindex-image><trustindex-image class=\"ti-star\" data-imgurl=\"https:\/\/cdn.trustindex.io\/assets\/platform\/Google\/star\/f.svg\" alt=\"Google\" width=\"17\" height=\"17\" loading=\"lazy\"><\/trustindex-image><trustindex-image class=\"ti-star\" data-imgurl=\"https:\/\/cdn.trustindex.io\/assets\/platform\/Google\/star\/f.svg\" alt=\"Google\" width=\"17\" height=\"17\" loading=\"lazy\"><\/trustindex-image><trustindex-image class=\"ti-star\" data-imgurl=\"https:\/\/cdn.trustindex.io\/assets\/platform\/Google\/star\/f.svg\" alt=\"Google\" width=\"17\" height=\"17\" loading=\"lazy\"><\/trustindex-image><trustindex-image class=\"ti-star\" data-imgurl=\"https:\/\/cdn.trustindex.io\/assets\/platform\/Google\/star\/f.svg\" alt=\"Google\" width=\"17\" height=\"17\" loading=\"lazy\"><\/trustindex-image><span class=\"ti-verified-review ti-verified-platform\"><span class=\"ti-verified-tooltip\">Trustindex \u00fcberpr\u00fcft, ob die Originalquelle der Bewertung Google ist.<\/span><\/span><\/span> <div class=\"ti-review-text-container ti-review-content\"><!-- R-CONTENT -->Volendo migliorare il mio tedesco, ho iniziato un corso privato di tedesco con Sprachschule Aktiv. Consiglio a tutti questa opzione per imparare velocemente, avendo a che fare con insegnanti qualificati, gentili e disponibili, disposti a venire incontro anche per quanto riguarda gli argomenti. Inoltre, sono molto attenti alle esigenze personali. Non potrei essere pi\u00f9 soddisfatta!<!-- R-CONTENT --><\/div> <span class=\"ti-read-more\" data-container=\".ti-review-content\" data-collapse-text=\"Ausblenden\" data-open-text=\"Weiterlesen\"><\/span> <\/div> <\/div>  <div data-empty=\"0\" data-time=\"1543881600\" class=\"ti-review-item source-Google ti-image-layout-thumbnail\" data-id=\"cfcd208495d565ef66e7dff9f98764da\"> <div class=\"ti-inner\"> <div class=\"ti-review-header\"> <trustindex-image class=\"ti-platform-icon\" data-imgurl=\"https:\/\/cdn.trustindex.io\/assets\/platform\/Google\/icon.svg\" alt=\"\" width=\"20\" height=\"20\" loading=\"lazy\"><\/trustindex-image> <div class=\"ti-profile-img\"> <trustindex-image data-imgurl=\"https:\/\/lh3.googleusercontent.com\/a\/ACg8ocKhwuXKiC6AH9PURyibw3vmbOyhYUlYulYGpCLEbjPnY3c16w=w64-h64-c-rp-mo-ba3-br100\" alt=\"damir descalzi profile picture\" loading=\"lazy\"><\/trustindex-image> <\/div> <div class=\"ti-profile-details\"> <div class=\"ti-name\"> damir descalzi <\/div> <div class=\"ti-date\"><\/div> <\/div> <\/div> <span class=\"ti-stars\"><trustindex-image class=\"ti-star\" data-imgurl=\"https:\/\/cdn.trustindex.io\/assets\/platform\/Google\/star\/f.svg\" alt=\"Google\" width=\"17\" height=\"17\" loading=\"lazy\"><\/trustindex-image><trustindex-image class=\"ti-star\" data-imgurl=\"https:\/\/cdn.trustindex.io\/assets\/platform\/Google\/star\/f.svg\" alt=\"Google\" width=\"17\" height=\"17\" loading=\"lazy\"><\/trustindex-image><trustindex-image class=\"ti-star\" data-imgurl=\"https:\/\/cdn.trustindex.io\/assets\/platform\/Google\/star\/f.svg\" alt=\"Google\" width=\"17\" height=\"17\" loading=\"lazy\"><\/trustindex-image><trustindex-image class=\"ti-star\" data-imgurl=\"https:\/\/cdn.trustindex.io\/assets\/platform\/Google\/star\/f.svg\" alt=\"Google\" width=\"17\" height=\"17\" loading=\"lazy\"><\/trustindex-image><trustindex-image class=\"ti-star\" data-imgurl=\"https:\/\/cdn.trustindex.io\/assets\/platform\/Google\/star\/f.svg\" alt=\"Google\" width=\"17\" height=\"17\" loading=\"lazy\"><\/trustindex-image><span class=\"ti-verified-review ti-verified-platform\"><span class=\"ti-verified-tooltip\">Trustindex \u00fcberpr\u00fcft, ob die Originalquelle der Bewertung Google ist.<\/span><\/span><\/span> <div class=\"ti-review-text-container ti-review-content\"><!-- R-CONTENT -->He hecho unas clases privadas de Ingles y Bosnio y la verdad que estoy muy a gusto con la empresa. Si tenias cualquier duda te la resolvian y los profesores son muy amables y comprensibles y te ayudan en todo momento. Y lo mejor de todo es que hacen clases de muchisimos idiomas y lo puedes hacer tanto por Skype o presencial, muy recomendable!<!-- R-CONTENT --><\/div> <span class=\"ti-read-more\" data-container=\".ti-review-content\" data-collapse-text=\"Ausblenden\" data-open-text=\"Weiterlesen\"><\/span> <\/div> <\/div>  <\/div> <div class=\"ti-controls-line\"> <div class=\"dot\"><\/div> <\/div> <\/div>    <\/div> <\/div> <\/template><\/pre><div data-src=\"https:\/\/cdn.trustindex.io\/loader.js?wp-widget\" data-template-id=\"trustindex-google-widget-html\" data-css-url=\"https:\/\/www.sprachlehrer-aktiv.de\/deutsch-privatunterricht\/wp-content\/uploads\/trustindex-google-widget.css?1770063897\"><\/div>\t\t\t\t\t\t\t\t<\/div>\n\t\t<div class=\"elementor-element elementor-element-fe2e678 e-grid e-con-full e-con e-child\" data-id=\"fe2e678\" data-element_type=\"container\" data-e-type=\"container\">\n\t\t\t\t<div class=\"elementor-element elementor-element-1a9ddd23 elementor-widget elementor-widget-image\" data-id=\"1a9ddd23\" data-element_type=\"widget\" data-e-type=\"widget\" data-widget_type=\"image.default\">\n\t\t\t\t\t\t\t\t\t\t\t\t\t\t\t<img decoding=\"async\" width=\"120\" height=\"69\" src=\"https:\/\/www.sprachlehrer-aktiv.de\/deutsch-privatunterricht\/wp-content\/uploads\/2026\/02\/logo-google-reviews-1.webp\" class=\"attachment-large size-large wp-image-43\" alt=\"\" \/>\t\t\t\t\t\t\t\t\t\t\t\t\t\t\t<\/div>\n\t\t\t\t<div class=\"elementor-element elementor-element-6995638f elementor-widget elementor-widget-image\" data-id=\"6995638f\" data-element_type=\"widget\" data-e-type=\"widget\" data-widget_type=\"image.default\">\n\t\t\t\t\t\t\t\t\t\t\t\t\t\t\t<img decoding=\"async\" width=\"145\" height=\"69\" src=\"https:\/\/www.sprachlehrer-aktiv.de\/deutsch-privatunterricht\/wp-content\/uploads\/2026\/02\/logo-proventexpert.webp\" class=\"attachment-large size-large wp-image-44\" alt=\"\" \/>\t\t\t\t\t\t\t\t\t\t\t\t\t\t\t<\/div>\n\t\t\t\t<\/div>\n\t\t\t\t<\/div>\n\t\t\t\t\t<\/div>\n\t\t\t\t<\/div>\n\t\t<div class=\"elementor-element elementor-element-739c3004 e-flex e-con-boxed e-con e-parent\" data-id=\"739c3004\" data-element_type=\"container\" data-e-type=\"container\">\n\t\t\t\t\t<div class=\"e-con-inner\">\n\t\t\t\t<div class=\"elementor-element elementor-element-58ee2938 elementor-widget elementor-widget-text-editor\" data-id=\"58ee2938\" data-element_type=\"widget\" data-e-type=\"widget\" data-widget_type=\"text-editor.default\">\n\t\t\t\t\t\t\t\t\t<article><section><\/section><section><h2><span style=\"font-weight: 400;\">Den richtigen Deutschlehrer in Deggendorf finden<\/span><\/h2><p><span style=\"font-weight: 400;\">Ein qualifizierter Deutschlehrer vermittelt nicht nur Sprachwissen, sondern motiviert und begleitet Sie aktiv w\u00e4hrend des gesamten Lernprozesses. Unsere Lehrkr\u00e4fte verf\u00fcgen \u00fcber Erfahrung im Bereich Deutsch als Fremdsprache und passen den Unterricht individuell an Ihr Niveau und Ihre Ziele an.<\/span><\/p><p><span style=\"font-weight: 400;\">Zu Beginn analysieren wir gemeinsam Ihren aktuellen Sprachstand und entwickeln darauf basierend ein passendes Unterrichtskonzept.<\/span><\/p><h2><span style=\"font-weight: 400;\">Transparente Preise und flexible Modelle<\/span><\/h2><p><span style=\"font-weight: 400;\">Faire Preise und flexible Buchungsm\u00f6glichkeiten sind uns wichtig. Eine Unterrichtseinheit umfasst in der Regel 45 Minuten. Wenn Sie mehrere Stunden buchen, profitieren Sie oft von attraktiven Paketpreisen.<\/span><\/p><p><span style=\"font-weight: 400;\">Gemeinsam finden wir ein Modell, das optimal zu Ihrem Budget und Ihrem Zeitplan passt.<\/span><\/p><table style=\"width: 100%; border-collapse: collapse; margin: 20px 0; font-family: sans-serif; box-shadow: 0 2px 5px rgba(0,0,0,0.1);\"><thead><tr style=\"background-color: #f8f9fa; border-bottom: 2px solid #dee2e6;\"><th style=\"padding: 12px; text-align: left;\">Anzahl der Unterrichtseinheiten (UE)<\/th><th style=\"padding: 12px; text-align: left;\">Preis pro UE (45 Min.)<\/th><\/tr><\/thead><tbody><tr style=\"border-bottom: 1px solid #dee2e6;\"><td style=\"padding: 12px;\">Ab 10 UE<\/td><td style=\"padding: 12px;\">45 \u20ac<\/td><\/tr><tr style=\"border-bottom: 1px solid #dee2e6;\"><td style=\"padding: 12px;\">Ab 20 UE<\/td><td style=\"padding: 12px;\">42 \u20ac<\/td><\/tr><tr style=\"border-bottom: 1px solid #dee2e6;\"><td style=\"padding: 12px;\">Ab 50 UE<\/td><td style=\"padding: 12px;\">38 \u20ac<\/td><\/tr><tr style=\"border-bottom: 2px solid #007bff; background-color: #e7f3ff;\"><td style=\"padding: 12px;\"><strong>Ab 80 UE (Best-Preis)<\/strong><\/td><td style=\"padding: 12px;\"><strong>35 \u20ac<\/strong><\/td><\/tr><\/tbody><\/table><div style=\"background-color: #f1f8e9; padding: 15px; border-radius: 5px; margin-bottom: 20px;\"><ul style=\"list-style: none; padding: 0; margin: 0;\"><li>\u2714 Keine Anmeldegeb\u00fchr<\/li><li>\u2714 Flexible Terminvereinbarung<\/li><li>\u2714 Unterricht vor Ort oder online<\/li><\/ul><\/div><p><em>Hinweis: Eine Probestunde ist nach Absprache m\u00f6glich. Wir beraten Sie gerne kostenlos vorab!<\/em><\/p><\/section><section><\/section><section><h2><span style=\"font-weight: 400;\">Deutsch lernen in Deggendorf \u2013 f\u00fcr Anf\u00e4nger und Fortgeschrittene<\/span><\/h2><p><span style=\"font-weight: 400;\">Unser Privatunterricht richtet sich an alle Sprachniveaus des Gemeinsamen Europ\u00e4ischen Referenzrahmens (GER).<\/span><\/p><ul><li style=\"font-weight: 400;\" aria-level=\"1\"><span style=\"font-weight: 400;\">A1 und A2 \u2013 Grundlagen der deutschen Sprache<\/span><\/li><li style=\"font-weight: 400;\" aria-level=\"1\"><span style=\"font-weight: 400;\">B1 und B2 \u2013 Selbstst\u00e4ndig und sicher kommunizieren<\/span><\/li><li style=\"font-weight: 400;\" aria-level=\"1\"><span style=\"font-weight: 400;\">C1 und C2 \u2013 Professionelles und akademisches Deutsch<\/span><\/li><\/ul><p><span style=\"font-weight: 400;\">Ganz gleich, ob Sie gerade erst beginnen oder bereits fortgeschrittene Kenntnisse besitzen \u2013 wir unterst\u00fctzen Sie individuell beim Erreichen Ihrer Sprachziele.<\/span><\/p><h2><span style=\"font-weight: 400;\">Vorbereitung auf wichtige Deutschpr\u00fcfungen<\/span><\/h2><p><span style=\"font-weight: 400;\">Sie m\u00f6chten eine Sprachpr\u00fcfung erfolgreich bestehen? Unsere Deutschlehrer in Deggendorf helfen Ihnen bei der gezielten Vorbereitung auf:<\/span><\/p><ul><li style=\"font-weight: 400;\" aria-level=\"1\"><span style=\"font-weight: 400;\">Telc-Pr\u00fcfungen<\/span><\/li><li style=\"font-weight: 400;\" aria-level=\"1\"><span style=\"font-weight: 400;\">Goethe-Zertifikate<\/span><\/li><li style=\"font-weight: 400;\" aria-level=\"1\"><span style=\"font-weight: 400;\">TestDaF<\/span><\/li><li style=\"font-weight: 400;\" aria-level=\"1\"><span style=\"font-weight: 400;\">DSH-Pr\u00fcfungen<\/span><\/li><\/ul><p><span style=\"font-weight: 400;\">Im Unterricht trainieren Sie gezielt H\u00f6rverst\u00e4ndnis, schriftlichen Ausdruck, Grammatik und m\u00fcndliche Kommunikation unter realistischen Pr\u00fcfungsbedingungen.<\/span><\/p><h2><span style=\"font-weight: 400;\">FAQ \u2013 H\u00e4ufig gestellte Fragen zum Deutsch Privatunterricht in Deggendorf<\/span><\/h2><details style=\"margin-bottom: 10px; padding: 10px; border: 1px solid #ddd; border-radius: 4px; cursor: pointer;\" open=\"open\"><summary style=\"font-weight: bold;\">Wo findet der Unterricht in <strong>Deggendorf <\/strong>statt?<\/summary><p style=\"padding-top: 10px;\">Ganz nach Ihren W\u00fcnschen! Wir k\u00f6nnen den Unterricht direkt bei Ihnen zu Hause im Frankenberger Viertel, in Burtscheid oder Laurensberg durchf\u00fchren. Alternativ bieten wir ruhige Schulungsr\u00e4ume oder hocheffektiven Online-Unterricht an.<\/p><\/details><details style=\"margin-bottom: 10px; padding: 10px; border: 1px solid #ddd; border-radius: 4px; cursor: pointer;\" open=\"open\"><summary style=\"font-weight: bold;\">Kann ich den Kurs jederzeit starten?<\/summary><p style=\"padding-top: 10px;\">Ja! Im Gegensatz zu festen Sprachschulkursen gibt es bei uns keine Wartezeiten. Sobald wir den passenden <strong>Deutsch Privatlehrer finden<\/strong>, kann es innerhalb weniger Tage losgehen.<\/p><\/details><details style=\"margin-bottom: 10px; padding: 10px; border: 1px solid #ddd; border-radius: 4px; cursor: pointer;\" open=\"open\"><summary style=\"font-weight: bold;\">Was passiert, wenn ich eine Stunde absagen muss?<\/summary><p style=\"padding-top: 10px;\">Flexibilit\u00e4t ist unser Trumpf. Bis zu 24 Stunden vor dem Termin k\u00f6nnen Sie die Sitzung in der Regel kostenfrei verschieben.<\/p><\/details><details style=\"margin-bottom: 10px; padding: 10px; border: 1px solid #ddd; border-radius: 4px; cursor: pointer;\" open=\"open\"><summary style=\"font-weight: bold;\">Bieten Sie auch Unterricht f\u00fcr kleine Gruppen an?<\/summary><p style=\"padding-top: 10px;\">Ja, wir bieten &#8222;Semi-Privatunterricht&#8220; an. Wenn Sie sich die Kosten mit einem Freund oder Kollegen teilen m\u00f6chten, ist das eine kosteng\u00fcnstige Alternative.<\/p><\/details><\/section><section style=\"margin-top: 30px; border-top: 1px solid #eee; padding-top: 20px;\"><h2><span style=\"font-weight: 400;\">Fazit: Erfolgreich Deutsch lernen in Deggendorf<\/span><\/h2><p><span style=\"font-weight: 400;\">Deutsch Privatunterricht in Deggendorf bietet Ihnen eine moderne und flexible M\u00f6glichkeit, Ihre Sprachkenntnisse effektiv zu verbessern. Durch individuelle Betreuung, gezielte \u00dcbungen und pers\u00f6nliche Unterst\u00fctzung erzielen Sie schnelle Lernerfolge und gewinnen mehr Selbstvertrauen im Umgang mit der deutschen Sprache.<\/span><\/p><p><span style=\"font-weight: 400;\">Ob f\u00fcr Beruf, Studium oder Alltag \u2013 mit einem erfahrenen Deutschlehrer erreichen Sie Ihre Ziele effizient und nachhaltig.<\/span><\/p><p><span style=\"font-weight: 400;\">Kontaktieren Sie uns jetzt unverbindlich und finden Sie den passenden Deutsch Privatlehrer in Deggendorf.<\/span><\/p><\/section><\/article>\t\t\t\t\t\t\t\t<\/div>\n\t\t\t\t\t<\/div>\n\t\t\t\t<\/div>\n\t\t<div class=\"elementor-element elementor-element-723a7f1c e-flex e-con-boxed e-con e-parent\" data-id=\"723a7f1c\" data-element_type=\"container\" data-e-type=\"container\">\n\t\t\t\t\t<div class=\"e-con-inner\">\n\t\t\t\t<div class=\"elementor-element elementor-element-5ed40f9a elementor-widget elementor-widget-button\" data-id=\"5ed40f9a\" data-element_type=\"widget\" data-e-type=\"widget\" data-widget_type=\"button.default\">\n\t\t\t\t\t\t\t\t\t\t<a class=\"elementor-button elementor-button-link elementor-size-sm\" href=\"https:\/\/www.sprachlehrer-aktiv.de\/deutsch-privatunterricht\/kontakt\/\">\n\t\t\t\t\t\t<span class=\"elementor-button-content-wrapper\">\n\t\t\t\t\t\t<span class=\"elementor-button-icon\">\n\t\t\t\t<svg aria-hidden=\"true\" class=\"e-font-icon-svg e-fas-arrow-right\" viewBox=\"0 0 448 512\" xmlns=\"http:\/\/www.w3.org\/2000\/svg\"><path d=\"M190.5 66.9l22.2-22.2c9.4-9.4 24.6-9.4 33.9 0L441 239c9.4 9.4 9.4 24.6 0 33.9L246.6 467.3c-9.4 9.4-24.6 9.4-33.9 0l-22.2-22.2c-9.5-9.5-9.3-25 .4-34.3L311.4 296H24c-13.3 0-24-10.7-24-24v-32c0-13.3 10.7-24 24-24h287.4L190.9 101.2c-9.8-9.3-10-24.8-.4-34.3z\"><\/path><\/svg>\t\t\t<\/span>\n\t\t\t\t\t\t\t\t\t<span class=\"elementor-button-text\">Jetzt Privatkurs buchen<\/span>\n\t\t\t\t\t<\/span>\n\t\t\t\t\t<\/a>\n\t\t\t\t\t\t\t\t<\/div>\n\t\t\t\t\t<\/div>\n\t\t\t\t<\/div>\n\t\t\t\t<\/div>\n\t\t","protected":false},"excerpt":{"rendered":"<p>Flexibler Deutschunterricht in Deggendorf \u2013 online oder pers\u00f6nlich vor Ort Sie m\u00f6chten Ihre Deutschkenntnisse in Deggendorf gezielt verbessern und suchen nach einer individuellen Lernl\u00f6sung? Mit professionellem Deutsch Privatunterricht in Deggendorf lernen Sie flexibel, effizient und genau nach Ihren pers\u00f6nlichen Bed\u00fcrfnissen. Egal ob Sie Deutsch f\u00fcr den Beruf, die Universit\u00e4t, den Alltag oder zur Vorbereitung auf &#8230; <a title=\"Deutsch Privatunterricht in Deggendorf: Individuell Deutsch lernen und schneller Fortschritte machen\" class=\"read-more\" href=\"https:\/\/www.sprachlehrer-aktiv.de\/deutsch-privatunterricht\/deutsch-privatunterricht-in-deggendorf\/\" aria-label=\"Mehr Informationen \u00fcber Deutsch Privatunterricht in Deggendorf: Individuell Deutsch lernen und schneller Fortschritte machen\">Weiterlesen<\/a><\/p>\n","protected":false},"author":2,"featured_media":0,"parent":0,"menu_order":0,"comment_status":"closed","ping_status":"closed","template":"","meta":{"footnotes":""},"class_list":["post-2322","page","type-page","status-publish"],"yoast_head":"<!-- This site is optimized with the Yoast SEO plugin v26.8 - https:\/\/yoast.com\/product\/yoast-seo-wordpress\/ -->\n<title>Deutsch Privatunterricht in Deggendorf | Privatlehrer finden<\/title>\n<meta name=\"description\" content=\"Deutsch Privatunterricht in Deggendorf gesucht? Finden Sie qualifizierte Privatlehrer f\u00fcr schnellen Erfolg. Privatkurs mit gratis Probestunde!\" \/>\n<meta name=\"robots\" content=\"index, follow, max-snippet:-1, max-image-preview:large, max-video-preview:-1\" \/>\n<link rel=\"canonical\" href=\"https:\/\/www.sprachlehrer-aktiv.de\/deutsch-privatunterricht\/deutsch-privatunterricht-in-deggendorf\/\" \/>\n<meta property=\"og:locale\" content=\"de_DE\" \/>\n<meta property=\"og:type\" content=\"article\" \/>\n<meta property=\"og:title\" content=\"Deutsch Privatunterricht in Deggendorf | Privatlehrer finden\" \/>\n<meta property=\"og:description\" content=\"Deutsch Privatunterricht in Deggendorf gesucht? Finden Sie qualifizierte Privatlehrer f\u00fcr schnellen Erfolg. Privatkurs mit gratis Probestunde!\" \/>\n<meta property=\"og:url\" content=\"https:\/\/www.sprachlehrer-aktiv.de\/deutsch-privatunterricht\/deutsch-privatunterricht-in-deggendorf\/\" \/>\n<meta property=\"article:modified_time\" content=\"2026-06-18T21:55:35+00:00\" \/>\n<meta property=\"og:image\" content=\"https:\/\/www.sprachlehrer-aktiv.de\/deutsch-privatunterricht\/wp-content\/uploads\/2026\/06\/deutsch-privatunterricht-vor-ort-oder-online.jpg\" \/>\n\t<meta property=\"og:image:width\" content=\"800\" \/>\n\t<meta property=\"og:image:height\" content=\"800\" \/>\n\t<meta property=\"og:image:type\" content=\"image\/jpeg\" \/>\n<meta name=\"twitter:card\" content=\"summary_large_image\" \/>\n<meta name=\"twitter:label1\" content=\"Gesch\u00e4tzte Lesezeit\" \/>\n\t<meta name=\"twitter:data1\" content=\"4\u00a0Minuten\" \/>\n<script type=\"application\/ld+json\" class=\"yoast-schema-graph\">{\"@context\":\"https:\/\/schema.org\",\"@graph\":[{\"@type\":\"WebPage\",\"@id\":\"https:\/\/www.sprachlehrer-aktiv.de\/deutsch-privatunterricht\/deutsch-privatunterricht-in-deggendorf\/\",\"url\":\"https:\/\/www.sprachlehrer-aktiv.de\/deutsch-privatunterricht\/deutsch-privatunterricht-in-deggendorf\/\",\"name\":\"Deutsch Privatunterricht in Deggendorf | Privatlehrer finden\",\"isPartOf\":{\"@id\":\"https:\/\/www.sprachlehrer-aktiv.de\/deutsch-privatunterricht\/#website\"},\"primaryImageOfPage\":{\"@id\":\"https:\/\/www.sprachlehrer-aktiv.de\/deutsch-privatunterricht\/deutsch-privatunterricht-in-deggendorf\/#primaryimage\"},\"image\":{\"@id\":\"https:\/\/www.sprachlehrer-aktiv.de\/deutsch-privatunterricht\/deutsch-privatunterricht-in-deggendorf\/#primaryimage\"},\"thumbnailUrl\":\"https:\/\/www.sprachlehrer-aktiv.de\/deutsch-privatunterricht\/wp-content\/uploads\/2026\/06\/deutsch-privatunterricht-vor-ort-oder-online.jpg\",\"datePublished\":\"2026-06-18T21:51:45+00:00\",\"dateModified\":\"2026-06-18T21:55:35+00:00\",\"description\":\"Deutsch Privatunterricht in Deggendorf gesucht? Finden Sie qualifizierte Privatlehrer f\u00fcr schnellen Erfolg. Privatkurs mit gratis Probestunde!\",\"breadcrumb\":{\"@id\":\"https:\/\/www.sprachlehrer-aktiv.de\/deutsch-privatunterricht\/deutsch-privatunterricht-in-deggendorf\/#breadcrumb\"},\"inLanguage\":\"de\",\"potentialAction\":[{\"@type\":\"ReadAction\",\"target\":[\"https:\/\/www.sprachlehrer-aktiv.de\/deutsch-privatunterricht\/deutsch-privatunterricht-in-deggendorf\/\"]}]},{\"@type\":\"ImageObject\",\"inLanguage\":\"de\",\"@id\":\"https:\/\/www.sprachlehrer-aktiv.de\/deutsch-privatunterricht\/deutsch-privatunterricht-in-deggendorf\/#primaryimage\",\"url\":\"https:\/\/www.sprachlehrer-aktiv.de\/deutsch-privatunterricht\/wp-content\/uploads\/2026\/06\/deutsch-privatunterricht-vor-ort-oder-online.jpg\",\"contentUrl\":\"https:\/\/www.sprachlehrer-aktiv.de\/deutsch-privatunterricht\/wp-content\/uploads\/2026\/06\/deutsch-privatunterricht-vor-ort-oder-online.jpg\",\"width\":800,\"height\":800,\"caption\":\"Deutsch Privatunterricht von A1 bis C2 - vor Ort oder online\"},{\"@type\":\"BreadcrumbList\",\"@id\":\"https:\/\/www.sprachlehrer-aktiv.de\/deutsch-privatunterricht\/deutsch-privatunterricht-in-deggendorf\/#breadcrumb\",\"itemListElement\":[{\"@type\":\"ListItem\",\"position\":1,\"name\":\"Start\",\"item\":\"https:\/\/www.sprachlehrer-aktiv.de\/deutsch-privatunterricht\/\"},{\"@type\":\"ListItem\",\"position\":2,\"name\":\"Deutsch Privatunterricht in Deggendorf: Individuell Deutsch lernen und schneller Fortschritte machen\"}]},{\"@type\":\"WebSite\",\"@id\":\"https:\/\/www.sprachlehrer-aktiv.de\/deutsch-privatunterricht\/#website\",\"url\":\"https:\/\/www.sprachlehrer-aktiv.de\/deutsch-privatunterricht\/\",\"name\":\"\",\"description\":\"\",\"potentialAction\":[{\"@type\":\"SearchAction\",\"target\":{\"@type\":\"EntryPoint\",\"urlTemplate\":\"https:\/\/www.sprachlehrer-aktiv.de\/deutsch-privatunterricht\/?s={search_term_string}\"},\"query-input\":{\"@type\":\"PropertyValueSpecification\",\"valueRequired\":true,\"valueName\":\"search_term_string\"}}],\"inLanguage\":\"de\"}]}<\/script>\n<!-- \/ Yoast SEO plugin. -->","yoast_head_json":{"title":"Deutsch Privatunterricht in Deggendorf | Privatlehrer finden","description":"Deutsch Privatunterricht in Deggendorf gesucht? Finden Sie qualifizierte Privatlehrer f\u00fcr schnellen Erfolg. Privatkurs mit gratis Probestunde!","robots":{"index":"index","follow":"follow","max-snippet":"max-snippet:-1","max-image-preview":"max-image-preview:large","max-video-preview":"max-video-preview:-1"},"canonical":"https:\/\/www.sprachlehrer-aktiv.de\/deutsch-privatunterricht\/deutsch-privatunterricht-in-deggendorf\/","og_locale":"de_DE","og_type":"article","og_title":"Deutsch Privatunterricht in Deggendorf | Privatlehrer finden","og_description":"Deutsch Privatunterricht in Deggendorf gesucht? Finden Sie qualifizierte Privatlehrer f\u00fcr schnellen Erfolg. Privatkurs mit gratis Probestunde!","og_url":"https:\/\/www.sprachlehrer-aktiv.de\/deutsch-privatunterricht\/deutsch-privatunterricht-in-deggendorf\/","article_modified_time":"2026-06-18T21:55:35+00:00","og_image":[{"width":800,"height":800,"url":"https:\/\/www.sprachlehrer-aktiv.de\/deutsch-privatunterricht\/wp-content\/uploads\/2026\/06\/deutsch-privatunterricht-vor-ort-oder-online.jpg","type":"image\/jpeg"}],"twitter_card":"summary_large_image","twitter_misc":{"Gesch\u00e4tzte Lesezeit":"4\u00a0Minuten"},"schema":{"@context":"https:\/\/schema.org","@graph":[{"@type":"WebPage","@id":"https:\/\/www.sprachlehrer-aktiv.de\/deutsch-privatunterricht\/deutsch-privatunterricht-in-deggendorf\/","url":"https:\/\/www.sprachlehrer-aktiv.de\/deutsch-privatunterricht\/deutsch-privatunterricht-in-deggendorf\/","name":"Deutsch Privatunterricht in Deggendorf | Privatlehrer finden","isPartOf":{"@id":"https:\/\/www.sprachlehrer-aktiv.de\/deutsch-privatunterricht\/#website"},"primaryImageOfPage":{"@id":"https:\/\/www.sprachlehrer-aktiv.de\/deutsch-privatunterricht\/deutsch-privatunterricht-in-deggendorf\/#primaryimage"},"image":{"@id":"https:\/\/www.sprachlehrer-aktiv.de\/deutsch-privatunterricht\/deutsch-privatunterricht-in-deggendorf\/#primaryimage"},"thumbnailUrl":"https:\/\/www.sprachlehrer-aktiv.de\/deutsch-privatunterricht\/wp-content\/uploads\/2026\/06\/deutsch-privatunterricht-vor-ort-oder-online.jpg","datePublished":"2026-06-18T21:51:45+00:00","dateModified":"2026-06-18T21:55:35+00:00","description":"Deutsch Privatunterricht in Deggendorf gesucht? Finden Sie qualifizierte Privatlehrer f\u00fcr schnellen Erfolg. Privatkurs mit gratis Probestunde!","breadcrumb":{"@id":"https:\/\/www.sprachlehrer-aktiv.de\/deutsch-privatunterricht\/deutsch-privatunterricht-in-deggendorf\/#breadcrumb"},"inLanguage":"de","potentialAction":[{"@type":"ReadAction","target":["https:\/\/www.sprachlehrer-aktiv.de\/deutsch-privatunterricht\/deutsch-privatunterricht-in-deggendorf\/"]}]},{"@type":"ImageObject","inLanguage":"de","@id":"https:\/\/www.sprachlehrer-aktiv.de\/deutsch-privatunterricht\/deutsch-privatunterricht-in-deggendorf\/#primaryimage","url":"https:\/\/www.sprachlehrer-aktiv.de\/deutsch-privatunterricht\/wp-content\/uploads\/2026\/06\/deutsch-privatunterricht-vor-ort-oder-online.jpg","contentUrl":"https:\/\/www.sprachlehrer-aktiv.de\/deutsch-privatunterricht\/wp-content\/uploads\/2026\/06\/deutsch-privatunterricht-vor-ort-oder-online.jpg","width":800,"height":800,"caption":"Deutsch Privatunterricht von A1 bis C2 - vor Ort oder online"},{"@type":"BreadcrumbList","@id":"https:\/\/www.sprachlehrer-aktiv.de\/deutsch-privatunterricht\/deutsch-privatunterricht-in-deggendorf\/#breadcrumb","itemListElement":[{"@type":"ListItem","position":1,"name":"Start","item":"https:\/\/www.sprachlehrer-aktiv.de\/deutsch-privatunterricht\/"},{"@type":"ListItem","position":2,"name":"Deutsch Privatunterricht in Deggendorf: Individuell Deutsch lernen und schneller Fortschritte machen"}]},{"@type":"WebSite","@id":"https:\/\/www.sprachlehrer-aktiv.de\/deutsch-privatunterricht\/#website","url":"https:\/\/www.sprachlehrer-aktiv.de\/deutsch-privatunterricht\/","name":"","description":"","potentialAction":[{"@type":"SearchAction","target":{"@type":"EntryPoint","urlTemplate":"https:\/\/www.sprachlehrer-aktiv.de\/deutsch-privatunterricht\/?s={search_term_string}"},"query-input":{"@type":"PropertyValueSpecification","valueRequired":true,"valueName":"search_term_string"}}],"inLanguage":"de"}]}},"_links":{"self":[{"href":"https:\/\/www.sprachlehrer-aktiv.de\/deutsch-privatunterricht\/wp-json\/wp\/v2\/pages\/2322","targetHints":{"allow":["GET"]}}],"collection":[{"href":"https:\/\/www.sprachlehrer-aktiv.de\/deutsch-privatunterricht\/wp-json\/wp\/v2\/pages"}],"about":[{"href":"https:\/\/www.sprachlehrer-aktiv.de\/deutsch-privatunterricht\/wp-json\/wp\/v2\/types\/page"}],"author":[{"embeddable":true,"href":"https:\/\/www.sprachlehrer-aktiv.de\/deutsch-privatunterricht\/wp-json\/wp\/v2\/users\/2"}],"replies":[{"embeddable":true,"href":"https:\/\/www.sprachlehrer-aktiv.de\/deutsch-privatunterricht\/wp-json\/wp\/v2\/comments?post=2322"}],"version-history":[{"count":4,"href":"https:\/\/www.sprachlehrer-aktiv.de\/deutsch-privatunterricht\/wp-json\/wp\/v2\/pages\/2322\/revisions"}],"predecessor-version":[{"id":2330,"href":"https:\/\/www.sprachlehrer-aktiv.de\/deutsch-privatunterricht\/wp-json\/wp\/v2\/pages\/2322\/revisions\/2330"}],"wp:attachment":[{"href":"https:\/\/www.sprachlehrer-aktiv.de\/deutsch-privatunterricht\/wp-json\/wp\/v2\/media?parent=2322"}],"curies":[{"name":"wp","href":"https:\/\/api.w.org\/{rel}","templated":true}]}}