{"id":2,"date":"2026-02-02T09:38:32","date_gmt":"2026-02-02T08:38:32","guid":{"rendered":"https:\/\/www.sprachlehrer-aktiv.de\/deutsch-privatunterricht\/?page_id=2"},"modified":"2026-03-31T07:25:39","modified_gmt":"2026-03-31T05:25:39","slug":"beispiel-seite","status":"publish","type":"page","link":"https:\/\/www.sprachlehrer-aktiv.de\/deutsch-privatunterricht\/","title":{"rendered":"Beispiel-Seite"},"content":{"rendered":"\t\t<div data-elementor-type=\"wp-page\" data-elementor-id=\"2\" class=\"elementor elementor-2\">\n\t\t\t\t<div class=\"elementor-element elementor-element-024c411 e-con-full e-flex e-con e-parent\" data-id=\"024c411\" data-element_type=\"container\" data-e-type=\"container\" data-settings=\"{&quot;background_background&quot;:&quot;classic&quot;}\">\n\t\t<div class=\"elementor-element elementor-element-4854b2c e-flex e-con-boxed e-con e-child\" data-id=\"4854b2c\" data-element_type=\"container\" data-e-type=\"container\">\n\t\t\t\t\t<div class=\"e-con-inner\">\n\t\t<div class=\"elementor-element elementor-element-c92c835 e-con-full e-flex e-con e-child\" data-id=\"c92c835\" data-element_type=\"container\" data-e-type=\"container\" data-settings=\"{&quot;background_background&quot;:&quot;classic&quot;}\">\n\t\t\t\t<div class=\"elementor-element elementor-element-a865e43 elementor-widget elementor-widget-heading\" data-id=\"a865e43\" data-element_type=\"widget\" data-e-type=\"widget\" data-widget_type=\"heading.default\">\n\t\t\t\t\t<h1 class=\"elementor-heading-title elementor-size-default\">Deutsch-Privatunterricht: Flexibel online oder vor Ort in ganz Deutschland<\/h1>\t\t\t\t<\/div>\n\t\t\t\t<div class=\"elementor-element elementor-element-91be46c elementor-widget elementor-widget-text-editor\" data-id=\"91be46c\" data-element_type=\"widget\" data-e-type=\"widget\" data-widget_type=\"text-editor.default\">\n\t\t\t\t\t\t\t\t\t<p>Lernen Sie Deutsch im individuellen Einzelunterricht \u2013 genau abgestimmt auf Ihr Niveau und Ihre Ziele. Unsere erfahrenen <a href=\"https:\/\/www.sprachlehrer-aktiv.de\/deutsch-privatunterricht\/deutsch-privatlehrer\/\">Deutsch-Privatlehrer<\/a> unterrichten Sie flexibel vor Ort oder online. <strong>Ob Beruf, Alltag oder Pr\u00fcfungsvorbereitung:<\/strong> Sie bestimmen Tempo, Inhalte und Zeiten. Starten Sie jetzt mit einer kostenlosen Probestunde und erleben Sie schnellen Lernerfolg.<\/p>\t\t\t\t\t\t\t\t<\/div>\n\t\t<div class=\"elementor-element elementor-element-c9a29c9 e-grid e-con-full e-con e-child\" data-id=\"c9a29c9\" data-element_type=\"container\" data-e-type=\"container\">\n\t\t\t\t<div class=\"elementor-element elementor-element-57de7fb elementor-widget elementor-widget-button\" data-id=\"57de7fb\" data-element_type=\"widget\" data-e-type=\"widget\" data-widget_type=\"button.default\">\n\t\t\t\t\t\t\t\t\t\t<a class=\"elementor-button elementor-button-link elementor-size-sm\" href=\"https:\/\/www.sprachlehrer-aktiv.de\/deutsch-privatunterricht\/kontakt\/\">\n\t\t\t\t\t\t<span class=\"elementor-button-content-wrapper\">\n\t\t\t\t\t\t<span class=\"elementor-button-icon\">\n\t\t\t\t<svg aria-hidden=\"true\" class=\"e-font-icon-svg e-fas-arrow-right\" viewBox=\"0 0 448 512\" xmlns=\"http:\/\/www.w3.org\/2000\/svg\"><path d=\"M190.5 66.9l22.2-22.2c9.4-9.4 24.6-9.4 33.9 0L441 239c9.4 9.4 9.4 24.6 0 33.9L246.6 467.3c-9.4 9.4-24.6 9.4-33.9 0l-22.2-22.2c-9.5-9.5-9.3-25 .4-34.3L311.4 296H24c-13.3 0-24-10.7-24-24v-32c0-13.3 10.7-24 24-24h287.4L190.9 101.2c-9.8-9.3-10-24.8-.4-34.3z\"><\/path><\/svg>\t\t\t<\/span>\n\t\t\t\t\t\t\t\t\t<span class=\"elementor-button-text\">Kontaktieren Sie uns<\/span>\n\t\t\t\t\t<\/span>\n\t\t\t\t\t<\/a>\n\t\t\t\t\t\t\t\t<\/div>\n\t\t\t\t<div class=\"elementor-element elementor-element-51de688 elementor-widget elementor-widget-button\" data-id=\"51de688\" data-element_type=\"widget\" data-e-type=\"widget\" data-widget_type=\"button.default\">\n\t\t\t\t\t\t\t\t\t\t<a class=\"elementor-button elementor-button-link elementor-size-sm\" href=\"https:\/\/www.sprachlehrer-aktiv.de\/deutsch-privatunterricht\/anmeldung-fuer-privatunterricht\/\">\n\t\t\t\t\t\t<span class=\"elementor-button-content-wrapper\">\n\t\t\t\t\t\t<span class=\"elementor-button-icon\">\n\t\t\t\t<svg aria-hidden=\"true\" class=\"e-font-icon-svg e-fas-arrow-right\" viewBox=\"0 0 448 512\" xmlns=\"http:\/\/www.w3.org\/2000\/svg\"><path d=\"M190.5 66.9l22.2-22.2c9.4-9.4 24.6-9.4 33.9 0L441 239c9.4 9.4 9.4 24.6 0 33.9L246.6 467.3c-9.4 9.4-24.6 9.4-33.9 0l-22.2-22.2c-9.5-9.5-9.3-25 .4-34.3L311.4 296H24c-13.3 0-24-10.7-24-24v-32c0-13.3 10.7-24 24-24h287.4L190.9 101.2c-9.8-9.3-10-24.8-.4-34.3z\"><\/path><\/svg>\t\t\t<\/span>\n\t\t\t\t\t\t\t\t\t<span class=\"elementor-button-text\">Jetzt buchen!<\/span>\n\t\t\t\t\t<\/span>\n\t\t\t\t\t<\/a>\n\t\t\t\t\t\t\t\t<\/div>\n\t\t\t\t<\/div>\n\t\t\t\t<\/div>\n\t\t\t\t\t<\/div>\n\t\t\t\t<\/div>\n\t\t\t\t<\/div>\n\t\t<div class=\"elementor-element elementor-element-29883193 e-flex e-con-boxed e-con e-parent\" data-id=\"29883193\" data-element_type=\"container\" data-e-type=\"container\" data-settings=\"{&quot;background_background&quot;:&quot;classic&quot;}\">\n\t\t\t\t\t<div class=\"e-con-inner\">\n\t\t<div class=\"elementor-element elementor-element-4ed11a15 e-con-full e-flex e-con e-child\" data-id=\"4ed11a15\" data-element_type=\"container\" data-e-type=\"container\">\n\t\t\t\t<div class=\"elementor-element elementor-element-27c92cf9 elementor-view-stacked elementor-shape-square elementor-position-inline-start elementor-mobile-position-block-start elementor-widget elementor-widget-icon-box\" data-id=\"27c92cf9\" data-element_type=\"widget\" data-e-type=\"widget\" data-widget_type=\"icon-box.default\">\n\t\t\t\t\t\t\t<div class=\"elementor-icon-box-wrapper\">\n\n\t\t\t\t\t\t<div class=\"elementor-icon-box-icon\">\n\t\t\t\t<a href=\"https:\/\/www.sprachlehrer-aktiv.de\/deutsch-privatunterricht\/deutsch-privatunterricht-mit-kostenloser-probestunde\/\" class=\"elementor-icon\" tabindex=\"-1\" aria-label=\"Kostenlose Probestunde\">\n\t\t\t\t<svg aria-hidden=\"true\" class=\"e-font-icon-svg e-far-check-circle\" viewBox=\"0 0 512 512\" xmlns=\"http:\/\/www.w3.org\/2000\/svg\"><path d=\"M256 8C119.033 8 8 119.033 8 256s111.033 248 248 248 248-111.033 248-248S392.967 8 256 8zm0 48c110.532 0 200 89.451 200 200 0 110.532-89.451 200-200 200-110.532 0-200-89.451-200-200 0-110.532 89.451-200 200-200m140.204 130.267l-22.536-22.718c-4.667-4.705-12.265-4.736-16.97-.068L215.346 303.697l-59.792-60.277c-4.667-4.705-12.265-4.736-16.97-.069l-22.719 22.536c-4.705 4.667-4.736 12.265-.068 16.971l90.781 91.516c4.667 4.705 12.265 4.736 16.97.068l172.589-171.204c4.704-4.668 4.734-12.266.067-16.971z\"><\/path><\/svg>\t\t\t\t<\/a>\n\t\t\t<\/div>\n\t\t\t\n\t\t\t\t\t\t<div class=\"elementor-icon-box-content\">\n\n\t\t\t\t\t\t\t\t\t<h2 class=\"elementor-icon-box-title\">\n\t\t\t\t\t\t<a href=\"https:\/\/www.sprachlehrer-aktiv.de\/deutsch-privatunterricht\/deutsch-privatunterricht-mit-kostenloser-probestunde\/\" >\n\t\t\t\t\t\t\tKostenlose Probestunde\t\t\t\t\t\t<\/a>\n\t\t\t\t\t<\/h2>\n\t\t\t\t\n\t\t\t\t\n\t\t\t<\/div>\n\t\t\t\n\t\t<\/div>\n\t\t\t\t\t\t<\/div>\n\t\t\t\t<\/div>\n\t\t<div class=\"elementor-element elementor-element-5f044f05 e-con-full e-flex e-con e-child\" data-id=\"5f044f05\" data-element_type=\"container\" data-e-type=\"container\">\n\t\t\t\t<div class=\"elementor-element elementor-element-79f8995a elementor-view-stacked elementor-shape-square elementor-position-inline-start elementor-mobile-position-block-start elementor-widget elementor-widget-icon-box\" data-id=\"79f8995a\" data-element_type=\"widget\" data-e-type=\"widget\" data-widget_type=\"icon-box.default\">\n\t\t\t\t\t\t\t<div class=\"elementor-icon-box-wrapper\">\n\n\t\t\t\t\t\t<div class=\"elementor-icon-box-icon\">\n\t\t\t\t<a href=\"https:\/\/www.sprachlehrer-aktiv.de\/deutsch-privatunterricht\/deutsch-privatlehrer\/\" class=\"elementor-icon\" tabindex=\"-1\" aria-label=\"Qualifizierte Muttersprachler\">\n\t\t\t\t<svg aria-hidden=\"true\" class=\"e-font-icon-svg e-fas-chalkboard-teacher\" viewBox=\"0 0 640 512\" xmlns=\"http:\/\/www.w3.org\/2000\/svg\"><path d=\"M208 352c-2.39 0-4.78.35-7.06 1.09C187.98 357.3 174.35 360 160 360c-14.35 0-27.98-2.7-40.95-6.91-2.28-.74-4.66-1.09-7.05-1.09C49.94 352-.33 402.48 0 464.62.14 490.88 21.73 512 48 512h224c26.27 0 47.86-21.12 48-47.38.33-62.14-49.94-112.62-112-112.62zm-48-32c53.02 0 96-42.98 96-96s-42.98-96-96-96-96 42.98-96 96 42.98 96 96 96zM592 0H208c-26.47 0-48 22.25-48 49.59V96c23.42 0 45.1 6.78 64 17.8V64h352v288h-64v-64H384v64h-76.24c19.1 16.69 33.12 38.73 39.69 64H592c26.47 0 48-22.25 48-49.59V49.59C640 22.25 618.47 0 592 0z\"><\/path><\/svg>\t\t\t\t<\/a>\n\t\t\t<\/div>\n\t\t\t\n\t\t\t\t\t\t<div class=\"elementor-icon-box-content\">\n\n\t\t\t\t\t\t\t\t\t<h2 class=\"elementor-icon-box-title\">\n\t\t\t\t\t\t<a href=\"https:\/\/www.sprachlehrer-aktiv.de\/deutsch-privatunterricht\/deutsch-privatlehrer\/\" >\n\t\t\t\t\t\t\tQualifizierte Muttersprachler\t\t\t\t\t\t<\/a>\n\t\t\t\t\t<\/h2>\n\t\t\t\t\n\t\t\t\t\n\t\t\t<\/div>\n\t\t\t\n\t\t<\/div>\n\t\t\t\t\t\t<\/div>\n\t\t\t\t<\/div>\n\t\t<div class=\"elementor-element elementor-element-684a1f22 e-con-full e-flex e-con e-child\" data-id=\"684a1f22\" data-element_type=\"container\" data-e-type=\"container\">\n\t\t\t\t<div class=\"elementor-element elementor-element-62869763 elementor-view-stacked elementor-shape-square elementor-position-inline-start elementor-mobile-position-block-start elementor-widget elementor-widget-icon-box\" data-id=\"62869763\" data-element_type=\"widget\" data-e-type=\"widget\" data-widget_type=\"icon-box.default\">\n\t\t\t\t\t\t\t<div class=\"elementor-icon-box-wrapper\">\n\n\t\t\t\t\t\t<div class=\"elementor-icon-box-icon\">\n\t\t\t\t<a href=\"https:\/\/www.sprachlehrer-aktiv.de\/deutsch-privatunterricht\/deutsch-test\/\" class=\"elementor-icon\" tabindex=\"-1\" aria-label=\"Kostenlose Einstufung \">\n\t\t\t\t<svg aria-hidden=\"true\" class=\"e-font-icon-svg e-fas-user-plus\" viewBox=\"0 0 640 512\" xmlns=\"http:\/\/www.w3.org\/2000\/svg\"><path d=\"M624 208h-64v-64c0-8.8-7.2-16-16-16h-32c-8.8 0-16 7.2-16 16v64h-64c-8.8 0-16 7.2-16 16v32c0 8.8 7.2 16 16 16h64v64c0 8.8 7.2 16 16 16h32c8.8 0 16-7.2 16-16v-64h64c8.8 0 16-7.2 16-16v-32c0-8.8-7.2-16-16-16zm-400 48c70.7 0 128-57.3 128-128S294.7 0 224 0 96 57.3 96 128s57.3 128 128 128zm89.6 32h-16.7c-22.2 10.2-46.9 16-72.9 16s-50.6-5.8-72.9-16h-16.7C60.2 288 0 348.2 0 422.4V464c0 26.5 21.5 48 48 48h352c26.5 0 48-21.5 48-48v-41.6c0-74.2-60.2-134.4-134.4-134.4z\"><\/path><\/svg>\t\t\t\t<\/a>\n\t\t\t<\/div>\n\t\t\t\n\t\t\t\t\t\t<div class=\"elementor-icon-box-content\">\n\n\t\t\t\t\t\t\t\t\t<h2 class=\"elementor-icon-box-title\">\n\t\t\t\t\t\t<a href=\"https:\/\/www.sprachlehrer-aktiv.de\/deutsch-privatunterricht\/deutsch-test\/\" >\n\t\t\t\t\t\t\tKostenlose Einstufung \t\t\t\t\t\t<\/a>\n\t\t\t\t\t<\/h2>\n\t\t\t\t\n\t\t\t\t\n\t\t\t<\/div>\n\t\t\t\n\t\t<\/div>\n\t\t\t\t\t\t<\/div>\n\t\t\t\t<\/div>\n\t\t<div class=\"elementor-element elementor-element-775f0754 e-con-full e-flex e-con e-child\" data-id=\"775f0754\" data-element_type=\"container\" data-e-type=\"container\">\n\t\t\t\t<div class=\"elementor-element elementor-element-184549f4 elementor-view-stacked elementor-shape-square elementor-position-inline-start elementor-mobile-position-block-start elementor-widget elementor-widget-icon-box\" data-id=\"184549f4\" data-element_type=\"widget\" data-e-type=\"widget\" data-widget_type=\"icon-box.default\">\n\t\t\t\t\t\t\t<div class=\"elementor-icon-box-wrapper\">\n\n\t\t\t\t\t\t<div class=\"elementor-icon-box-icon\">\n\t\t\t\t<span  class=\"elementor-icon\">\n\t\t\t\t<svg aria-hidden=\"true\" class=\"e-font-icon-svg e-far-clock\" viewBox=\"0 0 512 512\" xmlns=\"http:\/\/www.w3.org\/2000\/svg\"><path d=\"M256 8C119 8 8 119 8 256s111 248 248 248 248-111 248-248S393 8 256 8zm0 448c-110.5 0-200-89.5-200-200S145.5 56 256 56s200 89.5 200 200-89.5 200-200 200zm61.8-104.4l-84.9-61.7c-3.1-2.3-4.9-5.9-4.9-9.7V116c0-6.6 5.4-12 12-12h32c6.6 0 12 5.4 12 12v141.7l66.8 48.6c5.4 3.9 6.5 11.4 2.6 16.8L334.6 349c-3.9 5.3-11.4 6.5-16.8 2.6z\"><\/path><\/svg>\t\t\t\t<\/span>\n\t\t\t<\/div>\n\t\t\t\n\t\t\t\t\t\t<div class=\"elementor-icon-box-content\">\n\n\t\t\t\t\t\t\t\t\t<h2 class=\"elementor-icon-box-title\">\n\t\t\t\t\t\t<span  >\n\t\t\t\t\t\t\tFlexible Zeiten\t\t\t\t\t\t<\/span>\n\t\t\t\t\t<\/h2>\n\t\t\t\t\n\t\t\t\t\n\t\t\t<\/div>\n\t\t\t\n\t\t<\/div>\n\t\t\t\t\t\t<\/div>\n\t\t\t\t<\/div>\n\t\t\t\t\t<\/div>\n\t\t\t\t<\/div>\n\t\t<div class=\"elementor-element elementor-element-602194b5 e-flex e-con-boxed e-con e-parent\" data-id=\"602194b5\" data-element_type=\"container\" data-e-type=\"container\">\n\t\t\t\t\t<div class=\"e-con-inner\">\n\t\t<div class=\"elementor-element elementor-element-77559683 e-con-full e-flex e-con e-child\" data-id=\"77559683\" data-element_type=\"container\" data-e-type=\"container\">\n\t\t\t\t<div class=\"elementor-element elementor-element-108a0a42 elementor-widget elementor-widget-heading\" data-id=\"108a0a42\" data-element_type=\"widget\" data-e-type=\"widget\" data-widget_type=\"heading.default\">\n\t\t\t\t\t<h2 class=\"elementor-heading-title elementor-size-default\">Warum ein Deutsch Privatlehrer die beste Investition in Ihre Zukunft ist<\/h2>\t\t\t\t<\/div>\n\t\t\t\t<div class=\"elementor-element elementor-element-12e79491 elementor-widget elementor-widget-text-editor\" data-id=\"12e79491\" data-element_type=\"widget\" data-e-type=\"widget\" data-widget_type=\"text-editor.default\">\n\t\t\t\t\t\t\t\t\t<p>Wenn Sie effektiv und nachhaltig <b data-path-to-node=\"7\" data-index-in-node=\"33\">Deutsch lernen<\/b> m\u00f6chten, ist die Wahl der Methode entscheidend. Im Vergleich zu klassischen Gruppenkursen bietet der <a href=\"https:\/\/www.sprachlehrer-aktiv.de\/deutsch-privatunterricht\/deutsch-privatunterricht-online-vor-ort\/\"><b data-path-to-node=\"7\" data-index-in-node=\"149\">Deutsch-Privatunterricht<\/b><\/a> eine Intensit\u00e4t und Effizienz, die kaum zu \u00fcbertreffen ist. W\u00e4hrend in gro\u00dfen Gruppen die tats\u00e4chliche Sprechzeit pro Teilnehmer oft gering ist, geh\u00f6rt im <b data-path-to-node=\"7\" data-index-in-node=\"329\">Einzelunterricht<\/b> die ungeteilte Aufmerksamkeit Ihres <b data-path-to-node=\"7\" data-index-in-node=\"382\">Privatlehrers<\/b> ausschlie\u00dflich Ihnen.<\/p>\t\t\t\t\t\t\t\t<\/div>\n\t\t\t\t<div class=\"elementor-element elementor-element-65df4dd elementor-align-start elementor-icon-list--layout-traditional elementor-list-item-link-full_width elementor-widget elementor-widget-icon-list\" data-id=\"65df4dd\" data-element_type=\"widget\" data-e-type=\"widget\" data-widget_type=\"icon-list.default\">\n\t\t\t\t\t\t\t<ul class=\"elementor-icon-list-items\">\n\t\t\t\t\t\t\t<li class=\"elementor-icon-list-item\">\n\t\t\t\t\t\t\t\t\t\t\t<span class=\"elementor-icon-list-icon\">\n\t\t\t\t\t\t\t<svg aria-hidden=\"true\" class=\"e-font-icon-svg e-fas-check\" viewBox=\"0 0 512 512\" xmlns=\"http:\/\/www.w3.org\/2000\/svg\"><path d=\"M173.898 439.404l-166.4-166.4c-9.997-9.997-9.997-26.206 0-36.204l36.203-36.204c9.997-9.998 26.207-9.998 36.204 0L192 312.69 432.095 72.596c9.997-9.997 26.207-9.997 36.204 0l36.203 36.204c9.997 9.997 9.997 26.206 0 36.204l-294.4 294.401c-9.998 9.997-26.207 9.997-36.204-.001z\"><\/path><\/svg>\t\t\t\t\t\t<\/span>\n\t\t\t\t\t\t\t\t\t\t<span class=\"elementor-icon-list-text\">Individuelles Lerntempo: Sie bestimmen, wie schnell wir vorankommen. Komplexe Grammatikthemen werden so lange trainiert, bis sie sicher sitzen.<\/span>\n\t\t\t\t\t\t\t\t\t<\/li>\n\t\t\t\t\t\t\t\t<li class=\"elementor-icon-list-item\">\n\t\t\t\t\t\t\t\t\t\t\t<span class=\"elementor-icon-list-icon\">\n\t\t\t\t\t\t\t<svg aria-hidden=\"true\" class=\"e-font-icon-svg e-fas-check\" viewBox=\"0 0 512 512\" xmlns=\"http:\/\/www.w3.org\/2000\/svg\"><path d=\"M173.898 439.404l-166.4-166.4c-9.997-9.997-9.997-26.206 0-36.204l36.203-36.204c9.997-9.998 26.207-9.998 36.204 0L192 312.69 432.095 72.596c9.997-9.997 26.207-9.997 36.204 0l36.203 36.204c9.997 9.997 9.997 26.206 0 36.204l-294.4 294.401c-9.998 9.997-26.207 9.997-36.204-.001z\"><\/path><\/svg>\t\t\t\t\t\t<\/span>\n\t\t\t\t\t\t\t\t\t\t<span class=\"elementor-icon-list-text\">Ma\u00dfgeschneiderte Inhalte: Gezielter Fokus auf Business-Deutsch, medizinische Fachsprache oder die gezielte Pr\u00fcfungsvorbereitung.<\/span>\n\t\t\t\t\t\t\t\t\t<\/li>\n\t\t\t\t\t\t\t\t<li class=\"elementor-icon-list-item\">\n\t\t\t\t\t\t\t\t\t\t\t<span class=\"elementor-icon-list-icon\">\n\t\t\t\t\t\t\t<svg aria-hidden=\"true\" class=\"e-font-icon-svg e-fas-check\" viewBox=\"0 0 512 512\" xmlns=\"http:\/\/www.w3.org\/2000\/svg\"><path d=\"M173.898 439.404l-166.4-166.4c-9.997-9.997-9.997-26.206 0-36.204l36.203-36.204c9.997-9.998 26.207-9.998 36.204 0L192 312.69 432.095 72.596c9.997-9.997 26.207-9.997 36.204 0l36.203 36.204c9.997 9.997 9.997 26.206 0 36.204l-294.4 294.401c-9.998 9.997-26.207 9.997-36.204-.001z\"><\/path><\/svg>\t\t\t\t\t\t<\/span>\n\t\t\t\t\t\t\t\t\t\t<span class=\"elementor-icon-list-text\">Maximale Flexibilit\u00e4t: Keine starren Kurszeiten. Ihre Termine f\u00fcr den Deutschunterricht vereinbaren Sie flexibel direkt mit Ihrem Lehrer.<\/span>\n\t\t\t\t\t\t\t\t\t<\/li>\n\t\t\t\t\t\t<\/ul>\n\t\t\t\t\t\t<\/div>\n\t\t\t\t<div class=\"elementor-element elementor-element-5068e84 elementor-widget elementor-widget-button\" data-id=\"5068e84\" data-element_type=\"widget\" data-e-type=\"widget\" data-widget_type=\"button.default\">\n\t\t\t\t\t\t\t\t\t\t<a class=\"elementor-button elementor-button-link elementor-size-sm\" href=\"https:\/\/www.sprachlehrer-aktiv.de\/deutsch-privatunterricht\/kontakt\/\">\n\t\t\t\t\t\t<span class=\"elementor-button-content-wrapper\">\n\t\t\t\t\t\t<span class=\"elementor-button-icon\">\n\t\t\t\t<svg aria-hidden=\"true\" class=\"e-font-icon-svg e-fas-arrow-right\" viewBox=\"0 0 448 512\" xmlns=\"http:\/\/www.w3.org\/2000\/svg\"><path d=\"M190.5 66.9l22.2-22.2c9.4-9.4 24.6-9.4 33.9 0L441 239c9.4 9.4 9.4 24.6 0 33.9L246.6 467.3c-9.4 9.4-24.6 9.4-33.9 0l-22.2-22.2c-9.5-9.5-9.3-25 .4-34.3L311.4 296H24c-13.3 0-24-10.7-24-24v-32c0-13.3 10.7-24 24-24h287.4L190.9 101.2c-9.8-9.3-10-24.8-.4-34.3z\"><\/path><\/svg>\t\t\t<\/span>\n\t\t\t\t\t\t\t\t\t<span class=\"elementor-button-text\">Schnelle Anfrage<\/span>\n\t\t\t\t\t<\/span>\n\t\t\t\t\t<\/a>\n\t\t\t\t\t\t\t\t<\/div>\n\t\t\t\t<\/div>\n\t\t<div class=\"elementor-element elementor-element-170a069b e-con-full e-flex e-con e-child\" data-id=\"170a069b\" data-element_type=\"container\" data-e-type=\"container\" data-settings=\"{&quot;background_background&quot;:&quot;classic&quot;}\">\n\t\t\t\t<div class=\"elementor-element elementor-element-1c441b76 e-n-tabs-mobile elementor-widget elementor-widget-n-tabs\" data-id=\"1c441b76\" data-element_type=\"widget\" data-e-type=\"widget\" data-settings=\"{&quot;tabs_justify_horizontal&quot;:&quot;start&quot;,&quot;horizontal_scroll&quot;:&quot;disable&quot;}\" data-widget_type=\"nested-tabs.default\">\n\t\t\t\t\t\t\t<div class=\"e-n-tabs\" data-widget-number=\"474225526\" aria-label=\"Tabs. Open items with Enter or Space, close with Escape and navigate using the Arrow keys.\">\n\t\t\t<div class=\"e-n-tabs-heading\" role=\"tablist\">\n\t\t\t\t\t<button id=\"e-n-tab-title-4742255261\" data-tab-title-id=\"e-n-tab-title-4742255261\" class=\"e-n-tab-title\" aria-selected=\"true\" data-tab-index=\"1\" role=\"tab\" tabindex=\"0\" aria-controls=\"e-n-tab-content-4742255261\" style=\"--n-tabs-title-order: 1;\">\n\t\t\t\t\t\t<span class=\"e-n-tab-title-text\">\n\t\t\t\tDeutsch Privatunterricht\t\t\t<\/span>\n\t\t<\/button>\n\t\t\t\t<button id=\"e-n-tab-title-4742255262\" data-tab-title-id=\"e-n-tab-title-4742255262\" class=\"e-n-tab-title\" aria-selected=\"false\" data-tab-index=\"2\" role=\"tab\" tabindex=\"-1\" aria-controls=\"e-n-tab-content-4742255262\" style=\"--n-tabs-title-order: 2;\">\n\t\t\t\t\t\t<span class=\"e-n-tab-title-text\">\n\t\t\t\tKennen Sie Ihr Sprachniveau?\t\t\t<\/span>\n\t\t<\/button>\n\t\t\t\t\t<\/div>\n\t\t\t<div class=\"e-n-tabs-content\">\n\t\t\t\t<div id=\"e-n-tab-content-4742255261\" role=\"tabpanel\" aria-labelledby=\"e-n-tab-title-4742255261\" data-tab-index=\"1\" style=\"--n-tabs-title-order: 1;\" class=\"e-active elementor-element elementor-element-62a6c83b e-con-full e-flex e-con e-child\" data-id=\"62a6c83b\" data-element_type=\"container\" data-e-type=\"container\" data-settings=\"{&quot;background_background&quot;:&quot;classic&quot;}\">\n\t\t\t\t<div class=\"elementor-element elementor-element-33c3cd1d elementor-widget elementor-widget-heading\" data-id=\"33c3cd1d\" data-element_type=\"widget\" data-e-type=\"widget\" data-widget_type=\"heading.default\">\n\t\t\t\t\t<h2 class=\"elementor-heading-title elementor-size-default\">Jetzt Privatlehrer finden<\/h2>\t\t\t\t<\/div>\n\t\t\t\t<div class=\"elementor-element elementor-element-2bf1375e elementor-widget elementor-widget-text-editor\" data-id=\"2bf1375e\" data-element_type=\"widget\" data-e-type=\"widget\" data-widget_type=\"text-editor.default\">\n\t\t\t\t\t\t\t\t\t<p>Lerne Deutsch individuell und effektiv mit unseren Experten.<\/p>\t\t\t\t\t\t\t\t<\/div>\n\t\t\t\t<div class=\"elementor-element elementor-element-6b455372 elementor-widget elementor-widget-html\" data-id=\"6b455372\" data-element_type=\"widget\" data-e-type=\"widget\" data-widget_type=\"html.default\">\n\t\t\t\t\t<div class=\"selector-privatunterricht\">\r\n    <label for=\"kurs-auswahl\" style=\"display: block; font-weight: bold; margin-bottom: 10px; font-family: Arial, sans-serif;\">\r\n        Deutsch lernen: Vor Ort oder Online\r\n    <\/label>\r\n\r\n    \r\n<\/div>\t\t\t\t<\/div>\n\t\t\t\t<div class=\"elementor-element elementor-element-b945d4b elementor-widget elementor-widget-html\" data-id=\"b945d4b\" data-element_type=\"widget\" data-e-type=\"widget\" data-widget_type=\"html.default\">\n\t\t\t\t\t<div class=\"test-auswahl\" style=\"font-family: Arial, sans-serif; text-align: center;\">\r\n\r\n    <a href=\"https:\/\/www.sprachlehrer-aktiv.de\/deutsch-privatunterricht\/deutsch-privatunterricht-online-vor-ort\/\" \r\n       style=\"display: inline-block; padding: 14px 28px; background-color: #0073e6; color: white; text-decoration: none; border-radius: 8px; font-weight: bold; font-size: 16px; box-shadow: 0 4px 10px rgba(0,0,0,0.2); transition: all 0.3s ease;\"\r\n       onmouseover=\"this.style.backgroundColor='#005bb5'; this.style.transform='scale(1.05)';\"\r\n       onmouseout=\"this.style.backgroundColor='#0073e6'; this.style.transform='scale(1)';\">\r\n        \ud83d\udccd Privatunterricht vor Ort starten\r\n    <\/a>\r\n\r\n    <br\/><br\/>\r\n\r\n    <a href=\"https:\/\/www.sprachlehrer-aktiv.de\/deutsch-privatunterricht\/online-deutschunterricht-privatlehrer-finden\/\" \r\n       style=\"display: inline-block; padding: 14px 28px; background-color: #ff6600; color: white; text-decoration: none; border-radius: 8px; font-weight: bold; font-size: 16px; box-shadow: 0 4px 10px rgba(0,0,0,0.2); transition: all 0.3s ease;\"\r\n       onmouseover=\"this.style.backgroundColor='#e65c00'; this.style.transform='scale(1.05)';\"\r\n       onmouseout=\"this.style.backgroundColor='#ff6600'; this.style.transform='scale(1)';\">\r\n        \ud83d\udcbb Jetzt online Deutsch lernen\r\n    <\/a>\r\n\r\n    <p style=\"margin-top: 12px; font-size: 14px; color: #555;\">\r\n        \u2714 Individuell &nbsp; \u2714 Flexibel &nbsp; \u2714 Kostenlose Probestunde\r\n    <\/p>\r\n\r\n<\/div>\t\t\t\t<\/div>\n\t\t\t\t<\/div>\n\t\t<div id=\"e-n-tab-content-4742255262\" role=\"tabpanel\" aria-labelledby=\"e-n-tab-title-4742255262\" data-tab-index=\"2\" style=\"--n-tabs-title-order: 2;\" class=\" elementor-element elementor-element-1154364d e-con-full e-flex e-con e-child\" data-id=\"1154364d\" data-element_type=\"container\" data-e-type=\"container\" data-settings=\"{&quot;background_background&quot;:&quot;classic&quot;}\">\n\t\t\t\t<div class=\"elementor-element elementor-element-6c898341 elementor-widget elementor-widget-heading\" data-id=\"6c898341\" data-element_type=\"widget\" data-e-type=\"widget\" data-widget_type=\"heading.default\">\n\t\t\t\t\t<h2 class=\"elementor-heading-title elementor-size-default\">Jetzt Deutsch-Niveau testen<\/h2>\t\t\t\t<\/div>\n\t\t\t\t<div class=\"elementor-element elementor-element-7f209f29 elementor-widget elementor-widget-text-editor\" data-id=\"7f209f29\" data-element_type=\"widget\" data-e-type=\"widget\" data-widget_type=\"text-editor.default\">\n\t\t\t\t\t\t\t\t\t<p>In wenigen Minuten zum Ergebnis \u2013 kostenlos &amp; ohne Anmeldung.<\/p>\t\t\t\t\t\t\t\t<\/div>\n\t\t\t\t<div class=\"elementor-element elementor-element-832c698 elementor-widget elementor-widget-html\" data-id=\"832c698\" data-element_type=\"widget\" data-e-type=\"widget\" data-widget_type=\"html.default\">\n\t\t\t\t\t<div class=\"test-auswahl\" style=\"font-family: Arial, sans-serif;\">\r\n    <p style=\"font-weight: bold; margin-bottom: 10px;\">\u00dcberpr\u00fcfe jetzt dein Deutsch-Niveau:<\/p>\r\n\r\n    <a href=\"https:\/\/www.sprachlehrer-aktiv.de\/deutsch-privatunterricht\/deutsch-test\/\" \r\n       style=\"display: inline-block; padding: 14px 28px; background-color: #ff6600; color: white; text-decoration: none; border-radius: 8px; font-weight: bold; font-size: 16px; box-shadow: 0 4px 10px rgba(0,0,0,0.2); transition: all 0.3s ease;\"\r\n       onmouseover=\"this.style.backgroundColor='#e65c00'; this.style.transform='scale(1.05)';\"\r\n       onmouseout=\"this.style.backgroundColor='#ff6600'; this.style.transform='scale(1)';\">\r\n        \ud83d\ude80 Jetzt kostenlos testen\r\n    <\/a>\r\n\r\n    <p style=\"margin-top: 10px; font-size: 14px; color: #555;\">\r\n        \u2714 Sofort Ergebnis &nbsp; \u2714 100% kostenlos &nbsp; \u2714 Ohne Anmeldung\r\n    <\/p>\r\n<\/div>\t\t\t\t<\/div>\n\t\t\t\t<\/div>\n\t\t\t\t\t<\/div>\n\t\t<\/div>\n\t\t\t\t\t\t<\/div>\n\t\t\t\t<div class=\"elementor-element elementor-element-9974bb7 elementor-widget elementor-widget-video\" data-id=\"9974bb7\" data-element_type=\"widget\" data-e-type=\"widget\" data-settings=\"{&quot;youtube_url&quot;:&quot;https:\\\/\\\/www.youtube.com\\\/watch?v=_2OHSh-0VzI&quot;,&quot;video_type&quot;:&quot;youtube&quot;,&quot;controls&quot;:&quot;yes&quot;}\" data-widget_type=\"video.default\">\n\t\t\t\t\t\t\t<div class=\"elementor-wrapper elementor-open-inline\">\n\t\t\t<div class=\"elementor-video\"><\/div>\t\t<\/div>\n\t\t\t\t\t\t<\/div>\n\t\t\t\t<\/div>\n\t\t\t\t\t<\/div>\n\t\t\t\t<\/div>\n\t\t<div class=\"elementor-element elementor-element-47b1df67 e-con-full e-flex e-con e-parent\" data-id=\"47b1df67\" data-element_type=\"container\" data-e-type=\"container\">\n\t\t<div class=\"elementor-element elementor-element-5099b407 e-con-full e-flex e-con e-child\" data-id=\"5099b407\" data-element_type=\"container\" data-e-type=\"container\">\n\t\t\t\t<div class=\"elementor-element elementor-element-4b440c8 elementor-widget elementor-widget-image\" data-id=\"4b440c8\" data-element_type=\"widget\" data-e-type=\"widget\" data-widget_type=\"image.default\">\n\t\t\t\t\t\t\t\t\t\t\t\t\t\t\t<img fetchpriority=\"high\" decoding=\"async\" width=\"800\" height=\"800\" src=\"https:\/\/www.sprachlehrer-aktiv.de\/deutsch-privatunterricht\/wp-content\/uploads\/2026\/02\/vor_ort_oder_online_deutsch_privatlehrer.jpg\" class=\"attachment-large size-large wp-image-90\" alt=\"Deutsch Privatunterricht vor Ort in ganz Deutschland oder online\" srcset=\"https:\/\/www.sprachlehrer-aktiv.de\/deutsch-privatunterricht\/wp-content\/uploads\/2026\/02\/vor_ort_oder_online_deutsch_privatlehrer.jpg 800w, https:\/\/www.sprachlehrer-aktiv.de\/deutsch-privatunterricht\/wp-content\/uploads\/2026\/02\/vor_ort_oder_online_deutsch_privatlehrer-300x300.jpg 300w, https:\/\/www.sprachlehrer-aktiv.de\/deutsch-privatunterricht\/wp-content\/uploads\/2026\/02\/vor_ort_oder_online_deutsch_privatlehrer-150x150.jpg 150w, https:\/\/www.sprachlehrer-aktiv.de\/deutsch-privatunterricht\/wp-content\/uploads\/2026\/02\/vor_ort_oder_online_deutsch_privatlehrer-768x768.jpg 768w\" sizes=\"(max-width: 800px) 100vw, 800px\" \/>\t\t\t\t\t\t\t\t\t\t\t\t\t\t\t<\/div>\n\t\t\t\t<\/div>\n\t\t<div class=\"elementor-element elementor-element-36e1150a e-con-full e-flex e-con e-child\" data-id=\"36e1150a\" data-element_type=\"container\" data-e-type=\"container\">\n\t\t\t\t<div class=\"elementor-element elementor-element-34c0a8f2 elementor-widget elementor-widget-heading\" data-id=\"34c0a8f2\" data-element_type=\"widget\" data-e-type=\"widget\" data-widget_type=\"heading.default\">\n\t\t\t\t\t<h2 class=\"elementor-heading-title elementor-size-default\">Jetzt qualifizierte Deutsch-Privatlehrer finden \u2013 online &amp; vor Ort<\/h2>\t\t\t\t<\/div>\n\t\t\t\t<div class=\"elementor-element elementor-element-29e59f elementor-widget elementor-widget-text-editor\" data-id=\"29e59f\" data-element_type=\"widget\" data-e-type=\"widget\" data-widget_type=\"text-editor.default\">\n\t\t\t\t\t\t\t\t\t<div class=\"flex flex-col text-sm pb-25\"><article class=\"text-token-text-primary w-full focus:outline-none [--shadow-height:45px] has-data-writing-block:pointer-events-none has-data-writing-block:-mt-(--shadow-height) has-data-writing-block:pt-(--shadow-height) [&amp;:has([data-writing-block])&gt;*]:pointer-events-auto scroll-mt-[calc(var(--header-height)+min(200px,max(70px,20svh)))]\" dir=\"auto\" tabindex=\"-1\" data-turn-id=\"e909250b-af6d-4321-9b70-ce1830cd809e\" data-testid=\"conversation-turn-58\" data-scroll-anchor=\"true\" data-turn=\"assistant\"><div class=\"text-base my-auto mx-auto pb-10 [--thread-content-margin:--spacing(4)] @w-sm\/main:[--thread-content-margin:--spacing(6)] @w-lg\/main:[--thread-content-margin:--spacing(16)] px-(--thread-content-margin)\"><div class=\"[--thread-content-max-width:40rem] @w-lg\/main:[--thread-content-max-width:48rem] mx-auto max-w-(--thread-content-max-width) flex-1 group\/turn-messages focus-visible:outline-hidden relative flex w-full min-w-0 flex-col agent-turn\" tabindex=\"-1\"><div class=\"flex max-w-full flex-col grow\"><div class=\"min-h-8 text-message relative flex w-full flex-col items-end gap-2 text-start break-words whitespace-normal [.text-message+&amp;]:mt-1\" dir=\"auto\" data-message-author-role=\"assistant\" data-message-id=\"ecbc6f08-8b6b-485c-8cc2-749eaf1e4e08\" data-message-model-slug=\"gpt-5-2\"><div class=\"flex w-full flex-col gap-1 empty:hidden first:pt-[1px]\"><div class=\"markdown prose dark:prose-invert w-full wrap-break-word light markdown-new-styling\"><p data-start=\"210\" data-end=\"734\" data-is-last-node=\"\" data-is-only-node=\"\">Finden Sie qualifizierte <a href=\"https:\/\/www.sprachlehrer-aktiv.de\/sprachen-lernen\/sprachkurse\/deutsch-lernen-privat\/\">Deutsch-Privatlehrer<\/a> f\u00fcr individuellen Einzelunterricht \u2013 vor Ort oder online.<br data-start=\"224\" data-end=\"227\" \/>Der Unterricht wird exakt auf Ihr Niveau, Ihre Ziele und Ihren Zeitplan abgestimmt.<br data-start=\"314\" data-end=\"317\" \/>Ideal f\u00fcr Beruf, Alltag oder Pr\u00fcfungen \u2013 mit maximaler Sprechpraxis.<br data-start=\"389\" data-end=\"392\" \/>Starten Sie jetzt mit einer kostenlosen Probestunde.<\/p><\/div><\/div><\/div><\/div><\/div><\/div><\/article><\/div>\t\t\t\t\t\t\t\t<\/div>\n\t\t<div class=\"elementor-element elementor-element-4173cad e-grid e-con-full e-con e-child\" data-id=\"4173cad\" data-element_type=\"container\" data-e-type=\"container\">\n\t\t<div class=\"elementor-element elementor-element-62a61bc9 e-con-full e-flex e-con e-child\" data-id=\"62a61bc9\" data-element_type=\"container\" data-e-type=\"container\" data-settings=\"{&quot;background_background&quot;:&quot;classic&quot;}\">\n\t\t\t\t<div class=\"elementor-element elementor-element-2eeb96bd elementor-widget elementor-widget-image\" data-id=\"2eeb96bd\" data-element_type=\"widget\" data-e-type=\"widget\" data-widget_type=\"image.default\">\n\t\t\t\t\t\t\t\t\t\t\t\t\t\t\t<img decoding=\"async\" width=\"800\" height=\"534\" src=\"https:\/\/www.sprachlehrer-aktiv.de\/deutsch-privatunterricht\/wp-content\/uploads\/2026\/02\/sprachlehrer_aktiv_deutschunterricht_vor_ort.jpg\" class=\"attachment-large size-large wp-image-72\" alt=\"Sprachlehrer Aktiv - Deutsch Privatunterricht vor Ort\" srcset=\"https:\/\/www.sprachlehrer-aktiv.de\/deutsch-privatunterricht\/wp-content\/uploads\/2026\/02\/sprachlehrer_aktiv_deutschunterricht_vor_ort.jpg 800w, https:\/\/www.sprachlehrer-aktiv.de\/deutsch-privatunterricht\/wp-content\/uploads\/2026\/02\/sprachlehrer_aktiv_deutschunterricht_vor_ort-300x200.jpg 300w, https:\/\/www.sprachlehrer-aktiv.de\/deutsch-privatunterricht\/wp-content\/uploads\/2026\/02\/sprachlehrer_aktiv_deutschunterricht_vor_ort-768x513.jpg 768w\" sizes=\"(max-width: 800px) 100vw, 800px\" \/>\t\t\t\t\t\t\t\t\t\t\t\t\t\t\t<\/div>\n\t\t\t\t<div class=\"elementor-element elementor-element-7f47305a elementor-widget elementor-widget-heading\" data-id=\"7f47305a\" data-element_type=\"widget\" data-e-type=\"widget\" data-widget_type=\"heading.default\">\n\t\t\t\t\t<h3 class=\"elementor-heading-title elementor-size-default\">Deutsch Privatkurs vor Ort<\/h3>\t\t\t\t<\/div>\n\t\t\t\t<div class=\"elementor-element elementor-element-3113dd6b elementor-widget elementor-widget-button\" data-id=\"3113dd6b\" data-element_type=\"widget\" data-e-type=\"widget\" data-widget_type=\"button.default\">\n\t\t\t\t\t\t\t\t\t\t<a class=\"elementor-button elementor-button-link elementor-size-sm\" href=\"#\">\n\t\t\t\t\t\t<span class=\"elementor-button-content-wrapper\">\n\t\t\t\t\t\t<span class=\"elementor-button-icon\">\n\t\t\t\t<svg aria-hidden=\"true\" class=\"e-font-icon-svg e-fas-arrow-right\" viewBox=\"0 0 448 512\" xmlns=\"http:\/\/www.w3.org\/2000\/svg\"><path d=\"M190.5 66.9l22.2-22.2c9.4-9.4 24.6-9.4 33.9 0L441 239c9.4 9.4 9.4 24.6 0 33.9L246.6 467.3c-9.4 9.4-24.6 9.4-33.9 0l-22.2-22.2c-9.5-9.5-9.3-25 .4-34.3L311.4 296H24c-13.3 0-24-10.7-24-24v-32c0-13.3 10.7-24 24-24h287.4L190.9 101.2c-9.8-9.3-10-24.8-.4-34.3z\"><\/path><\/svg>\t\t\t<\/span>\n\t\t\t\t\t\t\t\t\t<span class=\"elementor-button-text\">Mehr Information<\/span>\n\t\t\t\t\t<\/span>\n\t\t\t\t\t<\/a>\n\t\t\t\t\t\t\t\t<\/div>\n\t\t\t\t<\/div>\n\t\t<div class=\"elementor-element elementor-element-11c5786 e-con-full e-flex e-con e-child\" data-id=\"11c5786\" data-element_type=\"container\" data-e-type=\"container\" data-settings=\"{&quot;background_background&quot;:&quot;classic&quot;}\">\n\t\t\t\t<div class=\"elementor-element elementor-element-557915f elementor-widget elementor-widget-image\" data-id=\"557915f\" data-element_type=\"widget\" data-e-type=\"widget\" data-widget_type=\"image.default\">\n\t\t\t\t\t\t\t\t\t\t\t\t\t\t\t<img decoding=\"async\" width=\"800\" height=\"533\" src=\"https:\/\/www.sprachlehrer-aktiv.de\/deutsch-privatunterricht\/wp-content\/uploads\/2026\/02\/sprachlehrer_aktiv_deutsch_online_lernen.jpg\" class=\"attachment-large size-large wp-image-74\" alt=\"Sprachlehrer Aktiv - Deutsch online lernen\" srcset=\"https:\/\/www.sprachlehrer-aktiv.de\/deutsch-privatunterricht\/wp-content\/uploads\/2026\/02\/sprachlehrer_aktiv_deutsch_online_lernen.jpg 800w, https:\/\/www.sprachlehrer-aktiv.de\/deutsch-privatunterricht\/wp-content\/uploads\/2026\/02\/sprachlehrer_aktiv_deutsch_online_lernen-300x200.jpg 300w, https:\/\/www.sprachlehrer-aktiv.de\/deutsch-privatunterricht\/wp-content\/uploads\/2026\/02\/sprachlehrer_aktiv_deutsch_online_lernen-768x512.jpg 768w\" sizes=\"(max-width: 800px) 100vw, 800px\" \/>\t\t\t\t\t\t\t\t\t\t\t\t\t\t\t<\/div>\n\t\t\t\t<div class=\"elementor-element elementor-element-3286502 elementor-widget elementor-widget-heading\" data-id=\"3286502\" data-element_type=\"widget\" data-e-type=\"widget\" data-widget_type=\"heading.default\">\n\t\t\t\t\t<h2 class=\"elementor-heading-title elementor-size-default\">Deutsch online lernen von A1 bis C2<\/h2>\t\t\t\t<\/div>\n\t\t\t\t<div class=\"elementor-element elementor-element-659c847 elementor-widget elementor-widget-button\" data-id=\"659c847\" data-element_type=\"widget\" data-e-type=\"widget\" data-widget_type=\"button.default\">\n\t\t\t\t\t\t\t\t\t\t<a class=\"elementor-button elementor-button-link elementor-size-sm\" href=\"#\">\n\t\t\t\t\t\t<span class=\"elementor-button-content-wrapper\">\n\t\t\t\t\t\t<span class=\"elementor-button-icon\">\n\t\t\t\t<svg aria-hidden=\"true\" class=\"e-font-icon-svg e-fas-arrow-right\" viewBox=\"0 0 448 512\" xmlns=\"http:\/\/www.w3.org\/2000\/svg\"><path d=\"M190.5 66.9l22.2-22.2c9.4-9.4 24.6-9.4 33.9 0L441 239c9.4 9.4 9.4 24.6 0 33.9L246.6 467.3c-9.4 9.4-24.6 9.4-33.9 0l-22.2-22.2c-9.5-9.5-9.3-25 .4-34.3L311.4 296H24c-13.3 0-24-10.7-24-24v-32c0-13.3 10.7-24 24-24h287.4L190.9 101.2c-9.8-9.3-10-24.8-.4-34.3z\"><\/path><\/svg>\t\t\t<\/span>\n\t\t\t\t\t\t\t\t\t<span class=\"elementor-button-text\">Mehr Information<\/span>\n\t\t\t\t\t<\/span>\n\t\t\t\t\t<\/a>\n\t\t\t\t\t\t\t\t<\/div>\n\t\t\t\t<\/div>\n\t\t\t\t<\/div>\n\t\t\t\t<\/div>\n\t\t\t\t<\/div>\n\t\t<div class=\"elementor-element elementor-element-50088617 e-flex e-con-boxed e-con e-parent\" data-id=\"50088617\" data-element_type=\"container\" data-e-type=\"container\" data-settings=\"{&quot;background_background&quot;:&quot;classic&quot;}\">\n\t\t\t\t\t<div class=\"e-con-inner\">\n\t\t<div class=\"elementor-element elementor-element-7866b8ce e-con-full e-flex e-con e-child\" data-id=\"7866b8ce\" data-element_type=\"container\" data-e-type=\"container\">\n\t\t\t\t<div class=\"elementor-element elementor-element-2a2ab0f5 elementor-widget elementor-widget-heading\" data-id=\"2a2ab0f5\" data-element_type=\"widget\" data-e-type=\"widget\" data-widget_type=\"heading.default\">\n\t\t\t\t\t<h2 class=\"elementor-heading-title elementor-size-default\">Unsere Qualit\u00e4tsgarantie: Deutsch-Muttersprachler mit Leidenschaft<\/h2>\t\t\t\t<\/div>\n\t\t\t\t<div class=\"elementor-element elementor-element-7614991a elementor-widget elementor-widget-text-editor\" data-id=\"7614991a\" data-element_type=\"widget\" data-e-type=\"widget\" data-widget_type=\"text-editor.default\">\n\t\t\t\t\t\t\t\t\t<p>Ein exzellenter <b data-path-to-node=\"6\" data-index-in-node=\"16\">Deutschlehrer<\/b> zeichnet sich nicht nur durch Fachwissen aus, sondern durch die F\u00e4higkeit, dieses motivierend zu vermitteln. Alle Lehrkr\u00e4fte bei <a href=\"https:\/\/www.sprachlehrer-aktiv.de\/sprachen-lernen\/privatlehrer-finden\/sprachlehrer\/\"><b data-path-to-node=\"6\" data-index-in-node=\"159\">Sprachlehrer Aktiv<\/b><\/a> durchlaufen einen strengen Auswahlprozess, um h\u00f6chste Standards im <b data-path-to-node=\"6\" data-index-in-node=\"245\">Privatunterricht<\/b> zu garantieren:<\/p>\t\t\t\t\t\t\t\t<\/div>\n\t\t\t\t<div class=\"elementor-element elementor-element-b4cd504 elementor-align-start elementor-icon-list--layout-traditional elementor-list-item-link-full_width elementor-widget elementor-widget-icon-list\" data-id=\"b4cd504\" data-element_type=\"widget\" data-e-type=\"widget\" data-widget_type=\"icon-list.default\">\n\t\t\t\t\t\t\t<ul class=\"elementor-icon-list-items\">\n\t\t\t\t\t\t\t<li class=\"elementor-icon-list-item\">\n\t\t\t\t\t\t\t\t\t\t\t<span class=\"elementor-icon-list-icon\">\n\t\t\t\t\t\t\t<svg aria-hidden=\"true\" class=\"e-font-icon-svg e-fas-check\" viewBox=\"0 0 512 512\" xmlns=\"http:\/\/www.w3.org\/2000\/svg\"><path d=\"M173.898 439.404l-166.4-166.4c-9.997-9.997-9.997-26.206 0-36.204l36.203-36.204c9.997-9.998 26.207-9.998 36.204 0L192 312.69 432.095 72.596c9.997-9.997 26.207-9.997 36.204 0l36.203 36.204c9.997 9.997 9.997 26.206 0 36.204l-294.4 294.401c-9.998 9.997-26.207 9.997-36.204-.001z\"><\/path><\/svg>\t\t\t\t\t\t<\/span>\n\t\t\t\t\t\t\t\t\t\t<span class=\"elementor-icon-list-text\">Muttersprachliche Kompetenz: Lernen Sie authentische Redewendungen und eine korrekte Aussprache direkt von qualifizierten Muttersprachlern.<\/span>\n\t\t\t\t\t\t\t\t\t<\/li>\n\t\t\t\t\t\t\t\t<li class=\"elementor-icon-list-item\">\n\t\t\t\t\t\t\t\t\t\t\t<span class=\"elementor-icon-list-icon\">\n\t\t\t\t\t\t\t<svg aria-hidden=\"true\" class=\"e-font-icon-svg e-fas-check\" viewBox=\"0 0 512 512\" xmlns=\"http:\/\/www.w3.org\/2000\/svg\"><path d=\"M173.898 439.404l-166.4-166.4c-9.997-9.997-9.997-26.206 0-36.204l36.203-36.204c9.997-9.998 26.207-9.998 36.204 0L192 312.69 432.095 72.596c9.997-9.997 26.207-9.997 36.204 0l36.203 36.204c9.997 9.997 9.997 26.206 0 36.204l-294.4 294.401c-9.998 9.997-26.207 9.997-36.204-.001z\"><\/path><\/svg>\t\t\t\t\t\t<\/span>\n\t\t\t\t\t\t\t\t\t\t<span class=\"elementor-icon-list-text\">P\u00e4dagogische Erfahrung: Unsere Lehrer sind Experten darin, komplexe Inhalte verst\u00e4ndlich und mit Freude am Unterrichten zu erkl\u00e4ren.<\/span>\n\t\t\t\t\t\t\t\t\t<\/li>\n\t\t\t\t\t\t\t\t<li class=\"elementor-icon-list-item\">\n\t\t\t\t\t\t\t\t\t\t\t<span class=\"elementor-icon-list-icon\">\n\t\t\t\t\t\t\t<svg aria-hidden=\"true\" class=\"e-font-icon-svg e-fas-check\" viewBox=\"0 0 512 512\" xmlns=\"http:\/\/www.w3.org\/2000\/svg\"><path d=\"M173.898 439.404l-166.4-166.4c-9.997-9.997-9.997-26.206 0-36.204l36.203-36.204c9.997-9.998 26.207-9.998 36.204 0L192 312.69 432.095 72.596c9.997-9.997 26.207-9.997 36.204 0l36.203 36.204c9.997 9.997 9.997 26.206 0 36.204l-294.4 294.401c-9.998 9.997-26.207 9.997-36.204-.001z\"><\/path><\/svg>\t\t\t\t\t\t<\/span>\n\t\t\t\t\t\t\t\t\t\t<span class=\"elementor-icon-list-text\">Empathie &amp; Motivation: Wir legen Wert auf Lehrkr\u00e4fte, die eine vertrauensvolle Lernatmosph\u00e4re schaffen, Hemmungen abbauen und Sie aktiv zum freien Sprechen ermutigen.<\/span>\n\t\t\t\t\t\t\t\t\t<\/li>\n\t\t\t\t\t\t<\/ul>\n\t\t\t\t\t\t<\/div>\n\t\t\t\t<\/div>\n\t\t\t\t\t<\/div>\n\t\t\t\t<\/div>\n\t\t<div class=\"elementor-element elementor-element-9cb4656 e-flex e-con-boxed e-con e-parent\" data-id=\"9cb4656\" data-element_type=\"container\" data-e-type=\"container\">\n\t\t\t\t\t<div class=\"e-con-inner\">\n\t\t\t\t<div class=\"elementor-element elementor-element-e49c6b7 elementor-widget elementor-widget-button\" data-id=\"e49c6b7\" data-element_type=\"widget\" data-e-type=\"widget\" data-widget_type=\"button.default\">\n\t\t\t\t\t\t\t\t\t\t<a class=\"elementor-button elementor-button-link elementor-size-sm\" href=\"https:\/\/www.sprachlehrer-aktiv.de\/deutsch-privatunterricht\/kontakt\/\">\n\t\t\t\t\t\t<span class=\"elementor-button-content-wrapper\">\n\t\t\t\t\t\t<span class=\"elementor-button-icon\">\n\t\t\t\t<svg aria-hidden=\"true\" class=\"e-font-icon-svg e-fas-arrow-right\" viewBox=\"0 0 448 512\" xmlns=\"http:\/\/www.w3.org\/2000\/svg\"><path d=\"M190.5 66.9l22.2-22.2c9.4-9.4 24.6-9.4 33.9 0L441 239c9.4 9.4 9.4 24.6 0 33.9L246.6 467.3c-9.4 9.4-24.6 9.4-33.9 0l-22.2-22.2c-9.5-9.5-9.3-25 .4-34.3L311.4 296H24c-13.3 0-24-10.7-24-24v-32c0-13.3 10.7-24 24-24h287.4L190.9 101.2c-9.8-9.3-10-24.8-.4-34.3z\"><\/path><\/svg>\t\t\t<\/span>\n\t\t\t\t\t\t\t\t\t<span class=\"elementor-button-text\">Schnelle Anfrage<\/span>\n\t\t\t\t\t<\/span>\n\t\t\t\t\t<\/a>\n\t\t\t\t\t\t\t\t<\/div>\n\t\t\t\t\t<\/div>\n\t\t\t\t<\/div>\n\t\t<div class=\"elementor-element elementor-element-a7ee83a e-flex e-con-boxed e-con e-parent\" data-id=\"a7ee83a\" data-element_type=\"container\" data-e-type=\"container\">\n\t\t\t\t\t<div class=\"e-con-inner\">\n\t\t\t\t<div class=\"elementor-element elementor-element-3a893f3 elementor-widget elementor-widget-heading\" data-id=\"3a893f3\" data-element_type=\"widget\" data-e-type=\"widget\" data-widget_type=\"heading.default\">\n\t\t\t\t\t<h2 class=\"elementor-heading-title elementor-size-default\">Sprachlehrer Aktiv Erfahrungen: Das sagen unsere Kursteilnehmer<\/h2>\t\t\t\t<\/div>\n\t\t\t\t\t<\/div>\n\t\t\t\t<\/div>\n\t\t<div class=\"elementor-element elementor-element-cb2dc89 e-flex e-con-boxed e-con e-parent\" data-id=\"cb2dc89\" data-element_type=\"container\" data-e-type=\"container\">\n\t\t\t\t\t<div class=\"e-con-inner\">\n\t\t<div class=\"elementor-element elementor-element-1eafbd2 e-con-full e-flex e-con e-child\" data-id=\"1eafbd2\" data-element_type=\"container\" data-e-type=\"container\" data-settings=\"{&quot;background_background&quot;:&quot;classic&quot;}\">\n\t\t\t\t<div class=\"elementor-element elementor-element-c9762ee elementor-widget__width-initial elementor-widget elementor-widget-text-editor\" data-id=\"c9762ee\" data-element_type=\"widget\" data-e-type=\"widget\" data-widget_type=\"text-editor.default\">\n\t\t\t\t\t\t\t\t\t<pre class=\"ti-widget\"><template id=\"trustindex-google-widget-html\"><div class=\" ti-widget  ti-goog ti-review-text-mode-readmore ti-content-align-center\" data-no-translation=\"true\" data-time-locale=\"vor %d %s|Heute|Tag|Tagen|Woche|Wochen|Monat|Monaten|Jahr|Jahren\" data-plugin-version=\"13.2.7\" data-layout-id=\"36\" data-layout-category=\"slider\" data-set-id=\"ligth-border\" data-pid=\"\" data-language=\"de\" data-close-locale=\"Schlie\u00dfen\" data-review-target-width=\"300\" data-css-version=\"2\" data-reply-by-locale=\"Antwort des Eigent\u00fcmers\" data-only-rating-locale=\"Dieser Nutzer hat lediglich eine Bewertung abgegeben.\" data-pager-autoplay-timeout=\"6\"> <div class=\"ti-widget-container ti-col-3\"> <div class=\"ti-reviews-container\"> <div class=\"ti-controls\"> <div class=\"ti-next\" aria-label=\"N\u00e4chste Bewertung\" role=\"button\" tabindex=\"0\"><\/div> <div class=\"ti-prev\" aria-label=\"Vorherige Bewertung\" role=\"button\" tabindex=\"0\"><\/div> <\/div> <div class=\"ti-reviews-container-wrapper\">  <div data-empty=\"0\" data-time=\"1737936000\" class=\"ti-review-item source-Google ti-image-layout-thumbnail\" data-id=\"cfcd208495d565ef66e7dff9f98764da\"> <div class=\"ti-inner\"> <div class=\"ti-review-header\"> <trustindex-image class=\"ti-platform-icon\" data-imgurl=\"https:\/\/cdn.trustindex.io\/assets\/platform\/Google\/icon.svg\" alt=\"\" width=\"20\" height=\"20\" loading=\"lazy\"><\/trustindex-image> <div class=\"ti-profile-img\"> <trustindex-image data-imgurl=\"https:\/\/lh3.googleusercontent.com\/a\/ACg8ocIBvIcfjjrTGqSNAmnklCLmoJQ-8YvOfLWuZWs7yEhGBuUKPA=w64-h64-c-rp-mo-br100\" alt=\"Felix M\u00f6llmann profile picture\" loading=\"lazy\"><\/trustindex-image> <\/div> <div class=\"ti-profile-details\"> <div class=\"ti-name\"> Felix M\u00f6llmann <\/div> <div class=\"ti-date\"><\/div> <\/div> <\/div> <span class=\"ti-stars\"><trustindex-image class=\"ti-star\" data-imgurl=\"https:\/\/cdn.trustindex.io\/assets\/platform\/Google\/star\/f.svg\" alt=\"Google\" width=\"17\" height=\"17\" loading=\"lazy\"><\/trustindex-image><trustindex-image class=\"ti-star\" data-imgurl=\"https:\/\/cdn.trustindex.io\/assets\/platform\/Google\/star\/f.svg\" alt=\"Google\" width=\"17\" height=\"17\" loading=\"lazy\"><\/trustindex-image><trustindex-image class=\"ti-star\" data-imgurl=\"https:\/\/cdn.trustindex.io\/assets\/platform\/Google\/star\/f.svg\" alt=\"Google\" width=\"17\" height=\"17\" loading=\"lazy\"><\/trustindex-image><trustindex-image class=\"ti-star\" data-imgurl=\"https:\/\/cdn.trustindex.io\/assets\/platform\/Google\/star\/f.svg\" alt=\"Google\" width=\"17\" height=\"17\" loading=\"lazy\"><\/trustindex-image><trustindex-image class=\"ti-star\" data-imgurl=\"https:\/\/cdn.trustindex.io\/assets\/platform\/Google\/star\/f.svg\" alt=\"Google\" width=\"17\" height=\"17\" loading=\"lazy\"><\/trustindex-image><span class=\"ti-verified-review ti-verified-platform\"><span class=\"ti-verified-tooltip\">Trustindex \u00fcberpr\u00fcft, ob die Originalquelle der Bewertung Google ist.<\/span><\/span><\/span> <div class=\"ti-review-text-container ti-review-content\"><!-- R-CONTENT -->Ich habe bei Sprachlehrer Aktiv ein Sprachkurs gemacht und bin begeistert! Die Lehrkr\u00e4fte waren super \u2013 kompetent, freundlich und motivierend. Kann die Sprachschule nur weiterempfehlen!<!-- R-CONTENT --><\/div> <span class=\"ti-read-more\" data-container=\".ti-review-content\" data-collapse-text=\"Ausblenden\" data-open-text=\"Weiterlesen\"><\/span> <\/div> <\/div>  <div data-empty=\"0\" data-time=\"1595808000\" class=\"ti-review-item source-Google ti-image-layout-thumbnail\" data-id=\"cfcd208495d565ef66e7dff9f98764da\"> <div class=\"ti-inner\"> <div class=\"ti-review-header\"> <trustindex-image class=\"ti-platform-icon\" data-imgurl=\"https:\/\/cdn.trustindex.io\/assets\/platform\/Google\/icon.svg\" alt=\"\" width=\"20\" height=\"20\" loading=\"lazy\"><\/trustindex-image> <div class=\"ti-profile-img\"> <trustindex-image data-imgurl=\"https:\/\/lh3.googleusercontent.com\/a\/ACg8ocIGgnn7flPufL_rOL6W7UASqT5nyH-NSYp0_NCY7NPXkdrJWQ=w64-h64-c-rp-mo-br100\" alt=\"Dominika Dvorak profile picture\" loading=\"lazy\"><\/trustindex-image> <\/div> <div class=\"ti-profile-details\"> <div class=\"ti-name\"> Dominika Dvorak <\/div> <div class=\"ti-date\"><\/div> <\/div> <\/div> <span class=\"ti-stars\"><trustindex-image class=\"ti-star\" data-imgurl=\"https:\/\/cdn.trustindex.io\/assets\/platform\/Google\/star\/f.svg\" alt=\"Google\" width=\"17\" height=\"17\" loading=\"lazy\"><\/trustindex-image><trustindex-image class=\"ti-star\" data-imgurl=\"https:\/\/cdn.trustindex.io\/assets\/platform\/Google\/star\/f.svg\" alt=\"Google\" width=\"17\" height=\"17\" loading=\"lazy\"><\/trustindex-image><trustindex-image class=\"ti-star\" data-imgurl=\"https:\/\/cdn.trustindex.io\/assets\/platform\/Google\/star\/f.svg\" alt=\"Google\" width=\"17\" height=\"17\" loading=\"lazy\"><\/trustindex-image><trustindex-image class=\"ti-star\" data-imgurl=\"https:\/\/cdn.trustindex.io\/assets\/platform\/Google\/star\/f.svg\" alt=\"Google\" width=\"17\" height=\"17\" loading=\"lazy\"><\/trustindex-image><trustindex-image class=\"ti-star\" data-imgurl=\"https:\/\/cdn.trustindex.io\/assets\/platform\/Google\/star\/f.svg\" alt=\"Google\" width=\"17\" height=\"17\" loading=\"lazy\"><\/trustindex-image><span class=\"ti-verified-review ti-verified-platform\"><span class=\"ti-verified-tooltip\">Trustindex \u00fcberpr\u00fcft, ob die Originalquelle der Bewertung Google ist.<\/span><\/span><\/span> <div class=\"ti-review-text-container ti-review-content\"><!-- R-CONTENT -->Ich habe an einem Privatunterricht mit einer tollen Lehrkraft teilgenommen. Mir haben besonders ihre Hilfsbereitschaft und Leidenschaft f\u00fcr Deutsche Sprache angesprochen. Nach dem Anschluss bin ich auf jeden Fall mehr konversationssicher. Ich w\u00fcrde diese angebotenen Kurse an meine Kollegen auf jedem Fall empfehlen.<!-- R-CONTENT --><\/div> <span class=\"ti-read-more\" data-container=\".ti-review-content\" data-collapse-text=\"Ausblenden\" data-open-text=\"Weiterlesen\"><\/span> <\/div> <\/div>  <div data-empty=\"0\" data-time=\"1595808000\" class=\"ti-review-item source-Google ti-image-layout-thumbnail\" data-id=\"cfcd208495d565ef66e7dff9f98764da\"> <div class=\"ti-inner\"> <div class=\"ti-review-header\"> <trustindex-image class=\"ti-platform-icon\" data-imgurl=\"https:\/\/cdn.trustindex.io\/assets\/platform\/Google\/icon.svg\" alt=\"\" width=\"20\" height=\"20\" loading=\"lazy\"><\/trustindex-image> <div class=\"ti-profile-img\"> <trustindex-image data-imgurl=\"https:\/\/lh3.googleusercontent.com\/a\/ACg8ocLF-4XemnsdPvtJmtID72186RQDqiltKRxjlaYkgZ528pvi5w=w64-h64-c-rp-mo-br100\" alt=\"Greta Pattarozzi profile picture\" loading=\"lazy\"><\/trustindex-image> <\/div> <div class=\"ti-profile-details\"> <div class=\"ti-name\"> Greta Pattarozzi <\/div> <div class=\"ti-date\"><\/div> <\/div> <\/div> <span class=\"ti-stars\"><trustindex-image class=\"ti-star\" data-imgurl=\"https:\/\/cdn.trustindex.io\/assets\/platform\/Google\/star\/f.svg\" alt=\"Google\" width=\"17\" height=\"17\" loading=\"lazy\"><\/trustindex-image><trustindex-image class=\"ti-star\" data-imgurl=\"https:\/\/cdn.trustindex.io\/assets\/platform\/Google\/star\/f.svg\" alt=\"Google\" width=\"17\" height=\"17\" loading=\"lazy\"><\/trustindex-image><trustindex-image class=\"ti-star\" data-imgurl=\"https:\/\/cdn.trustindex.io\/assets\/platform\/Google\/star\/f.svg\" alt=\"Google\" width=\"17\" height=\"17\" loading=\"lazy\"><\/trustindex-image><trustindex-image class=\"ti-star\" data-imgurl=\"https:\/\/cdn.trustindex.io\/assets\/platform\/Google\/star\/f.svg\" alt=\"Google\" width=\"17\" height=\"17\" loading=\"lazy\"><\/trustindex-image><trustindex-image class=\"ti-star\" data-imgurl=\"https:\/\/cdn.trustindex.io\/assets\/platform\/Google\/star\/f.svg\" alt=\"Google\" width=\"17\" height=\"17\" loading=\"lazy\"><\/trustindex-image><span class=\"ti-verified-review ti-verified-platform\"><span class=\"ti-verified-tooltip\">Trustindex \u00fcberpr\u00fcft, ob die Originalquelle der Bewertung Google ist.<\/span><\/span><\/span> <div class=\"ti-review-text-container ti-review-content\"><!-- R-CONTENT -->Ich habe einen Deutsch-Privatkurs mit einer tollen sympathischen Lehrerin besucht.\nDie muttersprachliche Lehrerin war nett und hilfsbereit.\nIch empfehle Sie euch weiter.<!-- R-CONTENT --><\/div> <span class=\"ti-read-more\" data-container=\".ti-review-content\" data-collapse-text=\"Ausblenden\" data-open-text=\"Weiterlesen\"><\/span> <\/div> <\/div>  <div data-empty=\"0\" data-time=\"1586736000\" class=\"ti-review-item source-Google ti-image-layout-thumbnail\" data-id=\"cfcd208495d565ef66e7dff9f98764da\"> <div class=\"ti-inner\"> <div class=\"ti-review-header\"> <trustindex-image class=\"ti-platform-icon\" data-imgurl=\"https:\/\/cdn.trustindex.io\/assets\/platform\/Google\/icon.svg\" alt=\"\" width=\"20\" height=\"20\" loading=\"lazy\"><\/trustindex-image> <div class=\"ti-profile-img\"> <trustindex-image data-imgurl=\"https:\/\/lh3.googleusercontent.com\/a-\/ALV-UjVzfdPy4rom1_1bTgTykBs-aCOodLLqvrt2cgsKVCfiAmprnS4=w64-h64-c-rp-mo-br100\" alt=\"Gibeleen Amponsah Nimpong profile picture\" loading=\"lazy\"><\/trustindex-image> <\/div> <div class=\"ti-profile-details\"> <div class=\"ti-name\"> Gibeleen Amponsah Nimpong <\/div> <div class=\"ti-date\"><\/div> <\/div> <\/div> <span class=\"ti-stars\"><trustindex-image class=\"ti-star\" data-imgurl=\"https:\/\/cdn.trustindex.io\/assets\/platform\/Google\/star\/f.svg\" alt=\"Google\" width=\"17\" height=\"17\" loading=\"lazy\"><\/trustindex-image><trustindex-image class=\"ti-star\" data-imgurl=\"https:\/\/cdn.trustindex.io\/assets\/platform\/Google\/star\/f.svg\" alt=\"Google\" width=\"17\" height=\"17\" loading=\"lazy\"><\/trustindex-image><trustindex-image class=\"ti-star\" data-imgurl=\"https:\/\/cdn.trustindex.io\/assets\/platform\/Google\/star\/f.svg\" alt=\"Google\" width=\"17\" height=\"17\" loading=\"lazy\"><\/trustindex-image><trustindex-image class=\"ti-star\" data-imgurl=\"https:\/\/cdn.trustindex.io\/assets\/platform\/Google\/star\/f.svg\" alt=\"Google\" width=\"17\" height=\"17\" loading=\"lazy\"><\/trustindex-image><trustindex-image class=\"ti-star\" data-imgurl=\"https:\/\/cdn.trustindex.io\/assets\/platform\/Google\/star\/f.svg\" alt=\"Google\" width=\"17\" height=\"17\" loading=\"lazy\"><\/trustindex-image><span class=\"ti-verified-review ti-verified-platform\"><span class=\"ti-verified-tooltip\">Trustindex \u00fcberpr\u00fcft, ob die Originalquelle der Bewertung Google ist.<\/span><\/span><\/span> <div class=\"ti-review-text-container ti-review-content\"><!-- R-CONTENT -->The perfect language school ever. Highly recommend for anyone looking forward to learning a new language. You won't be disappointed.<!-- R-CONTENT --><\/div> <span class=\"ti-read-more\" data-container=\".ti-review-content\" data-collapse-text=\"Ausblenden\" data-open-text=\"Weiterlesen\"><\/span> <\/div> <\/div>  <div data-empty=\"0\" data-time=\"1586736000\" class=\"ti-review-item source-Google ti-image-layout-thumbnail\" data-id=\"cfcd208495d565ef66e7dff9f98764da\"> <div class=\"ti-inner\"> <div class=\"ti-review-header\"> <trustindex-image class=\"ti-platform-icon\" data-imgurl=\"https:\/\/cdn.trustindex.io\/assets\/platform\/Google\/icon.svg\" alt=\"\" width=\"20\" height=\"20\" loading=\"lazy\"><\/trustindex-image> <div class=\"ti-profile-img\"> <trustindex-image data-imgurl=\"https:\/\/lh3.googleusercontent.com\/a-\/ALV-UjV-zZw54wiU66VS6R-Ve3dmiOMq4ruF-tECkI3DfQ5UNm82yJ0=w64-h64-c-rp-mo-ba3-br100\" alt=\"A. Sadeque profile picture\" loading=\"lazy\"><\/trustindex-image> <\/div> <div class=\"ti-profile-details\"> <div class=\"ti-name\"> A. Sadeque <\/div> <div class=\"ti-date\"><\/div> <\/div> <\/div> <span class=\"ti-stars\"><trustindex-image class=\"ti-star\" data-imgurl=\"https:\/\/cdn.trustindex.io\/assets\/platform\/Google\/star\/f.svg\" alt=\"Google\" width=\"17\" height=\"17\" loading=\"lazy\"><\/trustindex-image><trustindex-image class=\"ti-star\" data-imgurl=\"https:\/\/cdn.trustindex.io\/assets\/platform\/Google\/star\/f.svg\" alt=\"Google\" width=\"17\" height=\"17\" loading=\"lazy\"><\/trustindex-image><trustindex-image class=\"ti-star\" data-imgurl=\"https:\/\/cdn.trustindex.io\/assets\/platform\/Google\/star\/f.svg\" alt=\"Google\" width=\"17\" height=\"17\" loading=\"lazy\"><\/trustindex-image><trustindex-image class=\"ti-star\" data-imgurl=\"https:\/\/cdn.trustindex.io\/assets\/platform\/Google\/star\/f.svg\" alt=\"Google\" width=\"17\" height=\"17\" loading=\"lazy\"><\/trustindex-image><trustindex-image class=\"ti-star\" data-imgurl=\"https:\/\/cdn.trustindex.io\/assets\/platform\/Google\/star\/f.svg\" alt=\"Google\" width=\"17\" height=\"17\" loading=\"lazy\"><\/trustindex-image><span class=\"ti-verified-review ti-verified-platform\"><span class=\"ti-verified-tooltip\">Trustindex \u00fcberpr\u00fcft, ob die Originalquelle der Bewertung Google ist.<\/span><\/span><\/span> <div class=\"ti-review-text-container ti-review-content\"><!-- R-CONTENT -->Ich hatte eine super Lehrerin f\u00fcr Englisch Privatkurs. Herzlichen Dank!<!-- R-CONTENT --><\/div> <span class=\"ti-read-more\" data-container=\".ti-review-content\" data-collapse-text=\"Ausblenden\" data-open-text=\"Weiterlesen\"><\/span> <\/div> <\/div>  <div data-empty=\"0\" data-time=\"1551312000\" class=\"ti-review-item source-Google ti-image-layout-thumbnail\" data-id=\"cfcd208495d565ef66e7dff9f98764da\"> <div class=\"ti-inner\"> <div class=\"ti-review-header\"> <trustindex-image class=\"ti-platform-icon\" data-imgurl=\"https:\/\/cdn.trustindex.io\/assets\/platform\/Google\/icon.svg\" alt=\"\" width=\"20\" height=\"20\" loading=\"lazy\"><\/trustindex-image> <div class=\"ti-profile-img\"> <trustindex-image data-imgurl=\"https:\/\/lh3.googleusercontent.com\/a-\/ALV-UjU3zG57U-VumAbsAvCAl0uArrC0TJzUzboY0jmJCKqP5fqohPxSPA=w64-h64-c-rp-mo-br100\" alt=\"Alessia M (xheyhale) profile picture\" loading=\"lazy\"><\/trustindex-image> <\/div> <div class=\"ti-profile-details\"> <div class=\"ti-name\"> Alessia M (xheyhale) <\/div> <div class=\"ti-date\"><\/div> <\/div> <\/div> <span class=\"ti-stars\"><trustindex-image class=\"ti-star\" data-imgurl=\"https:\/\/cdn.trustindex.io\/assets\/platform\/Google\/star\/f.svg\" alt=\"Google\" width=\"17\" height=\"17\" loading=\"lazy\"><\/trustindex-image><trustindex-image class=\"ti-star\" data-imgurl=\"https:\/\/cdn.trustindex.io\/assets\/platform\/Google\/star\/f.svg\" alt=\"Google\" width=\"17\" height=\"17\" loading=\"lazy\"><\/trustindex-image><trustindex-image class=\"ti-star\" data-imgurl=\"https:\/\/cdn.trustindex.io\/assets\/platform\/Google\/star\/f.svg\" alt=\"Google\" width=\"17\" height=\"17\" loading=\"lazy\"><\/trustindex-image><trustindex-image class=\"ti-star\" data-imgurl=\"https:\/\/cdn.trustindex.io\/assets\/platform\/Google\/star\/f.svg\" alt=\"Google\" width=\"17\" height=\"17\" loading=\"lazy\"><\/trustindex-image><trustindex-image class=\"ti-star\" data-imgurl=\"https:\/\/cdn.trustindex.io\/assets\/platform\/Google\/star\/f.svg\" alt=\"Google\" width=\"17\" height=\"17\" loading=\"lazy\"><\/trustindex-image><span class=\"ti-verified-review ti-verified-platform\"><span class=\"ti-verified-tooltip\">Trustindex \u00fcberpr\u00fcft, ob die Originalquelle der Bewertung Google ist.<\/span><\/span><\/span> <div class=\"ti-review-text-container ti-review-content\"><!-- R-CONTENT -->Volendo migliorare il mio tedesco, ho iniziato un corso privato di tedesco con Sprachschule Aktiv. Consiglio a tutti questa opzione per imparare velocemente, avendo a che fare con insegnanti qualificati, gentili e disponibili, disposti a venire incontro anche per quanto riguarda gli argomenti. Inoltre, sono molto attenti alle esigenze personali. Non potrei essere pi\u00f9 soddisfatta!<!-- R-CONTENT --><\/div> <span class=\"ti-read-more\" data-container=\".ti-review-content\" data-collapse-text=\"Ausblenden\" data-open-text=\"Weiterlesen\"><\/span> <\/div> <\/div>  <div data-empty=\"0\" data-time=\"1543881600\" class=\"ti-review-item source-Google ti-image-layout-thumbnail\" data-id=\"cfcd208495d565ef66e7dff9f98764da\"> <div class=\"ti-inner\"> <div class=\"ti-review-header\"> <trustindex-image class=\"ti-platform-icon\" data-imgurl=\"https:\/\/cdn.trustindex.io\/assets\/platform\/Google\/icon.svg\" alt=\"\" width=\"20\" height=\"20\" loading=\"lazy\"><\/trustindex-image> <div class=\"ti-profile-img\"> <trustindex-image data-imgurl=\"https:\/\/lh3.googleusercontent.com\/a\/ACg8ocKhwuXKiC6AH9PURyibw3vmbOyhYUlYulYGpCLEbjPnY3c16w=w64-h64-c-rp-mo-ba3-br100\" alt=\"damir descalzi profile picture\" loading=\"lazy\"><\/trustindex-image> <\/div> <div class=\"ti-profile-details\"> <div class=\"ti-name\"> damir descalzi <\/div> <div class=\"ti-date\"><\/div> <\/div> <\/div> <span class=\"ti-stars\"><trustindex-image class=\"ti-star\" data-imgurl=\"https:\/\/cdn.trustindex.io\/assets\/platform\/Google\/star\/f.svg\" alt=\"Google\" width=\"17\" height=\"17\" loading=\"lazy\"><\/trustindex-image><trustindex-image class=\"ti-star\" data-imgurl=\"https:\/\/cdn.trustindex.io\/assets\/platform\/Google\/star\/f.svg\" alt=\"Google\" width=\"17\" height=\"17\" loading=\"lazy\"><\/trustindex-image><trustindex-image class=\"ti-star\" data-imgurl=\"https:\/\/cdn.trustindex.io\/assets\/platform\/Google\/star\/f.svg\" alt=\"Google\" width=\"17\" height=\"17\" loading=\"lazy\"><\/trustindex-image><trustindex-image class=\"ti-star\" data-imgurl=\"https:\/\/cdn.trustindex.io\/assets\/platform\/Google\/star\/f.svg\" alt=\"Google\" width=\"17\" height=\"17\" loading=\"lazy\"><\/trustindex-image><trustindex-image class=\"ti-star\" data-imgurl=\"https:\/\/cdn.trustindex.io\/assets\/platform\/Google\/star\/f.svg\" alt=\"Google\" width=\"17\" height=\"17\" loading=\"lazy\"><\/trustindex-image><span class=\"ti-verified-review ti-verified-platform\"><span class=\"ti-verified-tooltip\">Trustindex \u00fcberpr\u00fcft, ob die Originalquelle der Bewertung Google ist.<\/span><\/span><\/span> <div class=\"ti-review-text-container ti-review-content\"><!-- R-CONTENT -->He hecho unas clases privadas de Ingles y Bosnio y la verdad que estoy muy a gusto con la empresa. Si tenias cualquier duda te la resolvian y los profesores son muy amables y comprensibles y te ayudan en todo momento. Y lo mejor de todo es que hacen clases de muchisimos idiomas y lo puedes hacer tanto por Skype o presencial, muy recomendable!<!-- R-CONTENT --><\/div> <span class=\"ti-read-more\" data-container=\".ti-review-content\" data-collapse-text=\"Ausblenden\" data-open-text=\"Weiterlesen\"><\/span> <\/div> <\/div>  <\/div> <div class=\"ti-controls-line\"> <div class=\"dot\"><\/div> <\/div> <\/div>    <\/div> <\/div> <\/template><\/pre><div data-src=\"https:\/\/cdn.trustindex.io\/loader.js?wp-widget\" data-template-id=\"trustindex-google-widget-html\" data-css-url=\"https:\/\/www.sprachlehrer-aktiv.de\/deutsch-privatunterricht\/wp-content\/uploads\/trustindex-google-widget.css?1770063897\"><\/div>\t\t\t\t\t\t\t\t<\/div>\n\t\t<div class=\"elementor-element elementor-element-7b5c675 e-grid e-con-full e-con e-child\" data-id=\"7b5c675\" data-element_type=\"container\" data-e-type=\"container\">\n\t\t\t\t<div class=\"elementor-element elementor-element-355ec30 elementor-widget elementor-widget-image\" data-id=\"355ec30\" data-element_type=\"widget\" data-e-type=\"widget\" data-widget_type=\"image.default\">\n\t\t\t\t\t\t\t\t\t\t\t\t\t\t\t<img loading=\"lazy\" decoding=\"async\" width=\"120\" height=\"69\" src=\"https:\/\/www.sprachlehrer-aktiv.de\/deutsch-privatunterricht\/wp-content\/uploads\/2026\/02\/logo-google-reviews-1.webp\" class=\"attachment-large size-large wp-image-43\" alt=\"\" \/>\t\t\t\t\t\t\t\t\t\t\t\t\t\t\t<\/div>\n\t\t\t\t<div class=\"elementor-element elementor-element-52b753f elementor-widget elementor-widget-image\" data-id=\"52b753f\" data-element_type=\"widget\" data-e-type=\"widget\" data-widget_type=\"image.default\">\n\t\t\t\t\t\t\t\t\t\t\t\t\t\t\t<img loading=\"lazy\" decoding=\"async\" width=\"145\" height=\"69\" src=\"https:\/\/www.sprachlehrer-aktiv.de\/deutsch-privatunterricht\/wp-content\/uploads\/2026\/02\/logo-proventexpert.webp\" class=\"attachment-large size-large wp-image-44\" alt=\"\" \/>\t\t\t\t\t\t\t\t\t\t\t\t\t\t\t<\/div>\n\t\t\t\t<\/div>\n\t\t\t\t<\/div>\n\t\t\t\t\t<\/div>\n\t\t\t\t<\/div>\n\t\t<div class=\"elementor-element elementor-element-31b29f45 e-flex e-con-boxed e-con e-parent\" data-id=\"31b29f45\" data-element_type=\"container\" data-e-type=\"container\">\n\t\t\t\t\t<div class=\"e-con-inner\">\n\t\t<a class=\"elementor-element elementor-element-4ea6b3f e-con-full e-flex e-con e-child\" data-id=\"4ea6b3f\" data-element_type=\"container\" data-e-type=\"container\" data-settings=\"{&quot;background_background&quot;:&quot;classic&quot;}\" href=\"#\">\n\t\t\t\t<div class=\"elementor-element elementor-element-eeb204c elementor-widget__width-initial elementor-widget elementor-widget-heading\" data-id=\"eeb204c\" data-element_type=\"widget\" data-e-type=\"widget\" data-widget_type=\"heading.default\">\n\t\t\t\t\t<h2 class=\"elementor-heading-title elementor-size-default\">Heben Sie Ihre Deutschkenntnisse auf das n\u00e4chste Level \u2013 mit der Expertise von Sprachlehrer Aktiv<\/h2>\t\t\t\t<\/div>\n\t\t\t\t<div class=\"elementor-element elementor-element-f59ce41 elementor-widget elementor-widget-text-editor\" data-id=\"f59ce41\" data-element_type=\"widget\" data-e-type=\"widget\" data-widget_type=\"text-editor.default\">\n\t\t\t\t\t\t\t\t\t<p>Kontaktieren Sie uns noch heute f\u00fcr eine unverbindliche Beratung!<\/p>\t\t\t\t\t\t\t\t<\/div>\n\t\t\t\t<\/a>\n\t\t<a class=\"elementor-element elementor-element-f033174 e-con-full e-flex e-con e-child\" data-id=\"f033174\" data-element_type=\"container\" data-e-type=\"container\" data-settings=\"{&quot;background_background&quot;:&quot;classic&quot;}\" href=\"https:\/\/www.sprachlehrer-aktiv.de\/deutsch-privatunterricht\/kontakt\/\">\n\t\t\t\t<div class=\"elementor-element elementor-element-c84caf5 elementor-widget elementor-widget-text-editor\" data-id=\"c84caf5\" data-element_type=\"widget\" data-e-type=\"widget\" data-widget_type=\"text-editor.default\">\n\t\t\t\t\t\t\t\t\t<p>Jetzt kostenlose Beratung oder Probestunde sichern<\/p>\t\t\t\t\t\t\t\t<\/div>\n\t\t\t\t<\/a>\n\t\t\t\t\t<\/div>\n\t\t\t\t<\/div>\n\t\t<div class=\"elementor-element elementor-element-31f2024 e-flex e-con-boxed e-con e-parent\" data-id=\"31f2024\" data-element_type=\"container\" data-e-type=\"container\">\n\t\t\t\t\t<div class=\"e-con-inner\">\n\t\t\t\t<div class=\"elementor-element elementor-element-7aba727 elementor-widget elementor-widget-text-editor\" data-id=\"7aba727\" data-element_type=\"widget\" data-e-type=\"widget\" data-widget_type=\"text-editor.default\">\n\t\t\t\t\t\t\t\t\t<h2>Alle Sprachniveaus von A1 bis C2<\/h2><p>Der Unterricht orientiert sich am<br \/><strong>Gemeinsamen Europ\u00e4ischen Referenzrahmen f\u00fcr Sprachen (GER)<\/strong>:<\/p><ul><li><strong>A1\u2013A2:<\/strong> Grundlagen f\u00fcr Alltag und einfache Kommunikation<\/li><li><strong>B1\u2013B2:<\/strong> selbstst\u00e4ndige Sprachverwendung im Beruf und Alltag<\/li><li><strong>C1\u2013C2:<\/strong> nahezu muttersprachliche Sprachkompetenz<\/li><\/ul><h2>Preise f\u00fcr Deutsch-Privatunterricht<\/h2><p>Eine Unterrichtseinheit (UE) entspricht <strong>45 Minuten<\/strong>.<br \/>Je mehr Unterrichtseinheiten Sie buchen,<br \/>desto g\u00fcnstiger wird der Preis pro Einheit.<\/p><table style=\"border-collapse: collapse; width: 100%;\" border=\"1\" cellspacing=\"0\" cellpadding=\"10\"><thead><tr style=\"background-color: #f5f5f5;\"><th style=\"text-align: left;\">Anzahl der Unterrichtseinheiten<\/th><th style=\"text-align: left;\">Preis pro UE (45 Minuten)<\/th><\/tr><\/thead><tbody><tr><td>ab 10 UE<\/td><td>45 \u20ac<\/td><\/tr><tr><td>ab 20 UE<\/td><td>42 \u20ac<\/td><\/tr><tr><td>ab 50 UE<\/td><td>38 \u20ac<\/td><\/tr><tr><td>ab 80 UE<\/td><td>35 \u20ac<\/td><\/tr><\/tbody><\/table><p>\u2714 Keine Anmeldegeb\u00fchr<br \/>\u2714 Flexible Terminvereinbarung<br \/>\u2714 Unterricht vor Ort oder online<\/p>\t\t\t\t\t\t\t\t<\/div>\n\t\t\t\t\t<\/div>\n\t\t\t\t<\/div>\n\t\t<div class=\"elementor-element elementor-element-451efd9 e-flex e-con-boxed e-con e-parent\" data-id=\"451efd9\" data-element_type=\"container\" data-e-type=\"container\">\n\t\t\t\t\t<div class=\"e-con-inner\">\n\t\t\t\t<div class=\"elementor-element elementor-element-db84664 elementor-widget elementor-widget-button\" data-id=\"db84664\" data-element_type=\"widget\" data-e-type=\"widget\" data-widget_type=\"button.default\">\n\t\t\t\t\t\t\t\t\t\t<a class=\"elementor-button elementor-button-link elementor-size-sm\" href=\"https:\/\/www.sprachlehrer-aktiv.de\/deutsch-privatunterricht\/kontakt\/\">\n\t\t\t\t\t\t<span class=\"elementor-button-content-wrapper\">\n\t\t\t\t\t\t<span class=\"elementor-button-icon\">\n\t\t\t\t<svg aria-hidden=\"true\" class=\"e-font-icon-svg e-fas-arrow-right\" viewBox=\"0 0 448 512\" xmlns=\"http:\/\/www.w3.org\/2000\/svg\"><path d=\"M190.5 66.9l22.2-22.2c9.4-9.4 24.6-9.4 33.9 0L441 239c9.4 9.4 9.4 24.6 0 33.9L246.6 467.3c-9.4 9.4-24.6 9.4-33.9 0l-22.2-22.2c-9.5-9.5-9.3-25 .4-34.3L311.4 296H24c-13.3 0-24-10.7-24-24v-32c0-13.3 10.7-24 24-24h287.4L190.9 101.2c-9.8-9.3-10-24.8-.4-34.3z\"><\/path><\/svg>\t\t\t<\/span>\n\t\t\t\t\t\t\t\t\t<span class=\"elementor-button-text\">Jetzt Privatkurs buchen<\/span>\n\t\t\t\t\t<\/span>\n\t\t\t\t\t<\/a>\n\t\t\t\t\t\t\t\t<\/div>\n\t\t\t\t\t<\/div>\n\t\t\t\t<\/div>\n\t\t<div class=\"elementor-element elementor-element-1234ba2 e-flex e-con-boxed e-con e-parent\" data-id=\"1234ba2\" data-element_type=\"container\" data-e-type=\"container\">\n\t\t\t\t\t<div class=\"e-con-inner\">\n\t\t<div class=\"elementor-element elementor-element-3b8cbad e-con-full e-flex e-con e-child\" data-id=\"3b8cbad\" data-element_type=\"container\" data-e-type=\"container\">\n\t\t\t\t<div class=\"elementor-element elementor-element-808d577 elementor-widget elementor-widget-heading\" data-id=\"808d577\" data-element_type=\"widget\" data-e-type=\"widget\" data-widget_type=\"heading.default\">\n\t\t\t\t\t<h2 class=\"elementor-heading-title elementor-size-default\">Jetzt flexiblen Privatunterricht w\u00e4hlen \u2013 online oder vor Ort<\/h2>\t\t\t\t<\/div>\n\t\t\t\t<\/div>\n\t\t\t\t\t<\/div>\n\t\t\t\t<\/div>\n\t\t<div class=\"elementor-element elementor-element-eb7573a e-flex e-con-boxed e-con e-parent\" data-id=\"eb7573a\" data-element_type=\"container\" data-e-type=\"container\">\n\t\t\t\t\t<div class=\"e-con-inner\">\n\t\t<div class=\"elementor-element elementor-element-82c86ee e-con-full e-flex e-con e-child\" data-id=\"82c86ee\" data-element_type=\"container\" data-e-type=\"container\" data-settings=\"{&quot;background_background&quot;:&quot;classic&quot;}\">\n\t\t\t\t<div class=\"elementor-element elementor-element-5cea125 elementor-widget elementor-widget-image\" data-id=\"5cea125\" data-element_type=\"widget\" data-e-type=\"widget\" data-widget_type=\"image.default\">\n\t\t\t\t\t\t\t\t\t\t\t\t\t\t\t<img loading=\"lazy\" decoding=\"async\" width=\"1000\" height=\"667\" src=\"https:\/\/www.sprachlehrer-aktiv.de\/deutsch-privatunterricht\/wp-content\/uploads\/2026\/02\/deutsch-intensivkurse-in-frankfurt.webp\" class=\"attachment-large size-large wp-image-20\" alt=\"\" srcset=\"https:\/\/www.sprachlehrer-aktiv.de\/deutsch-privatunterricht\/wp-content\/uploads\/2026\/02\/deutsch-intensivkurse-in-frankfurt.webp 1000w, https:\/\/www.sprachlehrer-aktiv.de\/deutsch-privatunterricht\/wp-content\/uploads\/2026\/02\/deutsch-intensivkurse-in-frankfurt-300x200.webp 300w, https:\/\/www.sprachlehrer-aktiv.de\/deutsch-privatunterricht\/wp-content\/uploads\/2026\/02\/deutsch-intensivkurse-in-frankfurt-768x512.webp 768w\" sizes=\"(max-width: 1000px) 100vw, 1000px\" \/>\t\t\t\t\t\t\t\t\t\t\t\t\t\t\t<\/div>\n\t\t\t\t<div class=\"elementor-element elementor-element-6edcaf5 elementor-widget elementor-widget-heading\" data-id=\"6edcaf5\" data-element_type=\"widget\" data-e-type=\"widget\" data-widget_type=\"heading.default\">\n\t\t\t\t\t<h2 class=\"elementor-heading-title elementor-size-default\">Deutsch Intensiv-Privatunterricht<\/h2>\t\t\t\t<\/div>\n\t\t\t\t<div class=\"elementor-element elementor-element-8da6bd0 elementor-widget elementor-widget-text-editor\" data-id=\"8da6bd0\" data-element_type=\"widget\" data-e-type=\"widget\" data-widget_type=\"text-editor.default\">\n\t\t\t\t\t\t\t\t\t<p>Deutsch im Schnelldurchlauf: Privat &amp; Intensiv &#8211; A1 bis C2<\/p>\t\t\t\t\t\t\t\t<\/div>\n\t\t\t\t<div class=\"elementor-element elementor-element-8344d2c elementor-widget elementor-widget-button\" data-id=\"8344d2c\" data-element_type=\"widget\" data-e-type=\"widget\" data-widget_type=\"button.default\">\n\t\t\t\t\t\t\t\t\t\t<a class=\"elementor-button elementor-button-link elementor-size-sm\" href=\"#\">\n\t\t\t\t\t\t<span class=\"elementor-button-content-wrapper\">\n\t\t\t\t\t\t<span class=\"elementor-button-icon\">\n\t\t\t\t<svg aria-hidden=\"true\" class=\"e-font-icon-svg e-fas-arrow-right\" viewBox=\"0 0 448 512\" xmlns=\"http:\/\/www.w3.org\/2000\/svg\"><path d=\"M190.5 66.9l22.2-22.2c9.4-9.4 24.6-9.4 33.9 0L441 239c9.4 9.4 9.4 24.6 0 33.9L246.6 467.3c-9.4 9.4-24.6 9.4-33.9 0l-22.2-22.2c-9.5-9.5-9.3-25 .4-34.3L311.4 296H24c-13.3 0-24-10.7-24-24v-32c0-13.3 10.7-24 24-24h287.4L190.9 101.2c-9.8-9.3-10-24.8-.4-34.3z\"><\/path><\/svg>\t\t\t<\/span>\n\t\t\t\t\t\t\t\t\t<span class=\"elementor-button-text\">Mehr Information<\/span>\n\t\t\t\t\t<\/span>\n\t\t\t\t\t<\/a>\n\t\t\t\t\t\t\t\t<\/div>\n\t\t\t\t<\/div>\n\t\t<div class=\"elementor-element elementor-element-cfefdc4 e-con-full e-flex e-con e-child\" data-id=\"cfefdc4\" data-element_type=\"container\" data-e-type=\"container\" data-settings=\"{&quot;background_background&quot;:&quot;classic&quot;}\">\n\t\t\t\t<div class=\"elementor-element elementor-element-876ce28 elementor-widget elementor-widget-image\" data-id=\"876ce28\" data-element_type=\"widget\" data-e-type=\"widget\" data-widget_type=\"image.default\">\n\t\t\t\t\t\t\t\t\t\t\t\t\t\t\t<img loading=\"lazy\" decoding=\"async\" width=\"600\" height=\"399\" src=\"https:\/\/www.sprachlehrer-aktiv.de\/deutsch-privatunterricht\/wp-content\/uploads\/2026\/02\/deutsch-abendkurse-in-frankfurt.webp\" class=\"attachment-large size-large wp-image-21\" alt=\"\" srcset=\"https:\/\/www.sprachlehrer-aktiv.de\/deutsch-privatunterricht\/wp-content\/uploads\/2026\/02\/deutsch-abendkurse-in-frankfurt.webp 600w, https:\/\/www.sprachlehrer-aktiv.de\/deutsch-privatunterricht\/wp-content\/uploads\/2026\/02\/deutsch-abendkurse-in-frankfurt-300x200.webp 300w\" sizes=\"(max-width: 600px) 100vw, 600px\" \/>\t\t\t\t\t\t\t\t\t\t\t\t\t\t\t<\/div>\n\t\t\t\t<div class=\"elementor-element elementor-element-ad84525 elementor-widget elementor-widget-heading\" data-id=\"ad84525\" data-element_type=\"widget\" data-e-type=\"widget\" data-widget_type=\"heading.default\">\n\t\t\t\t\t<h2 class=\"elementor-heading-title elementor-size-default\">Privatunterricht am Abend<\/h2>\t\t\t\t<\/div>\n\t\t\t\t<div class=\"elementor-element elementor-element-af04451 elementor-widget elementor-widget-text-editor\" data-id=\"af04451\" data-element_type=\"widget\" data-e-type=\"widget\" data-widget_type=\"text-editor.default\">\n\t\t\t\t\t\t\t\t\t<p>Deutsch Privatunterricht nach Feierabend<\/p>\t\t\t\t\t\t\t\t<\/div>\n\t\t\t\t<div class=\"elementor-element elementor-element-2aecd86 elementor-widget elementor-widget-button\" data-id=\"2aecd86\" data-element_type=\"widget\" data-e-type=\"widget\" data-widget_type=\"button.default\">\n\t\t\t\t\t\t\t\t\t\t<a class=\"elementor-button elementor-button-link elementor-size-sm\" href=\"#\">\n\t\t\t\t\t\t<span class=\"elementor-button-content-wrapper\">\n\t\t\t\t\t\t<span class=\"elementor-button-icon\">\n\t\t\t\t<svg aria-hidden=\"true\" class=\"e-font-icon-svg e-fas-arrow-right\" viewBox=\"0 0 448 512\" xmlns=\"http:\/\/www.w3.org\/2000\/svg\"><path d=\"M190.5 66.9l22.2-22.2c9.4-9.4 24.6-9.4 33.9 0L441 239c9.4 9.4 9.4 24.6 0 33.9L246.6 467.3c-9.4 9.4-24.6 9.4-33.9 0l-22.2-22.2c-9.5-9.5-9.3-25 .4-34.3L311.4 296H24c-13.3 0-24-10.7-24-24v-32c0-13.3 10.7-24 24-24h287.4L190.9 101.2c-9.8-9.3-10-24.8-.4-34.3z\"><\/path><\/svg>\t\t\t<\/span>\n\t\t\t\t\t\t\t\t\t<span class=\"elementor-button-text\">Mehr Information<\/span>\n\t\t\t\t\t<\/span>\n\t\t\t\t\t<\/a>\n\t\t\t\t\t\t\t\t<\/div>\n\t\t\t\t<\/div>\n\t\t<div class=\"elementor-element elementor-element-8556882 e-con-full e-flex e-con e-child\" data-id=\"8556882\" data-element_type=\"container\" data-e-type=\"container\" data-settings=\"{&quot;background_background&quot;:&quot;classic&quot;}\">\n\t\t\t\t<div class=\"elementor-element elementor-element-95c6097 elementor-widget elementor-widget-image\" data-id=\"95c6097\" data-element_type=\"widget\" data-e-type=\"widget\" data-widget_type=\"image.default\">\n\t\t\t\t\t\t\t\t\t\t\t\t\t\t\t<img loading=\"lazy\" decoding=\"async\" width=\"600\" height=\"400\" src=\"https:\/\/www.sprachlehrer-aktiv.de\/deutsch-privatunterricht\/wp-content\/uploads\/2026\/02\/deutsch-privatunterricht-in-frankfurt.webp\" class=\"attachment-large size-large wp-image-22\" alt=\"\" srcset=\"https:\/\/www.sprachlehrer-aktiv.de\/deutsch-privatunterricht\/wp-content\/uploads\/2026\/02\/deutsch-privatunterricht-in-frankfurt.webp 600w, https:\/\/www.sprachlehrer-aktiv.de\/deutsch-privatunterricht\/wp-content\/uploads\/2026\/02\/deutsch-privatunterricht-in-frankfurt-300x200.webp 300w\" sizes=\"(max-width: 600px) 100vw, 600px\" \/>\t\t\t\t\t\t\t\t\t\t\t\t\t\t\t<\/div>\n\t\t\t\t<div class=\"elementor-element elementor-element-7aa6789 elementor-widget elementor-widget-heading\" data-id=\"7aa6789\" data-element_type=\"widget\" data-e-type=\"widget\" data-widget_type=\"heading.default\">\n\t\t\t\t\t<h2 class=\"elementor-heading-title elementor-size-default\">Privatkurs bei Ihnen zu Hause<\/h2>\t\t\t\t<\/div>\n\t\t\t\t<div class=\"elementor-element elementor-element-395e294 elementor-widget elementor-widget-text-editor\" data-id=\"395e294\" data-element_type=\"widget\" data-e-type=\"widget\" data-widget_type=\"text-editor.default\">\n\t\t\t\t\t\t\t\t\t<p>Deutsch lernen bei Ihnen zu Hause<\/p>\t\t\t\t\t\t\t\t<\/div>\n\t\t\t\t<div class=\"elementor-element elementor-element-5d8362c elementor-widget elementor-widget-button\" data-id=\"5d8362c\" data-element_type=\"widget\" data-e-type=\"widget\" data-widget_type=\"button.default\">\n\t\t\t\t\t\t\t\t\t\t<a class=\"elementor-button elementor-button-link elementor-size-sm\" href=\"#\">\n\t\t\t\t\t\t<span class=\"elementor-button-content-wrapper\">\n\t\t\t\t\t\t<span class=\"elementor-button-icon\">\n\t\t\t\t<svg aria-hidden=\"true\" class=\"e-font-icon-svg e-fas-arrow-right\" viewBox=\"0 0 448 512\" xmlns=\"http:\/\/www.w3.org\/2000\/svg\"><path d=\"M190.5 66.9l22.2-22.2c9.4-9.4 24.6-9.4 33.9 0L441 239c9.4 9.4 9.4 24.6 0 33.9L246.6 467.3c-9.4 9.4-24.6 9.4-33.9 0l-22.2-22.2c-9.5-9.5-9.3-25 .4-34.3L311.4 296H24c-13.3 0-24-10.7-24-24v-32c0-13.3 10.7-24 24-24h287.4L190.9 101.2c-9.8-9.3-10-24.8-.4-34.3z\"><\/path><\/svg>\t\t\t<\/span>\n\t\t\t\t\t\t\t\t\t<span class=\"elementor-button-text\">Mehr Information<\/span>\n\t\t\t\t\t<\/span>\n\t\t\t\t\t<\/a>\n\t\t\t\t\t\t\t\t<\/div>\n\t\t\t\t<\/div>\n\t\t<div class=\"elementor-element elementor-element-82a230c e-con-full e-flex e-con e-child\" data-id=\"82a230c\" data-element_type=\"container\" data-e-type=\"container\" data-settings=\"{&quot;background_background&quot;:&quot;classic&quot;}\">\n\t\t\t\t<div class=\"elementor-element elementor-element-db7c889 elementor-widget elementor-widget-image\" data-id=\"db7c889\" data-element_type=\"widget\" data-e-type=\"widget\" data-widget_type=\"image.default\">\n\t\t\t\t\t\t\t\t\t\t\t\t\t\t\t<img loading=\"lazy\" decoding=\"async\" width=\"1000\" height=\"667\" src=\"https:\/\/www.sprachlehrer-aktiv.de\/deutsch-privatunterricht\/wp-content\/uploads\/2026\/02\/telc-deutsch-pruefungen-in-frankfurt.webp\" class=\"attachment-large size-large wp-image-23\" alt=\"\" srcset=\"https:\/\/www.sprachlehrer-aktiv.de\/deutsch-privatunterricht\/wp-content\/uploads\/2026\/02\/telc-deutsch-pruefungen-in-frankfurt.webp 1000w, https:\/\/www.sprachlehrer-aktiv.de\/deutsch-privatunterricht\/wp-content\/uploads\/2026\/02\/telc-deutsch-pruefungen-in-frankfurt-300x200.webp 300w, https:\/\/www.sprachlehrer-aktiv.de\/deutsch-privatunterricht\/wp-content\/uploads\/2026\/02\/telc-deutsch-pruefungen-in-frankfurt-768x512.webp 768w\" sizes=\"(max-width: 1000px) 100vw, 1000px\" \/>\t\t\t\t\t\t\t\t\t\t\t\t\t\t\t<\/div>\n\t\t\t\t<div class=\"elementor-element elementor-element-8028ca4 elementor-widget elementor-widget-heading\" data-id=\"8028ca4\" data-element_type=\"widget\" data-e-type=\"widget\" data-widget_type=\"heading.default\">\n\t\t\t\t\t<h2 class=\"elementor-heading-title elementor-size-default\">telc Privatunterricht <\/h2>\t\t\t\t<\/div>\n\t\t\t\t<div class=\"elementor-element elementor-element-47f736b elementor-widget elementor-widget-text-editor\" data-id=\"47f736b\" data-element_type=\"widget\" data-e-type=\"widget\" data-widget_type=\"text-editor.default\">\n\t\t\t\t\t\t\t\t\t<p>telc-Pr\u00fcfung stressfrei bestehen<\/p>\t\t\t\t\t\t\t\t<\/div>\n\t\t\t\t<div class=\"elementor-element elementor-element-959c496 elementor-widget elementor-widget-button\" data-id=\"959c496\" data-element_type=\"widget\" data-e-type=\"widget\" data-widget_type=\"button.default\">\n\t\t\t\t\t\t\t\t\t\t<a class=\"elementor-button elementor-button-link elementor-size-sm\" href=\"#\">\n\t\t\t\t\t\t<span class=\"elementor-button-content-wrapper\">\n\t\t\t\t\t\t<span class=\"elementor-button-icon\">\n\t\t\t\t<svg aria-hidden=\"true\" class=\"e-font-icon-svg e-fas-arrow-right\" viewBox=\"0 0 448 512\" xmlns=\"http:\/\/www.w3.org\/2000\/svg\"><path d=\"M190.5 66.9l22.2-22.2c9.4-9.4 24.6-9.4 33.9 0L441 239c9.4 9.4 9.4 24.6 0 33.9L246.6 467.3c-9.4 9.4-24.6 9.4-33.9 0l-22.2-22.2c-9.5-9.5-9.3-25 .4-34.3L311.4 296H24c-13.3 0-24-10.7-24-24v-32c0-13.3 10.7-24 24-24h287.4L190.9 101.2c-9.8-9.3-10-24.8-.4-34.3z\"><\/path><\/svg>\t\t\t<\/span>\n\t\t\t\t\t\t\t\t\t<span class=\"elementor-button-text\">Mehr Information<\/span>\n\t\t\t\t\t<\/span>\n\t\t\t\t\t<\/a>\n\t\t\t\t\t\t\t\t<\/div>\n\t\t\t\t<\/div>\n\t\t\t\t\t<\/div>\n\t\t\t\t<\/div>\n\t\t<div class=\"elementor-element elementor-element-54afb32 e-flex e-con-boxed e-con e-parent\" data-id=\"54afb32\" data-element_type=\"container\" data-e-type=\"container\">\n\t\t\t\t\t<div class=\"e-con-inner\">\n\t\t<div class=\"elementor-element elementor-element-eb87788 e-con-full e-flex e-con e-child\" data-id=\"eb87788\" data-element_type=\"container\" data-e-type=\"container\" data-settings=\"{&quot;background_background&quot;:&quot;classic&quot;}\">\n\t\t\t\t<div class=\"elementor-element elementor-element-44e2c65 elementor-widget elementor-widget-image\" data-id=\"44e2c65\" data-element_type=\"widget\" data-e-type=\"widget\" data-widget_type=\"image.default\">\n\t\t\t\t\t\t\t\t\t\t\t\t\t\t\t<img loading=\"lazy\" decoding=\"async\" width=\"800\" height=\"533\" src=\"https:\/\/www.sprachlehrer-aktiv.de\/deutsch-privatunterricht\/wp-content\/uploads\/2026\/02\/testdaf-vorbereitungskurse-in-frankfurt.webp\" class=\"attachment-large size-large wp-image-24\" alt=\"\" srcset=\"https:\/\/www.sprachlehrer-aktiv.de\/deutsch-privatunterricht\/wp-content\/uploads\/2026\/02\/testdaf-vorbereitungskurse-in-frankfurt.webp 800w, https:\/\/www.sprachlehrer-aktiv.de\/deutsch-privatunterricht\/wp-content\/uploads\/2026\/02\/testdaf-vorbereitungskurse-in-frankfurt-300x200.webp 300w, https:\/\/www.sprachlehrer-aktiv.de\/deutsch-privatunterricht\/wp-content\/uploads\/2026\/02\/testdaf-vorbereitungskurse-in-frankfurt-768x512.webp 768w\" sizes=\"(max-width: 800px) 100vw, 800px\" \/>\t\t\t\t\t\t\t\t\t\t\t\t\t\t\t<\/div>\n\t\t\t\t<div class=\"elementor-element elementor-element-bf698bc elementor-widget elementor-widget-heading\" data-id=\"bf698bc\" data-element_type=\"widget\" data-e-type=\"widget\" data-widget_type=\"heading.default\">\n\t\t\t\t\t<h2 class=\"elementor-heading-title elementor-size-default\"><a href=\"https:\/\/www.sprachlehrer-aktiv.de\/deutsch-privatunterricht\/online-deutschunterricht-privatlehrer-finden\/\">Online Deutschunterricht<\/a><\/h2>\t\t\t\t<\/div>\n\t\t\t\t<div class=\"elementor-element elementor-element-7b57860 elementor-widget elementor-widget-text-editor\" data-id=\"7b57860\" data-element_type=\"widget\" data-e-type=\"widget\" data-widget_type=\"text-editor.default\">\n\t\t\t\t\t\t\t\t\t<p>Jetzt Online-Privatlehrer finden!<\/p>\t\t\t\t\t\t\t\t<\/div>\n\t\t\t\t<div class=\"elementor-element elementor-element-57ad513 elementor-widget elementor-widget-button\" data-id=\"57ad513\" data-element_type=\"widget\" data-e-type=\"widget\" data-widget_type=\"button.default\">\n\t\t\t\t\t\t\t\t\t\t<a class=\"elementor-button elementor-button-link elementor-size-sm\" href=\"https:\/\/www.sprachlehrer-aktiv.de\/deutsch-privatunterricht\/online-deutschunterricht-privatlehrer-finden\/\">\n\t\t\t\t\t\t<span class=\"elementor-button-content-wrapper\">\n\t\t\t\t\t\t<span class=\"elementor-button-icon\">\n\t\t\t\t<svg aria-hidden=\"true\" class=\"e-font-icon-svg e-fas-arrow-right\" viewBox=\"0 0 448 512\" xmlns=\"http:\/\/www.w3.org\/2000\/svg\"><path d=\"M190.5 66.9l22.2-22.2c9.4-9.4 24.6-9.4 33.9 0L441 239c9.4 9.4 9.4 24.6 0 33.9L246.6 467.3c-9.4 9.4-24.6 9.4-33.9 0l-22.2-22.2c-9.5-9.5-9.3-25 .4-34.3L311.4 296H24c-13.3 0-24-10.7-24-24v-32c0-13.3 10.7-24 24-24h287.4L190.9 101.2c-9.8-9.3-10-24.8-.4-34.3z\"><\/path><\/svg>\t\t\t<\/span>\n\t\t\t\t\t\t\t\t\t<span class=\"elementor-button-text\">Mehr Information<\/span>\n\t\t\t\t\t<\/span>\n\t\t\t\t\t<\/a>\n\t\t\t\t\t\t\t\t<\/div>\n\t\t\t\t<\/div>\n\t\t<div class=\"elementor-element elementor-element-a3ecc16 e-con-full e-flex e-con e-child\" data-id=\"a3ecc16\" data-element_type=\"container\" data-e-type=\"container\" data-settings=\"{&quot;background_background&quot;:&quot;classic&quot;}\">\n\t\t\t\t<div class=\"elementor-element elementor-element-324915b elementor-widget elementor-widget-image\" data-id=\"324915b\" data-element_type=\"widget\" data-e-type=\"widget\" data-widget_type=\"image.default\">\n\t\t\t\t\t\t\t\t\t\t\t\t\t\t\t<img loading=\"lazy\" decoding=\"async\" width=\"800\" height=\"533\" src=\"https:\/\/www.sprachlehrer-aktiv.de\/deutsch-privatunterricht\/wp-content\/uploads\/2026\/02\/deutschkurse-fuer-mediziner-in-frankfurt.webp\" class=\"attachment-large size-large wp-image-25\" alt=\"\" srcset=\"https:\/\/www.sprachlehrer-aktiv.de\/deutsch-privatunterricht\/wp-content\/uploads\/2026\/02\/deutschkurse-fuer-mediziner-in-frankfurt.webp 800w, https:\/\/www.sprachlehrer-aktiv.de\/deutsch-privatunterricht\/wp-content\/uploads\/2026\/02\/deutschkurse-fuer-mediziner-in-frankfurt-300x200.webp 300w, https:\/\/www.sprachlehrer-aktiv.de\/deutsch-privatunterricht\/wp-content\/uploads\/2026\/02\/deutschkurse-fuer-mediziner-in-frankfurt-768x512.webp 768w\" sizes=\"(max-width: 800px) 100vw, 800px\" \/>\t\t\t\t\t\t\t\t\t\t\t\t\t\t\t<\/div>\n\t\t\t\t<div class=\"elementor-element elementor-element-1e1ab52 elementor-widget elementor-widget-heading\" data-id=\"1e1ab52\" data-element_type=\"widget\" data-e-type=\"widget\" data-widget_type=\"heading.default\">\n\t\t\t\t\t<h2 class=\"elementor-heading-title elementor-size-default\">Privatunterricht f\u00fcr \u00c4rzte<\/h2>\t\t\t\t<\/div>\n\t\t\t\t<div class=\"elementor-element elementor-element-9bc3b69 elementor-widget elementor-widget-text-editor\" data-id=\"9bc3b69\" data-element_type=\"widget\" data-e-type=\"widget\" data-widget_type=\"text-editor.default\">\n\t\t\t\t\t\t\t\t\t<p>Fachsprachenpr\u00fcfung (FSP) Training<\/p>\t\t\t\t\t\t\t\t<\/div>\n\t\t\t\t<div class=\"elementor-element elementor-element-47e7ded elementor-widget elementor-widget-button\" data-id=\"47e7ded\" data-element_type=\"widget\" data-e-type=\"widget\" data-widget_type=\"button.default\">\n\t\t\t\t\t\t\t\t\t\t<a class=\"elementor-button elementor-button-link elementor-size-sm\" href=\"#\">\n\t\t\t\t\t\t<span class=\"elementor-button-content-wrapper\">\n\t\t\t\t\t\t<span class=\"elementor-button-icon\">\n\t\t\t\t<svg aria-hidden=\"true\" class=\"e-font-icon-svg e-fas-arrow-right\" viewBox=\"0 0 448 512\" xmlns=\"http:\/\/www.w3.org\/2000\/svg\"><path d=\"M190.5 66.9l22.2-22.2c9.4-9.4 24.6-9.4 33.9 0L441 239c9.4 9.4 9.4 24.6 0 33.9L246.6 467.3c-9.4 9.4-24.6 9.4-33.9 0l-22.2-22.2c-9.5-9.5-9.3-25 .4-34.3L311.4 296H24c-13.3 0-24-10.7-24-24v-32c0-13.3 10.7-24 24-24h287.4L190.9 101.2c-9.8-9.3-10-24.8-.4-34.3z\"><\/path><\/svg>\t\t\t<\/span>\n\t\t\t\t\t\t\t\t\t<span class=\"elementor-button-text\">Mehr Information<\/span>\n\t\t\t\t\t<\/span>\n\t\t\t\t\t<\/a>\n\t\t\t\t\t\t\t\t<\/div>\n\t\t\t\t<\/div>\n\t\t<div class=\"elementor-element elementor-element-2a1958f e-con-full e-flex e-con e-child\" data-id=\"2a1958f\" data-element_type=\"container\" data-e-type=\"container\" data-settings=\"{&quot;background_background&quot;:&quot;classic&quot;}\">\n\t\t\t\t<div class=\"elementor-element elementor-element-b6521d3 elementor-widget elementor-widget-image\" data-id=\"b6521d3\" data-element_type=\"widget\" data-e-type=\"widget\" data-widget_type=\"image.default\">\n\t\t\t\t\t\t\t\t\t\t\t\t\t\t\t<img loading=\"lazy\" decoding=\"async\" width=\"800\" height=\"533\" src=\"https:\/\/www.sprachlehrer-aktiv.de\/deutsch-privatunterricht\/wp-content\/uploads\/2026\/02\/deutsch-am-wochenende-frankfurt.webp\" class=\"attachment-large size-large wp-image-26\" alt=\"\" srcset=\"https:\/\/www.sprachlehrer-aktiv.de\/deutsch-privatunterricht\/wp-content\/uploads\/2026\/02\/deutsch-am-wochenende-frankfurt.webp 800w, https:\/\/www.sprachlehrer-aktiv.de\/deutsch-privatunterricht\/wp-content\/uploads\/2026\/02\/deutsch-am-wochenende-frankfurt-300x200.webp 300w, https:\/\/www.sprachlehrer-aktiv.de\/deutsch-privatunterricht\/wp-content\/uploads\/2026\/02\/deutsch-am-wochenende-frankfurt-768x512.webp 768w\" sizes=\"(max-width: 800px) 100vw, 800px\" \/>\t\t\t\t\t\t\t\t\t\t\t\t\t\t\t<\/div>\n\t\t\t\t<div class=\"elementor-element elementor-element-c1222be elementor-widget elementor-widget-heading\" data-id=\"c1222be\" data-element_type=\"widget\" data-e-type=\"widget\" data-widget_type=\"heading.default\">\n\t\t\t\t\t<h2 class=\"elementor-heading-title elementor-size-default\">Privatkurse am Wochenende<\/h2>\t\t\t\t<\/div>\n\t\t\t\t<div class=\"elementor-element elementor-element-a591d9a elementor-widget elementor-widget-text-editor\" data-id=\"a591d9a\" data-element_type=\"widget\" data-e-type=\"widget\" data-widget_type=\"text-editor.default\">\n\t\t\t\t\t\t\t\t\t<p>Stressfreies Lernen ohne Zeitdruck<\/p>\t\t\t\t\t\t\t\t<\/div>\n\t\t\t\t<div class=\"elementor-element elementor-element-80bf2a3 elementor-widget elementor-widget-button\" data-id=\"80bf2a3\" data-element_type=\"widget\" data-e-type=\"widget\" data-widget_type=\"button.default\">\n\t\t\t\t\t\t\t\t\t\t<a class=\"elementor-button elementor-button-link elementor-size-sm\" href=\"#\">\n\t\t\t\t\t\t<span class=\"elementor-button-content-wrapper\">\n\t\t\t\t\t\t<span class=\"elementor-button-icon\">\n\t\t\t\t<svg aria-hidden=\"true\" class=\"e-font-icon-svg e-fas-arrow-right\" viewBox=\"0 0 448 512\" xmlns=\"http:\/\/www.w3.org\/2000\/svg\"><path d=\"M190.5 66.9l22.2-22.2c9.4-9.4 24.6-9.4 33.9 0L441 239c9.4 9.4 9.4 24.6 0 33.9L246.6 467.3c-9.4 9.4-24.6 9.4-33.9 0l-22.2-22.2c-9.5-9.5-9.3-25 .4-34.3L311.4 296H24c-13.3 0-24-10.7-24-24v-32c0-13.3 10.7-24 24-24h287.4L190.9 101.2c-9.8-9.3-10-24.8-.4-34.3z\"><\/path><\/svg>\t\t\t<\/span>\n\t\t\t\t\t\t\t\t\t<span class=\"elementor-button-text\">Mehr Information<\/span>\n\t\t\t\t\t<\/span>\n\t\t\t\t\t<\/a>\n\t\t\t\t\t\t\t\t<\/div>\n\t\t\t\t<\/div>\n\t\t<div class=\"elementor-element elementor-element-88aa6ca e-con-full e-flex e-con e-child\" data-id=\"88aa6ca\" data-element_type=\"container\" data-e-type=\"container\" data-settings=\"{&quot;background_background&quot;:&quot;classic&quot;}\">\n\t\t\t\t<div class=\"elementor-element elementor-element-d30f9f8 elementor-widget elementor-widget-image\" data-id=\"d30f9f8\" data-element_type=\"widget\" data-e-type=\"widget\" data-widget_type=\"image.default\">\n\t\t\t\t\t\t\t\t\t\t\t\t\t\t\t<img loading=\"lazy\" decoding=\"async\" width=\"800\" height=\"533\" src=\"https:\/\/www.sprachlehrer-aktiv.de\/deutsch-privatunterricht\/wp-content\/uploads\/2026\/02\/deutschkurse-mit-unterkunft-in-frankfurt.webp\" class=\"attachment-large size-large wp-image-27\" alt=\"\" srcset=\"https:\/\/www.sprachlehrer-aktiv.de\/deutsch-privatunterricht\/wp-content\/uploads\/2026\/02\/deutschkurse-mit-unterkunft-in-frankfurt.webp 800w, https:\/\/www.sprachlehrer-aktiv.de\/deutsch-privatunterricht\/wp-content\/uploads\/2026\/02\/deutschkurse-mit-unterkunft-in-frankfurt-300x200.webp 300w, https:\/\/www.sprachlehrer-aktiv.de\/deutsch-privatunterricht\/wp-content\/uploads\/2026\/02\/deutschkurse-mit-unterkunft-in-frankfurt-768x512.webp 768w\" sizes=\"(max-width: 800px) 100vw, 800px\" \/>\t\t\t\t\t\t\t\t\t\t\t\t\t\t\t<\/div>\n\t\t\t\t<div class=\"elementor-element elementor-element-979046a elementor-widget elementor-widget-heading\" data-id=\"979046a\" data-element_type=\"widget\" data-e-type=\"widget\" data-widget_type=\"heading.default\">\n\t\t\t\t\t<h2 class=\"elementor-heading-title elementor-size-default\">Einzelunterricht: Business Deutsch<\/h2>\t\t\t\t<\/div>\n\t\t\t\t<div class=\"elementor-element elementor-element-679a254 elementor-widget elementor-widget-text-editor\" data-id=\"679a254\" data-element_type=\"widget\" data-e-type=\"widget\" data-widget_type=\"text-editor.default\">\n\t\t\t\t\t\t\t\t\t<p>Business Deutsch: Dein Karriere-Coaching<\/p>\t\t\t\t\t\t\t\t<\/div>\n\t\t\t\t<div class=\"elementor-element elementor-element-9bf56dd elementor-widget elementor-widget-button\" data-id=\"9bf56dd\" data-element_type=\"widget\" data-e-type=\"widget\" data-widget_type=\"button.default\">\n\t\t\t\t\t\t\t\t\t\t<a class=\"elementor-button elementor-button-link elementor-size-sm\" href=\"#\">\n\t\t\t\t\t\t<span class=\"elementor-button-content-wrapper\">\n\t\t\t\t\t\t<span class=\"elementor-button-icon\">\n\t\t\t\t<svg aria-hidden=\"true\" class=\"e-font-icon-svg e-fas-arrow-right\" viewBox=\"0 0 448 512\" xmlns=\"http:\/\/www.w3.org\/2000\/svg\"><path d=\"M190.5 66.9l22.2-22.2c9.4-9.4 24.6-9.4 33.9 0L441 239c9.4 9.4 9.4 24.6 0 33.9L246.6 467.3c-9.4 9.4-24.6 9.4-33.9 0l-22.2-22.2c-9.5-9.5-9.3-25 .4-34.3L311.4 296H24c-13.3 0-24-10.7-24-24v-32c0-13.3 10.7-24 24-24h287.4L190.9 101.2c-9.8-9.3-10-24.8-.4-34.3z\"><\/path><\/svg>\t\t\t<\/span>\n\t\t\t\t\t\t\t\t\t<span class=\"elementor-button-text\">Mehr Information<\/span>\n\t\t\t\t\t<\/span>\n\t\t\t\t\t<\/a>\n\t\t\t\t\t\t\t\t<\/div>\n\t\t\t\t<\/div>\n\t\t\t\t\t<\/div>\n\t\t\t\t<\/div>\n\t\t<div class=\"elementor-element elementor-element-c25e7cc e-con-full e-flex e-con e-parent\" data-id=\"c25e7cc\" data-element_type=\"container\" data-e-type=\"container\">\n\t\t<div class=\"elementor-element elementor-element-1ca3ca4 e-con-full e-flex e-con e-child\" data-id=\"1ca3ca4\" data-element_type=\"container\" data-e-type=\"container\">\n\t\t\t\t<div class=\"elementor-element elementor-element-52a3fb9 elementor-widget elementor-widget-image\" data-id=\"52a3fb9\" data-element_type=\"widget\" data-e-type=\"widget\" data-widget_type=\"image.default\">\n\t\t\t\t\t\t\t\t\t\t\t\t\t\t\t<img loading=\"lazy\" decoding=\"async\" width=\"800\" height=\"534\" src=\"https:\/\/www.sprachlehrer-aktiv.de\/deutsch-privatunterricht\/wp-content\/uploads\/2026\/02\/Deutsch-Einzelunterricht-in-ganz-Deutschland-vor-Ort-oder-online.jpg\" class=\"attachment-large size-large wp-image-348\" alt=\"\" srcset=\"https:\/\/www.sprachlehrer-aktiv.de\/deutsch-privatunterricht\/wp-content\/uploads\/2026\/02\/Deutsch-Einzelunterricht-in-ganz-Deutschland-vor-Ort-oder-online.jpg 800w, https:\/\/www.sprachlehrer-aktiv.de\/deutsch-privatunterricht\/wp-content\/uploads\/2026\/02\/Deutsch-Einzelunterricht-in-ganz-Deutschland-vor-Ort-oder-online-300x200.jpg 300w, https:\/\/www.sprachlehrer-aktiv.de\/deutsch-privatunterricht\/wp-content\/uploads\/2026\/02\/Deutsch-Einzelunterricht-in-ganz-Deutschland-vor-Ort-oder-online-768x513.jpg 768w\" sizes=\"(max-width: 800px) 100vw, 800px\" \/>\t\t\t\t\t\t\t\t\t\t\t\t\t\t\t<\/div>\n\t\t\t\t<\/div>\n\t\t<div class=\"elementor-element elementor-element-ed82a34 e-con-full e-flex e-con e-child\" data-id=\"ed82a34\" data-element_type=\"container\" data-e-type=\"container\">\n\t\t\t\t<div class=\"elementor-element elementor-element-4628c11 elementor-widget elementor-widget-heading\" data-id=\"4628c11\" data-element_type=\"widget\" data-e-type=\"widget\" data-widget_type=\"heading.default\">\n\t\t\t\t\t<h2 class=\"elementor-heading-title elementor-size-default\">Deutsch-Privatunterricht: Ihr individueller Weg zur Sprachbeherrschung<\/h2>\t\t\t\t<\/div>\n\t\t\t\t<div class=\"elementor-element elementor-element-a47f1c7 elementor-widget elementor-widget-text-editor\" data-id=\"a47f1c7\" data-element_type=\"widget\" data-e-type=\"widget\" data-widget_type=\"text-editor.default\">\n\t\t\t\t\t\t\t\t\t<div class=\"flex flex-col text-sm pb-25\"><article class=\"text-token-text-primary w-full focus:outline-none [--shadow-height:45px] has-data-writing-block:pointer-events-none has-data-writing-block:-mt-(--shadow-height) has-data-writing-block:pt-(--shadow-height) [&amp;:has([data-writing-block])&gt;*]:pointer-events-auto scroll-mt-[calc(var(--header-height)+min(200px,max(70px,20svh)))]\" dir=\"auto\" tabindex=\"-1\" data-turn-id=\"e909250b-af6d-4321-9b70-ce1830cd809e\" data-testid=\"conversation-turn-58\" data-scroll-anchor=\"true\" data-turn=\"assistant\"><div class=\"text-base my-auto mx-auto pb-10 [--thread-content-margin:--spacing(4)] @w-sm\/main:[--thread-content-margin:--spacing(6)] @w-lg\/main:[--thread-content-margin:--spacing(16)] px-(--thread-content-margin)\"><div class=\"[--thread-content-max-width:40rem] @w-lg\/main:[--thread-content-max-width:48rem] mx-auto max-w-(--thread-content-max-width) flex-1 group\/turn-messages focus-visible:outline-hidden relative flex w-full min-w-0 flex-col agent-turn\" tabindex=\"-1\"><div class=\"flex max-w-full flex-col grow\"><div class=\"min-h-8 text-message relative flex w-full flex-col items-end gap-2 text-start break-words whitespace-normal [.text-message+&amp;]:mt-1\" dir=\"auto\" data-message-author-role=\"assistant\" data-message-id=\"ecbc6f08-8b6b-485c-8cc2-749eaf1e4e08\" data-message-model-slug=\"gpt-5-2\"><div class=\"flex w-full flex-col gap-1 empty:hidden first:pt-[1px]\"><div class=\"markdown prose dark:prose-invert w-full wrap-break-word light markdown-new-styling\"><p>Deutsch ist der Schl\u00fcssel zu Karriere und Bildung. Doch starre Gruppenkurse bremsen oft den Fortschritt. Der <b data-path-to-node=\"5\" data-index-in-node=\"109\">Deutsch-Privatunterricht von Sprachlehrer Aktiv<\/b> bietet Ihnen die L\u00f6sung: Ma\u00dfgeschneiderter Einzelunterricht, der sich nach Ihrem Tempo und Ihren Zielen richtet. Ob vor Ort in ganz Deutschland oder flexibel online \u2013 wir bringen Sie effizient an Ihr Ziel.<\/p><\/div><\/div><\/div><\/div><\/div><\/div><\/article><\/div>\t\t\t\t\t\t\t\t<\/div>\n\t\t\t\t<\/div>\n\t\t\t\t<\/div>\n\t\t<div class=\"elementor-element elementor-element-f99a334 e-flex e-con-boxed e-con e-parent\" data-id=\"f99a334\" data-element_type=\"container\" data-e-type=\"container\">\n\t\t\t\t\t<div class=\"e-con-inner\">\n\t\t\t\t<div class=\"elementor-element elementor-element-ddce8b8 elementor-widget elementor-widget-button\" data-id=\"ddce8b8\" data-element_type=\"widget\" data-e-type=\"widget\" data-widget_type=\"button.default\">\n\t\t\t\t\t\t\t\t\t\t<a class=\"elementor-button elementor-button-link elementor-size-sm\" href=\"https:\/\/www.sprachlehrer-aktiv.de\/deutsch-privatunterricht\/kontakt\/\">\n\t\t\t\t\t\t<span class=\"elementor-button-content-wrapper\">\n\t\t\t\t\t\t<span class=\"elementor-button-icon\">\n\t\t\t\t<svg aria-hidden=\"true\" class=\"e-font-icon-svg e-fas-arrow-right\" viewBox=\"0 0 448 512\" xmlns=\"http:\/\/www.w3.org\/2000\/svg\"><path d=\"M190.5 66.9l22.2-22.2c9.4-9.4 24.6-9.4 33.9 0L441 239c9.4 9.4 9.4 24.6 0 33.9L246.6 467.3c-9.4 9.4-24.6 9.4-33.9 0l-22.2-22.2c-9.5-9.5-9.3-25 .4-34.3L311.4 296H24c-13.3 0-24-10.7-24-24v-32c0-13.3 10.7-24 24-24h287.4L190.9 101.2c-9.8-9.3-10-24.8-.4-34.3z\"><\/path><\/svg>\t\t\t<\/span>\n\t\t\t\t\t\t\t\t\t<span class=\"elementor-button-text\">Schnelle Anfrage<\/span>\n\t\t\t\t\t<\/span>\n\t\t\t\t\t<\/a>\n\t\t\t\t\t\t\t\t<\/div>\n\t\t\t\t\t<\/div>\n\t\t\t\t<\/div>\n\t\t<div class=\"elementor-element elementor-element-5643572 e-con-full e-flex e-con e-parent\" data-id=\"5643572\" data-element_type=\"container\" data-e-type=\"container\">\n\t\t<div class=\"elementor-element elementor-element-419e458 e-con-full e-flex e-con e-child\" data-id=\"419e458\" data-element_type=\"container\" data-e-type=\"container\">\n\t\t\t\t<div class=\"elementor-element elementor-element-973d4ba elementor-widget elementor-widget-video\" data-id=\"973d4ba\" data-element_type=\"widget\" data-e-type=\"widget\" data-settings=\"{&quot;youtube_url&quot;:&quot;https:\\\/\\\/youtu.be\\\/yK5nv_gwB94?si=XmnIRNUX1bhpm47S&quot;,&quot;video_type&quot;:&quot;youtube&quot;,&quot;controls&quot;:&quot;yes&quot;}\" data-widget_type=\"video.default\">\n\t\t\t\t\t\t\t<div class=\"elementor-wrapper elementor-open-inline\">\n\t\t\t<div class=\"elementor-video\"><\/div>\t\t<\/div>\n\t\t\t\t\t\t<\/div>\n\t\t\t\t<\/div>\n\t\t<div class=\"elementor-element elementor-element-33c55d4 e-con-full e-flex e-con e-child\" data-id=\"33c55d4\" data-element_type=\"container\" data-e-type=\"container\">\n\t\t\t\t<div class=\"elementor-element elementor-element-d48b026 elementor-widget elementor-widget-heading\" data-id=\"d48b026\" data-element_type=\"widget\" data-e-type=\"widget\" data-widget_type=\"heading.default\">\n\t\t\t\t\t<h2 class=\"elementor-heading-title elementor-size-default\">Warum Deutsch-Einzelunterricht die effektivste Lernmethode ist<\/h2>\t\t\t\t<\/div>\n\t\t\t\t<div class=\"elementor-element elementor-element-2c6316f elementor-widget elementor-widget-text-editor\" data-id=\"2c6316f\" data-element_type=\"widget\" data-e-type=\"widget\" data-widget_type=\"text-editor.default\">\n\t\t\t\t\t\t\t\t\t<div class=\"flex flex-col text-sm pb-25\"><article class=\"text-token-text-primary w-full focus:outline-none [--shadow-height:45px] has-data-writing-block:pointer-events-none has-data-writing-block:-mt-(--shadow-height) has-data-writing-block:pt-(--shadow-height) [&amp;:has([data-writing-block])&gt;*]:pointer-events-auto scroll-mt-[calc(var(--header-height)+min(200px,max(70px,20svh)))]\" dir=\"auto\" tabindex=\"-1\" data-turn-id=\"e909250b-af6d-4321-9b70-ce1830cd809e\" data-testid=\"conversation-turn-58\" data-scroll-anchor=\"true\" data-turn=\"assistant\"><div class=\"text-base my-auto mx-auto pb-10 [--thread-content-margin:--spacing(4)] @w-sm\/main:[--thread-content-margin:--spacing(6)] @w-lg\/main:[--thread-content-margin:--spacing(16)] px-(--thread-content-margin)\"><div class=\"[--thread-content-max-width:40rem] @w-lg\/main:[--thread-content-max-width:48rem] mx-auto max-w-(--thread-content-max-width) flex-1 group\/turn-messages focus-visible:outline-hidden relative flex w-full min-w-0 flex-col agent-turn\" tabindex=\"-1\"><div class=\"flex max-w-full flex-col grow\"><div class=\"min-h-8 text-message relative flex w-full flex-col items-end gap-2 text-start break-words whitespace-normal [.text-message+&amp;]:mt-1\" dir=\"auto\" data-message-author-role=\"assistant\" data-message-id=\"ecbc6f08-8b6b-485c-8cc2-749eaf1e4e08\" data-message-model-slug=\"gpt-5-2\"><div class=\"flex w-full flex-col gap-1 empty:hidden first:pt-[1px]\"><div class=\"markdown prose dark:prose-invert w-full wrap-break-word light markdown-new-styling\"><p>Mit Deutsch-Privatunterricht investieren Sie in Ihre wertvollste Ressource: <strong>Ihre Zeit.<\/strong><br \/>Im Einzelunterricht geh\u00f6rt die volle Aufmerksamkeit der Lehrkraft ausschlie\u00dflich Ihnen.<\/p><\/div><\/div><\/div><\/div><\/div><\/div><\/article><\/div>\t\t\t\t\t\t\t\t<\/div>\n\t\t\t\t<\/div>\n\t\t\t\t<\/div>\n\t\t<div class=\"elementor-element elementor-element-81256e1 e-flex e-con-boxed e-con e-parent\" data-id=\"81256e1\" data-element_type=\"container\" data-e-type=\"container\">\n\t\t\t\t\t<div class=\"e-con-inner\">\n\t\t\t\t<div class=\"elementor-element elementor-element-23a6dbf elementor-widget elementor-widget-text-editor\" data-id=\"23a6dbf\" data-element_type=\"widget\" data-e-type=\"widget\" data-widget_type=\"text-editor.default\">\n\t\t\t\t\t\t\t\t\t<h2>Maximale Sprechzeit und aktives Lernen<\/h2><p>Sprachen lernt man nicht durch passives Zuh\u00f6ren,<br \/>sondern durch aktives Sprechen.<br \/>Im Privatunterricht sind Sie kontinuierlich im Dialog,<br \/>stellen Fragen und erhalten sofortiges Feedback.<\/p><p>Diese intensive Interaktion sorgt daf\u00fcr,<br \/>dass sich Wortschatz, Grammatik und Aussprache deutlich schneller festigen<br \/>als in Gruppenkursen.<\/p><h2>Fehlerkorrektur ohne Umwege<\/h2><p>Ihr privater Deutschlehrer erkennt typische Fehler sofort<br \/>und korrigiert diese direkt w\u00e4hrend des Gespr\u00e4chs.<br \/>So verhindern Sie, dass sich falsche Strukturen<br \/>in Aussprache oder Grammatik dauerhaft einpr\u00e4gen.<\/p><h2>Ein Lehrplan, der sich nach Ihnen richtet<\/h2><p>Im Deutsch-Privatunterricht bestimmen Sie die Inhalte.<br \/>Bereits bekannte Themen werden \u00fcbersprungen,<br \/>w\u00e4hrend pers\u00f6nliche Schw\u00e4chen gezielt vertieft werden \u2013<br \/>sei es Grammatik, freies Sprechen oder berufliches Deutsch.<\/p><h2>Flexibilit\u00e4t f\u00fcr Ihren Erfolg: Vor Ort oder online<\/h2><p>Sprachunterricht muss sich Ihrem Alltag anpassen \u2013<br \/>nicht umgekehrt.<br \/>Deshalb bieten wir Deutsch-Privatunterricht<br \/>sowohl <strong>vor Ort in ganz Deutschland<\/strong><br \/>als auch <strong>online per Video-Unterricht<\/strong> an.<\/p><h2>Deutschunterricht vor Ort in ganz Deutschland<\/h2><p>Unsere qualifizierten Deutschlehrer unterrichten Sie direkt<br \/>bei Ihnen zu Hause oder am Arbeitsplatz.<br \/>Wir sind unter anderem vertreten in:<\/p><ul><li>Berlin, M\u00fcnchen, Hamburg, K\u00f6ln<\/li><li>Frankfurt, Stuttgart, D\u00fcsseldorf, Dortmund<\/li><li>Leipzig, Bremen, Dresden, Essen<\/li><li>und vielen weiteren St\u00e4dten deutschlandweit<\/li><\/ul><p>Der pers\u00f6nliche Unterricht vor Ort schafft eine konzentrierte Lernatmosph\u00e4re<br \/>und erm\u00f6glicht besonders effektives Arbeiten.<\/p><h2>Deutsch online lernen \u2013 ortsunabh\u00e4ngig &amp; effektiv<\/h2><p>Der Online-Deutschunterricht eignet sich ideal f\u00fcr Berufst\u00e4tige,<br \/>internationale Lernende oder Menschen au\u00dferhalb gro\u00dfer St\u00e4dte.<\/p><p>Der Unterricht findet per Zoom, Skype oder Microsoft Teams statt<br \/>und bietet dieselbe Qualit\u00e4t wie Pr\u00e4senzunterricht \u2013<br \/>inklusive gemeinsamer \u00dcbungen, Dokumentenaustausch und pers\u00f6nlicher Betreuung.<\/p><h2>Zielgruppen: F\u00fcr wen ist Deutsch-Privatunterricht geeignet?<\/h2><h2>Deutsch f\u00fcr Beruf und Karriere<\/h2><p>Wir bereiten Sie gezielt auf berufliche Anforderungen vor,<br \/>zum Beispiel auf:<\/p><ul><li>Meetings und Telefonate<\/li><li>Pr\u00e4sentationen und Fachgespr\u00e4che<\/li><li>professionelle E-Mails und Berichte<\/li><\/ul><h2>Pr\u00fcfungsvorbereitung (telc, TestDaF, Goethe)<\/h2><p>Unsere erfahrenen Lehrkr\u00e4fte bereiten Sie strukturiert<br \/>auf offizielle Deutschpr\u00fcfungen vor \u2013<br \/>inklusive Pr\u00fcfungssimulationen und individueller Strategien.<\/p><h2>Deutsch f\u00fcr Mediziner und Pflegekr\u00e4fte<\/h2><p>F\u00fcr medizinische Fachkr\u00e4fte bieten wir spezialisierten Deutsch-Privatunterricht<br \/>zur Vorbereitung auf die Fachsprachenpr\u00fcfung (C1 Medizin),<br \/>mit Fokus auf Patientengespr\u00e4che und klinische Kommunikation.<\/p>\t\t\t\t\t\t\t\t<\/div>\n\t\t\t\t\t<\/div>\n\t\t\t\t<\/div>\n\t\t<a class=\"elementor-element elementor-element-6132f46 e-con-full e-flex e-con e-child\" data-id=\"6132f46\" data-element_type=\"container\" data-e-type=\"container\" data-settings=\"{&quot;background_background&quot;:&quot;classic&quot;}\" href=\"#\">\n\t\t\t\t<div class=\"elementor-element elementor-element-38c1abd elementor-widget__width-initial elementor-widget elementor-widget-heading\" data-id=\"38c1abd\" data-element_type=\"widget\" data-e-type=\"widget\" data-widget_type=\"heading.default\">\n\t\t\t\t\t<h2 class=\"elementor-heading-title elementor-size-default\">H\u00e4ufig gestellte Fragen (FAQ)<\/h2>\t\t\t\t<\/div>\n\t\t\t\t<div class=\"elementor-element elementor-element-7ce3d3b elementor-widget elementor-widget-n-accordion\" data-id=\"7ce3d3b\" data-element_type=\"widget\" data-e-type=\"widget\" data-settings=\"{&quot;default_state&quot;:&quot;all_collapsed&quot;,&quot;max_items_expended&quot;:&quot;one&quot;,&quot;n_accordion_animation_duration&quot;:{&quot;unit&quot;:&quot;ms&quot;,&quot;size&quot;:400,&quot;sizes&quot;:[]}}\" data-widget_type=\"nested-accordion.default\">\n\t\t\t\t\t\t\t<div class=\"e-n-accordion\" aria-label=\"Accordion. Open links with Enter or Space, close with Escape, and navigate with Arrow Keys\">\n\t\t\t\t\t\t<details id=\"e-n-accordion-item-1300\" class=\"e-n-accordion-item\" >\n\t\t\t\t<summary class=\"e-n-accordion-item-title\" data-accordion-index=\"1\" tabindex=\"0\" aria-expanded=\"false\" aria-controls=\"e-n-accordion-item-1300\" >\n\t\t\t\t\t<span class='e-n-accordion-item-title-header'><div class=\"e-n-accordion-item-title-text\"> Wie viel kostet eine Stunde Deutsch Privatunterricht? <\/div><\/span>\n\t\t\t\t\t\t\t<span class='e-n-accordion-item-title-icon'>\n\t\t\t<span class='e-opened' ><svg aria-hidden=\"true\" class=\"e-font-icon-svg e-fas-minus\" viewBox=\"0 0 448 512\" xmlns=\"http:\/\/www.w3.org\/2000\/svg\"><path d=\"M416 208H32c-17.67 0-32 14.33-32 32v32c0 17.67 14.33 32 32 32h384c17.67 0 32-14.33 32-32v-32c0-17.67-14.33-32-32-32z\"><\/path><\/svg><\/span>\n\t\t\t<span class='e-closed'><svg aria-hidden=\"true\" class=\"e-font-icon-svg e-fas-plus\" viewBox=\"0 0 448 512\" xmlns=\"http:\/\/www.w3.org\/2000\/svg\"><path d=\"M416 208H272V64c0-17.67-14.33-32-32-32h-32c-17.67 0-32 14.33-32 32v144H32c-17.67 0-32 14.33-32 32v32c0 17.67 14.33 32 32 32h144v144c0 17.67 14.33 32 32 32h32c17.67 0 32-14.33 32-32V304h144c17.67 0 32-14.33 32-32v-32c0-17.67-14.33-32-32-32z\"><\/path><\/svg><\/span>\n\t\t<\/span>\n\n\t\t\t\t\t\t<\/summary>\n\t\t\t\t<div role=\"region\" aria-labelledby=\"e-n-accordion-item-1300\" class=\"elementor-element elementor-element-0ccffd9 e-con-full e-flex e-con e-child\" data-id=\"0ccffd9\" data-element_type=\"container\" data-e-type=\"container\">\n\t\t\t\t<div class=\"elementor-element elementor-element-19fa247 elementor-widget elementor-widget-text-editor\" data-id=\"19fa247\" data-element_type=\"widget\" data-e-type=\"widget\" data-widget_type=\"text-editor.default\">\n\t\t\t\t\t\t\t\t\t<p>Die Preise variieren je nach Anzahl der gebuchten Stunden. Wir bieten attraktive Paketpreise an: Je mehr Stunden Sie buchen, desto g\u00fcnstiger wird die Einheit. Es gibt keine versteckten Anmeldegeb\u00fchren.<\/p><ul data-sourcepos=\"17:3-21:32\"><li data-sourcepos=\"18:3-18:32\">10 UE oder mehr: 45 \u20ac pro UE<\/li><li data-sourcepos=\"19:3-19:32\">20 UE oder mehr: 42 \u20ac pro UE<\/li><li data-sourcepos=\"20:3-20:32\">50 UE oder mehr: 38 \u20ac pro UE<\/li><li data-sourcepos=\"21:3-21:32\">80 UE oder mehr: 35 \u20ac pro UE<\/li><\/ul>\t\t\t\t\t\t\t\t<\/div>\n\t\t\t\t<\/div>\n\t\t\t\t\t<\/details>\n\t\t\t\t\t\t<details id=\"e-n-accordion-item-1301\" class=\"e-n-accordion-item\" >\n\t\t\t\t<summary class=\"e-n-accordion-item-title\" data-accordion-index=\"2\" tabindex=\"-1\" aria-expanded=\"false\" aria-controls=\"e-n-accordion-item-1301\" >\n\t\t\t\t\t<span class='e-n-accordion-item-title-header'><div class=\"e-n-accordion-item-title-text\"> Kann ich den Lehrer wechseln? <\/div><\/span>\n\t\t\t\t\t\t\t<span class='e-n-accordion-item-title-icon'>\n\t\t\t<span class='e-opened' ><svg aria-hidden=\"true\" class=\"e-font-icon-svg e-fas-minus\" viewBox=\"0 0 448 512\" xmlns=\"http:\/\/www.w3.org\/2000\/svg\"><path d=\"M416 208H32c-17.67 0-32 14.33-32 32v32c0 17.67 14.33 32 32 32h384c17.67 0 32-14.33 32-32v-32c0-17.67-14.33-32-32-32z\"><\/path><\/svg><\/span>\n\t\t\t<span class='e-closed'><svg aria-hidden=\"true\" class=\"e-font-icon-svg e-fas-plus\" viewBox=\"0 0 448 512\" xmlns=\"http:\/\/www.w3.org\/2000\/svg\"><path d=\"M416 208H272V64c0-17.67-14.33-32-32-32h-32c-17.67 0-32 14.33-32 32v144H32c-17.67 0-32 14.33-32 32v32c0 17.67 14.33 32 32 32h144v144c0 17.67 14.33 32 32 32h32c17.67 0 32-14.33 32-32V304h144c17.67 0 32-14.33 32-32v-32c0-17.67-14.33-32-32-32z\"><\/path><\/svg><\/span>\n\t\t<\/span>\n\n\t\t\t\t\t\t<\/summary>\n\t\t\t\t<div role=\"region\" aria-labelledby=\"e-n-accordion-item-1301\" class=\"elementor-element elementor-element-e7cb44a e-con-full e-flex e-con e-child\" data-id=\"e7cb44a\" data-element_type=\"container\" data-e-type=\"container\">\n\t\t\t\t<div class=\"elementor-element elementor-element-8a28a3a elementor-widget elementor-widget-text-editor\" data-id=\"8a28a3a\" data-element_type=\"widget\" data-e-type=\"widget\" data-widget_type=\"text-editor.default\">\n\t\t\t\t\t\t\t\t\t<p>Ja. Die Zufriedenheit unserer Kursteilnehmer steht an erster Stelle. Sollte die Chemie nicht stimmen, suchen wir umgehend nach einer passenden Alternative f\u00fcr Sie.<\/p>\t\t\t\t\t\t\t\t<\/div>\n\t\t\t\t<\/div>\n\t\t\t\t\t<\/details>\n\t\t\t\t\t\t<details id=\"e-n-accordion-item-1302\" class=\"e-n-accordion-item\" >\n\t\t\t\t<summary class=\"e-n-accordion-item-title\" data-accordion-index=\"3\" tabindex=\"-1\" aria-expanded=\"false\" aria-controls=\"e-n-accordion-item-1302\" >\n\t\t\t\t\t<span class='e-n-accordion-item-title-header'><div class=\"e-n-accordion-item-title-text\"> Wie schnell kann ich mit dem Unterricht beginnen? <\/div><\/span>\n\t\t\t\t\t\t\t<span class='e-n-accordion-item-title-icon'>\n\t\t\t<span class='e-opened' ><svg aria-hidden=\"true\" class=\"e-font-icon-svg e-fas-minus\" viewBox=\"0 0 448 512\" xmlns=\"http:\/\/www.w3.org\/2000\/svg\"><path d=\"M416 208H32c-17.67 0-32 14.33-32 32v32c0 17.67 14.33 32 32 32h384c17.67 0 32-14.33 32-32v-32c0-17.67-14.33-32-32-32z\"><\/path><\/svg><\/span>\n\t\t\t<span class='e-closed'><svg aria-hidden=\"true\" class=\"e-font-icon-svg e-fas-plus\" viewBox=\"0 0 448 512\" xmlns=\"http:\/\/www.w3.org\/2000\/svg\"><path d=\"M416 208H272V64c0-17.67-14.33-32-32-32h-32c-17.67 0-32 14.33-32 32v144H32c-17.67 0-32 14.33-32 32v32c0 17.67 14.33 32 32 32h144v144c0 17.67 14.33 32 32 32h32c17.67 0 32-14.33 32-32V304h144c17.67 0 32-14.33 32-32v-32c0-17.67-14.33-32-32-32z\"><\/path><\/svg><\/span>\n\t\t<\/span>\n\n\t\t\t\t\t\t<\/summary>\n\t\t\t\t<div role=\"region\" aria-labelledby=\"e-n-accordion-item-1302\" class=\"elementor-element elementor-element-1aafd52 e-con-full e-flex e-con e-child\" data-id=\"1aafd52\" data-element_type=\"container\" data-e-type=\"container\">\n\t\t\t\t<div class=\"elementor-element elementor-element-03016ce elementor-widget elementor-widget-text-editor\" data-id=\"03016ce\" data-element_type=\"widget\" data-e-type=\"widget\" data-widget_type=\"text-editor.default\">\n\t\t\t\t\t\t\t\t\t<p>In der Regel k\u00f6nnen wir innerhalb weniger Tage einen passenden Lehrer vermitteln. Nach Ihrer Anfrage kontaktieren wir Sie zeitnah f\u00fcr eine gratis Probestunde.<\/p>\t\t\t\t\t\t\t\t<\/div>\n\t\t\t\t<\/div>\n\t\t\t\t\t<\/details>\n\t\t\t\t\t<\/div>\n\t\t\t\t\t\t<\/div>\n\t\t\t\t<\/a>\n\t\t<div class=\"elementor-element elementor-element-bf34548 e-flex e-con-boxed e-con e-parent\" data-id=\"bf34548\" data-element_type=\"container\" data-e-type=\"container\">\n\t\t\t\t\t<div class=\"e-con-inner\">\n\t\t\t\t<div class=\"elementor-element elementor-element-aa7c3e2 elementor-widget elementor-widget-text-editor\" data-id=\"aa7c3e2\" data-element_type=\"widget\" data-e-type=\"widget\" data-widget_type=\"text-editor.default\">\n\t\t\t\t\t\t\t\t\t<section class=\"fazit-section\" style=\"background-color: #f4f7f6; padding: 40px; border-radius: 10px; border-left: 5px solid #007bff; margin-top: 30px;\"><h2 style=\"color: #2c3e50; margin-top: 0;\">Fazit: Investieren Sie jetzt in Ihren Erfolg<\/h2><p style=\"font-size: 1.1em; line-height: 1.6; color: #34495e;\"><strong>Deutsch-Privatunterricht<\/strong> ist weit mehr als eine Ausgabe \u2013 es ist eine nachhaltige Investition in Ihre pers\u00f6nliche und berufliche Freiheit.<br \/>In unserem Einzelunterricht profitieren Sie von <strong>individueller Betreuung<\/strong>, maximaler zeitlicher Flexibilit\u00e4t und der Expertise erfahrener Deutschlehrer.<\/p><p style=\"font-size: 1.1em; color: #2c3e50; font-weight: bold;\">Egal ob vor Ort oder online: Starten Sie jetzt und meistern Sie die deutsche Sprache effektiv.<\/p><div style=\"margin-top: 25px;\"><a class=\"cta-button\" style=\"display: inline-block; background-color: #28a745; color: white; padding: 15px 30px; text-decoration: none; font-weight: bold; border-radius: 5px; font-size: 1.2em; transition: background-color 0.3s ease;\" href=\"https:\/\/www.sprachlehrer-aktiv.de\/deutsch-privatunterricht\/kontakt\/\"><br \/>\ud83d\udc49 Jetzt Privatkurs anfragen &amp; Probestunde sichern!<br \/><\/a><\/div><\/section>\t\t\t\t\t\t\t\t<\/div>\n\t\t\t\t\t<\/div>\n\t\t\t\t<\/div>\n\t\t\t\t<\/div>\n\t\t","protected":false},"excerpt":{"rendered":"<p>Deutsch-Privatunterricht: Flexibel online oder vor Ort in ganz Deutschland Lernen Sie Deutsch im individuellen Einzelunterricht \u2013 genau abgestimmt auf Ihr Niveau und Ihre Ziele. Unsere erfahrenen Deutsch-Privatlehrer unterrichten Sie flexibel vor Ort oder online. Ob Beruf, Alltag oder Pr\u00fcfungsvorbereitung: Sie bestimmen Tempo, Inhalte und Zeiten. Starten Sie jetzt mit einer kostenlosen Probestunde und erleben Sie &#8230; <a title=\"Beispiel-Seite\" class=\"read-more\" href=\"https:\/\/www.sprachlehrer-aktiv.de\/deutsch-privatunterricht\/\" aria-label=\"Mehr Informationen \u00fcber Beispiel-Seite\">Weiterlesen<\/a><\/p>\n","protected":false},"author":1,"featured_media":0,"parent":0,"menu_order":0,"comment_status":"closed","ping_status":"open","template":"","meta":{"footnotes":""},"class_list":["post-2","page","type-page","status-publish"],"yoast_head":"<!-- This site is optimized with the Yoast SEO plugin v26.8 - https:\/\/yoast.com\/product\/yoast-seo-wordpress\/ -->\n<title>Deutsch Privatunterricht: Privatlehrer finden (vor Ort &amp; online)<\/title>\n<meta name=\"description\" content=\"Deutsch lernen mit Privatlehrern vor Ort oder online. Privatunterricht f\u00fcr alle Niveaus. Flexibel &amp; effektiv. Jetzt Probestunde buchen!\" \/>\n<meta name=\"robots\" content=\"index, follow, max-snippet:-1, max-image-preview:large, max-video-preview:-1\" \/>\n<link rel=\"canonical\" href=\"https:\/\/www.sprachlehrer-aktiv.de\/deutsch-privatunterricht\/\" \/>\n<meta property=\"og:locale\" content=\"de_DE\" \/>\n<meta property=\"og:type\" content=\"article\" \/>\n<meta property=\"og:title\" content=\"Deutsch Privatunterricht: Privatlehrer finden (vor Ort &amp; online)\" \/>\n<meta property=\"og:description\" content=\"Deutsch lernen mit Privatlehrern vor Ort oder online. Privatunterricht f\u00fcr alle Niveaus. Flexibel &amp; effektiv. Jetzt Probestunde buchen!\" \/>\n<meta property=\"og:url\" content=\"https:\/\/www.sprachlehrer-aktiv.de\/deutsch-privatunterricht\/\" \/>\n<meta property=\"article:modified_time\" content=\"2026-03-31T05:25:39+00:00\" \/>\n<meta property=\"og:image\" content=\"https:\/\/www.sprachlehrer-aktiv.de\/deutsch-privatunterricht\/wp-content\/uploads\/2026\/02\/vor_ort_oder_online_deutsch_privatlehrer.jpg\" \/>\n\t<meta property=\"og:image:width\" content=\"800\" \/>\n\t<meta property=\"og:image:height\" content=\"800\" \/>\n\t<meta property=\"og:image:type\" content=\"image\/jpeg\" \/>\n<meta name=\"twitter:card\" content=\"summary_large_image\" \/>\n<meta name=\"twitter:label1\" content=\"Gesch\u00e4tzte Lesezeit\" \/>\n\t<meta name=\"twitter:data1\" content=\"20\u00a0Minuten\" \/>\n<script type=\"application\/ld+json\" class=\"yoast-schema-graph\">{\"@context\":\"https:\/\/schema.org\",\"@graph\":[{\"@type\":\"WebPage\",\"@id\":\"https:\/\/www.sprachlehrer-aktiv.de\/deutsch-privatunterricht\/\",\"url\":\"https:\/\/www.sprachlehrer-aktiv.de\/deutsch-privatunterricht\/\",\"name\":\"Deutsch Privatunterricht: Privatlehrer finden (vor Ort & online)\",\"isPartOf\":{\"@id\":\"https:\/\/www.sprachlehrer-aktiv.de\/deutsch-privatunterricht\/#website\"},\"primaryImageOfPage\":{\"@id\":\"https:\/\/www.sprachlehrer-aktiv.de\/deutsch-privatunterricht\/#primaryimage\"},\"image\":{\"@id\":\"https:\/\/www.sprachlehrer-aktiv.de\/deutsch-privatunterricht\/#primaryimage\"},\"thumbnailUrl\":\"https:\/\/www.sprachlehrer-aktiv.de\/deutsch-privatunterricht\/wp-content\/uploads\/2026\/02\/vor_ort_oder_online_deutsch_privatlehrer.jpg\",\"datePublished\":\"2026-02-02T08:38:32+00:00\",\"dateModified\":\"2026-03-31T05:25:39+00:00\",\"description\":\"Deutsch lernen mit Privatlehrern vor Ort oder online. Privatunterricht f\u00fcr alle Niveaus. Flexibel & effektiv. Jetzt Probestunde buchen!\",\"breadcrumb\":{\"@id\":\"https:\/\/www.sprachlehrer-aktiv.de\/deutsch-privatunterricht\/#breadcrumb\"},\"inLanguage\":\"de\",\"potentialAction\":[{\"@type\":\"ReadAction\",\"target\":[\"https:\/\/www.sprachlehrer-aktiv.de\/deutsch-privatunterricht\/\"]}]},{\"@type\":\"ImageObject\",\"inLanguage\":\"de\",\"@id\":\"https:\/\/www.sprachlehrer-aktiv.de\/deutsch-privatunterricht\/#primaryimage\",\"url\":\"https:\/\/www.sprachlehrer-aktiv.de\/deutsch-privatunterricht\/wp-content\/uploads\/2026\/02\/vor_ort_oder_online_deutsch_privatlehrer.jpg\",\"contentUrl\":\"https:\/\/www.sprachlehrer-aktiv.de\/deutsch-privatunterricht\/wp-content\/uploads\/2026\/02\/vor_ort_oder_online_deutsch_privatlehrer.jpg\",\"width\":800,\"height\":800,\"caption\":\"Deutsch Privatunterricht vor Ort in ganz Deutschland oder online\"},{\"@type\":\"BreadcrumbList\",\"@id\":\"https:\/\/www.sprachlehrer-aktiv.de\/deutsch-privatunterricht\/#breadcrumb\",\"itemListElement\":[{\"@type\":\"ListItem\",\"position\":1,\"name\":\"Start\",\"item\":\"https:\/\/www.sprachlehrer-aktiv.de\/deutsch-privatunterricht\/\"},{\"@type\":\"ListItem\",\"position\":2,\"name\":\"Beispiel-Seite\"}]},{\"@type\":\"WebSite\",\"@id\":\"https:\/\/www.sprachlehrer-aktiv.de\/deutsch-privatunterricht\/#website\",\"url\":\"https:\/\/www.sprachlehrer-aktiv.de\/deutsch-privatunterricht\/\",\"name\":\"\",\"description\":\"\",\"potentialAction\":[{\"@type\":\"SearchAction\",\"target\":{\"@type\":\"EntryPoint\",\"urlTemplate\":\"https:\/\/www.sprachlehrer-aktiv.de\/deutsch-privatunterricht\/?s={search_term_string}\"},\"query-input\":{\"@type\":\"PropertyValueSpecification\",\"valueRequired\":true,\"valueName\":\"search_term_string\"}}],\"inLanguage\":\"de\"}]}<\/script>\n<!-- \/ Yoast SEO plugin. -->","yoast_head_json":{"title":"Deutsch Privatunterricht: Privatlehrer finden (vor Ort & online)","description":"Deutsch lernen mit Privatlehrern vor Ort oder online. Privatunterricht f\u00fcr alle Niveaus. Flexibel & effektiv. Jetzt Probestunde buchen!","robots":{"index":"index","follow":"follow","max-snippet":"max-snippet:-1","max-image-preview":"max-image-preview:large","max-video-preview":"max-video-preview:-1"},"canonical":"https:\/\/www.sprachlehrer-aktiv.de\/deutsch-privatunterricht\/","og_locale":"de_DE","og_type":"article","og_title":"Deutsch Privatunterricht: Privatlehrer finden (vor Ort & online)","og_description":"Deutsch lernen mit Privatlehrern vor Ort oder online. Privatunterricht f\u00fcr alle Niveaus. Flexibel & effektiv. Jetzt Probestunde buchen!","og_url":"https:\/\/www.sprachlehrer-aktiv.de\/deutsch-privatunterricht\/","article_modified_time":"2026-03-31T05:25:39+00:00","og_image":[{"width":800,"height":800,"url":"https:\/\/www.sprachlehrer-aktiv.de\/deutsch-privatunterricht\/wp-content\/uploads\/2026\/02\/vor_ort_oder_online_deutsch_privatlehrer.jpg","type":"image\/jpeg"}],"twitter_card":"summary_large_image","twitter_misc":{"Gesch\u00e4tzte Lesezeit":"20\u00a0Minuten"},"schema":{"@context":"https:\/\/schema.org","@graph":[{"@type":"WebPage","@id":"https:\/\/www.sprachlehrer-aktiv.de\/deutsch-privatunterricht\/","url":"https:\/\/www.sprachlehrer-aktiv.de\/deutsch-privatunterricht\/","name":"Deutsch Privatunterricht: Privatlehrer finden (vor Ort & online)","isPartOf":{"@id":"https:\/\/www.sprachlehrer-aktiv.de\/deutsch-privatunterricht\/#website"},"primaryImageOfPage":{"@id":"https:\/\/www.sprachlehrer-aktiv.de\/deutsch-privatunterricht\/#primaryimage"},"image":{"@id":"https:\/\/www.sprachlehrer-aktiv.de\/deutsch-privatunterricht\/#primaryimage"},"thumbnailUrl":"https:\/\/www.sprachlehrer-aktiv.de\/deutsch-privatunterricht\/wp-content\/uploads\/2026\/02\/vor_ort_oder_online_deutsch_privatlehrer.jpg","datePublished":"2026-02-02T08:38:32+00:00","dateModified":"2026-03-31T05:25:39+00:00","description":"Deutsch lernen mit Privatlehrern vor Ort oder online. Privatunterricht f\u00fcr alle Niveaus. Flexibel & effektiv. Jetzt Probestunde buchen!","breadcrumb":{"@id":"https:\/\/www.sprachlehrer-aktiv.de\/deutsch-privatunterricht\/#breadcrumb"},"inLanguage":"de","potentialAction":[{"@type":"ReadAction","target":["https:\/\/www.sprachlehrer-aktiv.de\/deutsch-privatunterricht\/"]}]},{"@type":"ImageObject","inLanguage":"de","@id":"https:\/\/www.sprachlehrer-aktiv.de\/deutsch-privatunterricht\/#primaryimage","url":"https:\/\/www.sprachlehrer-aktiv.de\/deutsch-privatunterricht\/wp-content\/uploads\/2026\/02\/vor_ort_oder_online_deutsch_privatlehrer.jpg","contentUrl":"https:\/\/www.sprachlehrer-aktiv.de\/deutsch-privatunterricht\/wp-content\/uploads\/2026\/02\/vor_ort_oder_online_deutsch_privatlehrer.jpg","width":800,"height":800,"caption":"Deutsch Privatunterricht vor Ort in ganz Deutschland oder online"},{"@type":"BreadcrumbList","@id":"https:\/\/www.sprachlehrer-aktiv.de\/deutsch-privatunterricht\/#breadcrumb","itemListElement":[{"@type":"ListItem","position":1,"name":"Start","item":"https:\/\/www.sprachlehrer-aktiv.de\/deutsch-privatunterricht\/"},{"@type":"ListItem","position":2,"name":"Beispiel-Seite"}]},{"@type":"WebSite","@id":"https:\/\/www.sprachlehrer-aktiv.de\/deutsch-privatunterricht\/#website","url":"https:\/\/www.sprachlehrer-aktiv.de\/deutsch-privatunterricht\/","name":"","description":"","potentialAction":[{"@type":"SearchAction","target":{"@type":"EntryPoint","urlTemplate":"https:\/\/www.sprachlehrer-aktiv.de\/deutsch-privatunterricht\/?s={search_term_string}"},"query-input":{"@type":"PropertyValueSpecification","valueRequired":true,"valueName":"search_term_string"}}],"inLanguage":"de"}]}},"_links":{"self":[{"href":"https:\/\/www.sprachlehrer-aktiv.de\/deutsch-privatunterricht\/wp-json\/wp\/v2\/pages\/2","targetHints":{"allow":["GET"]}}],"collection":[{"href":"https:\/\/www.sprachlehrer-aktiv.de\/deutsch-privatunterricht\/wp-json\/wp\/v2\/pages"}],"about":[{"href":"https:\/\/www.sprachlehrer-aktiv.de\/deutsch-privatunterricht\/wp-json\/wp\/v2\/types\/page"}],"author":[{"embeddable":true,"href":"https:\/\/www.sprachlehrer-aktiv.de\/deutsch-privatunterricht\/wp-json\/wp\/v2\/users\/1"}],"replies":[{"embeddable":true,"href":"https:\/\/www.sprachlehrer-aktiv.de\/deutsch-privatunterricht\/wp-json\/wp\/v2\/comments?post=2"}],"version-history":[{"count":212,"href":"https:\/\/www.sprachlehrer-aktiv.de\/deutsch-privatunterricht\/wp-json\/wp\/v2\/pages\/2\/revisions"}],"predecessor-version":[{"id":529,"href":"https:\/\/www.sprachlehrer-aktiv.de\/deutsch-privatunterricht\/wp-json\/wp\/v2\/pages\/2\/revisions\/529"}],"wp:attachment":[{"href":"https:\/\/www.sprachlehrer-aktiv.de\/deutsch-privatunterricht\/wp-json\/wp\/v2\/media?parent=2"}],"curies":[{"name":"wp","href":"https:\/\/api.w.org\/{rel}","templated":true}]}}