{"id":123,"date":"2026-02-02T21:58:58","date_gmt":"2026-02-02T20:58:58","guid":{"rendered":"https:\/\/www.sprachlehrer-aktiv.de\/deutsch-privatunterricht\/?page_id=123"},"modified":"2026-02-03T09:08:11","modified_gmt":"2026-02-03T08:08:11","slug":"impressum","status":"publish","type":"page","link":"https:\/\/www.sprachlehrer-aktiv.de\/deutsch-privatunterricht\/impressum\/","title":{"rendered":"Impressum"},"content":{"rendered":"\t\t<div data-elementor-type=\"wp-page\" data-elementor-id=\"123\" class=\"elementor elementor-123\">\n\t\t\t\t<div class=\"elementor-element elementor-element-91182d2 e-flex e-con-boxed e-con e-parent\" data-id=\"91182d2\" data-element_type=\"container\" data-e-type=\"container\">\n\t\t\t\t\t<div class=\"e-con-inner\">\n\t\t\t\t<div class=\"elementor-element elementor-element-9ccd894 elementor-widget elementor-widget-text-editor\" data-id=\"9ccd894\" data-element_type=\"widget\" data-e-type=\"widget\" data-widget_type=\"text-editor.default\">\n\t\t\t\t\t\t\t\t\t<h2>Impressum<\/h2><h2>Sprachlehrer Aktiv Deutschland<\/h2><p><strong>Gesch\u00e4ftsinhaberin<\/strong>:<\/p><p><strong>Angaben gem\u00e4\u00df \u00a7 5 TMG:<\/strong><\/p><p>Alexandra Fidelscaia<\/p><p>Sprachlehrer Aktiv<\/p><p>Adresse:<br \/>Tuttlinger Str. 4<br \/>80686 M\u00fcnchen<\/p><p><strong>Telefon:<\/strong>\u00a0+49-1-758947710<br \/><strong>E-Mail:<\/strong> info@sprachlehrer-aktiv.de<\/p><h2>Umsatzsteuer:<\/h2><p>Umsatzsteuer-Identifikationsnummer gem\u00e4\u00df \u00a727 a Umsatzsteuergesetz:<br \/>DE45333781<\/p><p>Steuernummer:<br \/>147\/107\/50247<\/p><h2>Barrierefreiheit<\/h2><p>Wir bem\u00fchen uns, unsere Website barrierefrei zu gestalten. Falls Sie auf Probleme sto\u00dfen oder Verbesserungsvorschl\u00e4ge haben, kontaktieren Sie uns bitte unter admin@sprachschuleaktiv.com<\/p><h2>Streitschlichtung<\/h2><p>Die Europ\u00e4ische Kommission stellt eine Plattform zur Online-Streitbeilegung (OS) bereit: <a href=\"https:\/\/ec.europa.eu\/consumers\/odr\" target=\"_blank\" rel=\"noopener noreferrer\">https:\/\/ec.europa.eu\/consumers\/odr<\/a><br \/>Unsere E-Mail-Adresse finden Sie oben im Impressum.<\/p><p>Wir sind nicht bereit oder verpflichtet, an Streitbeilegungsverfahren vor einer Verbraucherschlichtungsstelle teilzunehmen.<\/p><h2>Haftung f\u00fcr Inhalte<\/h2><p>Als Diensteanbieter sind wir gem\u00e4\u00df \u00a7 7 Abs.1 TMG f\u00fcr eigene Inhalte auf diesen Seiten nach den allgemeinen Gesetzen verantwortlich. Nach \u00a7\u00a7 8 bis 10 TMG sind wir als Diensteanbieter jedoch nicht verpflichtet, \u00fcbermittelte oder gespeicherte fremde Informationen zu \u00fcberwachen oder nach Umst\u00e4nden zu forschen, die auf eine rechtswidrige T\u00e4tigkeit hinweisen.<\/p><p>Verpflichtungen zur Entfernung oder Sperrung der Nutzung von Informationen nach den allgemeinen Gesetzen bleiben hiervon unber\u00fchrt. Eine diesbez\u00fcgliche Haftung ist jedoch erst ab dem Zeitpunkt der Kenntnis einer konkreten Rechtsverletzung m\u00f6glich. Bei Bekanntwerden von entsprechenden Rechtsverletzungen werden wir diese Inhalte umgehend entfernen.<\/p><h2>Haftung f\u00fcr Links<\/h2><p>Unser Angebot enth\u00e4lt Links zu externen Websites Dritter, auf deren Inhalte wir keinen Einfluss haben. Deshalb k\u00f6nnen wir f\u00fcr diese fremden Inhalte auch<br \/>keine Gew\u00e4hr \u00fcbernehmen. F\u00fcr die Inhalte der verlinkten Seiten ist stets der jeweilige Anbieter oder Betreiber der Seiten verantwortlich. Die verlinkten Seiten wurden zum Zeitpunkt der Verlinkung auf m\u00f6gliche Rechtsverst\u00f6\u00dfe \u00fcberpr\u00fcft. Rechtswidrige Inhalte waren zum Zeitpunkt der Verlinkung nicht erkennbar. Eine permanente inhaltliche Kontrolle der verlinkten Seiten ist jedoch ohne konkrete Anhaltspunkte einer Rechtsverletzung nicht zumutbar. Bei Bekanntwerden von Rechtsverletzungen werden wir derartige Links umgehend entfernen.<\/p><h2>Urheberrecht<\/h2><p>Die durch die Seitenbetreiber erstellten Inhalte und Werke auf diesen Seiten unterliegen dem deutschen Urheberrecht. Die Vervielf\u00e4ltigung, Bearbeitung, Verbreitung und jede Art der Verwertung au\u00dferhalb der Grenzen des Urheberrechtes bed\u00fcrfen der schriftlichen Erkl\u00e4rung Zustimmung des jeweiligen Autors bzw. Erstellers. Downloads und Kopien dieser Seite sind nur f\u00fcr den privaten, nicht kommerziellen Gebrauch gestattet.<\/p><p>Soweit die Inhalte auf dieser Seite nicht vom Betreiber erstellt wurden, werden die Urheberrechte Dritter beachtet. Insbesondere werden Inhalte des Dritter als solche gekennzeichnet. Sollten Sie trotzdem auf eine Urheberrechtsverletzung aufmerksam werden, bitten wir um einen entsprechenden Hinweis. Bei Bekanntwerden von Rechtsverletzungen werden wir derartige Inhalte umgehend entfernen.<\/p><p><a name=\"datenschutz\"><\/a><\/p><h2>Datenschutzerkl\u00e4rung<\/h2><h2>1. Erfassung allgemeiner Informationen<\/h2><p>Wenn Sie auf unsere Webseite zugreifen, werden automatisch Informationen allgemeiner Natur erfasst. Diese Informationen (Server-Logfiles) beinhalten etwa die Art des Webbrowsers, das verwendete Betriebssystem, den Domainnamen Ihres Internet Service Providers und \u00c4hnliches. Hierbei handelt es sich ausschlie\u00dflich um Informationen, welche keine R\u00fcckschl\u00fcsse auf Ihre Person zulassen. Diese Informationen sind technisch notwendig, um von Ihnen angeforderte Inhalte von Webseiten korrekt auszuliefern und fallen bei Nutzung des Internets zwingend an. Anonyme Informationen dieser Art werden von uns statistisch ausgewertet, um unseren Internetauftritt und die dahinterstehende Technik zu optimieren.<\/p><h2>2. Schutz und Sicherheit von personenbezogenen Daten<\/h2><p>Um die Dienste auf den Webseiten von Sprachlehrer Aktiv nutzen zu k\u00f6nnen, besteht die Notwendigkeit, einige personenbezogene Daten zu erfassen.<\/p><p>Sprachlehrer Aktiv ist sich der Verantwortung vollends bewusst, nimmt das Thema Sicherheit sehr ernst und verpflichtet sich deshalb, die gesetzlichen Bestimmungen zum Schutz personenbezogener Daten unbedingt einzuhalten. Im Hinblick darauf werden personenbezogene Daten nur zum Zweck der Vertragsabwicklung und zur Wahrung berechtigter eigener Gesch\u00e4ftsinteressen im Sinne der Beratung und Betreuung von Nutzern erhoben, verarbeitet und genutzt.<\/p><p>Sprachlehrer Aktiv unternimmt alle Anstrengungen, um die Daten von Nutzern vor unberechtigtem Zugriff zu sch\u00fctzen. Aus diesem Grund setzten wir verschiedene Verfahren wie ein umfangreiches System von Zugriffsberechtigungen und technische Schutzma\u00dfnahmen ein. Zudem sorgen wir f\u00fcr eine regelm\u00e4\u00dfige \u00dcberpr\u00fcfung der Ma\u00dfnahmen und passen sie an den technischen Fortschritt an. Durch das sichere \u00dcbertragungsverfahren von Nutzerdaten im Rahmen einer SSL-Verschl\u00fcsselung wird gro\u00dfe Datensicherheit gew\u00e4hrleistet.<\/p><p>Ihre Daten sind bei uns sicher. Sprachlehrer Aktiv betreibt weder den Verkauf, noch den Tausch oder sonstigen unautorisierten Gebrauch von pers\u00f6nlichen Daten und Informationen. Wir versichern unseren Nutzern, dass ihre pers\u00f6nlichen Daten nicht unautorisiert an andere Unternehmen oder Organisationen weitergegeben werden.<\/p><h2>3. Erhebung notwendiger personenbezogener Daten durch Sprachlehrer Aktiv<\/h2><p>Zur Erbringung der Dienstleistung von Sprachlehrer Aktiv ist es notwendig, dass uns anvertraute personenbezogene Daten unter Beachtung der Datenschutzbedingungen erhoben, gespeichert, verarbeitet und genutzt werden.<\/p><p>Personenbezogene Daten sind Informationen zur Identit\u00e4t wie Name, Vorname, Adresse, Adresse, Geburtsdatum, E-Mail-Adresse, Mobiltelefonnummer, gegebenenfalls Festnetz-Telefonnummer,\u00a0Geschlecht sowie die IP-Adresse.<\/p><p>Im Rahmen der Bestellung eines kostenpflichtigen Produkts wie beispielsweise eine Vermittlungsleistung werden zus\u00e4tzlich zur Abwicklung des Kaufs gegebenenfalls Kontodaten erhoben.<\/p><p>Zur Inanspruchnahme der von Sprachlehrer Aktiv angebotenen Dienste verwenden wir die personenbezogenen Daten, die Sie uns aktiv mitteilten. Dazu geh\u00f6ren bei der Registrierung Ihre Profildaten. Dar\u00fcber hinaus werden bei Ihrem Besuch auf unserer Webseite sowie im Rahmen Ihrer Anmeldungen eventuell weitere Daten erhoben (zum Beispiel: IP-Adresse, Datum, Uhrzeit des jeweiligen Zugriffs, Name des von Ihnen verwendeten Browsers und Betriebssystems).<\/p><p>Die Erhebung, Speicherung, Verarbeitung und Nutzung dieser Daten erfolgt ausschlie\u00dflich zur Erf\u00fcllung der durch den Nutzer nachgefragten Dienste und f\u00fcr interne Zwecke wie den Betrieb, die Sicherheit und die Optimierung der Webseiten von Sprachlehrer Aktiv.<\/p><p>Die Nutzung Ihrer Daten ist jederzeit widerrufbar. Ebenso k\u00f6nnen Sie der k\u00fcnftigen Verwendungen Ihrer Daten widersprechen (Art. 21 Abs. 2 DSGVO). Senden Sie hierf\u00fcr bitte eine E-Mail an:<br \/><a href=\"mailto:info@sprachschule-aktiv-wien.at\">info@sprachlehrer-aktiv.de<\/a><\/p><h2>4. Anrecht auf Auskunft, Berichtigung,\u00a0L\u00f6schung und Einschr\u00e4nkung der Verarbeitung\u00a0von Daten<\/h2><p>Sie haben das Recht Ihre gespeicherten pers\u00f6nlichen Daten und Einstellungen Ihres Nutzerkontos auf Sprachlehrer Aktiv zu jedem Zeitpunkt \u00fcber das Dashboard einzusehen und diese anzupassen, Informationen hinzuzuf\u00fcgen oder zu l\u00f6schen. Zudem k\u00f6nnen Sie jederzeit Ihre Zustimmung zur Erhebung und Speicherung von weiteren freiwilligen Daten durch den Betreiber widerrufen. Schreiben Sie daf\u00fcr bitte eine E-Mail an unseren Datenschutzbeauftragten <a href=\"mailto:info@sprachschule-aktiv-wien.at\">info@sprachlehrer-aktiv.de<\/a>. Bitte geben Sie konkret an, welche \u00c4nderung Sie w\u00fcnschen (Auskunft, Berichtigung, L\u00f6schung oder Einschr\u00e4nkung der Verarbeitung Ihrer Daten). Sollten Sie die Speicherung und Verarbeitung von personenbezogenen Daten widerrufen, k\u00f6nnen wir Ihnen keine Dienste mehr anbieten.<\/p><p>Generell werden also Ihre personenbezogenen Daten gel\u00f6scht, abgesehen von der vorgeschriebenen Datenspeicherung zur Gesch\u00e4ftsabwicklung, wenn Sie die hier erteilte Einwilligung zur Speicherung widerrufen. Dies geschieht auch, wenn die Speicherung aus sonstigen gesetzlichen Gr\u00fcnden unzul\u00e4ssig ist. Wir halten uns an die Grunds\u00e4tze der Datenvermeidung und Datensparsamkeit. Wir speichern Ihre personenbezogenen Daten daher nur so lange, wie dies zur Erreichung der hier genannten Zwecke erforderlich ist oder wie es die vom Gesetzgeber vorgesehenen vielf\u00e4ltigen Speicherfristen vorsehen. Nach Fortfall des jeweiligen Zweckes bzw. Ablauf dieser Fristen werden die entsprechenden Daten routinem\u00e4\u00dfig und entsprechend den gesetzlichen Vorschriften gesperrt oder gel\u00f6scht.<\/p><p>Damit eine Sperre von Daten jederzeit ber\u00fccksichtigt werden kann, m\u00fcssen diese Daten zu Kontrollzwecken in einer Sperrdatei vorgehalten werden. Sie k\u00f6nnen auch die L\u00f6schung der Daten verlangen, soweit keine gesetzliche Archivierungsverpflichtung besteht.<\/p><h2>5. Kommentarfunktion bei der Webseite Sprachlehrer Aktiv<\/h2><p>Wenn Nutzer Kommentare im Blog oder in der Sprachlehrer Bewertung hinterlassen, werden neben diesen Angaben auch der Zeitpunkt ihrer Erstellung und der zuvor durch den Websitebesucher gew\u00e4hlte Nutzername gespeichert. Dies dient unserer Sicherheit, da wir f\u00fcr widerrechtliche Inhalte auf unserer Webseite belangt werden k\u00f6nnen, auch wenn diese durch Benutzer erstellt wurden.<\/p><h2>6. Newsletter<\/h2><p>Bei der Anmeldung zum Bezug unseres Newsletters werden die von Ihnen angegebenen Daten ausschlie\u00dflich f\u00fcr diesen Zweck verwendet. Abonnenten k\u00f6nnen auch \u00fcber Umst\u00e4nde per E-Mail informiert werden, die f\u00fcr den Dienst oder die Registrierung relevant sind (Beispielsweise \u00c4nderungen des Newsletterangebots oder technische Gegebenheiten).<\/p><p>F\u00fcr eine wirksame Registrierung ben\u00f6tigen wir eine valide E-Mail-Adresse. Um zu \u00fcberpr\u00fcfen, dass eine Anmeldung tats\u00e4chlich durch den Inhaber einer E-Mail-Adresse erfolgt, setzen wir das \u201eDouble-opt-in\u201c-Verfahren ein. Hierzu protokollieren wir die Bestellung des Newsletters, den Versand einer Best\u00e4tigungsmail und den Eingang der hiermit angeforderten Antwort. Weitere Daten werden nicht erhoben. Die Daten werden ausschlie\u00dflich f\u00fcr den Newsletterversand verwendet und nicht an Dritte weitergegeben.<\/p><p>Die Einwilligung zur Speicherung Ihrer pers\u00f6nlichen Daten und ihrer Nutzung f\u00fcr den Newsletterversand k\u00f6nnen Sie jederzeit widerrufen. In jedem Newsletter findet sich dazu ein entsprechender Link. Au\u00dferdem k\u00f6nnen Sie sich jederzeit auch direkt auf dieser Webseite abmelden oder uns Ihren entsprechenden Wunsch \u00fcber die am Ende dieser Datenschutzhinweise angegebene Kontaktm\u00f6glichkeit mitteilen.<\/p><h2>7. Kontaktformular, Anmeldung, E-Mail<\/h2><p>Treten Sie per E-Mail, Anmelde- oder Kontaktformular mit uns in Kontakt, werden die von Ihnen gemachten Angaben zum Zwecke der Bearbeitung der Anfrage sowie f\u00fcr m\u00f6gliche Anschlussfragen gespeichert.<\/p><h2>8. Cookies<\/h2><p>Wie viele andere Webseiten verwenden wir auch so genannte \u201eCookies\u201c. Cookies sind kleine Textdateien, die von einem Webseitenserver auf Ihre Festplatte \u00fcbertragen werden. Hierdurch erhalten wir automatisch bestimmte Daten wie z. B. IP-Adresse, verwendeter Browser, Betriebssystem \u00fcber Ihren Computer und Ihre Verbindung zum Internet.<\/p><p>Cookies k\u00f6nnen nicht verwendet werden, um Programme zu starten oder Viren auf einen Computer zu \u00fcbertragen. Anhand der in Cookies enthaltenen Informationen k\u00f6nnen wir Ihnen die Navigation erleichtern und die korrekte Anzeige unserer Webseiten erm\u00f6glichen.<\/p><p>In keinem Fall werden die von uns erfassten Daten an Dritte weitergegeben oder ohne Ihre Einwilligung eine Verkn\u00fcpfung mit personenbezogenen Daten hergestellt.<\/p><p>Nat\u00fcrlich k\u00f6nnen Sie unsere Website grunds\u00e4tzlich auch ohne Cookies betrachten. Internet-Browser sind regelm\u00e4\u00dfig so eingestellt, dass sie Cookies akzeptieren. Sie k\u00f6nnen die Verwendung von Cookies jederzeit \u00fcber die Einstellungen Ihres Browsers deaktivieren. Bitte verwenden Sie die Hilfefunktionen Ihres Internetbrowsers, um zu erfahren, wie Sie diese Einstellungen \u00e4ndern k\u00f6nnen. Bitte beachten Sie, dass einzelne Funktionen unserer Website m\u00f6glicherweise nicht funktionieren, wenn Sie die Verwendung von Cookies deaktiviert haben.<\/p><h2>9. Google Analytics<\/h2><p>Unsere Webseite nimmt den Dienst \u201eGoogle Analytics\u201c in Anspruch. Dieser Service wird von dem Unternehmen Google Inc. (1600 Amphitheatre Parkway Mountain View, CA 94043, USA) angeboten und dient der Analyse der Websitebenutzung durch Nutzer. Der Dienst verwendet \u201eCookies\u201c \u2013 Textdateien, die auf Ihrem Endger\u00e4t gespeichert werden. Informationen, welche die Cookies sammeln, werden im Regelfall an einen Google-Server in den USA geschickt und dort gespeichert.<\/p><p>Auf dieser Website greift die IP-Anonymisierung. Die IP-Adresse eines Nutzers wird innerhalb der Mitgliedsstaaten der EU und des Europ\u00e4ischen Wirtschaftsraum verk\u00fcrzt. Mit Hilfe der K\u00fcrzung entf\u00e4llt der Personenbezug Ihrer IP-Adresse. Nur in Ausnahmef\u00e4llen wird die volle IP-Adresse an einen Server von Google in den USA \u00fcbertragen und dort gek\u00fcrzt. Die im Rahmen von Google Analytics von Ihrem Browser \u00fcbermittelte IP-Adresse wird nicht mit anderen Daten von Google zusammengef\u00fchrt. Im Auftrag des Betreibers dieser Webseite wird Google diese Informationen verwenden, um Ihre Nutzung der Webseite auszuwerten, um Reports \u00fcber die Webseitenaktivit\u00e4ten zusammenzustellen und um weitere mit der Webseitennutzung und der Internetnutzung verbundene Dienstleistungen gegen\u00fcber dem Webseitenbetreiber zu erbringen.<\/p><p>Sie k\u00f6nnen das Speichern von Cookies auf Ihrem Ger\u00e4t vermeiden, dadurch dass Sie in Ihrem Browser entsprechende Einstellungen vornehmen. Es gibt keine Garantie, dass Sie auf alle Funktionen dieser Webseite ohne Einschr\u00e4nkungen zugreifen k\u00f6nnen, wenn Ihr Browser Cookies nicht zul\u00e4sst.<\/p><p>Au\u00dferdem gibt es die M\u00f6glichkeit durch ein Browser-Plugin zu vermeiden, dass die durch Cookies gesammelten Informationen, welche Ihre IP-Adresse mit einschlie\u00dft, an die Google Inc. gesendet und von der Google Inc. genutzt werden. Nachstehender Link leitet Sie zu dem entsprechenden Plugin: <a href=\"https:\/\/tools.google.com\/dlpage\/gaoptout?hl=de\" target=\"_blank\" rel=\"noopener noreferrer\">https:\/\/tools.google.com\/dlpage\/gaoptout?hl=de<\/a><\/p><p>Weitere Informationen zur Datennutzung durch die Google Inc. finden Sie unter: <a href=\"https:\/\/support.google.com\/analytics\/answer\/6004245?hl=de\" target=\"_blank\" rel=\"noopener noreferrer\">https:\/\/support.google.com\/analytics\/answer\/6004245?hl=de<\/a><\/p><h2>10. Verwendung von Google Maps<\/h2><p>Diese Webseite verwendet Google Maps API, um geographische Informationen visuell darzustellen. Bei der Nutzung von Google Maps werden von Google auch Daten \u00fcber die Nutzung der Kartenfunktionen durch Besucher erhoben, verarbeitet und genutzt. N\u00e4here Informationen \u00fcber die Datenverarbeitung durch Google k\u00f6nnen Sie <a href=\"http:\/\/www.google.com\/privacypolicy.html\" target=\"_blank\" rel=\"noopener noreferrer\">den Google-Datenschutzhinweisen<\/a> entnehmen. Dort k\u00f6nnen Sie im Datenschutzcenter auch Ihre pers\u00f6nlichen Datenschutz-Einstellungen ver\u00e4ndern.<\/p><p>Ausf\u00fchrliche Anleitungen zur Verwaltung der eigenen Daten im Zusammenhang mit Google-Produkten<a href=\"http:\/\/www.dataliberation.org\/\" target=\"_blank\" rel=\"noopener noreferrer\"> finden Sie hier<\/a>.<\/p><h2>11. Eingebettete YouTube-Videos<\/h2><p>Auf einigen unserer Webseiten betten wir Youtube-Videos ein. Betreiber der entsprechenden Plugins ist die YouTube, LLC, 901 Cherry Ave., San Bruno, CA 94066, USA. Wenn Sie eine Seite mit dem YouTube-Plugin besuchen, wird eine Verbindung zu Servern von Youtube hergestellt. Dabei wird Youtube mitgeteilt, welche Seiten Sie besuchen. Wenn Sie in Ihrem Youtube-Account eingeloggt sind, kann Youtube Ihr Surfverhalten Ihnen pers\u00f6nlich zuzuordnen. Dies verhindern Sie, indem Sie sich vorher aus Ihrem Youtube-Account ausloggen.<\/p><p>Wird ein Youtube-Video gestartet, setzt der Anbieter Cookies ein, die Hinweise \u00fcber das Nutzerverhalten sammeln.<\/p><p>Wer das Speichern von Cookies f\u00fcr das Google-Ad-Programm deaktiviert hat, wird auch beim Anschauen von Youtube-Videos mit keinen solchen Cookies rechnen m\u00fcssen. Youtube legt aber auch in anderen Cookies nicht-personenbezogene Nutzungsinformationen ab. M\u00f6chten Sie dies verhindern, so m\u00fcssen Sie das Speichern von Cookies im Browser blockieren.<\/p><p>Weitere Informationen zum Datenschutz bei \u201eYoutube\u201c finden Sie in der Datenschutzerkl\u00e4rung des Anbieters unter: <a href=\"https:\/\/www.google.de\/intl\/de\/policies\/privacy\/\" target=\"_blank\" rel=\"noopener noreferrer\">https:\/\/www.google.de\/intl\/de\/policies\/privacy\/ <\/a><\/p><h2>12. Social Plugins<\/h2><p>Wir bieten Ihnen auf unserer Webseite die M\u00f6glichkeit der Nutzung von sog. \u201eSocial-Media-Buttons\u201c an. Zum Schutze Ihrer Daten setzen wir bei der Implementierung auf die L\u00f6sung \u201eShariff\u201c. Hierdurch werden diese Buttons auf der Webseite lediglich als Grafik eingebunden, die eine Verlinkung auf die entsprechende Webseite des Button-Anbieters enth\u00e4lt. Durch Anklicken der Grafik werden Sie somit zu den Diensten der jeweiligen Anbieter weitergeleitet. Erst dann werden Ihre Daten an die jeweiligen Anbieter gesendet. Sofern Sie die Grafik nicht anklicken, findet keinerlei Austausch zwischen Ihnen und den Anbietern der Social-Media-Buttons statt. Informationen \u00fcber die Erhebung und Verwendung Ihrer Daten in den sozialen Netzwerken finden Sie in den jeweiligen Nutzungsbedingungen der entsprechenden Anbieter. Mehr Informationen zur Shariff-L\u00f6sung finden Sie hier: <a href=\"http:\/\/www.heise.de\/ct\/artikel\/Shariff-Social-Media-Buttons-mit-Datenschutz-2467514.html\" target=\"_blank\" rel=\"noopener noreferrer\">http:\/\/www.heise.de\/ct\/artikel\/Shariff-Social-Media-Buttons-mit-Datenschutz-2467514.html<\/a><\/p><p>Wir haben auf unserer Website die Social-Media-Buttons folgender Unternehmen eingebunden:<\/p><p>Facebook Inc. (1601 S. California Ave \u2013 Palo Alto \u2013 CA 94304 \u2013 USA)<br \/>Twitter Inc. (795 Folsom St. \u2013 Suite 600 \u2013 San Francisco \u2013 CA 94107 \u2013 USA)<br \/>Google Plus\/Google Inc. (1600 Amphitheatre Parkway \u2013 Mountain View \u2013 CA 94043 \u2013 USA)<br \/>Whatsapp<br \/>Pinterest<br \/>XING AG (G\u00e4nsemarkt 43 \u2013 20354 Hamburg \u2013 Deutschland)<br \/>LinkedIn Corporation (2029 Stierlin Court \u2013 Mountain View \u2013 CA 94043 \u2013 USA)<\/p><h2>13. Google AdWords<\/h2><p>Unsere Webseite nutzt das Google Conversion-Tracking. Sind Sie \u00fcber eine von Google geschaltete Anzeige auf unsere Webseite gelangt, wird von Google Adwords ein Cookie auf Ihrem Rechner gesetzt. Das Cookie f\u00fcr Conversion-Tracking wird gesetzt, wenn ein Nutzer auf eine von Google geschaltete Anzeige klickt. Diese Cookies verlieren nach 30 Tagen ihre G\u00fcltigkeit und dienen nicht der pers\u00f6nlichen Identifizierung. Besucht der Nutzer bestimmte Seiten unserer Website und das Cookie ist noch nicht abgelaufen, k\u00f6nnen wir und Google erkennen, dass der Nutzer auf die Anzeige geklickt hat und zu dieser Seite weitergeleitet wurde. Jeder Google AdWords-Kunde erh\u00e4lt ein anderes Cookie. Cookies k\u00f6nnen somit nicht \u00fcber die Websites von AdWords-Kunden nachverfolgt werden. Die mithilfe des Conversion-Cookies eingeholten Informationen dienen dazu, Conversion-Statistiken f\u00fcr AdWords-Kunden zu erstellen, die sich f\u00fcr Conversion-Tracking entschieden haben. Die Kunden erfahren die Gesamtanzahl der Nutzer, die auf ihre Anzeige geklickt haben und zu einer mit einem Conversion-Tracking-Tag versehenen Seite weitergeleitet wurden. Sie erhalten jedoch keine Informationen, mit denen sich Nutzer pers\u00f6nlich identifizieren lassen.<\/p><p>M\u00f6chten Sie nicht am Tracking teilnehmen, k\u00f6nnen Sie das hierf\u00fcr erforderliche Setzen eines Cookies ablehnen \u2013 etwa per Browser-Einstellung, die das automatische Setzen von Cookies generell deaktiviert oder Ihren Browser so einstellen, dass Cookies von der Domain \u201egoogleleadservices.com\u201c blockiert werden.<\/p><p>Bitte beachten Sie, dass Sie die Opt-out-Cookies nicht l\u00f6schen d\u00fcrfen, solange Sie keine Aufzeichnung von Messdaten w\u00fcnschen. Haben Sie alle Ihre Cookies im Browser gel\u00f6scht, m\u00fcssen Sie das jeweilige Opt-out Cookie erneut setzen.<\/p><h2>14. Keine Haftung f\u00fcr Webseiten von Kooperationspartnern<\/h2><p>Auf unseren Internetauftritten verweisen wir auf unterschiedliche Kooperationspartner. Diese Partner bieten ihrerseits Websites und Dienste an und verf\u00fcgen normalerweise \u00fcber eigene Datenschutzerkl\u00e4rungen. Diese Datenschutzerkl\u00e4rungen sind unabh\u00e4ngig von unseren Erkl\u00e4rungen. Deshalb \u00fcbernehmen wir daf\u00fcr keine Haftung. Bitte informieren Sie sich selbstst\u00e4ndig \u00fcber die jeweiligen Datenschutzerkl\u00e4rungen.<\/p><p>Der Datenschutz bei Daten\u00fcbertragungen im Internet kann nach dem momentanen Stand der Technik noch nicht umfassend garantiert werden. Bitte achten Sie deshalb darauf, welche Daten Sie im Internet preisgeben.<\/p><h2>15. \u00c4nderung unserer Datenschutzbestimmungen<\/h2><p>Wir behalten uns vor, diese Datenschutzerkl\u00e4rung gelegentlich anzupassen, damit sie stets den aktuellen rechtlichen Anforderungen entspricht oder um \u00c4nderungen unserer Leistungen in der Datenschutzerkl\u00e4rung umzusetzen, z. B. bei der Einf\u00fchrung neuer Services. F\u00fcr Ihren erneuten Besuch gilt dann die neue Datenschutzerkl\u00e4rung. Die aktuelle Fassung der Datenschutzerkl\u00e4rung ist stets unter dieser URL abrufbar.<\/p><p>Stand: Juni 2018<\/p><h2>Fragen an den Datenschutzbeauftragten<\/h2><p>Wenn Sie Fragen zum Datenschutz haben, schreiben Sie uns bitte eine E-Mail oder wenden Sie sich direkt an unseren Datenschutzbeauftragten:<\/p><p><strong>Gesch\u00e4ftsinhaber<\/strong>:<\/p><p>Martin Polo Villaf\u00e1n<\/p><p>Sprachlehrer Aktiv<\/p><p>Adresse:<br \/>Max-Born-Weg 31<br \/>85748 Garching bei M\u00fcnchen<\/p><p><strong>Telefon:<\/strong>\u00a0+49-1-758947710<br \/><strong>E-Mail:<\/strong>\u00a0info@sprachlehrer-aktiv.at<\/p><p><a name=\"agbsprach\"><\/a><\/p><h2>Allgemeine Gesch\u00e4ftsbedingungen \u2013 Sprachlehrer Aktiv<\/h2><h2>1. Anmeldung zu Sprachkursen \u2013 Beginn und Dauer \u2013 Zahlungsbedingungen<\/h2><p>Der Vertrag zwischen <em>Sprachlehrer Aktiv<\/em> und dem Kunden kommt durch die verbindliche Anmeldung in Verbindung mit der Kurs- oder Pr\u00fcfungsbest\u00e4tigung zustande. Die Anmeldung kann schriftlich vor Ort oder \u00fcber das Online-Anmeldeformular erfolgen.<\/p><p>Sofern nicht anderweitig vereinbart, ist die Kursgeb\u00fchr innerhalb von 14 Tagen nach Rechnungsstellung oder sp\u00e4testens bis zum Kursbeginn f\u00e4llig. Die Zahlung kann entweder bar oder per \u00dcberweisung erfolgen. Der Teilnehmer verpflichtet sich, die Zahlung fristgerecht zu leisten.<\/p><p>Sollte der Kurs nicht oder nur teilweise besucht werden, bleibt die Verpflichtung zur Zahlung der gesamten Kursgeb\u00fchr bestehen.<\/p><p>Die Buchung bezieht sich ausschlie\u00dflich auf die Kursdauer oder die Anzahl der Unterrichtseinheiten, nicht jedoch auf den Abschluss einer bestimmten Niveaustufe. <em>Sprachlehrer Aktiv<\/em> \u00fcbernimmt keine Gew\u00e4hrleistung f\u00fcr das Erreichen eines bestimmten Sprachlevels.<\/p><h2>2. Allgemeine Bedingungen<\/h2><p>Eine Unterrichtseinheit dauert 45 Minuten. Es besteht seitens des Kunden kein Anspruch auf einen bestimmten Lehrer. <em>Sprachlehrer Aktiv<\/em> beh\u00e4lt sich das Recht vor, Lehrer w\u00e4hrend eines laufenden Kurses auszutauschen oder zu ersetzen. Aus einem solchen Wechsel entstehen dem Kunden keine Anspr\u00fcche, insbesondere keine Anspr\u00fcche auf K\u00fcndigung oder (Teil-)R\u00fcckerstattung der Kursgeb\u00fchr.<\/p><p><em>Sprachlehrer Aktiv<\/em> \u00fcbernimmt keine Haftung daf\u00fcr, dass der Kunde innerhalb eines bestimmten Zeitraums ein spezifisches Sprachlevel erreicht. Ebenso wird keine Garantie f\u00fcr das Bestehen von Pr\u00fcfungen \u00fcbernommen. Eine R\u00fcckerstattung der Kurs- oder Pr\u00fcfungsgeb\u00fchr aus diesen Gr\u00fcnden ist ausdr\u00fccklich ausgeschlossen.<\/p><p>Der Kunde erkl\u00e4rt sich damit einverstanden, dass seine Daten im Falle eines Zahlungsverzugs an ein Inkassob\u00fcro \u00fcbermittelt werden, welches mit der Eintreibung der ausstehenden Betr\u00e4ge beauftragt wird.<\/p><p>An gesetzlichen Feiertagen findet kein Unterricht statt. Ein Nachholtermin oder ein anteiliger R\u00fcckerstattungsanspruch besteht in diesen F\u00e4llen nicht. Sollte die tats\u00e4chliche Sprachstufe eines Teilnehmers von dem gebuchten Niveau abweichen, beh\u00e4lt sich <em>Sprachlehrer Aktiv<\/em> das Recht vor, den Teilnehmer in einen Kurs mit der entsprechenden Niveaustufe einzuteilen. Die Bestimmung der Sprachstufe erfolgt auf Grundlage eines zertifizierten Einstufungstests. Aus einer solchen Neueinteilung ergeben sich f\u00fcr den Kunden keine Anspr\u00fcche, insbesondere wird ein Sonderk\u00fcndigungsrecht ausgeschlossen.<\/p><h2>3. Beschreibung unserer Webseite<\/h2><p>Sprachlehrer Aktiv ist eine Online-Portal zur Erfassung und Verbreitung von Kleinanzeigen. Sie vermittelt den Kontakt zwischen Lehrern* und Sch\u00fclern*.<\/p><p>Sprachlehrer Aktiv bietet den Kunden die M\u00f6glichkeit Sprachlehrer in allen Sprachen wie zum Beispiel f\u00fcr Spanisch, Franz\u00f6sisch, Englisch, Italienisch, Russisch und Deutsch zu finden. Die Kurse finden als Einzel- oder Gruppenunterricht bundesweit statt. Je nach Angebot unterrichtet der Dozent beim Kunden zu Hause, kommt auch in Firmen oder erteilt den Unterricht online.<\/p><p>Gleichzeitig hilft Sprachlehrer Aktiv unter dem Button \u201eSprachschule finden\u201c den geeigneten Kurs bei einem Sprachinstitut in Ihrer N\u00e4he zu suchen.\u201c.<\/p><p>Haftungsanspr\u00fcche gegen Sprachlehrer Aktiv, welche sich direkt oder indirekt auf die Transaktionen zwischen Lehrern und Sch\u00fclern zur Durchf\u00fchrung des angebotenen Privat- &amp; Einzel- bzw. Gruppenunterrichts beziehen, sind hiermit ausgeschlossen.<\/p><p>Als Voraussetzung einer Mitgliedschaft auf Sprachlehrer Aktiv und der M\u00f6glichkeit, die angebotenen Leistungen zu nutzen, m\u00fcssen Lernende und Sprachdozenten gleicherma\u00dfen ein Benutzerkonto anlegen. Die Benutzer sind verpflichtet, nur ein einziges Profil auf der Seite zu erstellen.<\/p><p>Von einem pers\u00f6nlichen Dashboard aus, welches jederzeit einsehbar ist, kann der Nutzer sein Profil \u00fcberarbeiten, verwalten und l\u00f6schen. Ebenso ist auch das Team von Sprachlehrer Aktiv jederzeit bereit auf Wunsch des Nutzers das Profil zu l\u00f6schen oder zu \u00e4ndern.<\/p><p>Die f\u00fcr die Erbringung und Abwicklung der Dienstleistungen von Sprachlehrer Aktiv erforderlichen personenbezogenen Daten des Sprach- und Nachhilfelehrers werden zweckgebunden und nach Ma\u00dfgabe der gesetzlichen Bestimmungen erhoben, verarbeitet und genutzt. Die vom Nutzer angegebenen pers\u00f6nlichen Daten werden von Sprachlehrer Aktiv zur Erf\u00fcllung und Abwicklung des Vertrags verwendet. Der Nutzer hat das Recht, auf Antrag unentgeltlich Auskunft \u00fcber die von Sprachlehrer \u00fcber ihn gespeicherten personenbezogenen Daten jederzeit zu erhalten.<\/p><p>Sprachlehrer Aktiv lehnt jede Haftung f\u00fcr wirtschaftliche, k\u00f6rperliche oder immaterielle Sch\u00e4den ab, die sich aus der Nutzung der mit diesem Service vermittelten Kontaktaufnahme ergeben. Sprachlehrer Aktiv haftet auch nicht f\u00fcr Dienstleistungen, die aufgrund eines Dienstleistungsvertrages zwischen den durch Sprachlehrer Aktiv vermittelten Nutzern zustande kommen.<\/p><p>Sprachlehrer Aktiv bietet nur einen Sprach- und Nachhilfe Lehrerportal an. Sprachlehrer Aktiv bem\u00fcht sich um einen ordnungsgem\u00e4\u00dfen Betrieb des Online-Angebots. Sprachlehrer Aktiv garantiert weder die ununterbrochene Nutzbarkeit bzw. Erreichbarkeit des Service noch haftet er f\u00fcr technisch bedingte \u00dcbertragungsverz\u00f6gerungen oder Ausf\u00e4lle.<\/p><p>Die Dienste von Sprachlehrer Aktiv sind Personen vorbehalten, die mindestens 18 Jahre alt und\u00a0rechtsf\u00e4hig sind, um Kaufvertr\u00e4ge abschlie\u00dfen zu k\u00f6nnen.<\/p><p>Sprachlehrer Aktiv erlaubt sich dar\u00fcber hinaus seine User daran zu erinnern, dass sie den geltenden Bestimmungen des\u00a0Arbeits- und Gesellschaftsrechts unterliegen und dazu verpflichtet sind, ihre\u00a0Steuern und Abgaben zu leisten.<\/p><h2>4. Anzeigen schalten<\/h2><p>Dozenten und Sprachschulen k\u00f6nnen auf Sprachlehrer Aktiv kostenlos und freiwillig Anzeigen f\u00fcr Privat- &amp; Einzel- bzw. Gruppenunterricht schalten, indem sie die angegebene Verfahrensweise der Webseite befolgen.\u00a0Bei der Anmeldung als Sprach- oder Nachhilfelehrer sind Sie einverstanden, Ihre pers\u00f6nliche Daten online bei unserer Webseite <a href=\"https:\/\/www.sprachlehrer-aktiv.de\/\">www.sprachlehrer-aktiv.de<\/a> zu stellen.<\/p><p>Die kostenlose Anmeldung zur Nutzung unserer Webseite zwischen dem Nutzer und Sprachlehrer Aktiv wird geschlossen, indem der Nutzer das Anmeldeformular f\u00fcr die Registrierung ausf\u00fcllt und abschickt durch Klick auf die daf\u00fcr vorgesehene Schaltfl\u00e4che. Der Sprach- oder Nachhilfelehrer kann das Formular nur abschicken, wenn er zuvor die Option \u201eIch habe die AGB gelesen und akzeptiert\u201d aktiviert und ausgew\u00e4hlt hat und damit die AGB akzeptiert. Der Nutzer ist damit einverstanden, dass die angegebenen Daten bei der Anmeldung online f\u00fcr alle Nutzer der Webseite www.sprachlehrer-aktiv.de zu sehen sind.<\/p><p>Es ist nicht erlaubt, fehlerhafte, unlautere oder irref\u00fchrende Informationen in die Anzeige zu integrieren. Au\u00dferdem d\u00fcrfen in der Beschreibung keine Kontaktinformationen wie Adresse, Telefonnummer, E-Mail-Adresse oder Webseite o. \u00e4. des Lehrers ver\u00f6ffentlicht werden.<br \/>Ihre Kontaktdaten, die Sie in unserer Webseite angeben sind nur f\u00fcr uns sichtbar und nicht f\u00fcr die Kunden.<\/p><p>Sprachlehrer Aktiv beh\u00e4lt sich das Recht vor \u2013 geht jedoch keinerlei derartige Verpflichtung ein -, den Inhalt jedweden Textes sowie eingesandter Fotos bzw. Grafikdateien auf die Einhaltung von Gesetz und Recht hin zu \u00fcberpr\u00fcfen und, wenn n\u00f6tig, zu \u00e4ndern oder zu l\u00f6schen.<\/p><p>Der Nutzer verpflichtet sich insbesondere, Sprachlehrer Aktiv von jeglicher Haftung und von allen Verpflichtungen, Aufwendungen und Anspr\u00fcchen, die sich aus Sch\u00e4den wegen Beleidigung, \u00fcbler Nachrede, Verletzung von Pers\u00f6nlichkeitsrechten, wegen des Ausfalls von Dienstleistungen f\u00fcr andere Nutzer, wegen der Verletzung von Immaterialg\u00fctern oder sonstiger Rechte ergeben, freizustellen. Die Freistellungsverpflichtung bezieht sich auch auf die Kosten, die zur Abwehr solcher Inanspruchnahmen erforderlich sind.<\/p><p>Der Nutzer ist verpflichtet, E-Mails und andere Nachrichten vertraulich zu behandeln und diese nur mit ausdr\u00fccklicher vorherige Zustimmung des Absenders Dritten zug\u00e4nglich zu machen. Dieses gilt auch f\u00fcr Namen, Telefon- und Faxnummern, Adressdaten, E-Mail-Adressen und\/oder URLs.<\/p><p>Videos und Fotos: Mit dem Hochladen von pers\u00f6nlichen Fotos oder Videos erkl\u00e4rt der Nutzer automatisch, dass damit keine Rechte Dritter verletzt werden.<\/p><p>Der Nutzer verpflichtet sich den Service der Sprachlehrer Aktiv nicht missbr\u00e4uchlich zu nutzen, insbesondere:<\/p><ul><li>\u00dcber ihn kein diffamierendes, anst\u00f6\u00dfiges oder in sonstiger Weise rechtswidriges Material oder solche Informationen zu verbreiten. Insbesondere betrifft dies pornographische, rassistische, volksverhetzende oder vergleichbare Inhalte.<\/li><li>Ihn nicht zu benutzen, um andere Nutzer zu bel\u00e4stigen, zu bedrohen oder die Rechte (einschlie\u00dflich Pers\u00f6nlichkeitsrechte) Dritter zu verletzen.<\/li><li>Keine Werbe E-Mails zu versenden.<\/li><li>Keine Kettenbriefe zu versenden.<\/li><li>Keine Nachrichten oder E-Mails, die einem gewerblichen Zwecke dienen, zu versenden.<\/li><\/ul><p>Falls eine der oben genannten Verhaltensverpflichtungen nicht beachtet wird, kann dies sowohl zu einer sofortigen K\u00fcndigung des Vertrages f\u00fchren als auch zivil- und strafrechtliche Folgen f\u00fcr den Nutzer selbst haben. Sprachlehrer Aktiv beh\u00e4lt sich insbesondere das Recht vor, die Anzeige zu entfernen, den Nutzer vom Service auszuschlie\u00dfen oder Ihre Anmeldung abzulehnen, ohne Angaben von Gr\u00fcnden. Sprachlehrer Aktiv \u00fcbernimmt keine Haftung f\u00fcr den eventuellen Missbrauch von Informationen.<\/p><p>Die Lehrer haben die Pflicht, Informationen zu ihrer Ausbildung und ihren Referenzen komplett und transparent darzustellen. Sprachlehrer Aktiv \u00fcbernimmt keinerlei Gew\u00e4hr f\u00fcr etwaige von den\u00a0Sprachdozenten bereitgestellte Falschinformationen. Es liegt in der Verantwortung des Lerners, die vom Sprachlehrer in seiner Anzeige get\u00e4tigten Angaben zu \u00fcberpr\u00fcfen.<\/p><p>Gewerbliche Nutzer wie zum Beispiel Sprachschulen oder Nachhilfeinstitute ben\u00f6tigen als Nutzer vorab eine gesonderte, schriftliche Genehmigung von Sprachlehrer Aktiv und eine kostenpflichtige Firmenlizenz. F\u00fcr weitere Informationen kontaktieren Sie uns bitte unter: info@sprachlehrer-aktiv.de.<\/p><h2>5. Kontaktaufnahme<\/h2><p>Nach Sichtung der Anzeigen k\u00f6nnen Lerner mit Sprachlehrer Aktiv in Kontakt treten, indem sie eine Kursanfrage mit einer pers\u00f6nlichen Nachricht in einem freiem Textfeld mit Angaben zum Niveau, Ort und Zeitpunkt senden.<\/p><p>Kontaktinformationen von Seiten des Sch\u00fclers wie der Nachname, Telefonnummer, E-Mail-Adresse oder ein Link zu einer Webseite sind in dem freien Textfeld jedoch verboten und k\u00f6nnen von Sprachlehrer Aktiv\u00a0gel\u00f6scht werden.<\/p><p>Sprachlehrer Aktiv \u00fcbernimmt\u00a0keinerlei Verantwortung f\u00fcr die Nichtverf\u00fcgbarkeit von Lehrern, die eine Kursanfrage bereits angenommen haben.<\/p><p>Zur Abwicklung von Zahlungen gibt Sprachlehrer Aktiv die hierf\u00fcr erforderlichen Zahlungsdaten an das mit der Zahlung beauftragte Kreditinstitut und ggf. von uns beauftragte Zahlungs- und Rechnungsdienstleister bzw. an den von Ihnen im Bestellprozess ausgew\u00e4hlten Zahlungsdienst weiter.<\/p><p>Haben Sch\u00fcler die AGBs durch einen Klick auf den entsprechenden Button bei dem Anmeldeformular akzeptiert, erhalten sie eine Rechnung von Sprachlehrer Aktiv. Der zu zahlende Betrag muss sp\u00e4testens f\u00fcnf Tage vor Kursbeginn \u00fcberwiesen werden.<\/p><p>Die Abwicklung der Zahlungen zwischen Sprachlehrer Aktiv und einem Sch\u00fcler erfolgt \u00fcber folgende Dienstleister:<\/p><h2>6. Zahlungsarten<\/h2><p>1) \u00dcberweisung<\/p><p>Bei \u00dcberweisung f\u00fcr die Bezahlung auf Sprachlehrer Aktiv werden u. a. personenbezogene Daten an das Kreditinstitut \u00fcbermittelt.<\/p><h2>7. Profil verwalten<\/h2><p>Sobald sie eingeloggt sind, k\u00f6nnen die Mitglieder von Sprachlehrer Aktiv von ihrem Dashboard aus ihre Anfragen (Lerner) und Anzeigen (Sprachdozenten) steuern.<\/p><p>\u00dcber das Dashboard k\u00f6nnen Lerner und Sprachdozenten ihre Profilinformationen sowie\u00a0ihre Anzeigen (Erstellen, L\u00f6schen, Bearbeiten) und Anfragen (Versenden, Erhalten) selbstst\u00e4ndig zu verwalten.<br \/>Es ist strengstens verboten, unaufgefordert E-Mails mit unerw\u00fcnschten kommerziellen Inhalten (Spam) an Personen zu senden, mit denen\u00a0\u00fcber Sprachlehrer Aktiv Kontakt aufgenommen wurde.<\/p><p>Sprachlehrer Aktiv beh\u00e4lt sich das Recht vor, \u00c4nderungen an den Leistungen und Beschreibung des Lehrer-Profils, die auf der Seite von den Sprachlehrern angebotenen werden, vorzunehmen. Dies gilt f\u00fcr die Ver\u00e4nderung des beschreibenden Anzeigentextes, insbesondere, wenn Sprachlehrer zu wenig Informationen liefern. In diesem Fall d\u00fcrfen der Text und andere Informationen durch Sprachlehrer Aktiv erweitert, ge\u00e4ndert und umformuliert werden, um dem Sprachlehrer ein klares Profil zu geben. Es werden in den Anzeigentexten Sprachlehrer m\u00e4nnlichen und weiblichen Geschlechts gleicherma\u00dfen beschrieben; aus Gr\u00fcnden der einfacheren Lesbarkeit in diesen Beschreibungen darf Sprachlehrer Aktiv sich auf die m\u00e4nnliche Form beschr\u00e4nken. Auch kostenlose Probestunden d\u00fcrfen dabei angeboten werden. Der Sprachlehrer ist jedoch nicht verpflichtet diese zu liefern. Gleichzeitig darf Sprachlehrer Aktiv Texte k\u00fcrzen und unn\u00f6tige Informationen in der Beschreibung l\u00f6schen. Ebenso darf Sprachlehrer Aktiv Fotos, die von Sprachlehrer Aktiv als unpassend angesehen werden, entfernen. In diesem Fall haben Lernende oder Sprachdozenten nicht das Recht daraus eine Entsch\u00e4digung geltend zu machen.<\/p><p><a name=\"agbkunde\"><\/a><\/p><ol><li><h2>8. Widerruf \u2013 Frist \u2013 Voraussetzungen<\/h2><p>Bei online geschlossenen Vertr\u00e4gen haben Sie gem\u00e4\u00df den Bestimmungen des B\u00fcrgerlichen Gesetzbuchs (BGB) ein Widerrufsrecht. Der Widerruf ist der Verwaltung von *Sprachlehrer Aktiv* mittels einer eindeutigen Erkl\u00e4rung (z.B. per E-Mail oder per Post) mitzuteilen. Bei jeder Buchung werden Sie ordnungsgem\u00e4\u00df \u00fcber Ihr Widerrufsrecht belehrt. Sollte der Kursbeginn innerhalb der Widerrufsfrist liegen, ist ein Widerruf nach Kursbeginn nicht mehr m\u00f6glich.<\/p><p>Das gesetzliche Widerrufsrecht gilt ausschlie\u00dflich f\u00fcr Online-Buchungen. F\u00fcr alle Anmeldungen, die \u00fcber das Anmeldeformular in den R\u00e4umlichkeiten von *Sprachlehrer Aktiv* erfolgen, besteht kein Widerrufsrecht.<\/p><p>Die Buchung der Sprachkurse erfolgt \u00fcber einen im Voraus festgelegten Zeitraum oder, bei Privatkursen, \u00fcber eine im Voraus bestimmte Anzahl von Unterrichtseinheiten. Sollte der Sch\u00fcler festgelegte Unterrichtstermine nicht wahrnehmen k\u00f6nnen, besteht kein Anspruch auf einen Ersatztermin oder eine R\u00fcckerstattung eines Teilbetrags der Kursgeb\u00fchr.<\/p><p>Der Sch\u00fcler hat das Recht, den Kurs nach der Teilnahme an der ersten Unterrichtsstunde (Probestunde = 45 Minuten) zu stornieren. Die Stornierung muss innerhalb von 24 Stunden schriftlich erfolgen, wobei keine Angabe von Gr\u00fcnden erforderlich ist. Entscheidet sich der Sch\u00fcler, den Unterricht nach der Probestunde fortzusetzen, wird die Probestunde als Teil des gebuchten Kurskontingents gewertet und ist nicht kostenfrei.<\/p><h2>9. Anmeldung zur Telc-Pr\u00fcfung<\/h2><p>Die Anmeldung zur Telc-Pr\u00fcfung ist verbindlich. Ein Widerruf ist nach erfolgter Anmeldung ausgeschlossen. Die Pr\u00fcfungsgeb\u00fchren sind innerhalb von f\u00fcnf Tagen nach Anmeldung zu entrichten. Der Anmeldeschluss ist sp\u00e4testens 15 Werktage vor dem Pr\u00fcfungstermin. Zus\u00e4tzlich zur Pr\u00fcfungsgeb\u00fchr wird eine Anmeldegeb\u00fchr in H\u00f6he von 15 \u20ac erhoben. Sollten Sie am Pr\u00fcfungstag erkranken, ist ein \u00e4rztliches Attest erforderlich. In diesem Fall wird eine Stornierungsgeb\u00fchr in H\u00f6he von 80,00 \u20ac f\u00e4llig.<\/p><h2>10. Spezielle Bestimmungen f\u00fcr Privat- und Firmenkurse<\/h2><p>Bei Buchungen von Privat- und Firmenkursen kann der Zeitpunkt der Unterrichtseinheiten individuell mit dem Lehrer oder der Sprachschule abgestimmt werden. F\u00fcr nicht wahrgenommene Unterrichtseinheiten seitens des Sch\u00fclers besteht kein Anspruch auf Ersatzunterricht oder R\u00fcckerstattung der Kursgeb\u00fchr. Nach Ablauf der Widerrufsfrist ist eine Stornierung des gebuchten Stundenkontingents ausgeschlossen, auch wenn der Teilnehmer oder die Firma die Stunden nicht mehr in Anspruch nehmen m\u00f6chte.<\/p><p>Sollte der Kursteilnehmer einen vereinbarten Termin nicht wahrnehmen k\u00f6nnen, ist dies der Sprachschule oder dem Lehrer sp\u00e4testens 24 Stunden vor Unterrichtsbeginn schriftlich oder telefonisch mitzuteilen, um eine Verschiebung des Termins zu erm\u00f6glichen. Bei einer Absage innerhalb der 24-Stunden-Frist besteht kein Anspruch auf Ersatzunterricht. Bei Privat- und Firmenkursen m\u00fcssen pro Termin mindestens zwei Unterrichtseinheiten gebucht werden.<\/p><p>Die gebuchten Unterrichtsstunden f\u00fcr Privat- oder Firmenkurse m\u00fcssen innerhalb eines Jahres in Anspruch genommen werden. Nach Ablauf eines Jahres verfallen die nicht in Anspruch genommenen Stunden. Eine R\u00fcckerstattung der Kursgeb\u00fchr ist in diesem Fall ausgeschlossen, und nicht genutzte Stunden k\u00f6nnen nicht mehr in Anspruch genommen werden.<\/p><h2>11. Spezielle Bestimmungen bei geringer Teilnehmerzahl<\/h2><p>Sollte die Teilnehmerzahl f\u00fcr einen Kurs zu gering sein, beh\u00e4lt sich *Sprachlehrer Aktiv* das Recht vor, den Kurs abzusagen oder zu verschieben. Sollte ein Intensivkurs mit weniger als vier Teilnehmern stattfinden, kann die Unterrichtszeit auf drei Unterrichtseinheiten (dreimal 45 Minuten) pro Tag gek\u00fcrzt werden.<\/p><h2>12. Disclaimer<\/h2><p>Abweichende Allgemeine Gesch\u00e4ftsbedingungen des Kunden werden ausdr\u00fccklich zur\u00fcckgewiesen. F\u00fcr fahrl\u00e4ssig verursachte Sach- und Verm\u00f6genssch\u00e4den haften wir und unsere Erf\u00fcllungsgehilfen nur bei der Verletzung einer wesentlichen Vertragspflicht, wobei die Haftung der H\u00f6he nach auf die vorhersehbaren und vertragstypischen Sch\u00e4den zum Zeitpunkt des Vertragsschlusses beschr\u00e4nkt ist.<\/p><h2>Salvatorische Klausel<\/h2><p>Sollte eine Bestimmung dieser Allgemeinen Gesch\u00e4ftsbedingungen unwirksam sein, bleibt die Wirksamkeit der \u00fcbrigen Bestimmungen hiervon unber\u00fchrt.<\/p><\/li><\/ol>\t\t\t\t\t\t\t\t<\/div>\n\t\t\t\t\t<\/div>\n\t\t\t\t<\/div>\n\t\t\t\t<\/div>\n\t\t","protected":false},"excerpt":{"rendered":"<p>Impressum Sprachlehrer Aktiv Deutschland Gesch\u00e4ftsinhaberin: Angaben gem\u00e4\u00df \u00a7 5 TMG: Alexandra Fidelscaia Sprachlehrer Aktiv Adresse:Tuttlinger Str. 480686 M\u00fcnchen Telefon:\u00a0+49-1-758947710E-Mail: info@sprachlehrer-aktiv.de Umsatzsteuer: Umsatzsteuer-Identifikationsnummer gem\u00e4\u00df \u00a727 a Umsatzsteuergesetz:DE45333781 Steuernummer:147\/107\/50247 Barrierefreiheit Wir bem\u00fchen uns, unsere Website barrierefrei zu gestalten. Falls Sie auf Probleme sto\u00dfen oder Verbesserungsvorschl\u00e4ge haben, kontaktieren Sie uns bitte unter admin@sprachschuleaktiv.com Streitschlichtung Die Europ\u00e4ische Kommission stellt &#8230; <a title=\"Impressum\" class=\"read-more\" href=\"https:\/\/www.sprachlehrer-aktiv.de\/deutsch-privatunterricht\/impressum\/\" aria-label=\"Mehr Informationen \u00fcber Impressum\">Weiterlesen<\/a><\/p>\n","protected":false},"author":1,"featured_media":0,"parent":0,"menu_order":0,"comment_status":"closed","ping_status":"closed","template":"","meta":{"footnotes":""},"class_list":["post-123","page","type-page","status-publish"],"yoast_head":"<!-- This site is optimized with the Yoast SEO plugin v26.8 - https:\/\/yoast.com\/product\/yoast-seo-wordpress\/ -->\n<title>Impressum, Datenschutzerkl\u00e4rung, Gesch\u00e4ftsbedingungen<\/title>\n<meta name=\"description\" content=\"Impressum, Datenschutzerkl\u00e4rung, allgemeine Gesch\u00e4ftsbedingungen - Sprachlehrer Aktiv - Hinweise und allgemeine Informationen\" \/>\n<meta name=\"robots\" content=\"index, follow, max-snippet:-1, max-image-preview:large, max-video-preview:-1\" \/>\n<link rel=\"canonical\" href=\"https:\/\/www.sprachlehrer-aktiv.de\/deutsch-privatunterricht\/impressum\/\" \/>\n<meta property=\"og:locale\" content=\"de_DE\" \/>\n<meta property=\"og:type\" content=\"article\" \/>\n<meta property=\"og:title\" content=\"Impressum, Datenschutzerkl\u00e4rung, Gesch\u00e4ftsbedingungen\" \/>\n<meta property=\"og:description\" content=\"Impressum, Datenschutzerkl\u00e4rung, allgemeine Gesch\u00e4ftsbedingungen - Sprachlehrer Aktiv - Hinweise und allgemeine Informationen\" \/>\n<meta property=\"og:url\" content=\"https:\/\/www.sprachlehrer-aktiv.de\/deutsch-privatunterricht\/impressum\/\" \/>\n<meta property=\"article:modified_time\" content=\"2026-02-03T08:08:11+00:00\" \/>\n<meta name=\"twitter:card\" content=\"summary_large_image\" \/>\n<meta name=\"twitter:label1\" content=\"Gesch\u00e4tzte Lesezeit\" \/>\n\t<meta name=\"twitter:data1\" content=\"28\u00a0Minuten\" \/>\n<script type=\"application\/ld+json\" class=\"yoast-schema-graph\">{\"@context\":\"https:\/\/schema.org\",\"@graph\":[{\"@type\":\"WebPage\",\"@id\":\"https:\/\/www.sprachlehrer-aktiv.de\/deutsch-privatunterricht\/impressum\/\",\"url\":\"https:\/\/www.sprachlehrer-aktiv.de\/deutsch-privatunterricht\/impressum\/\",\"name\":\"Impressum, Datenschutzerkl\u00e4rung, Gesch\u00e4ftsbedingungen\",\"isPartOf\":{\"@id\":\"https:\/\/www.sprachlehrer-aktiv.de\/deutsch-privatunterricht\/#website\"},\"datePublished\":\"2026-02-02T20:58:58+00:00\",\"dateModified\":\"2026-02-03T08:08:11+00:00\",\"description\":\"Impressum, Datenschutzerkl\u00e4rung, allgemeine Gesch\u00e4ftsbedingungen - Sprachlehrer Aktiv - Hinweise und allgemeine Informationen\",\"breadcrumb\":{\"@id\":\"https:\/\/www.sprachlehrer-aktiv.de\/deutsch-privatunterricht\/impressum\/#breadcrumb\"},\"inLanguage\":\"de\",\"potentialAction\":[{\"@type\":\"ReadAction\",\"target\":[\"https:\/\/www.sprachlehrer-aktiv.de\/deutsch-privatunterricht\/impressum\/\"]}]},{\"@type\":\"BreadcrumbList\",\"@id\":\"https:\/\/www.sprachlehrer-aktiv.de\/deutsch-privatunterricht\/impressum\/#breadcrumb\",\"itemListElement\":[{\"@type\":\"ListItem\",\"position\":1,\"name\":\"Start\",\"item\":\"https:\/\/www.sprachlehrer-aktiv.de\/deutsch-privatunterricht\/\"},{\"@type\":\"ListItem\",\"position\":2,\"name\":\"Impressum\"}]},{\"@type\":\"WebSite\",\"@id\":\"https:\/\/www.sprachlehrer-aktiv.de\/deutsch-privatunterricht\/#website\",\"url\":\"https:\/\/www.sprachlehrer-aktiv.de\/deutsch-privatunterricht\/\",\"name\":\"\",\"description\":\"\",\"potentialAction\":[{\"@type\":\"SearchAction\",\"target\":{\"@type\":\"EntryPoint\",\"urlTemplate\":\"https:\/\/www.sprachlehrer-aktiv.de\/deutsch-privatunterricht\/?s={search_term_string}\"},\"query-input\":{\"@type\":\"PropertyValueSpecification\",\"valueRequired\":true,\"valueName\":\"search_term_string\"}}],\"inLanguage\":\"de\"}]}<\/script>\n<!-- \/ Yoast SEO plugin. -->","yoast_head_json":{"title":"Impressum, Datenschutzerkl\u00e4rung, Gesch\u00e4ftsbedingungen","description":"Impressum, Datenschutzerkl\u00e4rung, allgemeine Gesch\u00e4ftsbedingungen - Sprachlehrer Aktiv - Hinweise und allgemeine Informationen","robots":{"index":"index","follow":"follow","max-snippet":"max-snippet:-1","max-image-preview":"max-image-preview:large","max-video-preview":"max-video-preview:-1"},"canonical":"https:\/\/www.sprachlehrer-aktiv.de\/deutsch-privatunterricht\/impressum\/","og_locale":"de_DE","og_type":"article","og_title":"Impressum, Datenschutzerkl\u00e4rung, Gesch\u00e4ftsbedingungen","og_description":"Impressum, Datenschutzerkl\u00e4rung, allgemeine Gesch\u00e4ftsbedingungen - Sprachlehrer Aktiv - Hinweise und allgemeine Informationen","og_url":"https:\/\/www.sprachlehrer-aktiv.de\/deutsch-privatunterricht\/impressum\/","article_modified_time":"2026-02-03T08:08:11+00:00","twitter_card":"summary_large_image","twitter_misc":{"Gesch\u00e4tzte Lesezeit":"28\u00a0Minuten"},"schema":{"@context":"https:\/\/schema.org","@graph":[{"@type":"WebPage","@id":"https:\/\/www.sprachlehrer-aktiv.de\/deutsch-privatunterricht\/impressum\/","url":"https:\/\/www.sprachlehrer-aktiv.de\/deutsch-privatunterricht\/impressum\/","name":"Impressum, Datenschutzerkl\u00e4rung, Gesch\u00e4ftsbedingungen","isPartOf":{"@id":"https:\/\/www.sprachlehrer-aktiv.de\/deutsch-privatunterricht\/#website"},"datePublished":"2026-02-02T20:58:58+00:00","dateModified":"2026-02-03T08:08:11+00:00","description":"Impressum, Datenschutzerkl\u00e4rung, allgemeine Gesch\u00e4ftsbedingungen - Sprachlehrer Aktiv - Hinweise und allgemeine Informationen","breadcrumb":{"@id":"https:\/\/www.sprachlehrer-aktiv.de\/deutsch-privatunterricht\/impressum\/#breadcrumb"},"inLanguage":"de","potentialAction":[{"@type":"ReadAction","target":["https:\/\/www.sprachlehrer-aktiv.de\/deutsch-privatunterricht\/impressum\/"]}]},{"@type":"BreadcrumbList","@id":"https:\/\/www.sprachlehrer-aktiv.de\/deutsch-privatunterricht\/impressum\/#breadcrumb","itemListElement":[{"@type":"ListItem","position":1,"name":"Start","item":"https:\/\/www.sprachlehrer-aktiv.de\/deutsch-privatunterricht\/"},{"@type":"ListItem","position":2,"name":"Impressum"}]},{"@type":"WebSite","@id":"https:\/\/www.sprachlehrer-aktiv.de\/deutsch-privatunterricht\/#website","url":"https:\/\/www.sprachlehrer-aktiv.de\/deutsch-privatunterricht\/","name":"","description":"","potentialAction":[{"@type":"SearchAction","target":{"@type":"EntryPoint","urlTemplate":"https:\/\/www.sprachlehrer-aktiv.de\/deutsch-privatunterricht\/?s={search_term_string}"},"query-input":{"@type":"PropertyValueSpecification","valueRequired":true,"valueName":"search_term_string"}}],"inLanguage":"de"}]}},"_links":{"self":[{"href":"https:\/\/www.sprachlehrer-aktiv.de\/deutsch-privatunterricht\/wp-json\/wp\/v2\/pages\/123","targetHints":{"allow":["GET"]}}],"collection":[{"href":"https:\/\/www.sprachlehrer-aktiv.de\/deutsch-privatunterricht\/wp-json\/wp\/v2\/pages"}],"about":[{"href":"https:\/\/www.sprachlehrer-aktiv.de\/deutsch-privatunterricht\/wp-json\/wp\/v2\/types\/page"}],"author":[{"embeddable":true,"href":"https:\/\/www.sprachlehrer-aktiv.de\/deutsch-privatunterricht\/wp-json\/wp\/v2\/users\/1"}],"replies":[{"embeddable":true,"href":"https:\/\/www.sprachlehrer-aktiv.de\/deutsch-privatunterricht\/wp-json\/wp\/v2\/comments?post=123"}],"version-history":[{"count":10,"href":"https:\/\/www.sprachlehrer-aktiv.de\/deutsch-privatunterricht\/wp-json\/wp\/v2\/pages\/123\/revisions"}],"predecessor-version":[{"id":138,"href":"https:\/\/www.sprachlehrer-aktiv.de\/deutsch-privatunterricht\/wp-json\/wp\/v2\/pages\/123\/revisions\/138"}],"wp:attachment":[{"href":"https:\/\/www.sprachlehrer-aktiv.de\/deutsch-privatunterricht\/wp-json\/wp\/v2\/media?parent=123"}],"curies":[{"name":"wp","href":"https:\/\/api.w.org\/{rel}","templated":true}]}}