{"id":1053,"date":"2026-06-10T23:41:00","date_gmt":"2026-06-10T21:41:00","guid":{"rendered":"https:\/\/www.sprachlehrer-aktiv.de\/deutsch-privatunterricht\/?page_id=1053"},"modified":"2026-06-10T23:48:42","modified_gmt":"2026-06-10T21:48:42","slug":"deutsch-privatunterricht-in-harburg","status":"publish","type":"page","link":"https:\/\/www.sprachlehrer-aktiv.de\/deutsch-privatunterricht\/deutsch-privatunterricht-in-harburg\/","title":{"rendered":"Deutsch Privatunterricht in Harburg \u2013 Individuell Deutsch lernen mit pers\u00f6nlicher Betreuung"},"content":{"rendered":"\t\t<div data-elementor-type=\"wp-page\" data-elementor-id=\"1053\" class=\"elementor elementor-1053\">\n\t\t\t\t<div class=\"elementor-element elementor-element-6b981b02 e-flex e-con-boxed e-con e-parent\" data-id=\"6b981b02\" data-element_type=\"container\" data-e-type=\"container\">\n\t\t\t\t\t<div class=\"e-con-inner\">\n\t\t<div class=\"elementor-element elementor-element-36ec8811 e-con-full e-flex e-con e-child\" data-id=\"36ec8811\" data-element_type=\"container\" data-e-type=\"container\">\n\t\t\t\t<div class=\"elementor-element elementor-element-757ff095 elementor-widget elementor-widget-text-editor\" data-id=\"757ff095\" data-element_type=\"widget\" data-e-type=\"widget\" data-widget_type=\"text-editor.default\">\n\t\t\t\t\t\t\t\t\t<section><h2><span style=\"font-weight: 400;\">Flexibler Deutschunterricht in Harburg \u2013 online oder direkt vor Ort<\/span><\/h2><p><span style=\"font-weight: 400;\">Sie m\u00f6chten Ihre Deutschkenntnisse in Harburg verbessern und suchen nach einem Unterricht, der sich an Ihre pers\u00f6nlichen Ziele und Ihren Alltag anpasst? Mit professionellem Deutsch Privatunterricht lernen Sie effizient, flexibel und zielorientiert.<\/span><\/p><p><span style=\"font-weight: 400;\">Ganz gleich, ob Sie Deutsch f\u00fcr den Beruf, die Ausbildung, das Studium, die Integration oder eine Sprachpr\u00fcfung ben\u00f6tigen \u2013 individueller Einzelunterricht bietet Ihnen optimale Voraussetzungen f\u00fcr schnelle Fortschritte. Der Unterricht kann bequem online, bei Ihnen zu Hause oder an einem anderen Ort in Harburg stattfinden.<\/span><\/p><\/section>\t\t\t\t\t\t\t\t<\/div>\n\t\t\t\t<\/div>\n\t\t<div class=\"elementor-element elementor-element-4ed87ab3 e-con-full e-flex e-con e-child\" data-id=\"4ed87ab3\" data-element_type=\"container\" data-e-type=\"container\">\n\t\t\t\t<div class=\"elementor-element elementor-element-66030484 elementor-widget elementor-widget-video\" data-id=\"66030484\" data-element_type=\"widget\" data-e-type=\"widget\" data-settings=\"{&quot;youtube_url&quot;:&quot;https:\\\/\\\/youtu.be\\\/_2OHSh-0VzI?si=AljgWU9QrmEKES7D&quot;,&quot;video_type&quot;:&quot;youtube&quot;,&quot;controls&quot;:&quot;yes&quot;}\" data-widget_type=\"video.default\">\n\t\t\t\t\t\t\t<div class=\"elementor-wrapper elementor-open-inline\">\n\t\t\t<div class=\"elementor-video\"><\/div>\t\t<\/div>\n\t\t\t\t\t\t<\/div>\n\t\t\t\t<\/div>\n\t\t\t\t\t<\/div>\n\t\t\t\t<\/div>\n\t\t<div class=\"elementor-element elementor-element-4c9a7bcd e-flex e-con-boxed e-con e-parent\" data-id=\"4c9a7bcd\" data-element_type=\"container\" data-e-type=\"container\">\n\t\t\t\t\t<div class=\"e-con-inner\">\n\t\t\t\t<div class=\"elementor-element elementor-element-47d33fae elementor-widget elementor-widget-button\" data-id=\"47d33fae\" data-element_type=\"widget\" data-e-type=\"widget\" data-widget_type=\"button.default\">\n\t\t\t\t\t\t\t\t\t\t<a class=\"elementor-button elementor-button-link elementor-size-sm\" href=\"https:\/\/www.sprachlehrer-aktiv.de\/deutsch-privatunterricht\/kontakt\/\">\n\t\t\t\t\t\t<span class=\"elementor-button-content-wrapper\">\n\t\t\t\t\t\t<span class=\"elementor-button-icon\">\n\t\t\t\t<svg aria-hidden=\"true\" class=\"e-font-icon-svg e-fas-arrow-right\" viewBox=\"0 0 448 512\" xmlns=\"http:\/\/www.w3.org\/2000\/svg\"><path d=\"M190.5 66.9l22.2-22.2c9.4-9.4 24.6-9.4 33.9 0L441 239c9.4 9.4 9.4 24.6 0 33.9L246.6 467.3c-9.4 9.4-24.6 9.4-33.9 0l-22.2-22.2c-9.5-9.5-9.3-25 .4-34.3L311.4 296H24c-13.3 0-24-10.7-24-24v-32c0-13.3 10.7-24 24-24h287.4L190.9 101.2c-9.8-9.3-10-24.8-.4-34.3z\"><\/path><\/svg>\t\t\t<\/span>\n\t\t\t\t\t\t\t\t\t<span class=\"elementor-button-text\">Schnelle Anfrage<\/span>\n\t\t\t\t\t<\/span>\n\t\t\t\t\t<\/a>\n\t\t\t\t\t\t\t\t<\/div>\n\t\t\t\t\t<\/div>\n\t\t\t\t<\/div>\n\t\t<div class=\"elementor-element elementor-element-5532ce0a e-con-full e-flex e-con e-parent\" data-id=\"5532ce0a\" data-element_type=\"container\" data-e-type=\"container\">\n\t\t<div class=\"elementor-element elementor-element-2d69d661 e-con-full e-flex e-con e-child\" data-id=\"2d69d661\" data-element_type=\"container\" data-e-type=\"container\">\n\t\t\t\t<div class=\"elementor-element elementor-element-67104198 elementor-widget elementor-widget-image\" data-id=\"67104198\" data-element_type=\"widget\" data-e-type=\"widget\" data-widget_type=\"image.default\">\n\t\t\t\t\t\t\t\t\t\t\t\t\t\t\t<img fetchpriority=\"high\" decoding=\"async\" width=\"800\" height=\"800\" src=\"https:\/\/www.sprachlehrer-aktiv.de\/deutsch-privatunterricht\/wp-content\/uploads\/2026\/06\/deutsch-privatunterricht-vor-ort-oder-online.jpg\" class=\"attachment-large size-large wp-image-578\" alt=\"Deutsch Privatunterricht von A1 bis C2 - vor Ort oder online\" srcset=\"https:\/\/www.sprachlehrer-aktiv.de\/deutsch-privatunterricht\/wp-content\/uploads\/2026\/06\/deutsch-privatunterricht-vor-ort-oder-online.jpg 800w, https:\/\/www.sprachlehrer-aktiv.de\/deutsch-privatunterricht\/wp-content\/uploads\/2026\/06\/deutsch-privatunterricht-vor-ort-oder-online-300x300.jpg 300w, https:\/\/www.sprachlehrer-aktiv.de\/deutsch-privatunterricht\/wp-content\/uploads\/2026\/06\/deutsch-privatunterricht-vor-ort-oder-online-150x150.jpg 150w, https:\/\/www.sprachlehrer-aktiv.de\/deutsch-privatunterricht\/wp-content\/uploads\/2026\/06\/deutsch-privatunterricht-vor-ort-oder-online-768x768.jpg 768w\" sizes=\"(max-width: 800px) 100vw, 800px\" \/>\t\t\t\t\t\t\t\t\t\t\t\t\t\t\t<\/div>\n\t\t\t\t<\/div>\n\t\t<div class=\"elementor-element elementor-element-1d91e03d e-con-full e-flex e-con e-child\" data-id=\"1d91e03d\" data-element_type=\"container\" data-e-type=\"container\">\n\t\t\t\t<div class=\"elementor-element elementor-element-4e6b0a08 elementor-widget elementor-widget-text-editor\" data-id=\"4e6b0a08\" data-element_type=\"widget\" data-e-type=\"widget\" data-widget_type=\"text-editor.default\">\n\t\t\t\t\t\t\t\t\t<section><h2><span style=\"font-weight: 400;\">Warum Deutsch Privatunterricht in Harburg sinnvoll ist<\/span><\/h2><p><span style=\"font-weight: 400;\">Beim Privatunterricht stehen Ihre individuellen Bed\u00fcrfnisse im Mittelpunkt. Anders als in klassischen Sprachkursen lernen Sie im eigenen Tempo und erhalten direkte Unterst\u00fctzung bei allen sprachlichen Herausforderungen.<\/span><\/p><p><span style=\"font-weight: 400;\">Sie k\u00f6nnen gezielt Ihre Grammatik verbessern, fl\u00fcssiger sprechen oder Ihre Aussprache trainieren. Durch den pers\u00f6nlichen Kontakt zum Lehrer erzielen Sie oft schneller sichtbare Lernerfolge.<\/span><\/p><h3><span style=\"font-weight: 400;\">Ihre Vorteile im \u00dcberblick<\/span><\/h3><ul><li style=\"font-weight: 400;\" aria-level=\"1\"><span style=\"font-weight: 400;\">Flexible Unterrichtszeiten f\u00fcr Beruf und Alltag<\/span><\/li><li style=\"font-weight: 400;\" aria-level=\"1\"><span style=\"font-weight: 400;\">Unterricht online oder pers\u00f6nlich in Harburg<\/span><\/li><li style=\"font-weight: 400;\" aria-level=\"1\"><span style=\"font-weight: 400;\">Individuelle Lernpl\u00e4ne und moderne Unterrichtsmethoden<\/span><\/li><li style=\"font-weight: 400;\" aria-level=\"1\"><span style=\"font-weight: 400;\">Mehr aktive Sprachpraxis als im Gruppenunterricht<\/span><\/li><li style=\"font-weight: 400;\" aria-level=\"1\"><span style=\"font-weight: 400;\">Direkte Korrekturen und pers\u00f6nliches Feedback<\/span><\/li><li style=\"font-weight: 400;\" aria-level=\"1\"><span style=\"font-weight: 400;\">Effektives Lernen f\u00fcr schnelle Fortschritte<\/span><\/li><\/ul><\/section>\t\t\t\t\t\t\t\t<\/div>\n\t\t\t\t<\/div>\n\t\t\t\t<\/div>\n\t\t<div class=\"elementor-element elementor-element-c4680c7 e-flex e-con-boxed e-con e-parent\" data-id=\"c4680c7\" data-element_type=\"container\" data-e-type=\"container\">\n\t\t\t\t\t<div class=\"e-con-inner\">\n\t\t\t\t<div class=\"elementor-element elementor-element-2879d40c elementor-widget elementor-widget-button\" data-id=\"2879d40c\" data-element_type=\"widget\" data-e-type=\"widget\" data-widget_type=\"button.default\">\n\t\t\t\t\t\t\t\t\t\t<a class=\"elementor-button elementor-button-link elementor-size-sm\" href=\"https:\/\/www.sprachlehrer-aktiv.de\/deutsch-privatunterricht\/kontakt\/\">\n\t\t\t\t\t\t<span class=\"elementor-button-content-wrapper\">\n\t\t\t\t\t\t<span class=\"elementor-button-icon\">\n\t\t\t\t<svg aria-hidden=\"true\" class=\"e-font-icon-svg e-fas-arrow-right\" viewBox=\"0 0 448 512\" xmlns=\"http:\/\/www.w3.org\/2000\/svg\"><path d=\"M190.5 66.9l22.2-22.2c9.4-9.4 24.6-9.4 33.9 0L441 239c9.4 9.4 9.4 24.6 0 33.9L246.6 467.3c-9.4 9.4-24.6 9.4-33.9 0l-22.2-22.2c-9.5-9.5-9.3-25 .4-34.3L311.4 296H24c-13.3 0-24-10.7-24-24v-32c0-13.3 10.7-24 24-24h287.4L190.9 101.2c-9.8-9.3-10-24.8-.4-34.3z\"><\/path><\/svg>\t\t\t<\/span>\n\t\t\t\t\t\t\t\t\t<span class=\"elementor-button-text\">Jetzt Privatkurs buchen<\/span>\n\t\t\t\t\t<\/span>\n\t\t\t\t\t<\/a>\n\t\t\t\t\t\t\t\t<\/div>\n\t\t\t\t\t<\/div>\n\t\t\t\t<\/div>\n\t\t<div class=\"elementor-element elementor-element-5abdd718 e-flex e-con-boxed e-con e-parent\" data-id=\"5abdd718\" data-element_type=\"container\" data-e-type=\"container\">\n\t\t\t\t\t<div class=\"e-con-inner\">\n\t\t\t\t<div class=\"elementor-element elementor-element-4bcac34 elementor-widget elementor-widget-heading\" data-id=\"4bcac34\" data-element_type=\"widget\" data-e-type=\"widget\" data-widget_type=\"heading.default\">\n\t\t\t\t\t<h2 class=\"elementor-heading-title elementor-size-default\">Erfahrungen und Bewertungen unserer Teilnehmer zum Deutsch Privatunterricht<\/h2>\t\t\t\t<\/div>\n\t\t\t\t\t<\/div>\n\t\t\t\t<\/div>\n\t\t<div class=\"elementor-element elementor-element-1b12ac78 e-flex e-con-boxed e-con e-parent\" data-id=\"1b12ac78\" data-element_type=\"container\" data-e-type=\"container\">\n\t\t\t\t\t<div class=\"e-con-inner\">\n\t\t<div class=\"elementor-element elementor-element-2f704089 e-con-full e-flex e-con e-child\" data-id=\"2f704089\" data-element_type=\"container\" data-e-type=\"container\" data-settings=\"{&quot;background_background&quot;:&quot;classic&quot;}\">\n\t\t\t\t<div class=\"elementor-element elementor-element-55f05e57 elementor-widget__width-initial elementor-widget elementor-widget-text-editor\" data-id=\"55f05e57\" data-element_type=\"widget\" data-e-type=\"widget\" data-widget_type=\"text-editor.default\">\n\t\t\t\t\t\t\t\t\t<pre class=\"ti-widget\" style=\"display: none\"><template id=\"trustindex-google-widget-html\"><div class=\" ti-widget  ti-goog ti-review-text-mode-readmore ti-content-align-center\" data-no-translation=\"true\" data-time-locale=\"vor %d %s|Heute|Tag|Tagen|Woche|Wochen|Monat|Monaten|Jahr|Jahren\" data-plugin-version=\"13.2.7\" data-layout-id=\"36\" data-layout-category=\"slider\" data-set-id=\"ligth-border\" data-pid=\"\" data-language=\"de\" data-close-locale=\"Schlie\u00dfen\" data-review-target-width=\"300\" data-css-version=\"2\" data-reply-by-locale=\"Antwort des Eigent\u00fcmers\" data-only-rating-locale=\"Dieser Nutzer hat lediglich eine Bewertung abgegeben.\" data-pager-autoplay-timeout=\"6\"> <div class=\"ti-widget-container ti-col-3\"> <div class=\"ti-reviews-container\"> <div class=\"ti-controls\"> <div class=\"ti-next\" aria-label=\"N\u00e4chste Bewertung\" role=\"button\" tabindex=\"0\"><\/div> <div class=\"ti-prev\" aria-label=\"Vorherige Bewertung\" role=\"button\" tabindex=\"0\"><\/div> <\/div> <div class=\"ti-reviews-container-wrapper\">  <div data-empty=\"0\" data-time=\"1737936000\" class=\"ti-review-item source-Google ti-image-layout-thumbnail\" data-id=\"cfcd208495d565ef66e7dff9f98764da\"> <div class=\"ti-inner\"> <div class=\"ti-review-header\"> <trustindex-image class=\"ti-platform-icon\" data-imgurl=\"https:\/\/cdn.trustindex.io\/assets\/platform\/Google\/icon.svg\" alt=\"\" width=\"20\" height=\"20\" loading=\"lazy\"><\/trustindex-image> <div class=\"ti-profile-img\"> <trustindex-image data-imgurl=\"https:\/\/lh3.googleusercontent.com\/a\/ACg8ocIBvIcfjjrTGqSNAmnklCLmoJQ-8YvOfLWuZWs7yEhGBuUKPA=w64-h64-c-rp-mo-br100\" alt=\"Felix M\u00f6llmann profile picture\" loading=\"lazy\"><\/trustindex-image> <\/div> <div class=\"ti-profile-details\"> <div class=\"ti-name\"> Felix M\u00f6llmann <\/div> <div class=\"ti-date\"><\/div> <\/div> <\/div> <span class=\"ti-stars\"><trustindex-image class=\"ti-star\" data-imgurl=\"https:\/\/cdn.trustindex.io\/assets\/platform\/Google\/star\/f.svg\" alt=\"Google\" width=\"17\" height=\"17\" loading=\"lazy\"><\/trustindex-image><trustindex-image class=\"ti-star\" data-imgurl=\"https:\/\/cdn.trustindex.io\/assets\/platform\/Google\/star\/f.svg\" alt=\"Google\" width=\"17\" height=\"17\" loading=\"lazy\"><\/trustindex-image><trustindex-image class=\"ti-star\" data-imgurl=\"https:\/\/cdn.trustindex.io\/assets\/platform\/Google\/star\/f.svg\" alt=\"Google\" width=\"17\" height=\"17\" loading=\"lazy\"><\/trustindex-image><trustindex-image class=\"ti-star\" data-imgurl=\"https:\/\/cdn.trustindex.io\/assets\/platform\/Google\/star\/f.svg\" alt=\"Google\" width=\"17\" height=\"17\" loading=\"lazy\"><\/trustindex-image><trustindex-image class=\"ti-star\" data-imgurl=\"https:\/\/cdn.trustindex.io\/assets\/platform\/Google\/star\/f.svg\" alt=\"Google\" width=\"17\" height=\"17\" loading=\"lazy\"><\/trustindex-image><span class=\"ti-verified-review ti-verified-platform\"><span class=\"ti-verified-tooltip\">Trustindex \u00fcberpr\u00fcft, ob die Originalquelle der Bewertung Google ist.<\/span><\/span><\/span> <div class=\"ti-review-text-container ti-review-content\"><!-- R-CONTENT -->Ich habe bei Sprachlehrer Aktiv ein Sprachkurs gemacht und bin begeistert! Die Lehrkr\u00e4fte waren super \u2013 kompetent, freundlich und motivierend. Kann die Sprachschule nur weiterempfehlen!<!-- R-CONTENT --><\/div> <span class=\"ti-read-more\" data-container=\".ti-review-content\" data-collapse-text=\"Ausblenden\" data-open-text=\"Weiterlesen\"><\/span> <\/div> <\/div>  <div data-empty=\"0\" data-time=\"1595808000\" class=\"ti-review-item source-Google ti-image-layout-thumbnail\" data-id=\"cfcd208495d565ef66e7dff9f98764da\"> <div class=\"ti-inner\"> <div class=\"ti-review-header\"> <trustindex-image class=\"ti-platform-icon\" data-imgurl=\"https:\/\/cdn.trustindex.io\/assets\/platform\/Google\/icon.svg\" alt=\"\" width=\"20\" height=\"20\" loading=\"lazy\"><\/trustindex-image> <div class=\"ti-profile-img\"> <trustindex-image data-imgurl=\"https:\/\/lh3.googleusercontent.com\/a\/ACg8ocIGgnn7flPufL_rOL6W7UASqT5nyH-NSYp0_NCY7NPXkdrJWQ=w64-h64-c-rp-mo-br100\" alt=\"Dominika Dvorak profile picture\" loading=\"lazy\"><\/trustindex-image> <\/div> <div class=\"ti-profile-details\"> <div class=\"ti-name\"> Dominika Dvorak <\/div> <div class=\"ti-date\"><\/div> <\/div> <\/div> <span class=\"ti-stars\"><trustindex-image class=\"ti-star\" data-imgurl=\"https:\/\/cdn.trustindex.io\/assets\/platform\/Google\/star\/f.svg\" alt=\"Google\" width=\"17\" height=\"17\" loading=\"lazy\"><\/trustindex-image><trustindex-image class=\"ti-star\" data-imgurl=\"https:\/\/cdn.trustindex.io\/assets\/platform\/Google\/star\/f.svg\" alt=\"Google\" width=\"17\" height=\"17\" loading=\"lazy\"><\/trustindex-image><trustindex-image class=\"ti-star\" data-imgurl=\"https:\/\/cdn.trustindex.io\/assets\/platform\/Google\/star\/f.svg\" alt=\"Google\" width=\"17\" height=\"17\" loading=\"lazy\"><\/trustindex-image><trustindex-image class=\"ti-star\" data-imgurl=\"https:\/\/cdn.trustindex.io\/assets\/platform\/Google\/star\/f.svg\" alt=\"Google\" width=\"17\" height=\"17\" loading=\"lazy\"><\/trustindex-image><trustindex-image class=\"ti-star\" data-imgurl=\"https:\/\/cdn.trustindex.io\/assets\/platform\/Google\/star\/f.svg\" alt=\"Google\" width=\"17\" height=\"17\" loading=\"lazy\"><\/trustindex-image><span class=\"ti-verified-review ti-verified-platform\"><span class=\"ti-verified-tooltip\">Trustindex \u00fcberpr\u00fcft, ob die Originalquelle der Bewertung Google ist.<\/span><\/span><\/span> <div class=\"ti-review-text-container ti-review-content\"><!-- R-CONTENT -->Ich habe an einem Privatunterricht mit einer tollen Lehrkraft teilgenommen. Mir haben besonders ihre Hilfsbereitschaft und Leidenschaft f\u00fcr Deutsche Sprache angesprochen. Nach dem Anschluss bin ich auf jeden Fall mehr konversationssicher. Ich w\u00fcrde diese angebotenen Kurse an meine Kollegen auf jedem Fall empfehlen.<!-- R-CONTENT --><\/div> <span class=\"ti-read-more\" data-container=\".ti-review-content\" data-collapse-text=\"Ausblenden\" data-open-text=\"Weiterlesen\"><\/span> <\/div> <\/div>  <div data-empty=\"0\" data-time=\"1595808000\" class=\"ti-review-item source-Google ti-image-layout-thumbnail\" data-id=\"cfcd208495d565ef66e7dff9f98764da\"> <div class=\"ti-inner\"> <div class=\"ti-review-header\"> <trustindex-image class=\"ti-platform-icon\" data-imgurl=\"https:\/\/cdn.trustindex.io\/assets\/platform\/Google\/icon.svg\" alt=\"\" width=\"20\" height=\"20\" loading=\"lazy\"><\/trustindex-image> <div class=\"ti-profile-img\"> <trustindex-image data-imgurl=\"https:\/\/lh3.googleusercontent.com\/a\/ACg8ocLF-4XemnsdPvtJmtID72186RQDqiltKRxjlaYkgZ528pvi5w=w64-h64-c-rp-mo-br100\" alt=\"Greta Pattarozzi profile picture\" loading=\"lazy\"><\/trustindex-image> <\/div> <div class=\"ti-profile-details\"> <div class=\"ti-name\"> Greta Pattarozzi <\/div> <div class=\"ti-date\"><\/div> <\/div> <\/div> <span class=\"ti-stars\"><trustindex-image class=\"ti-star\" data-imgurl=\"https:\/\/cdn.trustindex.io\/assets\/platform\/Google\/star\/f.svg\" alt=\"Google\" width=\"17\" height=\"17\" loading=\"lazy\"><\/trustindex-image><trustindex-image class=\"ti-star\" data-imgurl=\"https:\/\/cdn.trustindex.io\/assets\/platform\/Google\/star\/f.svg\" alt=\"Google\" width=\"17\" height=\"17\" loading=\"lazy\"><\/trustindex-image><trustindex-image class=\"ti-star\" data-imgurl=\"https:\/\/cdn.trustindex.io\/assets\/platform\/Google\/star\/f.svg\" alt=\"Google\" width=\"17\" height=\"17\" loading=\"lazy\"><\/trustindex-image><trustindex-image class=\"ti-star\" data-imgurl=\"https:\/\/cdn.trustindex.io\/assets\/platform\/Google\/star\/f.svg\" alt=\"Google\" width=\"17\" height=\"17\" loading=\"lazy\"><\/trustindex-image><trustindex-image class=\"ti-star\" data-imgurl=\"https:\/\/cdn.trustindex.io\/assets\/platform\/Google\/star\/f.svg\" alt=\"Google\" width=\"17\" height=\"17\" loading=\"lazy\"><\/trustindex-image><span class=\"ti-verified-review ti-verified-platform\"><span class=\"ti-verified-tooltip\">Trustindex \u00fcberpr\u00fcft, ob die Originalquelle der Bewertung Google ist.<\/span><\/span><\/span> <div class=\"ti-review-text-container ti-review-content\"><!-- R-CONTENT -->Ich habe einen Deutsch-Privatkurs mit einer tollen sympathischen Lehrerin besucht.\nDie muttersprachliche Lehrerin war nett und hilfsbereit.\nIch empfehle Sie euch weiter.<!-- R-CONTENT --><\/div> <span class=\"ti-read-more\" data-container=\".ti-review-content\" data-collapse-text=\"Ausblenden\" data-open-text=\"Weiterlesen\"><\/span> <\/div> <\/div>  <div data-empty=\"0\" data-time=\"1586736000\" class=\"ti-review-item source-Google ti-image-layout-thumbnail\" data-id=\"cfcd208495d565ef66e7dff9f98764da\"> <div class=\"ti-inner\"> <div class=\"ti-review-header\"> <trustindex-image class=\"ti-platform-icon\" data-imgurl=\"https:\/\/cdn.trustindex.io\/assets\/platform\/Google\/icon.svg\" alt=\"\" width=\"20\" height=\"20\" loading=\"lazy\"><\/trustindex-image> <div class=\"ti-profile-img\"> <trustindex-image data-imgurl=\"https:\/\/lh3.googleusercontent.com\/a-\/ALV-UjVzfdPy4rom1_1bTgTykBs-aCOodLLqvrt2cgsKVCfiAmprnS4=w64-h64-c-rp-mo-br100\" alt=\"Gibeleen Amponsah Nimpong profile picture\" loading=\"lazy\"><\/trustindex-image> <\/div> <div class=\"ti-profile-details\"> <div class=\"ti-name\"> Gibeleen Amponsah Nimpong <\/div> <div class=\"ti-date\"><\/div> <\/div> <\/div> <span class=\"ti-stars\"><trustindex-image class=\"ti-star\" data-imgurl=\"https:\/\/cdn.trustindex.io\/assets\/platform\/Google\/star\/f.svg\" alt=\"Google\" width=\"17\" height=\"17\" loading=\"lazy\"><\/trustindex-image><trustindex-image class=\"ti-star\" data-imgurl=\"https:\/\/cdn.trustindex.io\/assets\/platform\/Google\/star\/f.svg\" alt=\"Google\" width=\"17\" height=\"17\" loading=\"lazy\"><\/trustindex-image><trustindex-image class=\"ti-star\" data-imgurl=\"https:\/\/cdn.trustindex.io\/assets\/platform\/Google\/star\/f.svg\" alt=\"Google\" width=\"17\" height=\"17\" loading=\"lazy\"><\/trustindex-image><trustindex-image class=\"ti-star\" data-imgurl=\"https:\/\/cdn.trustindex.io\/assets\/platform\/Google\/star\/f.svg\" alt=\"Google\" width=\"17\" height=\"17\" loading=\"lazy\"><\/trustindex-image><trustindex-image class=\"ti-star\" data-imgurl=\"https:\/\/cdn.trustindex.io\/assets\/platform\/Google\/star\/f.svg\" alt=\"Google\" width=\"17\" height=\"17\" loading=\"lazy\"><\/trustindex-image><span class=\"ti-verified-review ti-verified-platform\"><span class=\"ti-verified-tooltip\">Trustindex \u00fcberpr\u00fcft, ob die Originalquelle der Bewertung Google ist.<\/span><\/span><\/span> <div class=\"ti-review-text-container ti-review-content\"><!-- R-CONTENT -->The perfect language school ever. Highly recommend for anyone looking forward to learning a new language. You won't be disappointed.<!-- R-CONTENT --><\/div> <span class=\"ti-read-more\" data-container=\".ti-review-content\" data-collapse-text=\"Ausblenden\" data-open-text=\"Weiterlesen\"><\/span> <\/div> <\/div>  <div data-empty=\"0\" data-time=\"1586736000\" class=\"ti-review-item source-Google ti-image-layout-thumbnail\" data-id=\"cfcd208495d565ef66e7dff9f98764da\"> <div class=\"ti-inner\"> <div class=\"ti-review-header\"> <trustindex-image class=\"ti-platform-icon\" data-imgurl=\"https:\/\/cdn.trustindex.io\/assets\/platform\/Google\/icon.svg\" alt=\"\" width=\"20\" height=\"20\" loading=\"lazy\"><\/trustindex-image> <div class=\"ti-profile-img\"> <trustindex-image data-imgurl=\"https:\/\/lh3.googleusercontent.com\/a-\/ALV-UjV-zZw54wiU66VS6R-Ve3dmiOMq4ruF-tECkI3DfQ5UNm82yJ0=w64-h64-c-rp-mo-ba3-br100\" alt=\"A. Sadeque profile picture\" loading=\"lazy\"><\/trustindex-image> <\/div> <div class=\"ti-profile-details\"> <div class=\"ti-name\"> A. Sadeque <\/div> <div class=\"ti-date\"><\/div> <\/div> <\/div> <span class=\"ti-stars\"><trustindex-image class=\"ti-star\" data-imgurl=\"https:\/\/cdn.trustindex.io\/assets\/platform\/Google\/star\/f.svg\" alt=\"Google\" width=\"17\" height=\"17\" loading=\"lazy\"><\/trustindex-image><trustindex-image class=\"ti-star\" data-imgurl=\"https:\/\/cdn.trustindex.io\/assets\/platform\/Google\/star\/f.svg\" alt=\"Google\" width=\"17\" height=\"17\" loading=\"lazy\"><\/trustindex-image><trustindex-image class=\"ti-star\" data-imgurl=\"https:\/\/cdn.trustindex.io\/assets\/platform\/Google\/star\/f.svg\" alt=\"Google\" width=\"17\" height=\"17\" loading=\"lazy\"><\/trustindex-image><trustindex-image class=\"ti-star\" data-imgurl=\"https:\/\/cdn.trustindex.io\/assets\/platform\/Google\/star\/f.svg\" alt=\"Google\" width=\"17\" height=\"17\" loading=\"lazy\"><\/trustindex-image><trustindex-image class=\"ti-star\" data-imgurl=\"https:\/\/cdn.trustindex.io\/assets\/platform\/Google\/star\/f.svg\" alt=\"Google\" width=\"17\" height=\"17\" loading=\"lazy\"><\/trustindex-image><span class=\"ti-verified-review ti-verified-platform\"><span class=\"ti-verified-tooltip\">Trustindex \u00fcberpr\u00fcft, ob die Originalquelle der Bewertung Google ist.<\/span><\/span><\/span> <div class=\"ti-review-text-container ti-review-content\"><!-- R-CONTENT -->Ich hatte eine super Lehrerin f\u00fcr Englisch Privatkurs. Herzlichen Dank!<!-- R-CONTENT --><\/div> <span class=\"ti-read-more\" data-container=\".ti-review-content\" data-collapse-text=\"Ausblenden\" data-open-text=\"Weiterlesen\"><\/span> <\/div> <\/div>  <div data-empty=\"0\" data-time=\"1551312000\" class=\"ti-review-item source-Google ti-image-layout-thumbnail\" data-id=\"cfcd208495d565ef66e7dff9f98764da\"> <div class=\"ti-inner\"> <div class=\"ti-review-header\"> <trustindex-image class=\"ti-platform-icon\" data-imgurl=\"https:\/\/cdn.trustindex.io\/assets\/platform\/Google\/icon.svg\" alt=\"\" width=\"20\" height=\"20\" loading=\"lazy\"><\/trustindex-image> <div class=\"ti-profile-img\"> <trustindex-image data-imgurl=\"https:\/\/lh3.googleusercontent.com\/a-\/ALV-UjU3zG57U-VumAbsAvCAl0uArrC0TJzUzboY0jmJCKqP5fqohPxSPA=w64-h64-c-rp-mo-br100\" alt=\"Alessia M (xheyhale) profile picture\" loading=\"lazy\"><\/trustindex-image> <\/div> <div class=\"ti-profile-details\"> <div class=\"ti-name\"> Alessia M (xheyhale) <\/div> <div class=\"ti-date\"><\/div> <\/div> <\/div> <span class=\"ti-stars\"><trustindex-image class=\"ti-star\" data-imgurl=\"https:\/\/cdn.trustindex.io\/assets\/platform\/Google\/star\/f.svg\" alt=\"Google\" width=\"17\" height=\"17\" loading=\"lazy\"><\/trustindex-image><trustindex-image class=\"ti-star\" data-imgurl=\"https:\/\/cdn.trustindex.io\/assets\/platform\/Google\/star\/f.svg\" alt=\"Google\" width=\"17\" height=\"17\" loading=\"lazy\"><\/trustindex-image><trustindex-image class=\"ti-star\" data-imgurl=\"https:\/\/cdn.trustindex.io\/assets\/platform\/Google\/star\/f.svg\" alt=\"Google\" width=\"17\" height=\"17\" loading=\"lazy\"><\/trustindex-image><trustindex-image class=\"ti-star\" data-imgurl=\"https:\/\/cdn.trustindex.io\/assets\/platform\/Google\/star\/f.svg\" alt=\"Google\" width=\"17\" height=\"17\" loading=\"lazy\"><\/trustindex-image><trustindex-image class=\"ti-star\" data-imgurl=\"https:\/\/cdn.trustindex.io\/assets\/platform\/Google\/star\/f.svg\" alt=\"Google\" width=\"17\" height=\"17\" loading=\"lazy\"><\/trustindex-image><span class=\"ti-verified-review ti-verified-platform\"><span class=\"ti-verified-tooltip\">Trustindex \u00fcberpr\u00fcft, ob die Originalquelle der Bewertung Google ist.<\/span><\/span><\/span> <div class=\"ti-review-text-container ti-review-content\"><!-- R-CONTENT -->Volendo migliorare il mio tedesco, ho iniziato un corso privato di tedesco con Sprachschule Aktiv. Consiglio a tutti questa opzione per imparare velocemente, avendo a che fare con insegnanti qualificati, gentili e disponibili, disposti a venire incontro anche per quanto riguarda gli argomenti. Inoltre, sono molto attenti alle esigenze personali. Non potrei essere pi\u00f9 soddisfatta!<!-- R-CONTENT --><\/div> <span class=\"ti-read-more\" data-container=\".ti-review-content\" data-collapse-text=\"Ausblenden\" data-open-text=\"Weiterlesen\"><\/span> <\/div> <\/div>  <div data-empty=\"0\" data-time=\"1543881600\" class=\"ti-review-item source-Google ti-image-layout-thumbnail\" data-id=\"cfcd208495d565ef66e7dff9f98764da\"> <div class=\"ti-inner\"> <div class=\"ti-review-header\"> <trustindex-image class=\"ti-platform-icon\" data-imgurl=\"https:\/\/cdn.trustindex.io\/assets\/platform\/Google\/icon.svg\" alt=\"\" width=\"20\" height=\"20\" loading=\"lazy\"><\/trustindex-image> <div class=\"ti-profile-img\"> <trustindex-image data-imgurl=\"https:\/\/lh3.googleusercontent.com\/a\/ACg8ocKhwuXKiC6AH9PURyibw3vmbOyhYUlYulYGpCLEbjPnY3c16w=w64-h64-c-rp-mo-ba3-br100\" alt=\"damir descalzi profile picture\" loading=\"lazy\"><\/trustindex-image> <\/div> <div class=\"ti-profile-details\"> <div class=\"ti-name\"> damir descalzi <\/div> <div class=\"ti-date\"><\/div> <\/div> <\/div> <span class=\"ti-stars\"><trustindex-image class=\"ti-star\" data-imgurl=\"https:\/\/cdn.trustindex.io\/assets\/platform\/Google\/star\/f.svg\" alt=\"Google\" width=\"17\" height=\"17\" loading=\"lazy\"><\/trustindex-image><trustindex-image class=\"ti-star\" data-imgurl=\"https:\/\/cdn.trustindex.io\/assets\/platform\/Google\/star\/f.svg\" alt=\"Google\" width=\"17\" height=\"17\" loading=\"lazy\"><\/trustindex-image><trustindex-image class=\"ti-star\" data-imgurl=\"https:\/\/cdn.trustindex.io\/assets\/platform\/Google\/star\/f.svg\" alt=\"Google\" width=\"17\" height=\"17\" loading=\"lazy\"><\/trustindex-image><trustindex-image class=\"ti-star\" data-imgurl=\"https:\/\/cdn.trustindex.io\/assets\/platform\/Google\/star\/f.svg\" alt=\"Google\" width=\"17\" height=\"17\" loading=\"lazy\"><\/trustindex-image><trustindex-image class=\"ti-star\" data-imgurl=\"https:\/\/cdn.trustindex.io\/assets\/platform\/Google\/star\/f.svg\" alt=\"Google\" width=\"17\" height=\"17\" loading=\"lazy\"><\/trustindex-image><span class=\"ti-verified-review ti-verified-platform\"><span class=\"ti-verified-tooltip\">Trustindex \u00fcberpr\u00fcft, ob die Originalquelle der Bewertung Google ist.<\/span><\/span><\/span> <div class=\"ti-review-text-container ti-review-content\"><!-- R-CONTENT -->He hecho unas clases privadas de Ingles y Bosnio y la verdad que estoy muy a gusto con la empresa. Si tenias cualquier duda te la resolvian y los profesores son muy amables y comprensibles y te ayudan en todo momento. Y lo mejor de todo es que hacen clases de muchisimos idiomas y lo puedes hacer tanto por Skype o presencial, muy recomendable!<!-- R-CONTENT --><\/div> <span class=\"ti-read-more\" data-container=\".ti-review-content\" data-collapse-text=\"Ausblenden\" data-open-text=\"Weiterlesen\"><\/span> <\/div> <\/div>  <\/div> <div class=\"ti-controls-line\"> <div class=\"dot\"><\/div> <\/div> <\/div>    <\/div> <\/div> <\/template><\/pre><div data-src=\"https:\/\/cdn.trustindex.io\/loader.js?wp-widget\" data-template-id=\"trustindex-google-widget-html\" data-css-url=\"https:\/\/www.sprachlehrer-aktiv.de\/deutsch-privatunterricht\/wp-content\/uploads\/trustindex-google-widget.css?1770063897\"><\/div>\t\t\t\t\t\t\t\t<\/div>\n\t\t<div class=\"elementor-element elementor-element-7fc80a3c e-grid e-con-full e-con e-child\" data-id=\"7fc80a3c\" data-element_type=\"container\" data-e-type=\"container\">\n\t\t\t\t<div class=\"elementor-element elementor-element-62397b39 elementor-widget elementor-widget-image\" data-id=\"62397b39\" data-element_type=\"widget\" data-e-type=\"widget\" data-widget_type=\"image.default\">\n\t\t\t\t\t\t\t\t\t\t\t\t\t\t\t<img decoding=\"async\" width=\"120\" height=\"69\" src=\"https:\/\/www.sprachlehrer-aktiv.de\/deutsch-privatunterricht\/wp-content\/uploads\/2026\/02\/logo-google-reviews-1.webp\" class=\"attachment-large size-large wp-image-43\" alt=\"\" \/>\t\t\t\t\t\t\t\t\t\t\t\t\t\t\t<\/div>\n\t\t\t\t<div class=\"elementor-element elementor-element-317b03b5 elementor-widget elementor-widget-image\" data-id=\"317b03b5\" data-element_type=\"widget\" data-e-type=\"widget\" data-widget_type=\"image.default\">\n\t\t\t\t\t\t\t\t\t\t\t\t\t\t\t<img decoding=\"async\" width=\"145\" height=\"69\" src=\"https:\/\/www.sprachlehrer-aktiv.de\/deutsch-privatunterricht\/wp-content\/uploads\/2026\/02\/logo-proventexpert.webp\" class=\"attachment-large size-large wp-image-44\" alt=\"\" \/>\t\t\t\t\t\t\t\t\t\t\t\t\t\t\t<\/div>\n\t\t\t\t<\/div>\n\t\t\t\t<\/div>\n\t\t\t\t\t<\/div>\n\t\t\t\t<\/div>\n\t\t<div class=\"elementor-element elementor-element-76a7e32d e-flex e-con-boxed e-con e-parent\" data-id=\"76a7e32d\" data-element_type=\"container\" data-e-type=\"container\">\n\t\t\t\t\t<div class=\"e-con-inner\">\n\t\t\t\t<div class=\"elementor-element elementor-element-3208136b elementor-widget elementor-widget-text-editor\" data-id=\"3208136b\" data-element_type=\"widget\" data-e-type=\"widget\" data-widget_type=\"text-editor.default\">\n\t\t\t\t\t\t\t\t\t<article><section><h2><span style=\"font-weight: 400;\">Den passenden Deutschlehrer in Harburg finden<\/span><\/h2><p><span style=\"font-weight: 400;\">Ein erfahrener Deutschlehrer unterst\u00fctzt Sie nicht nur fachlich, sondern begleitet Sie motivierend durch den gesamten Lernprozess. Unsere Lehrkr\u00e4fte verf\u00fcgen \u00fcber Erfahrung im Bereich Deutsch als Fremdsprache und passen den Unterricht individuell an Ihr Sprachniveau und Ihre Ziele an.<\/span><\/p><p><span style=\"font-weight: 400;\">Zu Beginn analysieren wir Ihren aktuellen Sprachstand und erstellen darauf basierend einen passenden Lernplan. So lernen Sie strukturiert und effizient.<\/span><\/p><p><span style=\"font-weight: 400;\">Der Unterricht kann flexibel im gesamten Raum Harburg stattfinden.<\/span><\/p><h2><span style=\"font-weight: 400;\">Transparente Preise und flexible Lernmodelle<\/span><\/h2><p><span style=\"font-weight: 400;\">Faire Preise und transparente Konditionen sind uns wichtig. Eine Unterrichtseinheit umfasst in der Regel 45 Minuten.<\/span><\/p><p><span style=\"font-weight: 400;\">Durch gr\u00f6\u00dfere Stundenpakete profitieren Sie h\u00e4ufig von g\u00fcnstigeren Preisen pro Unterrichtseinheit. Gemeinsam finden wir ein Unterrichtsmodell, das zu Ihrem Budget und Ihren Lernzielen passt.<\/span><\/p><\/section><section><table style=\"width: 100%; border-collapse: collapse; margin: 20px 0; font-family: sans-serif; box-shadow: 0 2px 5px rgba(0,0,0,0.1);\"><thead><tr style=\"background-color: #f8f9fa; border-bottom: 2px solid #dee2e6;\"><th style=\"padding: 12px; text-align: left;\">Anzahl der Unterrichtseinheiten (UE)<\/th><th style=\"padding: 12px; text-align: left;\">Preis pro UE (45 Min.)<\/th><\/tr><\/thead><tbody><tr style=\"border-bottom: 1px solid #dee2e6;\"><td style=\"padding: 12px;\">Ab 10 UE<\/td><td style=\"padding: 12px;\">45 \u20ac<\/td><\/tr><tr style=\"border-bottom: 1px solid #dee2e6;\"><td style=\"padding: 12px;\">Ab 20 UE<\/td><td style=\"padding: 12px;\">42 \u20ac<\/td><\/tr><tr style=\"border-bottom: 1px solid #dee2e6;\"><td style=\"padding: 12px;\">Ab 50 UE<\/td><td style=\"padding: 12px;\">38 \u20ac<\/td><\/tr><tr style=\"border-bottom: 2px solid #007bff; background-color: #e7f3ff;\"><td style=\"padding: 12px;\"><strong>Ab 80 UE (Best-Preis)<\/strong><\/td><td style=\"padding: 12px;\"><strong>35 \u20ac<\/strong><\/td><\/tr><\/tbody><\/table><div style=\"background-color: #f1f8e9; padding: 15px; border-radius: 5px; margin-bottom: 20px;\"><ul style=\"list-style: none; padding: 0; margin: 0;\"><li>\u2714 Keine Anmeldegeb\u00fchr<\/li><li>\u2714 Flexible Terminvereinbarung<\/li><li>\u2714 Unterricht vor Ort oder online<\/li><\/ul><\/div><p><em>Hinweis: Eine Probestunde ist nach Absprache m\u00f6glich. Wir beraten Sie gerne kostenlos vorab!<\/em><\/p><\/section><section><h2><span style=\"font-weight: 400;\">Deutsch lernen in Harburg \u2013 f\u00fcr alle Sprachstufen<\/span><\/h2><p><span style=\"font-weight: 400;\">Unser Deutsch Privatunterricht richtet sich an Lernende aller GER-Sprachstufen \u2013 vom Anf\u00e4nger bis zum fortgeschrittenen Niveau.<\/span><\/p><h3><span style=\"font-weight: 400;\">Deutschunterricht von A1 bis C2<\/span><\/h3><ul><li style=\"font-weight: 400;\" aria-level=\"1\"><span style=\"font-weight: 400;\">A1 und A2 \u2013 Grundlagen f\u00fcr Alltag und erste Kommunikation<\/span><\/li><li style=\"font-weight: 400;\" aria-level=\"1\"><span style=\"font-weight: 400;\">B1 und B2 \u2013 Sicher Deutsch sprechen im Beruf und Alltag<\/span><\/li><li style=\"font-weight: 400;\" aria-level=\"1\"><span style=\"font-weight: 400;\">C1 und C2 \u2013 Professionelles und akademisches Deutsch verbessern<\/span><\/li><\/ul><p><span style=\"font-weight: 400;\">Der Unterricht wird individuell an Ihr Niveau angepasst, damit Sie optimal lernen k\u00f6nnen.<\/span><\/p><h2><span style=\"font-weight: 400;\">Gezielte Vorbereitung auf Sprachpr\u00fcfungen<\/span><\/h2><p><span style=\"font-weight: 400;\">Sie m\u00f6chten eine wichtige Deutschpr\u00fcfung erfolgreich bestehen? Unsere Privatlehrer helfen Ihnen bei der professionellen Vorbereitung auf verschiedene Sprachpr\u00fcfungen.<\/span><\/p><h3><span style=\"font-weight: 400;\">Vorbereitung auf folgende Pr\u00fcfungen<\/span><\/h3><ul><li style=\"font-weight: 400;\" aria-level=\"1\"><span style=\"font-weight: 400;\">Telc-Pr\u00fcfungen<\/span><\/li><li style=\"font-weight: 400;\" aria-level=\"1\"><span style=\"font-weight: 400;\">Goethe-Zertifikate<\/span><\/li><li style=\"font-weight: 400;\" aria-level=\"1\"><span style=\"font-weight: 400;\">TestDaF<\/span><\/li><li style=\"font-weight: 400;\" aria-level=\"1\"><span style=\"font-weight: 400;\">DSH-Pr\u00fcfungen<\/span><\/li><\/ul><p><span style=\"font-weight: 400;\">Im Unterricht trainieren Sie gezielt H\u00f6rverstehen, Leseverstehen, schriftliche Aufgaben und m\u00fcndliche Kommunikation unter realistischen Pr\u00fcfungsbedingungen.<\/span><\/p><h2><span style=\"font-weight: 400;\">FAQ \u2013 H\u00e4ufige Fragen zum Deutsch Privatunterricht in Harburg<\/span><\/h2><\/section><section><details style=\"margin-bottom: 10px; padding: 10px; border: 1px solid #ddd; border-radius: 4px; cursor: pointer;\" open=\"open\"><summary style=\"font-weight: bold;\">Wo findet der Unterricht in <strong>Harburg<\/strong> statt?<\/summary><p style=\"padding-top: 10px;\">Ganz nach Ihren W\u00fcnschen! Wir k\u00f6nnen den Unterricht direkt bei Ihnen zu Hause im Frankenberger Viertel, in Burtscheid oder Laurensberg durchf\u00fchren. Alternativ bieten wir ruhige Schulungsr\u00e4ume oder hocheffektiven Online-Unterricht an.<\/p><\/details><details style=\"margin-bottom: 10px; padding: 10px; border: 1px solid #ddd; border-radius: 4px; cursor: pointer;\" open=\"open\"><summary style=\"font-weight: bold;\">Kann ich den Kurs jederzeit starten?<\/summary><p style=\"padding-top: 10px;\">Ja! Im Gegensatz zu festen Sprachschulkursen gibt es bei uns keine Wartezeiten. Sobald wir den passenden <strong>Deutsch Privatlehrer finden<\/strong>, kann es innerhalb weniger Tage losgehen.<\/p><\/details><details style=\"margin-bottom: 10px; padding: 10px; border: 1px solid #ddd; border-radius: 4px; cursor: pointer;\" open=\"open\"><summary style=\"font-weight: bold;\">Was passiert, wenn ich eine Stunde absagen muss?<\/summary><p style=\"padding-top: 10px;\">Flexibilit\u00e4t ist unser Trumpf. Bis zu 24 Stunden vor dem Termin k\u00f6nnen Sie die Sitzung in der Regel kostenfrei verschieben.<\/p><\/details><details style=\"margin-bottom: 10px; padding: 10px; border: 1px solid #ddd; border-radius: 4px; cursor: pointer;\" open=\"open\"><summary style=\"font-weight: bold;\">Bieten Sie auch Unterricht f\u00fcr kleine Gruppen an?<\/summary><p style=\"padding-top: 10px;\">Ja, wir bieten &#8222;Semi-Privatunterricht&#8220; an. Wenn Sie sich die Kosten mit einem Freund oder Kollegen teilen m\u00f6chten, ist das eine kosteng\u00fcnstige Alternative.<\/p><\/details><\/section><section style=\"margin-top: 30px; border-top: 1px solid #eee; padding-top: 20px;\"><h2><span style=\"font-weight: 400;\">Fazit: Deutsch Privatunterricht in Harburg erfolgreich nutzen<\/span><\/h2><p><span style=\"font-weight: 400;\">Deutsch Privatunterricht in Harburg bietet Ihnen die M\u00f6glichkeit, flexibel und effektiv Deutsch zu lernen. Durch pers\u00f6nliche Betreuung und individuell angepassten Unterricht verbessern Sie Ihre Sprachkenntnisse schneller und nachhaltiger.<\/span><\/p><p><span style=\"font-weight: 400;\">Ob f\u00fcr Beruf, Studium oder Alltag \u2013 mit einem erfahrenen Deutschlehrer gewinnen Sie mehr Sicherheit und Selbstvertrauen im Umgang mit der deutschen Sprache.<\/span><\/p><p><span style=\"font-weight: 400;\">Kontaktieren Sie uns jetzt f\u00fcr eine unverbindliche Beratung und finden Sie den passenden Deutsch Privatlehrer in Harburg.<\/span><\/p><\/section><\/article>\t\t\t\t\t\t\t\t<\/div>\n\t\t\t\t\t<\/div>\n\t\t\t\t<\/div>\n\t\t<div class=\"elementor-element elementor-element-6cb8744b e-flex e-con-boxed e-con e-parent\" data-id=\"6cb8744b\" data-element_type=\"container\" data-e-type=\"container\">\n\t\t\t\t\t<div class=\"e-con-inner\">\n\t\t\t\t<div class=\"elementor-element elementor-element-37375ef0 elementor-widget elementor-widget-button\" data-id=\"37375ef0\" data-element_type=\"widget\" data-e-type=\"widget\" data-widget_type=\"button.default\">\n\t\t\t\t\t\t\t\t\t\t<a class=\"elementor-button elementor-button-link elementor-size-sm\" href=\"https:\/\/www.sprachlehrer-aktiv.de\/deutsch-privatunterricht\/kontakt\/\">\n\t\t\t\t\t\t<span class=\"elementor-button-content-wrapper\">\n\t\t\t\t\t\t<span class=\"elementor-button-icon\">\n\t\t\t\t<svg aria-hidden=\"true\" class=\"e-font-icon-svg e-fas-arrow-right\" viewBox=\"0 0 448 512\" xmlns=\"http:\/\/www.w3.org\/2000\/svg\"><path d=\"M190.5 66.9l22.2-22.2c9.4-9.4 24.6-9.4 33.9 0L441 239c9.4 9.4 9.4 24.6 0 33.9L246.6 467.3c-9.4 9.4-24.6 9.4-33.9 0l-22.2-22.2c-9.5-9.5-9.3-25 .4-34.3L311.4 296H24c-13.3 0-24-10.7-24-24v-32c0-13.3 10.7-24 24-24h287.4L190.9 101.2c-9.8-9.3-10-24.8-.4-34.3z\"><\/path><\/svg>\t\t\t<\/span>\n\t\t\t\t\t\t\t\t\t<span class=\"elementor-button-text\">Jetzt Privatkurs buchen<\/span>\n\t\t\t\t\t<\/span>\n\t\t\t\t\t<\/a>\n\t\t\t\t\t\t\t\t<\/div>\n\t\t\t\t\t<\/div>\n\t\t\t\t<\/div>\n\t\t\t\t<\/div>\n\t\t","protected":false},"excerpt":{"rendered":"<p>Flexibler Deutschunterricht in Harburg \u2013 online oder direkt vor Ort Sie m\u00f6chten Ihre Deutschkenntnisse in Harburg verbessern und suchen nach einem Unterricht, der sich an Ihre pers\u00f6nlichen Ziele und Ihren Alltag anpasst? Mit professionellem Deutsch Privatunterricht lernen Sie effizient, flexibel und zielorientiert. Ganz gleich, ob Sie Deutsch f\u00fcr den Beruf, die Ausbildung, das Studium, die &#8230; <a title=\"Deutsch Privatunterricht in Harburg \u2013 Individuell Deutsch lernen mit pers\u00f6nlicher Betreuung\" class=\"read-more\" href=\"https:\/\/www.sprachlehrer-aktiv.de\/deutsch-privatunterricht\/deutsch-privatunterricht-in-harburg\/\" aria-label=\"Mehr Informationen \u00fcber Deutsch Privatunterricht in Harburg \u2013 Individuell Deutsch lernen mit pers\u00f6nlicher Betreuung\">Weiterlesen<\/a><\/p>\n","protected":false},"author":2,"featured_media":0,"parent":0,"menu_order":0,"comment_status":"closed","ping_status":"closed","template":"","meta":{"footnotes":""},"class_list":["post-1053","page","type-page","status-publish"],"yoast_head":"<!-- This site is optimized with the Yoast SEO plugin v26.8 - https:\/\/yoast.com\/product\/yoast-seo-wordpress\/ -->\n<title>Deutschunterricht in Harburg | Individuelle Privatkurse<\/title>\n<meta name=\"description\" content=\"Ma\u00dfgeschneiderter Deutschunterricht in Harburg. Privatlehrer f\u00fcr Alltag, Beruf und Pr\u00fcfungen. Kostenlose Probestunde inklusive.\" \/>\n<meta name=\"robots\" content=\"index, follow, max-snippet:-1, max-image-preview:large, max-video-preview:-1\" \/>\n<link rel=\"canonical\" href=\"https:\/\/www.sprachlehrer-aktiv.de\/deutsch-privatunterricht\/deutsch-privatunterricht-in-harburg\/\" \/>\n<meta property=\"og:locale\" content=\"de_DE\" \/>\n<meta property=\"og:type\" content=\"article\" \/>\n<meta property=\"og:title\" content=\"Deutschunterricht in Harburg | Individuelle Privatkurse\" \/>\n<meta property=\"og:description\" content=\"Ma\u00dfgeschneiderter Deutschunterricht in Harburg. Privatlehrer f\u00fcr Alltag, Beruf und Pr\u00fcfungen. Kostenlose Probestunde inklusive.\" \/>\n<meta property=\"og:url\" content=\"https:\/\/www.sprachlehrer-aktiv.de\/deutsch-privatunterricht\/deutsch-privatunterricht-in-harburg\/\" \/>\n<meta property=\"article:modified_time\" content=\"2026-06-10T21:48:42+00:00\" \/>\n<meta property=\"og:image\" content=\"https:\/\/www.sprachlehrer-aktiv.de\/deutsch-privatunterricht\/wp-content\/uploads\/2026\/06\/deutsch-privatunterricht-vor-ort-oder-online.jpg\" \/>\n\t<meta property=\"og:image:width\" content=\"800\" \/>\n\t<meta property=\"og:image:height\" content=\"800\" \/>\n\t<meta property=\"og:image:type\" content=\"image\/jpeg\" \/>\n<meta name=\"twitter:card\" content=\"summary_large_image\" \/>\n<meta name=\"twitter:label1\" content=\"Gesch\u00e4tzte Lesezeit\" \/>\n\t<meta name=\"twitter:data1\" content=\"4\u00a0Minuten\" \/>\n<script type=\"application\/ld+json\" class=\"yoast-schema-graph\">{\"@context\":\"https:\/\/schema.org\",\"@graph\":[{\"@type\":\"WebPage\",\"@id\":\"https:\/\/www.sprachlehrer-aktiv.de\/deutsch-privatunterricht\/deutsch-privatunterricht-in-harburg\/\",\"url\":\"https:\/\/www.sprachlehrer-aktiv.de\/deutsch-privatunterricht\/deutsch-privatunterricht-in-harburg\/\",\"name\":\"Deutschunterricht in Harburg | Individuelle Privatkurse\",\"isPartOf\":{\"@id\":\"https:\/\/www.sprachlehrer-aktiv.de\/deutsch-privatunterricht\/#website\"},\"primaryImageOfPage\":{\"@id\":\"https:\/\/www.sprachlehrer-aktiv.de\/deutsch-privatunterricht\/deutsch-privatunterricht-in-harburg\/#primaryimage\"},\"image\":{\"@id\":\"https:\/\/www.sprachlehrer-aktiv.de\/deutsch-privatunterricht\/deutsch-privatunterricht-in-harburg\/#primaryimage\"},\"thumbnailUrl\":\"https:\/\/www.sprachlehrer-aktiv.de\/deutsch-privatunterricht\/wp-content\/uploads\/2026\/06\/deutsch-privatunterricht-vor-ort-oder-online.jpg\",\"datePublished\":\"2026-06-10T21:41:00+00:00\",\"dateModified\":\"2026-06-10T21:48:42+00:00\",\"description\":\"Ma\u00dfgeschneiderter Deutschunterricht in Harburg. Privatlehrer f\u00fcr Alltag, Beruf und Pr\u00fcfungen. Kostenlose Probestunde inklusive.\",\"breadcrumb\":{\"@id\":\"https:\/\/www.sprachlehrer-aktiv.de\/deutsch-privatunterricht\/deutsch-privatunterricht-in-harburg\/#breadcrumb\"},\"inLanguage\":\"de\",\"potentialAction\":[{\"@type\":\"ReadAction\",\"target\":[\"https:\/\/www.sprachlehrer-aktiv.de\/deutsch-privatunterricht\/deutsch-privatunterricht-in-harburg\/\"]}]},{\"@type\":\"ImageObject\",\"inLanguage\":\"de\",\"@id\":\"https:\/\/www.sprachlehrer-aktiv.de\/deutsch-privatunterricht\/deutsch-privatunterricht-in-harburg\/#primaryimage\",\"url\":\"https:\/\/www.sprachlehrer-aktiv.de\/deutsch-privatunterricht\/wp-content\/uploads\/2026\/06\/deutsch-privatunterricht-vor-ort-oder-online.jpg\",\"contentUrl\":\"https:\/\/www.sprachlehrer-aktiv.de\/deutsch-privatunterricht\/wp-content\/uploads\/2026\/06\/deutsch-privatunterricht-vor-ort-oder-online.jpg\",\"width\":800,\"height\":800,\"caption\":\"Deutsch Privatunterricht von A1 bis C2 - vor Ort oder online\"},{\"@type\":\"BreadcrumbList\",\"@id\":\"https:\/\/www.sprachlehrer-aktiv.de\/deutsch-privatunterricht\/deutsch-privatunterricht-in-harburg\/#breadcrumb\",\"itemListElement\":[{\"@type\":\"ListItem\",\"position\":1,\"name\":\"Start\",\"item\":\"https:\/\/www.sprachlehrer-aktiv.de\/deutsch-privatunterricht\/\"},{\"@type\":\"ListItem\",\"position\":2,\"name\":\"Deutsch Privatunterricht in Harburg \u2013 Individuell Deutsch lernen mit pers\u00f6nlicher Betreuung\"}]},{\"@type\":\"WebSite\",\"@id\":\"https:\/\/www.sprachlehrer-aktiv.de\/deutsch-privatunterricht\/#website\",\"url\":\"https:\/\/www.sprachlehrer-aktiv.de\/deutsch-privatunterricht\/\",\"name\":\"\",\"description\":\"\",\"potentialAction\":[{\"@type\":\"SearchAction\",\"target\":{\"@type\":\"EntryPoint\",\"urlTemplate\":\"https:\/\/www.sprachlehrer-aktiv.de\/deutsch-privatunterricht\/?s={search_term_string}\"},\"query-input\":{\"@type\":\"PropertyValueSpecification\",\"valueRequired\":true,\"valueName\":\"search_term_string\"}}],\"inLanguage\":\"de\"}]}<\/script>\n<!-- \/ Yoast SEO plugin. -->","yoast_head_json":{"title":"Deutschunterricht in Harburg | Individuelle Privatkurse","description":"Ma\u00dfgeschneiderter Deutschunterricht in Harburg. Privatlehrer f\u00fcr Alltag, Beruf und Pr\u00fcfungen. Kostenlose Probestunde inklusive.","robots":{"index":"index","follow":"follow","max-snippet":"max-snippet:-1","max-image-preview":"max-image-preview:large","max-video-preview":"max-video-preview:-1"},"canonical":"https:\/\/www.sprachlehrer-aktiv.de\/deutsch-privatunterricht\/deutsch-privatunterricht-in-harburg\/","og_locale":"de_DE","og_type":"article","og_title":"Deutschunterricht in Harburg | Individuelle Privatkurse","og_description":"Ma\u00dfgeschneiderter Deutschunterricht in Harburg. Privatlehrer f\u00fcr Alltag, Beruf und Pr\u00fcfungen. Kostenlose Probestunde inklusive.","og_url":"https:\/\/www.sprachlehrer-aktiv.de\/deutsch-privatunterricht\/deutsch-privatunterricht-in-harburg\/","article_modified_time":"2026-06-10T21:48:42+00:00","og_image":[{"width":800,"height":800,"url":"https:\/\/www.sprachlehrer-aktiv.de\/deutsch-privatunterricht\/wp-content\/uploads\/2026\/06\/deutsch-privatunterricht-vor-ort-oder-online.jpg","type":"image\/jpeg"}],"twitter_card":"summary_large_image","twitter_misc":{"Gesch\u00e4tzte Lesezeit":"4\u00a0Minuten"},"schema":{"@context":"https:\/\/schema.org","@graph":[{"@type":"WebPage","@id":"https:\/\/www.sprachlehrer-aktiv.de\/deutsch-privatunterricht\/deutsch-privatunterricht-in-harburg\/","url":"https:\/\/www.sprachlehrer-aktiv.de\/deutsch-privatunterricht\/deutsch-privatunterricht-in-harburg\/","name":"Deutschunterricht in Harburg | Individuelle Privatkurse","isPartOf":{"@id":"https:\/\/www.sprachlehrer-aktiv.de\/deutsch-privatunterricht\/#website"},"primaryImageOfPage":{"@id":"https:\/\/www.sprachlehrer-aktiv.de\/deutsch-privatunterricht\/deutsch-privatunterricht-in-harburg\/#primaryimage"},"image":{"@id":"https:\/\/www.sprachlehrer-aktiv.de\/deutsch-privatunterricht\/deutsch-privatunterricht-in-harburg\/#primaryimage"},"thumbnailUrl":"https:\/\/www.sprachlehrer-aktiv.de\/deutsch-privatunterricht\/wp-content\/uploads\/2026\/06\/deutsch-privatunterricht-vor-ort-oder-online.jpg","datePublished":"2026-06-10T21:41:00+00:00","dateModified":"2026-06-10T21:48:42+00:00","description":"Ma\u00dfgeschneiderter Deutschunterricht in Harburg. Privatlehrer f\u00fcr Alltag, Beruf und Pr\u00fcfungen. Kostenlose Probestunde inklusive.","breadcrumb":{"@id":"https:\/\/www.sprachlehrer-aktiv.de\/deutsch-privatunterricht\/deutsch-privatunterricht-in-harburg\/#breadcrumb"},"inLanguage":"de","potentialAction":[{"@type":"ReadAction","target":["https:\/\/www.sprachlehrer-aktiv.de\/deutsch-privatunterricht\/deutsch-privatunterricht-in-harburg\/"]}]},{"@type":"ImageObject","inLanguage":"de","@id":"https:\/\/www.sprachlehrer-aktiv.de\/deutsch-privatunterricht\/deutsch-privatunterricht-in-harburg\/#primaryimage","url":"https:\/\/www.sprachlehrer-aktiv.de\/deutsch-privatunterricht\/wp-content\/uploads\/2026\/06\/deutsch-privatunterricht-vor-ort-oder-online.jpg","contentUrl":"https:\/\/www.sprachlehrer-aktiv.de\/deutsch-privatunterricht\/wp-content\/uploads\/2026\/06\/deutsch-privatunterricht-vor-ort-oder-online.jpg","width":800,"height":800,"caption":"Deutsch Privatunterricht von A1 bis C2 - vor Ort oder online"},{"@type":"BreadcrumbList","@id":"https:\/\/www.sprachlehrer-aktiv.de\/deutsch-privatunterricht\/deutsch-privatunterricht-in-harburg\/#breadcrumb","itemListElement":[{"@type":"ListItem","position":1,"name":"Start","item":"https:\/\/www.sprachlehrer-aktiv.de\/deutsch-privatunterricht\/"},{"@type":"ListItem","position":2,"name":"Deutsch Privatunterricht in Harburg \u2013 Individuell Deutsch lernen mit pers\u00f6nlicher Betreuung"}]},{"@type":"WebSite","@id":"https:\/\/www.sprachlehrer-aktiv.de\/deutsch-privatunterricht\/#website","url":"https:\/\/www.sprachlehrer-aktiv.de\/deutsch-privatunterricht\/","name":"","description":"","potentialAction":[{"@type":"SearchAction","target":{"@type":"EntryPoint","urlTemplate":"https:\/\/www.sprachlehrer-aktiv.de\/deutsch-privatunterricht\/?s={search_term_string}"},"query-input":{"@type":"PropertyValueSpecification","valueRequired":true,"valueName":"search_term_string"}}],"inLanguage":"de"}]}},"_links":{"self":[{"href":"https:\/\/www.sprachlehrer-aktiv.de\/deutsch-privatunterricht\/wp-json\/wp\/v2\/pages\/1053","targetHints":{"allow":["GET"]}}],"collection":[{"href":"https:\/\/www.sprachlehrer-aktiv.de\/deutsch-privatunterricht\/wp-json\/wp\/v2\/pages"}],"about":[{"href":"https:\/\/www.sprachlehrer-aktiv.de\/deutsch-privatunterricht\/wp-json\/wp\/v2\/types\/page"}],"author":[{"embeddable":true,"href":"https:\/\/www.sprachlehrer-aktiv.de\/deutsch-privatunterricht\/wp-json\/wp\/v2\/users\/2"}],"replies":[{"embeddable":true,"href":"https:\/\/www.sprachlehrer-aktiv.de\/deutsch-privatunterricht\/wp-json\/wp\/v2\/comments?post=1053"}],"version-history":[{"count":4,"href":"https:\/\/www.sprachlehrer-aktiv.de\/deutsch-privatunterricht\/wp-json\/wp\/v2\/pages\/1053\/revisions"}],"predecessor-version":[{"id":1066,"href":"https:\/\/www.sprachlehrer-aktiv.de\/deutsch-privatunterricht\/wp-json\/wp\/v2\/pages\/1053\/revisions\/1066"}],"wp:attachment":[{"href":"https:\/\/www.sprachlehrer-aktiv.de\/deutsch-privatunterricht\/wp-json\/wp\/v2\/media?parent=1053"}],"curies":[{"name":"wp","href":"https:\/\/api.w.org\/{rel}","templated":true}]}}